{"id":1829,"date":"2022-07-23T14:47:40","date_gmt":"2022-07-23T14:47:40","guid":{"rendered":"https:\/\/langs.physio-pedia.com\/introduction-to-the-international-classification-of-functioning-disability-and-health-icf-it\/"},"modified":"2022-07-25T10:55:12","modified_gmt":"2022-07-25T10:55:12","slug":"introduction-to-the-international-classification-of-functioning-disability-and-health-icf-it","status":"publish","type":"page","link":"https:\/\/langs.physio-pedia.com\/it\/introduction-to-the-international-classification-of-functioning-disability-and-health-icf-it\/","title":{"rendered":"Introduzione alla Classificazione Internazionale del Funzionamento, della Disabilit\u00e0 e della Salute (ICF)"},"content":{"rendered":"<div class=\"mw-parser-output\">\n<div class=\"editorbox\">\n<p><b>Editrice <\/b>&#8211; <a title=\"User:Ewa Jaraczewska\" href=\"\/User:Ewa_Jaraczewska\">Ewa Jaraczewska<\/a> sulla base del corso di <a class=\"external text\" href=\"https:\/\/members.physio-pedia.com\/instructor\/patricia-saleeby\/\" rel=\"nofollow\">Patricia Saleeby<\/a><\/p>\n<p><b>Collaboratori principali<\/b> &#8211; <a class=\"mw-userlink\" title=\"User:Ewa Jaraczewska\" href=\"\/User:Ewa_Jaraczewska\"><bdi>Ewa Jaraczewska<\/bdi><\/a> e <a class=\"mw-userlink\" title=\"User:Jess Bell\" href=\"\/User:Jess_Bell\"><bdi>Jess Bell<\/bdi><\/a><\/p>\n<\/div>\n<div id=\"toc\" class=\"toc\" role=\"navigation\" aria-labelledby=\"mw-toc-heading\"><input id=\"toctogglecheckbox\" class=\"toctogglecheckbox\" style=\"display: none;\" role=\"button\" type=\"checkbox\" \/><\/p>\n<div class=\"toctitle\" dir=\"ltr\" lang=\"en\">\n<h2 id=\"mw-toc-heading\">Contenuti<\/h2>\n<\/div>\n<ul>\n<li class=\"toclevel-1 tocsection-1\"><a href=\"#Introduction\"><span class=\"tocnumber\">1<\/span> <span class=\"toctext\">Introduzione<\/span><\/a><\/li>\n<li class=\"toclevel-1 tocsection-2\"><a href=\"#International_Classification_of_Impairment.2C_Disability_and_Handicaps_.28ICIDH.29\"><span class=\"tocnumber\">2<\/span> <span class=\"toctext\">Classificazione Internazionale delle Menomazioni, delle Disabilit\u00e0 e degli Handicap (ICIDH)<\/span><\/a>\n<ul>\n<li class=\"toclevel-2 tocsection-3\"><a href=\"#ICIDH-2\"><span class=\"tocnumber\">2.1<\/span> <span class=\"toctext\">ICIDH-2<\/span><\/a><\/li>\n<\/ul>\n<\/li>\n<li class=\"toclevel-1 tocsection-4\"><a href=\"#WHO-FIC\"><span class=\"tocnumber\">3<\/span> <span class=\"toctext\">OMS-FIC<\/span><\/a>\n<ul>\n<li class=\"toclevel-2 tocsection-5\"><a href=\"#International_Classification_of_Disease_.28ICD-11.29\"><span class=\"tocnumber\">3.1<\/span> <span class=\"toctext\">Classificazione Internazionale delle Malattie (ICD-11)<\/span><\/a><\/li>\n<li class=\"toclevel-2 tocsection-6\"><a href=\"#International_Classification_of_Functioning.2C_Disability.2C_and_Health_.28ICF.29\"><span class=\"tocnumber\">3.2<\/span> <span class=\"toctext\">Classificazione Internazionale del Funzionamento, della Disabilit\u00e0 e della Salute (ICF)<\/span><\/a>\n<ul>\n<li class=\"toclevel-3 tocsection-7\"><a href=\"#ICF_and_Rehabilitation\"><span class=\"tocnumber\">3.2.1<\/span> <span class=\"toctext\">ICF e riabilitazione<\/span><\/a><\/li>\n<\/ul>\n<\/li>\n<li class=\"toclevel-2 tocsection-8\"><a href=\"#Key_Components_of_the_ICF_Model\"><span class=\"tocnumber\">3.3<\/span> <span class=\"toctext\">Componenti chiave del modello ICF<\/span><\/a><\/li>\n<li class=\"toclevel-2 tocsection-9\"><a href=\"#ICF_Chapters\"><span class=\"tocnumber\">3.4<\/span> <span class=\"toctext\">Capitoli dell&#8217;ICF<\/span><\/a><\/li>\n<\/ul>\n<\/li>\n<li class=\"toclevel-1 tocsection-10\"><a href=\"#Resources\"><span class=\"tocnumber\">4<\/span> <span class=\"toctext\">Risorse<\/span><\/a><\/li>\n<li class=\"toclevel-1 tocsection-11\"><a href=\"#References\"><span class=\"tocnumber\">5<\/span> <span class=\"toctext\">Citazioni<\/span><\/a><\/li>\n<\/ul>\n<\/div>\n<h2><span id=\"Introduction\" class=\"mw-headline\">Introduzione<\/span><span class=\"mw-editsection\"><span class=\"mw-editsection-bracket\">(<\/span><a class=\"mw-editsection-visualeditor\" title=\"Edit section: Introduction\" href=\"\/index.php?title=Introduction_to_the_International_Classification_of_Functioning,_Disability_and_Health_(ICF)&amp;veaction=edit&amp;section=1\">edit<\/a><span class=\"mw-editsection-divider\"> | <\/span><a title=\"Edit section: Introduction\" href=\"\/index.php?title=Introduction_to_the_International_Classification_of_Functioning,_Disability_and_Health_(ICF)&amp;action=edit&amp;section=1\">edit source<\/a><span class=\"mw-editsection-bracket\">)<\/span><\/span><\/h2>\n<p>Il modello di disabilit\u00e0 che continua a essere sistematicamente sviluppato dall&#8217;Organizzazione Mondiale della Sanit\u00e0 (OMS) considera l&#8217;interazione continua tra la salute e i fattori contestuali di una persona. Questo modello riconosce che la <a title=\"Disability, Rehabilitation, Socioeconomics and Health\" href=\"\/Disability,_Rehabilitation,_Socioeconomics_and_Health\">disabilit\u00e0<\/a> \u00e8 un&#8217;esperienza umana universale, \u00e8 eziologicamente neutra e si colloca su un continuum che va dall&#8217;assenza di disabilit\u00e0 alla disabilit\u00e0 completa.<sup id=\"cite_ref-:0_1-0\" class=\"reference\"><a href=\"#cite_note-:0-1\">(1)<\/a><\/sup> I fattori contestuali che influenzano la salute di una persona includono l&#8217;ambiente di vita reale, le interazioni sociali e la partecipazione sociale.<sup id=\"cite_ref-:0_1-1\" class=\"reference\"><a href=\"#cite_note-:0-1\">(1)<\/a><\/sup> Ogni professionista sanitario deve comprendere ed apprezzare il fatto che i pazienti percepiscono la loro salute attraverso la lente della loro vita quotidiana, che \u00e8 influenzata dall&#8217;ambiente.<sup id=\"cite_ref-:0_1-2\" class=\"reference\"><a href=\"#cite_note-:0-1\">(1)<\/a><\/sup> Questa pagina introduce la Classificazione Internazionale del Funzionamento, della Disabilit\u00e0 e della Salute (ICF) e passa in rassegna i cambiamenti e i progressi compiuti nella concettualizzazione e nella misurazione della disabilit\u00e0.<\/p>\n<h2><span id=\"International_Classification_of_Impairment,_Disability_and_Handicaps_(ICIDH)\"><\/span><span id=\"International_Classification_of_Impairment.2C_Disability_and_Handicaps_.28ICIDH.29\" class=\"mw-headline\">Classificazione Internazionale delle Menomazioni, delle Disabilit\u00e0 e degli Handicap (ICIDH)<\/span><span class=\"mw-editsection\"><span class=\"mw-editsection-bracket\">(<\/span> <a class=\"mw-editsection-visualeditor\" title=\"Edit section: International Classification of Impairment, Disability and Handicaps (ICIDH)\" href=\"\/index.php?title=Introduction_to_the_International_Classification_of_Functioning,_Disability_and_Health_(ICF)&amp;veaction=edit&amp;section=2\">edit<\/a> <span class=\"mw-editsection-divider\"> | <\/span> <a title=\"Edit section: International Classification of Impairment, Disability and Handicaps (ICIDH)\" href=\"\/index.php?title=Introduction_to_the_International_Classification_of_Functioning,_Disability_and_Health_(ICF)&amp;action=edit&amp;section=2\">edit source<\/a> <span class=\"mw-editsection-bracket\">)<\/span><\/span><\/h2>\n<div class=\"thumb tright\">\n<div class=\"thumbinner\" style=\"width: 352px;\"><a class=\"image\" href=\"\/File:Road_Map.png\"><img loading=\"lazy\" decoding=\"async\" class=\"thumbimage\" src=\"https:\/\/www.physio-pedia.com\/images\/thumb\/8\/83\/Road_Map.png\/350px-Road_Map.png\" srcset=\"https:\/\/www.physio-pedia.com\/images\/thumb\/8\/83\/Road_Map.png\/525px-Road_Map.png 1.5x, https:\/\/www.physio-pedia.com\/images\/thumb\/8\/83\/Road_Map.png\/700px-Road_Map.png 2x\" alt=\"\" width=\"350\" height=\"204\" \/><\/a><\/p>\n<div class=\"thumbcaption\">\n<div class=\"magnify\"><\/div>\n<p>Sviluppo del modello ICF<\/p>\n<\/div>\n<\/div>\n<\/div>\n<p>La Classificazione Internazionale delle Menomazioni, delle Disabilit\u00e0 e degli Handicap, nota come ICIDH, \u00e8 stata pubblicata dall&#8217;Organizzazione Mondiale della Sanit\u00e0 nel 1980. \u00c8 stata concepita come un manuale sulla classificazione correlata alle conseguenze di malattie, lesioni e altri disturbi e come una struttura per informazioni correlate alla salute.<sup id=\"cite_ref-:2_2-0\" class=\"reference\"><a href=\"#cite_note-:2-2\">(2)<\/a><\/sup><\/p>\n<p>Secondo il manuale dell&#8217;ICIDH, &#8220;una <b>menomazione<\/b> \u00e8 qualsiasi perdita o anormalit\u00e0 di una struttura o funzione psicologica, fisiologica o anatomica&#8221;.<sup id=\"cite_ref-:1_3-0\" class=\"reference\"><a href=\"#cite_note-:1-3\">(3)<\/a><\/sup> La classificazione delle <i>menomazioni<\/i> (codice I) rifletteva:<sup id=\"cite_ref-:1_3-1\" class=\"reference\"><a href=\"#cite_note-:1-3\">(3)<\/a><\/sup><\/p>\n<ul>\n<li>Anormalit\u00e0 nella struttura e nell&#8217;aspetto del corpo (temporanea o permanente)<\/li>\n<li>Disturbi a livello della funzione di un organo o di un sistema, dovuti a qualsiasi causa<\/li>\n<\/ul>\n<p>Nel manuale erano elencate le seguenti categorie di menomazioni: intellettiva, psicologica, del linguaggio, uditiva, oculare, viscerale, scheletrica, sfigurante, generale, sensoriale e di altro tipo.<sup id=\"cite_ref-:1_3-2\" class=\"reference\"><a href=\"#cite_note-:1-3\">(3)<\/a><\/sup><\/p>\n<p>Una <b>disabilit\u00e0<\/b> era considerata &#8220;qualsiasi restrizione o mancanza (derivante da una menomazione) nella capacit\u00e0 di svolgere un&#8217;attivit\u00e0 nel modo o nell&#8217;ambito considerato normale per un essere umano&#8221;.<sup id=\"cite_ref-:1_3-3\" class=\"reference\"><a href=\"#cite_note-:1-3\">(3)<\/a><\/sup> La classificazione delle <i>disabilit\u00e0<\/i> (codice D) rifletteva:<sup id=\"cite_ref-:1_3-4\" class=\"reference\"><a href=\"#cite_note-:1-3\">(3)<\/a><\/sup><\/p>\n<ul>\n<li>Prestazioni funzionali e attivit\u00e0 di un individuo<\/li>\n<li>Disturbi a livello della persona<sup id=\"cite_ref-:1_3-5\" class=\"reference\"><a href=\"#cite_note-:1-3\">(3)<\/a><\/sup><\/li>\n<\/ul>\n<p>Sono state incluse nove categorie di disabilit\u00e0: comportamento, comunicazione, cura della persona, locomozione, disposizione del corpo, di destrezza, situazionale, abilit\u00e0 particolari e altre limitazioni nelle attivit\u00e0.<\/p>\n<p>Gli <b>handicap<\/b> (codice H) erano definiti come &#8220;gli svantaggi sperimentati dall&#8217;individuo a causa di menomazioni e disabilit\u00e0&#8221;. Questi limitano o impediscono &#8220;l&#8217;adempimento di un ruolo che \u00e8 normale (in base all&#8217;et\u00e0, al sesso e ai fattori sociali e culturali) per quell&#8217;individuo&#8221;.<sup id=\"cite_ref-:1_3-6\" class=\"reference\"><a href=\"#cite_note-:1-3\">(3)<\/a><\/sup> Nel manuale erano elencate due dimensioni dell&#8217;<i>handicap<\/i>: <i>ruolo per la sopravvivenza<\/i>, con sei dimensioni chiave, e <i>altro<\/i>. I sei ruoli principali per la sopravvivenza includevano: orientamento, indipendenza fisica, mobilit\u00e0, occupazione, integrazione sociale e autosufficienza economica.<\/p>\n<p>L&#8217;uso della Classificazione Internazionale delle Malattie (ICD) (discussa pi\u00f9 avanti), o categorie diverse dalla classificazione ICIDH, aveva i suoi scopi e spettava all&#8217;utente decidere quali classificazioni fossero appropriate per ciascun paziente.<sup id=\"cite_ref-:3_4-0\" class=\"reference\"><a href=\"#cite_note-:3-4\">(4)<\/a><\/sup> Ad esempio, l&#8217;ICD (malattia o disturbo) veniva scelto per comprendere la causa della cecit\u00e0 quando una persona non era in grado di vedere. La classificazione delle menomazioni avrebbe consentito di facilitare il raggruppamento delle menomazioni dovute all&#8217;ipovisione. La disabilit\u00e0 avrebbe aiutato a pianificare il percorso di riabilitazione di questa persona, perch\u00e9 consentiva di specificare l&#8217;esito o la prognosi di una disabilit\u00e0 legata alla vista.<sup id=\"cite_ref-:3_4-1\" class=\"reference\"><a href=\"#cite_note-:3-4\">(4)<\/a><\/sup><\/p>\n<h3><span id=\"ICIDH-2\" class=\"mw-headline\">ICIDH-2<\/span><span class=\"mw-editsection\"><span class=\"mw-editsection-bracket\">(<\/span><a class=\"mw-editsection-visualeditor\" title=\"Edit section: ICIDH-2\" href=\"\/index.php?title=Introduction_to_the_International_Classification_of_Functioning,_Disability_and_Health_(ICF)&amp;veaction=edit&amp;section=3\">edit<\/a><span class=\"mw-editsection-divider\"> | <\/span><a title=\"Edit section: ICIDH-2\" href=\"\/index.php?title=Introduction_to_the_International_Classification_of_Functioning,_Disability_and_Health_(ICF)&amp;action=edit&amp;section=3\">edit source<\/a><span class=\"mw-editsection-bracket\">)<\/span><\/span><\/h3>\n<p>Una versione pi\u00f9 recente dell&#8217;ICIDH, l&#8217;ICIDH-2, \u00e8 stata rilasciata come versione alfa nel 1996, seguita dalle versioni beta 1 e beta 2. Queste sono state testate dall&#8217;OMS nel 1997 e nel 1999. I maggiori cambiamenti nell&#8217;ICIDH-2 rispetto all&#8217;ICIDH originale includono l&#8217;aggiunta di due nuove dimensioni: la partecipazione nelle attivit\u00e0 sociali e l&#8217;elenco dei fattori ambientali, che \u00e8 importante per comprendere la complessit\u00e0 della disabilit\u00e0.<sup id=\"cite_ref-:3_4-2\" class=\"reference\"><a href=\"#cite_note-:3-4\">(4)<\/a><\/sup> Questo modello ha permesso agli utenti di descrivere le conseguenze della condizione diagnosticata.<sup id=\"cite_ref-:3_4-3\" class=\"reference\"><a href=\"#cite_note-:3-4\">(4)<\/a><\/sup><\/p>\n<h2><span id=\"WHO-FIC\" class=\"mw-headline\">WHO-FIC<\/span><span class=\"mw-editsection\"><span class=\"mw-editsection-bracket\">(<\/span><a class=\"mw-editsection-visualeditor\" title=\"Edit section: WHO-FIC\" href=\"\/index.php?title=Introduction_to_the_International_Classification_of_Functioning,_Disability_and_Health_(ICF)&amp;veaction=edit&amp;section=4\">edit<\/a><span class=\"mw-editsection-divider\"> | <\/span><a title=\"Edit section: WHO-FIC\" href=\"\/index.php?title=Introduction_to_the_International_Classification_of_Functioning,_Disability_and_Health_(ICF)&amp;action=edit&amp;section=4\">edit source<\/a><span class=\"mw-editsection-bracket\">)<\/span><\/span><\/h2>\n<p>L&#8217;ICD-11 e l&#8217;ICF costituiscono le classificazioni fondamentali della Famiglia delle Classificazioni Internazionali dell&#8217;OMS, altrimenti nota come WHO-FIC.<sup id=\"cite_ref-:2_2-1\" class=\"reference\"><a href=\"#cite_note-:2-2\">(2)<\/a><\/sup><\/p>\n<h3><span id=\"International_Classification_of_Disease_(ICD-11)\"><\/span><span id=\"International_Classification_of_Disease_.28ICD-11.29\" class=\"mw-headline\">Classificazione Internazionale delle Malattie (ICD-11)<\/span><span class=\"mw-editsection\"><span class=\"mw-editsection-bracket\">(<\/span> <a class=\"mw-editsection-visualeditor\" title=\"Edit section: International Classification of Disease (ICD-11)\" href=\"\/index.php?title=Introduction_to_the_International_Classification_of_Functioning,_Disability_and_Health_(ICF)&amp;veaction=edit&amp;section=5\">edit<\/a> <span class=\"mw-editsection-divider\"> | <\/span> <a title=\"Edit section: International Classification of Disease (ICD-11)\" href=\"\/index.php?title=Introduction_to_the_International_Classification_of_Functioning,_Disability_and_Health_(ICF)&amp;action=edit&amp;section=5\">edit source<\/a> <span class=\"mw-editsection-bracket\">)<\/span><\/span><\/h3>\n<p>La Classificazione Internazionale delle Malattie (ICD) \u00e8 stata pubblicata per la prima volta nel 1893. Appartiene alla Famiglia delle Classificazioni dell&#8217;OMS e viene utilizzata per classificare le condizioni esistenti (morbilit\u00e0) e\/o le cause di morte (mortalit\u00e0). L&#8217;ICD \u00e8 attualmente alla sua 11\u00aa revisione ed ha il nome di ICD-11 per le statistiche di mortalit\u00e0 e morbilit\u00e0 (ICD-11-MMS).<sup id=\"cite_ref-:3_4-4\" class=\"reference\"><a href=\"#cite_note-:3-4\">(4)<\/a><\/sup> <sup id=\"cite_ref-:4_5-0\" class=\"reference\"><a href=\"#cite_note-:4-5\">(5)<\/a><\/sup> La struttura dell&#8217;ICD-11 \u00e8 composta da tre parti: Fondamenta (database), Classificazioni (ottenute dalle Fondamenta) e Ontologia biomedica (collegata alle Fondamenta). L&#8217;ontologia biomedica rappresenta la conoscenza pi\u00f9 rilevante di una malattia che dovrebbe essere incorporata nel sistema di codifica. Ad esempio, quando varie manifestazioni della malattia <a title=\"Coronavirus Disease (COVID-19)\" href=\"\/Coronavirus_Disease_(COVID-19)\">COVID-19<\/a> sono state scoperte dopo l&#8217;uscita dell&#8217;ICD-11, \u00e8 stato possibile incorporarle come nuove dimensioni del modello ICD-11.<sup id=\"cite_ref-:4_5-1\" class=\"reference\"><a href=\"#cite_note-:4-5\">(5)<\/a><\/sup><\/p>\n<div class=\"thumb tright\">\n<div class=\"thumbinner\" style=\"width: 302px;\"><a class=\"image\" href=\"\/File:Version_of_the_ICF.jpeg\"><img loading=\"lazy\" decoding=\"async\" class=\"thumbimage\" src=\"https:\/\/www.physio-pedia.com\/images\/thumb\/1\/11\/Version_of_the_ICF.jpeg\/300px-Version_of_the_ICF.jpeg\" srcset=\"https:\/\/www.physio-pedia.com\/images\/thumb\/1\/11\/Version_of_the_ICF.jpeg\/450px-Version_of_the_ICF.jpeg 1.5x, https:\/\/www.physio-pedia.com\/images\/1\/11\/Version_of_the_ICF.jpeg 2x\" alt=\"Version of the ICF.jpeg\" width=\"300\" height=\"226\" \/><\/a><\/p>\n<div class=\"thumbcaption\">\n<div class=\"magnify\"><\/div>\n<\/div>\n<\/div>\n<\/div>\n<h3><span id=\"International_Classification_of_Functioning,_Disability,_and_Health_(ICF)\"><\/span><span id=\"International_Classification_of_Functioning.2C_Disability.2C_and_Health_.28ICF.29\" class=\"mw-headline\">Classificazione Internazionale del Funzionamento, della Disabilit\u00e0 e della Salute (ICF)<\/span><span class=\"mw-editsection\"><span class=\"mw-editsection-bracket\">(<\/span> <a class=\"mw-editsection-visualeditor\" title=\"Edit section: International Classification of Functioning, Disability, and Health (ICF)\" href=\"\/index.php?title=Introduction_to_the_International_Classification_of_Functioning,_Disability_and_Health_(ICF)&amp;veaction=edit&amp;section=6\">edit<\/a> <span class=\"mw-editsection-divider\"> | <\/span> <a title=\"Edit section: International Classification of Functioning, Disability, and Health (ICF)\" href=\"\/index.php?title=Introduction_to_the_International_Classification_of_Functioning,_Disability_and_Health_(ICF)&amp;action=edit&amp;section=6\">edit source<\/a> <span class=\"mw-editsection-bracket\">)<\/span><\/span><\/h3>\n<p>Nel 2001, la 54\u00aa Assemblea Mondiale ha approvato ufficialmente la Classificazione Internazionale del Funzionamento, della Disabilit\u00e0 e della Salute (ICF) in sostituzione della Classificazione Internazionale delle Menomazioni, delle Disabilit\u00e0 e degli Handicap (ICIDH).<sup id=\"cite_ref-:5_6-0\" class=\"reference\"><a href=\"#cite_note-:5-6\">(6)<\/a><\/sup> L&#8217;ICF \u00e8 una classificazione della salute e dei domini correlati alla salute.<sup id=\"cite_ref-:2_2-2\" class=\"reference\"><a href=\"#cite_note-:2-2\">(2)<\/a><\/sup> Si concentra sul funzionamento umano, da &#8220;funzione adeguata&#8221; a &#8220;disabilit\u00e0 grave&#8221;, in relazione alle attivit\u00e0 e alla partecipazione di una persona, che sono influenzate da fattori ambientali, condizioni di salute e fattori personali.<sup id=\"cite_ref-:5_6-1\" class=\"reference\"><a href=\"#cite_note-:5-6\">(6)<\/a><\/sup><\/p>\n<p>Le caratteristiche uniche dell&#8217;ICF:<\/p>\n<ul>\n<li>Include gli aspetti sociali e ambientali della disabilit\u00e0 e della salute.<sup id=\"cite_ref-:2_2-3\" class=\"reference\"><a href=\"#cite_note-:2-2\">(2)<\/a><\/sup><\/li>\n<li>Permette di identificare fattori a livello individuale e di sistema.<sup id=\"cite_ref-:2_2-4\" class=\"reference\"><a href=\"#cite_note-:2-2\">(2)<\/a><\/sup><\/li>\n<li>Fornisce una struttura per i disturbi mentali e fisici<sup id=\"cite_ref-:2_2-5\" class=\"reference\"><a href=\"#cite_note-:2-2\">(2)<\/a><\/sup><\/li>\n<li>Consente l&#8217;organizzazione e la comunicazione di informazioni sul funzionamento umano.<sup id=\"cite_ref-:2_2-6\" class=\"reference\"><a href=\"#cite_note-:2-2\">(2)<\/a><\/sup><\/li>\n<li>Facilita la pratica interdisciplinare e interprofessionale, fornendo specificit\u00e0 e un linguaggio comune nel mondo del funzionamento e della disabilit\u00e0.<sup id=\"cite_ref-:6_7-0\" class=\"reference\"><a href=\"#cite_note-:6-7\">(7)<\/a><\/sup><\/li>\n<li>Consente una relazione interattiva tra le condizioni di salute, le menomazioni, le limitazioni funzionali\/le restrizioni nelle attivit\u00e0 e i fattori ambientali e personali.<sup id=\"cite_ref-:7_8-0\" class=\"reference\"><a href=\"#cite_note-:7-8\">(8)<\/a><\/sup>\n<ul>\n<li>In questo modello, la relazione non \u00e8 lineare, ma un componente influenza ed \u00e8 influenzato da altri fattori. <sup id=\"cite_ref-:7_8-1\" class=\"reference\"><a href=\"#cite_note-:7-8\">(8)<\/a><\/sup><\/li>\n<\/ul>\n<\/li>\n<li>La raccolta dei dati consente all&#8217;utente di determinare le associazioni e i nessi causali tra i diversi componenti.<sup id=\"cite_ref-:2_2-7\" class=\"reference\"><a href=\"#cite_note-:2-2\">(2)<\/a><\/sup><\/li>\n<\/ul>\n<h4><span id=\"ICF_and_Rehabilitation\" class=\"mw-headline\">ICF e riabilitazione<\/span><span class=\"mw-editsection\"><span class=\"mw-editsection-bracket\">(<\/span> <a class=\"mw-editsection-visualeditor\" title=\"Edit section: ICF and Rehabilitation\" href=\"\/index.php?title=Introduction_to_the_International_Classification_of_Functioning,_Disability_and_Health_(ICF)&amp;veaction=edit&amp;section=7\">edit<\/a> <span class=\"mw-editsection-divider\"> | <\/span> <a title=\"Edit section: ICF and Rehabilitation\" href=\"\/index.php?title=Introduction_to_the_International_Classification_of_Functioning,_Disability_and_Health_(ICF)&amp;action=edit&amp;section=7\">edit source<\/a> <span class=\"mw-editsection-bracket\">)<\/span><\/span><\/h4>\n<p>Il ruolo dell&#8217;ICF nella riabilitazione \u00e8 in evoluzione. Le implicazioni attuali e potenziali dell&#8217;ICF per la riabilitazione sono le seguenti:<\/p>\n<ul>\n<li>Il concetto di funzionamento e di disabilit\u00e0 trova supporto nella valutazione e nella documentazione<\/li>\n<li>Un miglioramento della comprensione da parte dei professionisti della riabilitazione di tutti i domini della partecipazione e di come l&#8217;ambiente influenzi la partecipazione<\/li>\n<li>Si \u00e8 anche migliorata la comprensione di quando includere questi domini nella pianificazione della riabilitazione e nella previsione degli outcome<\/li>\n<li>Sono stati compiuti progressi nel migliorare l&#8217;universalit\u00e0 e la standardizzazione delle funzioni, delle disabilit\u00e0 e della salute<sup id=\"cite_ref-:5_6-2\" class=\"reference\"><a href=\"#cite_note-:5-6\">(6)<\/a><\/sup><\/li>\n<li>Un&#8217;attenzione alla rimozione delle barriere ambientali quando si pianificano i servizi di riabilitazione<sup id=\"cite_ref-:6_7-1\" class=\"reference\"><a href=\"#cite_note-:6-7\">(7)<\/a><\/sup><\/li>\n<li>Il ragionamento dei ricercatori e dei professionisti si \u00e8 evoluto quando si considerano le statistiche e le informazioni relative alla funzione, alla disabilit\u00e0 e alla salute<sup id=\"cite_ref-:5_6-3\" class=\"reference\"><a href=\"#cite_note-:5-6\">(6)<\/a><\/sup><\/li>\n<li>L&#8217;introduzione di un approccio olistico nella gestione dei pazienti<sup id=\"cite_ref-:7_8-2\" class=\"reference\"><a href=\"#cite_note-:7-8\">(8)<\/a><\/sup><\/li>\n<\/ul>\n<p>Limiti della classificazione ICF nella riabilitazione:<\/p>\n<ul>\n<li>Applicazioni limitate da parte degli operatori sanitari, soprattutto quelli esterni al team di riabilitazione<sup id=\"cite_ref-:7_8-3\" class=\"reference\"><a href=\"#cite_note-:7-8\">(8)<\/a><\/sup><\/li>\n<li>Formazione limitata del team interprofessionale per l&#8217;adozione dell&#8217;ICF nella pratica quotidiana<sup id=\"cite_ref-:7_8-4\" class=\"reference\"><a href=\"#cite_note-:7-8\">(8)<\/a><\/sup><\/li>\n<li>Uso limitato dell&#8217;ICF in ambito riabilitativo da parte dei consulenti di riabilitazione professionale<sup id=\"cite_ref-:5_6-4\" class=\"reference\"><a href=\"#cite_note-:5-6\">(6)<\/a><\/sup><sup id=\"cite_ref-9\" class=\"reference\"><a href=\"#cite_note-9\">(9)<\/a><\/sup><\/li>\n<\/ul>\n<h3><span id=\"Key_Components_of_the_ICF_Model\" class=\"mw-headline\">Componenti chiave del modello ICF<\/span><span class=\"mw-editsection\"><span class=\"mw-editsection-bracket\">(<\/span> <a class=\"mw-editsection-visualeditor\" title=\"Edit section: Key Components of the ICF Model\" href=\"\/index.php?title=Introduction_to_the_International_Classification_of_Functioning,_Disability_and_Health_(ICF)&amp;veaction=edit&amp;section=8\">edit<\/a> <span class=\"mw-editsection-divider\"> | <\/span> <a title=\"Edit section: Key Components of the ICF Model\" href=\"\/index.php?title=Introduction_to_the_International_Classification_of_Functioning,_Disability_and_Health_(ICF)&amp;action=edit&amp;section=8\">edit source<\/a> <span class=\"mw-editsection-bracket\">)<\/span><\/span><\/h3>\n<p>I componenti chiave del modello ICF includono le condizioni di salute, o i disturbi\/le malattie, la funzione e la struttura del corpo, le attivit\u00e0 e la partecipazione, i fattori ambientali e i fattori personali.<sup id=\"cite_ref-:2_2-8\" class=\"reference\"><a href=\"#cite_note-:2-2\">(2)<\/a><\/sup> Come conseguenza della variabilit\u00e0 culturale, i fattori personali non sono stati, in realt\u00e0, inclusi nella classificazione ICF. Tuttavia, sono riconosciuti come essenziali per la comprensione del funzionamento e della disabilit\u00e0.<sup id=\"cite_ref-:2_2-9\" class=\"reference\"><a href=\"#cite_note-:2-2\">(2)<\/a><\/sup><\/p>\n<p>Nel manuale vengono fornite le seguenti definizioni dei componenti dell&#8217;ICF:<sup id=\"cite_ref-:8_10-0\" class=\"reference\"><a href=\"#cite_note-:8-10\">(10)<\/a><\/sup><\/p>\n<p><b>Funzioni e strutture del corpo<\/b>:<\/p>\n<ul>\n<li>Funzioni del corpo: &#8220;le funzioni fisiologiche dei sistemi corporei (comprese le funzioni psicologiche)&#8221;.<sup id=\"cite_ref-:8_10-1\" class=\"reference\"><a href=\"#cite_note-:8-10\">(10)<\/a><\/sup><\/li>\n<li>Strutture del corpo: &#8220;parti anatomiche del corpo come organi, arti e loro componenti&#8221;.<sup id=\"cite_ref-:8_10-2\" class=\"reference\"><a href=\"#cite_note-:8-10\">(10)<\/a><\/sup><\/li>\n<\/ul>\n<p><b>Menomazioni:<\/b> &#8220;problemi nella funzione o nella struttura del corpo&#8221;. Include una deviazione o una perdita significative.<sup id=\"cite_ref-:8_10-3\" class=\"reference\"><a href=\"#cite_note-:8-10\">(10)<\/a><\/sup><\/p>\n<p><b>Attivit\u00e0:<\/b> &#8220;esecuzione di un compito o di un&#8217;azione da parte di un individuo&#8221;.<sup id=\"cite_ref-:8_10-4\" class=\"reference\"><a href=\"#cite_note-:8-10\">(10)<\/a><\/sup><\/p>\n<p><b>Partecipazione<\/b>: &#8220;coinvolgimento in una situazione di vita&#8221;.<sup id=\"cite_ref-:8_10-5\" class=\"reference\"><a href=\"#cite_note-:8-10\">(10)<\/a><\/sup><\/p>\n<p><b>Limitazioni nelle attivit\u00e0<\/b>: &#8220;difficolt\u00e0 che un individuo pu\u00f2 avere nell&#8217;esecuzione di attivit\u00e0&#8221;.<sup id=\"cite_ref-:8_10-6\" class=\"reference\"><a href=\"#cite_note-:8-10\">(10)<\/a><\/sup><\/p>\n<p><b>Restrizioni nella partecipazione<\/b>: &#8220;problemi che un individuo potrebbe incontrare nel coinvolgimento in situazioni di vita&#8221;.<sup id=\"cite_ref-:8_10-7\" class=\"reference\"><a href=\"#cite_note-:8-10\">(10)<\/a><\/sup> Ci\u00f2 pu\u00f2 derivare da menomazioni, attivit\u00e0 o ambiente.<sup id=\"cite_ref-:2_2-10\" class=\"reference\"><a href=\"#cite_note-:2-2\">(2)<\/a><\/sup><\/p>\n<p><b>Fattori ambientali<\/b>: &#8220;Ambiente fisico, sociale e attitudinale in cui le persone vivono e conducono la loro vita&#8221;.<sup id=\"cite_ref-:8_10-8\" class=\"reference\"><a href=\"#cite_note-:8-10\">(10)<\/a><\/sup> I fattori ambientali possono essere considerati una barriera o una facilitazione in termini di come influenzano il funzionamento di una persona.<sup id=\"cite_ref-:2_2-11\" class=\"reference\"><a href=\"#cite_note-:2-2\">(2)<\/a><\/sup><\/p>\n<p>I <b>fattori personali<\/b> non sono classificati all&#8217;interno dell&#8217;ICF, ma sono riconosciuti come elementi chiave per comprendere il funzionamento e la disabilit\u00e0. I seguenti sono esempi di fattori personali: et\u00e0, sesso, razza, fitness, stile di vita, abitudini, educazione, stile di coping, contesto sociale, istruzione, stile caratteriale ed eventi importanti della vita.<sup id=\"cite_ref-:9_11-0\" class=\"reference\"><a href=\"#cite_note-:9-11\">(11)<\/a><\/sup><\/p>\n<h3><span id=\"ICF_Chapters\" class=\"mw-headline\">Capitoli dell&#8217;ICF<\/span><span class=\"mw-editsection\"><span class=\"mw-editsection-bracket\">(<\/span> <a class=\"mw-editsection-visualeditor\" title=\"Edit section: ICF Chapters\" href=\"\/index.php?title=Introduction_to_the_International_Classification_of_Functioning,_Disability_and_Health_(ICF)&amp;veaction=edit&amp;section=9\">edit<\/a> <span class=\"mw-editsection-divider\"> | <\/span> <a title=\"Edit section: ICF Chapters\" href=\"\/index.php?title=Introduction_to_the_International_Classification_of_Functioning,_Disability_and_Health_(ICF)&amp;action=edit&amp;section=9\">edit source<\/a> <span class=\"mw-editsection-bracket\">)<\/span><\/span><\/h3>\n<p>Il primo livello di ogni componente centrale dell&#8217;ICF \u00e8 costituito dai capitoli. Ogni capitolo ha il compito di fornire una panoramica dell&#8217;area di funzionamento.<sup id=\"cite_ref-:9_11-1\" class=\"reference\"><a href=\"#cite_note-:9-11\">(11)<\/a><\/sup> Successivamente, i capitoli sono classificati in tre livelli che descrivono ulteriormente l&#8217;area di funzionamento.<sup id=\"cite_ref-:9_11-2\" class=\"reference\"><a href=\"#cite_note-:9-11\">(11)<\/a><\/sup><\/p>\n<p>La tabella 1 mostra le componenti chiave dell&#8217;ICF e i suoi capitoli:<\/p>\n<div class=\"center\">\n<div class=\"floatnone\"><a class=\"image\" title=\"Table 1. The key components of the ICF Model and its chapters\" href=\"\/File:ICF_list_of_chapters.png\"><img loading=\"lazy\" decoding=\"async\" src=\"https:\/\/www.physio-pedia.com\/images\/thumb\/6\/65\/ICF_list_of_chapters.png\/600px-ICF_list_of_chapters.png\" srcset=\"https:\/\/www.physio-pedia.com\/images\/thumb\/6\/65\/ICF_list_of_chapters.png\/900px-ICF_list_of_chapters.png 1.5x, https:\/\/www.physio-pedia.com\/images\/6\/65\/ICF_list_of_chapters.png 2x\" alt=\"\" width=\"600\" height=\"817\" \/><\/a><\/div>\n<\/div>\n<p>Tabella 1. I componenti chiave del modello ICF e i suoi capitoli.<\/p>\n<h2><span id=\"Resources\" class=\"mw-headline\">Risorse<\/span><span class=\"mw-editsection\"><span class=\"mw-editsection-bracket\">(<\/span><a class=\"mw-editsection-visualeditor\" title=\"Edit section: Resources\" href=\"\/index.php?title=Introduction_to_the_International_Classification_of_Functioning,_Disability_and_Health_(ICF)&amp;veaction=edit&amp;section=10\">edit<\/a><span class=\"mw-editsection-divider\"> | <\/span><a title=\"Edit section: Resources\" href=\"\/index.php?title=Introduction_to_the_International_Classification_of_Functioning,_Disability_and_Health_(ICF)&amp;action=edit&amp;section=10\">edit source<\/a><span class=\"mw-editsection-bracket\">)<\/span><\/span><\/h2>\n<ul>\n<li><a class=\"external text\" href=\"https:\/\/apps.who.int\/iris\/bitstream\/handle\/10665\/41003\/9241541261_eng.pdf?sequence=1&amp;isAllowed=y\" rel=\"nofollow\">International classification of impairments, disabilities, and handicaps: a manual of classification relating to the consequences of the disease, published in accordance with resolution WHA29.35 of the Twenty-ninth World Health Assembly, May 1976<\/a><\/li>\n<li><a class=\"external text\" href=\"https:\/\/cdn.who.int\/media\/docs\/default-source\/classification\/icf\/icfbeginnersguide.pdf?sfvrsn=eead63d3_4&amp;download=true\" rel=\"nofollow\">Towards a Common Language for Functioning, Disability and Health. ICF<\/a><\/li>\n<\/ul>\n<h2><span id=\"References\" class=\"mw-headline\">Citazioni<\/span><span class=\"mw-editsection\"><span class=\"mw-editsection-bracket\">(<\/span><a class=\"mw-editsection-visualeditor\" title=\"Edit section: References\" href=\"\/index.php?title=Introduction_to_the_International_Classification_of_Functioning,_Disability_and_Health_(ICF)&amp;veaction=edit&amp;section=11\">edit<\/a><span class=\"mw-editsection-divider\"> | <\/span><a title=\"Edit section: References\" href=\"\/index.php?title=Introduction_to_the_International_Classification_of_Functioning,_Disability_and_Health_(ICF)&amp;action=edit&amp;section=11\">edit source<\/a><span class=\"mw-editsection-bracket\">)<\/span><\/span><\/h2>\n<div class=\"mw-references-wrap mw-references-columns\">\n<ol class=\"references\">\n<li id=\"cite_note-:0-1\"><span class=\"mw-cite-backlink\">\u2191 <sup><a href=\"#cite_ref-:0_1-0\">1.0<\/a><\/sup> <sup><a href=\"#cite_ref-:0_1-1\">1.1<\/a><\/sup> <sup><a href=\"#cite_ref-:0_1-2\">1.2<\/a><\/sup><\/span> <span class=\"reference-text\">Cieza A, Sabariego C, Bickenbach J, Chatterji S. <a class=\"external text\" href=\"https:\/\/bmcmedicine.biomedcentral.com\/articles\/10.1186\/s12916-017-1002-6\" rel=\"nofollow\">Rethinking disability<\/a>. BMC medicine. 2018 Dec;16(1):1-5.<\/span><\/li>\n<li id=\"cite_note-:2-2\"><span class=\"mw-cite-backlink\">\u2191 <sup><a href=\"#cite_ref-:2_2-0\">2.00<\/a><\/sup> <sup><a href=\"#cite_ref-:2_2-1\">2.01<\/a><\/sup> <sup><a href=\"#cite_ref-:2_2-2\">2.02<\/a><\/sup> <sup><a href=\"#cite_ref-:2_2-3\">2.03<\/a><\/sup> <sup><a href=\"#cite_ref-:2_2-4\">2.04<\/a><\/sup> <sup><a href=\"#cite_ref-:2_2-5\">2.05<\/a><\/sup> <sup><a href=\"#cite_ref-:2_2-6\">2.06<\/a><\/sup> <sup><a href=\"#cite_ref-:2_2-7\">2.07<\/a><\/sup> <sup><a href=\"#cite_ref-:2_2-8\">2.08<\/a><\/sup> <sup><a href=\"#cite_ref-:2_2-9\">2.09<\/a><\/sup> <sup><a href=\"#cite_ref-:2_2-10\">2.10<\/a><\/sup> <sup><a href=\"#cite_ref-:2_2-11\">2.11<\/a><\/sup><\/span> <span class=\"reference-text\">Saleeby P. Introduction to the International Classification of Functioning, Disability, and Health (ICF) Course. Physioplus 2022.<\/span><\/li>\n<li id=\"cite_note-:1-3\"><span class=\"mw-cite-backlink\">\u2191 <sup><a href=\"#cite_ref-:1_3-0\">3.0<\/a><\/sup> <sup><a href=\"#cite_ref-:1_3-1\">3.1<\/a><\/sup> <sup><a href=\"#cite_ref-:1_3-2\">3.2<\/a><\/sup> <sup><a href=\"#cite_ref-:1_3-3\">3.3<\/a><\/sup> <sup><a href=\"#cite_ref-:1_3-4\">3.4<\/a><\/sup> <sup><a href=\"#cite_ref-:1_3-5\">3.5<\/a><\/sup> <sup><a href=\"#cite_ref-:1_3-6\">3.6<\/a><\/sup><\/span> <span class=\"reference-text\">World Health Organization. <a class=\"external text\" href=\"https:\/\/apps.who.int\/iris\/bitstream\/handle\/10665\/41003\/9241541261_eng.pdf?sequence=1&amp;isAllowed=y\" rel=\"nofollow\">International classification of impairments, disabilities, and handicaps: a manual of classification relating to the consequences of the disease, published in accordance with resolution WHA29<\/a>. 35 of the Twenty-ninth World Health Assembly, May 1976. World Health Organization; 1980.<\/span><\/li>\n<li id=\"cite_note-:3-4\"><span class=\"mw-cite-backlink\">\u2191 <sup><a href=\"#cite_ref-:3_4-0\">4.0<\/a><\/sup> <sup><a href=\"#cite_ref-:3_4-1\">4.1<\/a><\/sup> <sup><a href=\"#cite_ref-:3_4-2\">4.2<\/a><\/sup> <sup><a href=\"#cite_ref-:3_4-3\">4.3<\/a><\/sup> <sup><a href=\"#cite_ref-:3_4-4\">4.4<\/a><\/sup><\/span> <span class=\"reference-text\">Gray DB, Hendershot GE. <a class=\"external text\" href=\"https:\/\/www.archives-pmr.org\/article\/S0003-9993(00)99115-9\/fulltext\" rel=\"nofollow\">The ICIDH-2: developments for a new era of outcomes research<\/a>. Arch Phys Med Rehabil. 2000 Dec;81(12 Suppl 2): S10-4.<\/span><\/li>\n<li id=\"cite_note-:4-5\"><span class=\"mw-cite-backlink\">\u2191 <sup><a href=\"#cite_ref-:4_5-0\">5.0<\/a><\/sup> <sup><a href=\"#cite_ref-:4_5-1\">5.1<\/a><\/sup><\/span> <span class=\"reference-text\">Harrison JE, Weber S, Jakob R, Chute CG. <a class=\"external text\" href=\"https:\/\/bmcmedinformdecismak.biomedcentral.com\/articles\/10.1186\/s12911-021-01534-6\" rel=\"nofollow\">ICD-11: an international classification of diseases for the twenty-first century<\/a>. BMC Med Inform Decis Mak. 2021 Nov 9;21(Suppl 6):206.<\/span><\/li>\n<li id=\"cite_note-:5-6\"><span class=\"mw-cite-backlink\">\u2191 <sup><a href=\"#cite_ref-:5_6-0\">6.0<\/a><\/sup> <sup><a href=\"#cite_ref-:5_6-1\">6.1<\/a><\/sup> <sup><a href=\"#cite_ref-:5_6-2\">6.2<\/a><\/sup> <sup><a href=\"#cite_ref-:5_6-3\">6.3<\/a><\/sup> <sup><a href=\"#cite_ref-:5_6-4\">6.4<\/a><\/sup><\/span> <span class=\"reference-text\">Millet P. The ICF twenty years later.Available from <a class=\"external free\" href=\"https:\/\/web.archive.org\/web\/20210716185739id_\/https:\/\/www.idoriums.com\/edpanel\/media\/D05_Edorium%20Journal%20of%20Disability%20and%20Rehabilitation\/2021\/pdf\/100050D05PM2021.pdf\" rel=\"nofollow\">https:\/\/web.archive.org\/web\/20210716185739id_\/https:\/\/www.idoriums.com\/edpanel\/media\/D05_Edorium%20Journal%20of%20Disability%20and%20Rehabilitation\/2021\/pdf\/100050D05PM2021.pdf<\/a> (last accessed 19.06.2022).<\/span><\/li>\n<li id=\"cite_note-:6-7\"><span class=\"mw-cite-backlink\">\u2191 <sup><a href=\"#cite_ref-:6_7-0\">7.0<\/a><\/sup> <sup><a href=\"#cite_ref-:6_7-1\">7.1<\/a><\/sup><\/span> <span class=\"reference-text\">Madden RH, Bundy A. The ICF has made a difference in functioning and disability measurement and statistics. Disability and rehabilitation. 2019 Jun 5;41(12):1450-62.<\/span><\/li>\n<li id=\"cite_note-:7-8\"><span class=\"mw-cite-backlink\">\u2191 <sup><a href=\"#cite_ref-:7_8-0\">8.0<\/a><\/sup> <sup><a href=\"#cite_ref-:7_8-1\">8.1<\/a><\/sup> <sup><a href=\"#cite_ref-:7_8-2\">8.2<\/a><\/sup> <sup><a href=\"#cite_ref-:7_8-3\">8.3<\/a><\/sup> <sup><a href=\"#cite_ref-:7_8-4\">8.4<\/a><\/sup><\/span> <span class=\"reference-text\">Sagahutu JB, Kagwiza J, Cilliers F, Jelsma J. <a class=\"external text\" href=\"https:\/\/journals.plos.org\/plosone\/article?id=10.1371\/journal.pone.0226247\" rel=\"nofollow\">The impact of a training programme incorporating the conceptual framework of the International Classification of Functioning (ICF) on behaviour regarding interprofessional practice in Rwandan health professionals: A cluster randomized control trial<\/a>. PloS one. 2020 Feb 7;15(2):e0226247.<\/span><\/li>\n<li id=\"cite_note-9\"><span class=\"mw-cite-backlink\"><a href=\"#cite_ref-9\">\u2191<\/a><\/span> <span class=\"reference-text\">Southwick JD, Grizzell ST. <a class=\"external text\" href=\"https:\/\/journals.sagepub.com\/doi\/abs\/10.1177\/0034355220910782\" rel=\"nofollow\">Utilizing the ICF to enable evidence-based practice among vocational rehabilitation counselors<\/a>. Rehabilitation Counseling Bulletin. 2020 Oct;64(1):17-30.<\/span><\/li>\n<li id=\"cite_note-:8-10\"><span class=\"mw-cite-backlink\">\u2191 <sup><a href=\"#cite_ref-:8_10-0\">10.0<\/a><\/sup> <sup><a href=\"#cite_ref-:8_10-1\">10.1<\/a><\/sup> <sup><a href=\"#cite_ref-:8_10-2\">10.2<\/a><\/sup> <sup><a href=\"#cite_ref-:8_10-3\">10.3<\/a><\/sup> <sup><a href=\"#cite_ref-:8_10-4\">10.4<\/a><\/sup> <sup><a href=\"#cite_ref-:8_10-5\">10.5<\/a><\/sup> <sup><a href=\"#cite_ref-:8_10-6\">10.6<\/a><\/sup> <sup><a href=\"#cite_ref-:8_10-7\">10.7<\/a><\/sup> <sup><a href=\"#cite_ref-:8_10-8\">10.8<\/a><\/sup><\/span> <span class=\"reference-text\">Towards a Common Language for Functioning, Disability and Health. ICF. Available from <a class=\"external free\" href=\"https:\/\/cdn.who.int\/media\/docs\/default-source\/classification\/icf\/icfbeginnersguide.pdf?sfvrsn=eead63d3_4&amp;download=true\" rel=\"nofollow\">https:\/\/cdn.who.int\/media\/docs\/default-source\/classification\/icf\/icfbeginnersguide.pdf?sfvrsn=eead63d3_4&amp;download=true<\/a> (last accessed 19.06.2022).<\/span><\/li>\n<li id=\"cite_note-:9-11\"><span class=\"mw-cite-backlink\">\u2191 <sup><a href=\"#cite_ref-:9_11-0\">11.0<\/a><\/sup> <sup><a href=\"#cite_ref-:9_11-1\">11.1<\/a><\/sup> <sup><a href=\"#cite_ref-:9_11-2\">11.2<\/a><\/sup><\/span> <span class=\"reference-text\">Viljoen M, Mahdi S, Griessel D, Bolte S, de Vries PJ. <a class=\"external text\" href=\"https:\/\/www.researchgate.net\/publication\/332821555_Parentcaregiver_perspectives_of_functioning_in_autism_spectrum_disorders_A_comparative_study_in_Sweden_and_South_Africa\" rel=\"nofollow\">Parent\/caregiver perspectives of functioning in autism spectrum disorders: A comparative study in Sweden and South Africa<\/a>. Autism 2019; 23(1).<\/span><\/li>\n<\/ol>\n<\/div>\n<p><!-- NewPP limit report Cached time: 20220705144404 Cache expiry: 0 Dynamic content: true Complications: () CPU time usage: 0.146 seconds Real time usage: 0.152 seconds Preprocessor visited node count: 415\/1000000 Post\u2010expand include size: 118\/2097152 bytes Template argument size: 0\/2097152 bytes Highest expansion depth: 3\/40 Expensive parser function count: 0\/100 Unstrip recursion depth: 0\/20 Unstrip post\u2010expand size: 12556\/5000000 bytes --><br \/>\n<!-- Transclusion expansion time report (%,ms,calls,template) 100.00% 10.738 1 Special:Contributors\/Introduction_to_the_International_Classification_of_Functioning,_Disability_and_Health_(ICF) 100.00% 10.738 1 -total --><\/p>\n<\/div>\n","protected":false},"excerpt":{"rendered":"<p>Editrice &#8211; Ewa Jaraczewska sulla base del corso di Patricia Saleeby Collaboratori principali &#8211; Ewa Jaraczewska e Jess Bell Contenuti 1 Introduzione 2 Classificazione Internazionale delle Menomazioni, delle Disabilit\u00e0 e degli Handicap (ICIDH) 2.1 ICIDH-2 3 OMS-FIC 3.1 Classificazione Internazionale delle Malattie (ICD-11) 3.2 Classificazione Internazionale del Funzionamento, della Disabilit\u00e0 e della Salute (ICF) 3.2.1 [&hellip;]<\/p>\n","protected":false},"author":1,"featured_media":0,"parent":0,"menu_order":0,"comment_status":"closed","ping_status":"closed","template":"","meta":{"_acf_changed":false,"footnotes":""},"class_list":["post-1829","page","type-page","status-publish","hentry"],"acf":[],"_links":{"self":[{"href":"https:\/\/langs.physio-pedia.com\/it\/wp-json\/wp\/v2\/pages\/1829","targetHints":{"allow":["GET"]}}],"collection":[{"href":"https:\/\/langs.physio-pedia.com\/it\/wp-json\/wp\/v2\/pages"}],"about":[{"href":"https:\/\/langs.physio-pedia.com\/it\/wp-json\/wp\/v2\/types\/page"}],"author":[{"embeddable":true,"href":"https:\/\/langs.physio-pedia.com\/it\/wp-json\/wp\/v2\/users\/1"}],"replies":[{"embeddable":true,"href":"https:\/\/langs.physio-pedia.com\/it\/wp-json\/wp\/v2\/comments?post=1829"}],"version-history":[{"count":6,"href":"https:\/\/langs.physio-pedia.com\/it\/wp-json\/wp\/v2\/pages\/1829\/revisions"}],"predecessor-version":[{"id":1858,"href":"https:\/\/langs.physio-pedia.com\/it\/wp-json\/wp\/v2\/pages\/1829\/revisions\/1858"}],"wp:attachment":[{"href":"https:\/\/langs.physio-pedia.com\/it\/wp-json\/wp\/v2\/media?parent=1829"}],"curies":[{"name":"wp","href":"https:\/\/api.w.org\/{rel}","templated":true}]}}