{"id":9946,"date":"2024-06-07T22:04:15","date_gmt":"2024-06-07T22:04:15","guid":{"rendered":"https:\/\/langs.physio-pedia.com\/gait-deviations-associated-with-pelvis-and-knee-pain-syndromes-fr\/"},"modified":"2024-06-08T13:37:24","modified_gmt":"2024-06-08T13:37:24","slug":"gait-deviations-associated-with-pelvis-and-knee-pain-syndromes-fr","status":"publish","type":"page","link":"https:\/\/langs.physio-pedia.com\/fr\/gait-deviations-associated-with-pelvis-and-knee-pain-syndromes-fr\/","title":{"rendered":"D\u00e9viances de la marche associ\u00e9es aux syndromes douloureux du bassin et du genou"},"content":{"rendered":"<div class=\"mw-parser-output\">\n<div class=\"editorbox\"><b>\u00c9ditrice originale<\/b>&#8211; <a title=\"User:Stacy Schiurring\" href=\"\/User:Stacy_Schiurring\">Stacy Schiurring <\/a> \u00e0 partir du cours de <a class=\"external text\" href=\"https:\/\/members.physio-pedia.com\/instructor\/damien-howell\/\/\" rel=\"nofollow\">Damien Howell<\/a><\/p>\n<p><b>Principales collaboratrices<\/b> &#8211; <a class=\"mw-userlink\" title=\"User:Stacy Schiurring\" href=\"\/User:Stacy_Schiurring\"><bdi>Stacy Schiurring <\/bdi><\/a>, <a class=\"mw-userlink\" title=\"User:Kim Jackson\" href=\"\/User:Kim_Jackson\"><bdi>Kim Jackson <\/bdi><\/a>, <a class=\"mw-userlink\" title=\"User:Lucinda hampton\" href=\"\/User:Lucinda_hampton\"><bdi>Lucinda Hampton<\/bdi><\/a> et <a class=\"mw-userlink\" title=\"User:Jess Bell\" href=\"\/User:Jess_Bell\"><bdi>Jess Bell<\/bdi><\/a><\/p>\n<\/div>\n<div id=\"toc\" class=\"toc\" role=\"navigation\" aria-labelledby=\"mw-toc-heading\"><input id=\"toctogglecheckbox\" class=\"toctogglecheckbox\" style=\"display: none;\" role=\"button\" type=\"checkbox\"><\/p>\n<div class=\"toctitle\" dir=\"ltr\" lang=\"en\">\n<h2 id=\"mw-toc-heading\">Contenu<\/h2>\n<\/div>\n<ul>\n<li class=\"toclevel-1 tocsection-1\"><a href=\"#Introduction\"><span class=\"tocnumber\">1<\/span> <span class=\"toctext\">Introduction<\/span><\/a><\/li>\n<li class=\"toclevel-1 tocsection-2\"><a href=\"#Pain_Syndromes_and_Gait_Deviation\"><span class=\"tocnumber\">2<\/span> <span class=\"toctext\">Syndromes douloureux et d\u00e9viances de la marche <\/span><\/a><\/li>\n<li class=\"toclevel-1 tocsection-3\"><a href=\"#Walking_Speed.2C_the_Sixth_Vital_Sign\"><span class=\"tocnumber\">3<\/span> <span class=\"toctext\">La vitesse de marche, le sixi\u00e8me signe vital<\/span><\/a><\/li>\n<li class=\"toclevel-1 tocsection-4\"><a href=\"#Ground_Reaction_Forces\"><span class=\"tocnumber\">4<\/span> <span class=\"toctext\">Forces de r\u00e9action au sol<\/span><\/a><\/li>\n<li class=\"toclevel-1 tocsection-5\"><a href=\"#Gait_Deviations.5B1.5D\"><span class=\"tocnumber\">5<\/span> <span class=\"toctext\">D\u00e9viances de la marche <sup>(1)<\/sup><\/span><\/a><\/li>\n<li class=\"toclevel-1 tocsection-6\"><a href=\"#Pain_Syndromes_Associated_with_Gait_Deviations.5B1.5D\"><span class=\"tocnumber\">6<\/span> <span class=\"toctext\">Syndromes douloureux associ\u00e9s \u00e0 aux d\u00e9viances de la marche <sup>(1)<\/sup><\/span><\/a><\/li>\n<li class=\"toclevel-1 tocsection-7\"><a href=\"#Resources\"><span class=\"tocnumber\">7<\/span> <span class=\"toctext\">Ressources<\/span><\/a><\/li>\n<li class=\"toclevel-1 tocsection-8\"><a href=\"#References\"><span class=\"tocnumber\">8<\/span> <span class=\"toctext\">R\u00e9f\u00e9rences<\/span><\/a><\/li>\n<\/ul>\n<\/div>\n<h2><span id=\"Introduction\" class=\"mw-headline\">Introduction<\/span><span class=\"mw-editsection\"><span class=\"mw-editsection-bracket\">(<\/span><a class=\"mw-editsection-visualeditor\" title=\"Edit section: Introduction\" href=\"\/index.php?title=Gait_Deviations_Associated_with_Pelvis_and_Knee_Pain_Syndromes&amp;veaction=edit&amp;section=1\">edit<\/a><span class=\"mw-editsection-divider\"> | <\/span><a title=\"Edit section: Introduction\" href=\"\/index.php?title=Gait_Deviations_Associated_with_Pelvis_and_Knee_Pain_Syndromes&amp;action=edit&amp;section=1\">edit source<\/a><span class=\"mw-editsection-bracket\">)<\/span><\/span><\/h2>\n<p>Cet article traite des d\u00e9viances de la <a title=\"Marche\" href=\"\/Gait\">marche<\/a> associ\u00e9es aux syndromes <a title=\"Pain Behaviours\" href=\"\/Pain_Behaviours\">douloureux<\/a> du <a title=\"Pelvis\" href=\"\/Pelvis\">bassin<\/a> et du <a title=\"Genou\" href=\"\/Knee\">genou<\/a>. Bien que ces informations se concentrent sur certaines r\u00e9gions du corps, il ne faut pas oublier que le corps humain fonctionne comme une <a title=\"Kinetic Chain\" href=\"\/Kinetic_Chain\">cha\u00eene cin\u00e9tique<\/a>. Aucun mouvement n&rsquo;est jamais compl\u00e8tement isol\u00e9 et sans avoir un effet sur un autre.<sup id=\"cite_ref-:1_1-0\" class=\"reference\"><a href=\"#cite_note-:1-1\">(1)<\/a><\/sup><\/p>\n<p>Pour une r\u00e9vision du cycle de la marche, voir <a class=\"mw-redirect\" title=\"Gait Cycle\" href=\"\/Gait_Cycle\">cet article<\/a>. Pour une vue d&rsquo;ensemble des d\u00e9viances de la marche, voir <a title=\"Gait Deviations\" href=\"\/Gait_Deviations\">cet article<\/a>. Pour revoir la terminologie et d\u00e9finitions courantes de la marche, consulter <a title=\"Gait Definitions\" href=\"\/Gait_Definitions\">cet article<\/a>.<\/p>\n<div class=\"center\">\n<div class=\"floatnone\"><a class=\"image\" href=\"\/File:Gait_cycle.jpg\"><img loading=\"lazy\" decoding=\"async\" src=\"https:\/\/www.physio-pedia.com\/images\/thumb\/1\/17\/Gait_cycle.jpg\/900px-Gait_cycle.jpg\" srcset=\"https:\/\/www.physio-pedia.com\/images\/thumb\/1\/17\/Gait_cycle.jpg\/1350px-Gait_cycle.jpg 1.5x, https:\/\/www.physio-pedia.com\/images\/thumb\/1\/17\/Gait_cycle.jpg\/1800px-Gait_cycle.jpg 2x\" alt=\"Gait cycle.jpg\" width=\"900\" height=\"199\"><\/a><\/div>\n<\/div>\n<h2><span id=\"Pain_Syndromes_and_Gait_Deviation\" class=\"mw-headline\">Syndromes douloureux et d\u00e9viances de la marche <\/span><span class=\"mw-editsection\"><span class=\"mw-editsection-bracket\">(<\/span> <a class=\"mw-editsection-visualeditor\" title=\"Edit section: Pain Syndromes and Gait Deviation\" href=\"\/index.php?title=Gait_Deviations_Associated_with_Pelvis_and_Knee_Pain_Syndromes&amp;veaction=edit&amp;section=2\">edit<\/a> <span class=\"mw-editsection-divider\"> | <\/span> <a title=\"Edit section: Pain Syndromes and Gait Deviation\" href=\"\/index.php?title=Gait_Deviations_Associated_with_Pelvis_and_Knee_Pain_Syndromes&amp;action=edit&amp;section=2\">edit source<\/a> <span class=\"mw-editsection-bracket\">)<\/span><\/span><\/h2>\n<p>Les d\u00e9viances de la d\u00e9marche sont probablement li\u00e9es au d\u00e9veloppement et\/ou associ\u00e9es \u00e0 des syndromes de douleur musculosquelettique. C&rsquo;est souvent la plainte de douleur qui am\u00e8ne un patient \u00e0 consulter en physioth\u00e9rapie. Le r\u00f4le du physioth\u00e9rapeute est d&rsquo;\u00e9duquer le patient sur l&rsquo;\u00e9tiologie de sa douleur tout en traitant et en corrigeant la d\u00e9viance de la marche constat\u00e9e.<sup id=\"cite_ref-:1_1-1\" class=\"reference\"><a href=\"#cite_note-:1-1\">(1)<\/a><\/sup><\/p>\n<blockquote><p>Une <b>d\u00e9viance de la marche<\/b> est un \u00e9cart dans le cycle de la marche qui peut affecter le tronc, la hanche, le genou ou la cheville. Les d\u00e9viances de la marche peuvent \u00eatre dues \u00e0 l&rsquo;\u00e2ge et\/ou \u00e0 certaines pathologies. Ces pathologies peuvent \u00eatre de nature musculosquelettique ou neurologique. <sup id=\"cite_ref-2\" class=\"reference\"><a href=\"#cite_note-2\">(2)<\/a><\/sup> Les d\u00e9viances de la marche peuvent avoir un impact consid\u00e9rable sur la <a title=\"Quality of Life\" href=\"\/Quality_of_Life\">qualit\u00e9 de vie<\/a>, la morbidit\u00e9 et la mortalit\u00e9 des patients. <sup id=\"cite_ref-3\" class=\"reference\"><a href=\"#cite_note-3\">(3)<\/a><\/sup><\/p><\/blockquote>\n<p>Les d\u00e9viances de la marche les plus fr\u00e9quemment observ\u00e9es dans les syndromes douloureux sont les suivantes : <sup id=\"cite_ref-:1_1-2\" class=\"reference\"><a href=\"#cite_note-:1-1\">(1)<\/a><\/sup><\/p>\n<ol>\n<li>diminution de la vitesse de marche (d\u00e9viance de la marche la plus fr\u00e9quente chez les patients souffrant de d\u00e9ficits <a title=\"Neurological Disorders\" href=\"\/Neurological_Disorders\">neurologiques<\/a>);<\/li>\n<li>diminution de l&rsquo;oscillation verticale du centre de gravit\u00e9;<\/li>\n<li>retard du soul\u00e8vement du talon.<\/li>\n<\/ol>\n<h2><span id=\"Walking_Speed,_the_Sixth_Vital_Sign\"><\/span><span id=\"Walking_Speed.2C_the_Sixth_Vital_Sign\" class=\"mw-headline\">La vitesse de marche, le sixi\u00e8me signe vital <\/span><span class=\"mw-editsection\"><span class=\"mw-editsection-bracket\">(<\/span> <a class=\"mw-editsection-visualeditor\" title=\"Edit section: Walking Speed, the Sixth Vital Sign\" href=\"\/index.php?title=Gait_Deviations_Associated_with_Pelvis_and_Knee_Pain_Syndromes&amp;veaction=edit&amp;section=3\">edit<\/a> <span class=\"mw-editsection-divider\"> | <\/span> <a title=\"Edit section: Walking Speed, the Sixth Vital Sign\" href=\"\/index.php?title=Gait_Deviations_Associated_with_Pelvis_and_Knee_Pain_Syndromes&amp;action=edit&amp;section=3\">edit source<\/a> <span class=\"mw-editsection-bracket\">)<\/span><\/span><\/h2>\n<p>Selon un article publi\u00e9 par Fritz en 2009, <sup id=\"cite_ref-:0_4-0\" class=\"reference\"><a href=\"#cite_note-:0-4\">(4)<\/a><\/sup> la vitesse de marche est \u00ab\u00a0presque la mesure parfaite\u00a0\u00bb. La vitesse de marche choisie par le patient s&rsquo;est av\u00e9r\u00e9e \u00eatre une mesure fiable, valide, sensible et sp\u00e9cifique qui est en corr\u00e9lation avec la capacit\u00e9 fonctionnelle et la confiance en son <a title=\"\u00c9quilibre\" href=\"\/Balance\">\u00e9quilibre<\/a>. <sup id=\"cite_ref-:0_4-1\" class=\"reference\"><a href=\"#cite_note-:0-4\">(4)<\/a><\/sup><\/p>\n<blockquote><p>\u00ab La vitesse de marche, comme la <a title=\"Blood Pressure\" href=\"\/Blood_Pressure\">pression art\u00e9rielle<\/a>, peut \u00eatre un indicateur g\u00e9n\u00e9ral qui peut pr\u00e9dire des \u00e9v\u00e9nements futurs et refl\u00e9ter divers processus physiologiques sous-jacents. Si la vitesse de marche est insuffisante pour pr\u00e9dire \u00e0 elle seule les capacit\u00e9s fonctionnelles, tout comme la pression art\u00e9rielle n&rsquo;est pas le seul signe de <a title=\"Coronary Artery Disease (CAD)\" href=\"\/Coronary_Artery_Disease_(CAD)\">maladie cardiaque<\/a>; la vitesse de marche peut \u00eatre utilis\u00e9e comme \u2018<a title=\"Vital Signs\" href=\"\/Vital_Signs\">signe vital<\/a> &lsquo; pour aider \u00e0 d\u00e9terminer des r\u00e9sultats tels que l&rsquo;\u00e9tat fonctionnel, la destination du patient lorsqu&rsquo;il obtient son cong\u00e9 et la n\u00e9cessit\u00e9 d&rsquo;une r\u00e9adaptation. \u00bb<sup id=\"cite_ref-:0_4-2\" class=\"reference\"><a href=\"#cite_note-:0-4\">(4)<\/a><\/sup><\/p><\/blockquote>\n<p><b>Applications de la vitesse de marche comme mesure clinique <\/b>: <sup id=\"cite_ref-:0_4-3\" class=\"reference\"><a href=\"#cite_note-:0-4\">(4)<\/a><\/sup><\/p>\n<ol>\n<li>elle a le potentiel de pr\u00e9dire l&rsquo;\u00e9tat de sant\u00e9 futur et le d\u00e9clin fonctionnel;<\/li>\n<li>elle peut \u00eatre utilis\u00e9e pour pr\u00e9dire l&rsquo;hospitalisation future, la destination du patient lorsqu&rsquo;il obtient son cong\u00e9 et la mortalit\u00e9 des patients;<\/li>\n<li>elle refl\u00e8te \u00e0 la fois les changements fonctionnels et physiologiques du patient;<\/li>\n<li>elle est un facteur permettant de d\u00e9terminer le potentiel de r\u00e9adaptation;<\/li>\n<li>elle aide \u00e0 pr\u00e9dire les <a title=\"Falls\" href=\"\/Falls\">chutes<\/a> et la <a title=\"Fear of Falling\" href=\"\/Fear_of_Falling\">peur de tomber<\/a>.<\/li>\n<li>La progression de la vitesse de marche a \u00e9t\u00e9 associ\u00e9e \u00e0 des changements cliniques significatifs de la qualit\u00e9 de vie.<\/li>\n<\/ol>\n<p>Selon Fritz et al (2009), la vitesse de marche moyenne des <a title=\"Older People - An Introduction\" href=\"https:\/\/www.physio-pedia.com\/Older_People_-_An_Introduction\">personnes \u00e2g\u00e9es<\/a> est de 1 \u00e0 1,4 m\/sec.<sup id=\"cite_ref-:0_4-4\" class=\"reference\"><a href=\"#cite_note-:0-4\">(4)<\/a><\/sup> La vitesse de marche moyenne pr\u00e9f\u00e9r\u00e9e des adultes en bonne sant\u00e9 \u00e2g\u00e9s de 59 ans ou moins est d&rsquo;environ 1,4 m\/s.<sup id=\"cite_ref-:5_5-0\" class=\"reference\"><a href=\"#cite_note-:5-5\">(5)<\/a><\/sup> Cela sugg\u00e8re que la vitesse de la d\u00e9marche d\u00e9vi\u00e9e est plus lente que 1 \u00e0 1,4 m\/sec.<sup id=\"cite_ref-:1_1-3\" class=\"reference\"><a href=\"#cite_note-:1-1\">(1)<\/a><\/sup><\/p>\n<p>La longueur moyenne de la foul\u00e9e chez les adultes en bonne sant\u00e9 se situe entre 150 et 170 cm. La cadence moyenne chez les jeunes adultes se situe entre 115 et 120 pas\/min. Les personnes \u00e2g\u00e9es pr\u00e9f\u00e8rent une largeur de marche de 40 % sup\u00e9rieure \u00e0 celle des adultes plus jeunes. Une \u00e9tude de 2017 a montr\u00e9 que le vieillissement est \u00ab\u00a0associ\u00e9 \u00e0 une diminution de la vitesse de marche et de la longueur des pas, alors que la cadence reste relativement stable\u00a0\u00bb. <sup id=\"cite_ref-:5_5-1\" class=\"reference\"><a href=\"#cite_note-:5-5\">(5)<\/a><\/sup><\/p>\n<p>Nous vous proposons de regarder la vid\u00e9o suivante pour en savoir plus sur la vitesse de marche et sur la mani\u00e8re de la mesurer en clinique \u00e0 l&rsquo;aide du test de marche de 10 m\u00e8tres.<\/p>\n<div class=\"thumb embedvideo autoResize\" style=\"width: 508px;\">\n<div class=\"embedvideo autoResize\">\n<div class=\"embedvideowrap\" style=\"width: 500px;\"><iframe loading=\"lazy\" title=\"Play video\" src=\"\/\/www.youtube.com\/embed\/aFsjfZH6VTk?\" width=\"500\" height=\"281\" frameborder=\"0\" allowfullscreen=\"allowfullscreen\"><\/iframe><\/div>\n<\/div>\n<\/div>\n<p><sup id=\"cite_ref-6\" class=\"reference\"><a href=\"#cite_note-6\">(6)<\/a><\/sup><\/p>\n<h2><span id=\"Ground_Reaction_Forces\" class=\"mw-headline\">Forces de r\u00e9action au sol <\/span><span class=\"mw-editsection\"><span class=\"mw-editsection-bracket\">(<\/span> <a class=\"mw-editsection-visualeditor\" title=\"Edit section: Ground Reaction Forces\" href=\"\/index.php?title=Gait_Deviations_Associated_with_Pelvis_and_Knee_Pain_Syndromes&amp;veaction=edit&amp;section=4\">edit<\/a> <span class=\"mw-editsection-divider\"> | <\/span> <a title=\"Edit section: Ground Reaction Forces\" href=\"\/index.php?title=Gait_Deviations_Associated_with_Pelvis_and_Knee_Pain_Syndromes&amp;action=edit&amp;section=4\">edit source<\/a> <span class=\"mw-editsection-bracket\">)<\/span><\/span><\/h2>\n<div class=\"thumb tright\">\n<div class=\"thumbinner\" style=\"width: 302px;\"><a class=\"image\" href=\"\/File:Vert_GRF.jpeg\"><img loading=\"lazy\" decoding=\"async\" class=\"thumbimage\" src=\"https:\/\/www.physio-pedia.com\/images\/thumb\/e\/e5\/Vert_GRF.jpeg\/300px-Vert_GRF.jpeg\" srcset=\"https:\/\/www.physio-pedia.com\/images\/e\/e5\/Vert_GRF.jpeg 1.5x\" alt=\"\" width=\"300\" height=\"225\"><\/a><\/p>\n<div class=\"thumbcaption\">\n<div class=\"magnify\"><\/div>\n<p>Exemple de force verticale de r\u00e9action au sol.<\/p>\n<\/div>\n<\/div>\n<\/div>\n<p>La <b>force de r\u00e9action au sol<\/b> est la somme de toutes les forces transmises du sol vers le corps.<sup id=\"cite_ref-:1_1-4\" class=\"reference\"><a href=\"#cite_note-:1-1\">(1)<\/a><\/sup> La force de r\u00e9action au sol est influenc\u00e9e par toutes les directions : verticale, ant\u00e9ropost\u00e9rieure et m\u00e9diolat\u00e9rale. Ces forces sont g\u00e9n\u00e9ralement mesur\u00e9es et enregistr\u00e9es \u00e0 l&rsquo;aide d&rsquo;une plaque de force tridimensionnelle. <sup id=\"cite_ref-:2_7-0\" class=\"reference\"><a href=\"#cite_note-:2-7\">(7) <\/a><\/sup><sup id=\"cite_ref-8\" class=\"reference\"><a href=\"#cite_note-8\">(8)<\/a><\/sup><\/p>\n<div class=\"thumb tright\">\n<div class=\"thumbinner\" style=\"width: 302px;\"><a class=\"image\" href=\"\/File:Braking_forces.jpeg\"><img loading=\"lazy\" decoding=\"async\" class=\"thumbimage\" src=\"https:\/\/www.physio-pedia.com\/images\/thumb\/2\/22\/Braking_forces.jpeg\/300px-Braking_forces.jpeg\" srcset=\"https:\/\/www.physio-pedia.com\/images\/2\/22\/Braking_forces.jpeg 1.5x\" alt=\"\" width=\"300\" height=\"195\"><\/a><\/p>\n<div class=\"thumbcaption\">\n<div class=\"magnify\"><\/div>\n<p>Exemple de force de r\u00e9action au sol ant\u00e9ropost\u00e9rieure.<\/p>\n<\/div>\n<\/div>\n<\/div>\n<p>Pendant la marche, la <b>force de r\u00e9action verticale au sol<\/b> est la composante la plus importante de la force de r\u00e9action totale au sol. Cela cr\u00e9e des forces sup\u00e9rieures au poids total du corps d&rsquo;une personne par pas. La courbe de la force verticale de r\u00e9action au sol se compose de deux pics : le pic de la charge d&rsquo;impact <sup id=\"cite_ref-:1_1-5\" class=\"reference\"><a href=\"#cite_note-:1-1\">(1)<\/a><\/sup> ou passive (r\u00e9ception du poids au moment o\u00f9 le talon touche le sol) et le pic de la force active (pouss\u00e9e de soul\u00e8vement).<sup id=\"cite_ref-:2_7-1\" class=\"reference\"><a href=\"#cite_note-:2-7\">(7)<\/a><\/sup> <sup id=\"cite_ref-:3_9-0\" class=\"reference\"><a href=\"#cite_note-:3-9\">(9)<\/a><\/sup> Le pic passif est d\u00fb au pied qui pousse contre le sol, tandis que le pic actif est d\u00fb \u00e0 la force active appliqu\u00e9e par le pied qui pousse contre le sol pour s&rsquo;en \u00e9loigner. La <b>force de r\u00e9action au sol ant\u00e9ropost\u00e9rieure<\/b> comprend le pic de freinage et le pic de propulsion. <sup id=\"cite_ref-:2_7-2\" class=\"reference\"><a href=\"#cite_note-:2-7\">(7)<\/a><\/sup> Les caract\u00e9ristiques uniques de ces pics illustrent les forces de charge au niveau des articulations et des muscles des membres inf\u00e9rieurs. Ces forces ressenties dans tout le membre peuvent avoir un impact sur le d\u00e9veloppement ou l&rsquo;exacerbation des l\u00e9sions musculosquelettiques de <a title=\"Overuse Injuries in Sport\" href=\"\/Overuse_Injuries_in_Sport\">surmenage <\/a> ou de <a title=\"Stress Fractures\" href=\"\/Stress_Fractures\">stress<\/a>. <sup id=\"cite_ref-:3_9-1\" class=\"reference\"><a href=\"#cite_note-:3-9\">(9)<\/a><\/sup><sup id=\"cite_ref-:4_10-0\" class=\"reference\"><a href=\"#cite_note-:4-10\">(10)<\/a><\/sup><\/p>\n<p>Lors de l&rsquo;interpr\u00e9tation d&rsquo;une courbe de force de r\u00e9action au sol, plus la courbe est abrupte, plus les forces d&rsquo;impact sont importantes. La courbe de la courbe ant\u00e9ropost\u00e9rieure (les forces de freinage) sera n\u00e9gative. En g\u00e9n\u00e9ral, plus les forces sont importantes, plus le risque de l\u00e9sions dues au stress ou \u00e0 la surutilisation est \u00e9lev\u00e9. <sup id=\"cite_ref-:1_1-6\" class=\"reference\"><a href=\"#cite_note-:1-1\">(1) <\/a><\/sup><sup id=\"cite_ref-:4_10-1\" class=\"reference\"><a href=\"#cite_note-:4-10\">(10)<\/a><\/sup><\/p>\n<p>La vid\u00e9o suivante donne un aper\u00e7u rapide mais d\u00e9taill\u00e9 des forces de r\u00e9action au sol au cours du cycle de la marche chez l&rsquo;humain. Elle illustre parfaitement la mani\u00e8re dont les forces de r\u00e9action au sol se d\u00e9placent dans diff\u00e9rentes directions au fur et \u00e0 mesure que la personne se d\u00e9place dans l&rsquo;espace.<\/p>\n<div class=\"thumb embedvideo autoResize\" style=\"width: 508px;\">\n<div class=\"embedvideo autoResize\">\n<div class=\"embedvideowrap\" style=\"width: 500px;\"><iframe loading=\"lazy\" title=\"Play video\" src=\"\/\/www.youtube.com\/embed\/Y2RHvicAM2o?\" width=\"500\" height=\"281\" frameborder=\"0\" allowfullscreen=\"allowfullscreen\"><\/iframe><\/div>\n<\/div>\n<\/div>\n<p><sup id=\"cite_ref-11\" class=\"reference\"><a href=\"#cite_note-11\">(11)<\/a><\/sup><\/p>\n<h2><span id=\"Gait_Deviations(1)\"><\/span><span id=\"Gait_Deviations.5B1.5D\" class=\"mw-headline\">D\u00e9viances de la marche <sup id=\"cite_ref-:1_1-7\" class=\"reference\"><a href=\"#cite_note-:1-1\">(1)<\/a><\/sup><\/span><span class=\"mw-editsection\"><span class=\"mw-editsection-bracket\">(<\/span> <a class=\"mw-editsection-visualeditor\" title=\"Edit section: Gait Deviations(1)\" href=\"\/index.php?title=Gait_Deviations_Associated_with_Pelvis_and_Knee_Pain_Syndromes&amp;veaction=edit&amp;section=5\">edit<\/a> <span class=\"mw-editsection-divider\"> | <\/span> <a title=\"Edit section: Gait Deviations(1)\" href=\"\/index.php?title=Gait_Deviations_Associated_with_Pelvis_and_Knee_Pain_Syndromes&amp;action=edit&amp;section=5\">edit source<\/a> <span class=\"mw-editsection-bracket\">)<\/span><\/span><\/h2>\n<table class=\"wikitable\">\n<tbody>\n<tr>\n<th>D\u00e9viance de la d\u00e9marche<\/th>\n<th>Patron de mouvement attendu<\/th>\n<th>Patron de mouvement d\u00e9vi\u00e9<\/th>\n<th>Signes secondaires associ\u00e9s aux mouvements d\u00e9vi\u00e9s<\/th>\n<\/tr>\n<tr>\n<td><b>Augmentation de l&rsquo;oscillation verticale du <a title=\"Centre of Gravity\" href=\"\/Centre_of_Gravity\">centre de gravit\u00e9<\/a><\/b><\/p>\n<ul>\n<li>\u00ab\u00a0Trop grand mouvement de haut en bas\u00a0\u00bb<\/li>\n<\/ul>\n<\/td>\n<td>Choisir un endroit tel que le sommet de la t\u00eate, le sacrum ou la ligne de ceinture. Comparer le point le plus \u00e9lev\u00e9 pendant la phase d&rsquo;oscillation au point le plus bas pendant la phase d&rsquo;appui<\/p>\n<ul>\n<li>Lors de la course \u00e0 pied : 6-8 cm (ou 2-3 pouces) est normal. <sup id=\"cite_ref-12\" class=\"reference\"><a href=\"#cite_note-12\">(12)<\/a><\/sup><\/li>\n<li>Lors de la marche : 9,5 cm (ou 3,5 pouces) est normal. <sup id=\"cite_ref-13\" class=\"reference\"><a href=\"#cite_note-13\">(13)<\/a><\/sup><\/li>\n<\/ul>\n<\/td>\n<td>\n<ul>\n<li>D\u00e9marche sautillante ou bondissante<\/li>\n<li>Est consid\u00e9r\u00e9 comme d\u00e9vi\u00e9 si la diminution de l&rsquo;amplitude de l&rsquo;oscillation verticale du centre de gravit\u00e9 r\u00e9duit ou \u00e9limine les sympt\u00f4mes de la douleur<\/li>\n<\/ul>\n<\/td>\n<td>\n<ul>\n<li>Augmentation du temps sans toucher au sol lors de la course<\/li>\n<li>Attaque du pied bruyante<\/li>\n<li>Vibrations suppl\u00e9mentaires du tapis roulant pendant la course<\/li>\n<li>Soul\u00e8vement du talon pr\u00e9coce<\/li>\n<\/ul>\n<\/td>\n<\/tr>\n<tr>\n<td><b>Diminution de l&rsquo;oscillation verticale du centre de gravit\u00e9<\/b><\/td>\n<td>Idem que ci-dessus<\/td>\n<td>\n<ul>\n<li>D\u00e9marche tra\u00eenante<\/li>\n<\/ul>\n<\/td>\n<td>\n<ul>\n<li>Augmentation de la dur\u00e9e de la phase de double appui<\/li>\n<li>Vitesse de marche lente : inf\u00e9rieure \u00e0 un m\u00e8tre\/seconde<\/li>\n<li>Augmentation de la cadence : plus de 120 pas\/minute<\/li>\n<li>Soul\u00e8vement du talon retard\u00e9 ou tardif<\/li>\n<li><a title=\"Falls\" href=\"\/Falls\">Risque de chute<\/a><\/li>\n<\/ul>\n<\/td>\n<\/tr>\n<tr>\n<td><b>Abaissement du bassin controlat\u00e9ral<\/b><\/td>\n<td>Pendant la phase d&rsquo;appui, une ligne trac\u00e9e entre les \u00e9pines iliaques post\u00e9rosup\u00e9rieures (\u00c9IPS) ne doit pas s&rsquo;abaisser de plus de quatre degr\u00e9s<\/td>\n<td>Pendant la phase d&rsquo;appui, la ligne entre les \u00c9IPS s&rsquo;abaisse de plus de quatre degr\u00e9s<\/p>\n<ul>\n<li>Peut \u00eatre li\u00e9 \u00e0 une jambe anatomiquement longue pendant la phase d&rsquo;appui<\/li>\n<\/ul>\n<\/td>\n<td>\n<ul>\n<li>D\u00e9placement lat\u00e9ral du bassin<\/li>\n<li>Absence de \u00ab\u00a0jour\u00a0\u00bb entre les cuisses et les genoux<\/li>\n<li>L&rsquo;attaque du pied se fait sur la ligne m\u00e9diane du corps<\/li>\n<li>Pli cutan\u00e9 poplit\u00e9 oblique<\/li>\n<li>Rotation m\u00e9diale excessive du f\u00e9mur<\/li>\n<li>Pronation excessive<\/li>\n<\/ul>\n<\/td>\n<\/tr>\n<tr>\n<td><b>\u00c9l\u00e9vation du bassin controlat\u00e9ral<\/b><\/p>\n<p>Aussi appel\u00e9e \u00ab hip hiking \u00bb ou \u00ab pelvic hiking \u00bb<\/td>\n<td>Pendant la phase d&rsquo;appui, une ligne trac\u00e9e entre les \u00e9pines iliaques post\u00e9rosup\u00e9rieures (EIPS) ne doit pas monter de plus de quatre degr\u00e9s<\/td>\n<td>Pendant la phase d&rsquo;appui, la ligne entre les \u00c9SIS monte de plus de quatre degr\u00e9s<\/p>\n<ul>\n<li>Fr\u00e9quemment observ\u00e9e chez les patients souffrant de troubles neurologiques<\/li>\n<\/ul>\n<\/td>\n<td>\n<ul>\n<li>Inclinaison ipsilat\u00e9rale du tronc<\/li>\n<li>Cicumduction du membre inf\u00e9rieur controlat\u00e9ral pendant la phase d&rsquo;oscillation<\/li>\n<\/ul>\n<\/td>\n<\/tr>\n<tr>\n<td><b>Absence d&rsquo;espace entre les genoux<\/b><\/p>\n<ul>\n<li>\u00ab\u00a0absence de jour\u00a0\u00bb entre les cuisses ou les genoux<\/li>\n<\/ul>\n<\/td>\n<td>Sauf en cas d&rsquo;ob\u00e9sit\u00e9 extr\u00eame, il devrait y avoir un espace ou un \u00ab\u00a0jour\u00a0\u00bb entre les genoux et les cuisses lorsque l&rsquo;on marche et que l&rsquo;on est vu de face ou de dos<\/td>\n<td>En marchant et vu de face ou de dos, on constate une absence d&rsquo;espace ou de \u00ab\u00a0jour\u00a0\u00bb entre les genoux ou les cuisses<\/p>\n<ul>\n<li>Jambe anatomiquement courte<\/li>\n<\/ul>\n<\/td>\n<td>\n<ul>\n<li>Abaissement du bassin lat\u00e9ral<\/li>\n<li>D\u00e9placement lat\u00e9ral du bassin<\/li>\n<li>Rotation f\u00e9morale m\u00e9diale excessive<\/li>\n<li>Pli cutan\u00e9 poplit\u00e9 oblique<\/li>\n<li>Genu valgus<\/li>\n<li>Pronation excessive<\/li>\n<\/ul>\n<\/td>\n<\/tr>\n<tr>\n<td><b>Pied traversant la ligne m\u00e9diane<\/b><\/td>\n<td>Lorsque l&rsquo;on marche et que l&rsquo;on est vu de face ou de dos, l&rsquo;attaque du pied oppos\u00e9 doit \u00eatre visible et ne pas d\u00e9passer une ligne verticale qui va du nombril au sol<\/p>\n<ul>\n<li>Lors de la marche, les pieds devraient rester du c\u00f4t\u00e9 ipsilat\u00e9ral de la ligne<\/li>\n<li>Lors de la course, les pieds devraient \u00eatre sur la ligne<\/li>\n<\/ul>\n<\/td>\n<td>En marchant et vu de dos, l&rsquo;attaque du pied oppos\u00e9 n&rsquo;est pas visible car le pied traverse la ligne verticale<\/p>\n<ul>\n<li>Peut \u00eatre une compensation pour une jambe anatomiquement courte<\/li>\n<\/ul>\n<\/td>\n<td>\n<ul>\n<li>Asym\u00e9trie du balancement des bras<\/li>\n<li>Asym\u00e9trie des rotations du tronc<\/li>\n<\/ul>\n<\/td>\n<\/tr>\n<tr>\n<td><b>Pli cutan\u00e9 poplit\u00e9 oblique<\/b><\/p>\n<ul>\n<li>Rotation f\u00e9morale m\u00e9diale excessive<\/li>\n<\/ul>\n<\/td>\n<td>Vu de derri\u00e8re pendant la phase d&rsquo;appui, le pli cutan\u00e9 \u00e0 l&rsquo;arri\u00e8re du genou devrait \u00eatre horizontal<\/td>\n<td>Vu de derri\u00e8re, le pli cutan\u00e9 est oblique de sup\u00e9rieur-lat\u00e9ral \u00e0 inf\u00e9rieur-m\u00e9dial (ce qui indique un mouvement de rotation m\u00e9diale excessive du f\u00e9mur)<\/p>\n<ul>\n<li>Possiblement en raison d&rsquo;une jambe anatomiquement longue<\/li>\n<\/ul>\n<\/td>\n<td>\n<ul>\n<li>Abaissement du bassin<\/li>\n<li>D\u00e9placement lat\u00e9ral du bassin<\/li>\n<li>Absence de \u00ab\u00a0jour\u00a0\u00bb entre les genoux<\/li>\n<li>Genu valgus<\/li>\n<li>D\u00e9marche avec les orteils tourn\u00e9s vers l&rsquo;int\u00e9rieur<\/li>\n<li>\u00ab\u00a0Fouet du talon\u00a0\u00bb (\u00ab\u00a0heel whip\u00a0\u00bb)<\/li>\n<li>Pronation excessive<\/li>\n<\/ul>\n<\/td>\n<\/tr>\n<tr>\n<td><b>\u00ab Varus-thrust \u00bb (pouss\u00e9e en varus)<\/b><\/td>\n<td>Pendant la phase d&rsquo;appui, vu de face ou de dos, il ne devrait pas y avoir de d\u00e9placement lat\u00e9ral\/m\u00e9dial ou de translation du genou, ou que tr\u00e8s peu<\/td>\n<td>Pendant la phase d&rsquo;appui, vu de face ou de dos, on observe un d\u00e9placement lat\u00e9ral du genou avec une vitesse \u00e9lev\u00e9e et une faible amplitude et un retour rapide \u00e0 l&rsquo;alignement neutre<\/td>\n<td>\n<ul>\n<li>Inclinaison lat\u00e9rale excessive du tronc<\/li>\n<li>Dur\u00e9e in\u00e9gales des phases d&rsquo;appui<\/li>\n<li>Asym\u00e9trie du balancement des bras<\/li>\n<\/ul>\n<\/td>\n<\/tr>\n<\/tbody>\n<\/table>\n<h2><span id=\"Pain_Syndromes_Associated_with_Gait_Deviations(1)\"><\/span><span id=\"Pain_Syndromes_Associated_with_Gait_Deviations.5B1.5D\" class=\"mw-headline\">Syndromes douloureux associ\u00e9s \u00e0 aux d\u00e9viances de la marche <sup id=\"cite_ref-:1_1-8\" class=\"reference\"><a href=\"#cite_note-:1-1\">(1)<\/a><\/sup><\/span><span class=\"mw-editsection\"><span class=\"mw-editsection-bracket\">(<\/span> <a class=\"mw-editsection-visualeditor\" title=\"Edit section: Pain Syndromes Associated with Gait Deviations(1)\" href=\"\/index.php?title=Gait_Deviations_Associated_with_Pelvis_and_Knee_Pain_Syndromes&amp;veaction=edit&amp;section=6\">edit<\/a> <span class=\"mw-editsection-divider\"> | <\/span> <a title=\"Edit section: Pain Syndromes Associated with Gait Deviations(1)\" href=\"\/index.php?title=Gait_Deviations_Associated_with_Pelvis_and_Knee_Pain_Syndromes&amp;action=edit&amp;section=6\">edit source<\/a> <span class=\"mw-editsection-bracket\">)<\/span><\/span><\/h2>\n<table class=\"wikitable\">\n<caption> <\/caption>\n<tbody>\n<tr>\n<th>D\u00e9viance de la d\u00e9marche<\/th>\n<th>Douleur<\/p>\n<p>et syndromes douloureux associ\u00e9s<\/th>\n<\/tr>\n<tr>\n<td><b>Augmentation de l&rsquo;oscillation verticale du centre de gravit\u00e9<\/b><\/p>\n<ul>\n<li>\u00ab\u00a0Trop grand mouvement de haut en bas\u00a0\u00bb<\/li>\n<\/ul>\n<\/td>\n<td>\n<ul>\n<li>Douleur au dos<\/li>\n<li>Douleur au genou<\/li>\n<li><a title=\"Medial Tibial Stress Syndrome\" href=\"\/Medial_Tibial_Stress_Syndrome\">Syndrome de stress tibial m\u00e9dial<\/a><\/li>\n<li>Douleur au tendon d&rsquo;Achille chez les coureurs<\/li>\n<li><a title=\"Plantar Heel Pain\" href=\"\/Plantar_Heel_Pain\">Syndrome de douleur du talon plantaire<\/a><\/li>\n<\/ul>\n<\/td>\n<\/tr>\n<tr>\n<td><b>Diminution de l&rsquo;oscillation verticale du centre de gravit\u00e9<\/b><\/td>\n<td>\n<ul>\n<li>Risque de chute<\/li>\n<li>Douleur au dos<\/li>\n<\/ul>\n<\/td>\n<\/tr>\n<tr>\n<td><b>Abaissement du bassin controlat\u00e9ral<\/b><\/td>\n<td>\n<ul>\n<li>Douleur au dos<\/li>\n<li>L\u00e9sions du labrum de la hanche<\/li>\n<li>Tendinopathie glut\u00e9ale<\/li>\n<li>Syndrome du muscle piriforme<\/li>\n<li>Douleur en ant\u00e9rieur et\/ou lat\u00e9ral du genou<\/li>\n<li>Arthralgie f\u00e9moropatellaire<\/li>\n<li><a title=\"Iliotibial Band Syndrome\" href=\"\/Iliotibial_Band_Syndrome\">Syndrome de la bandelette iliotibiale<\/a><\/li>\n<li>Syndrome de stress tibial m\u00e9dial<\/li>\n<li>Douleur \u00e0 la cheville<\/li>\n<li>Douleur au tendon d&rsquo;Achille<\/li>\n<li>Douleur en plantaire du talon<\/li>\n<\/ul>\n<\/td>\n<\/tr>\n<tr>\n<td><b>\u00c9l\u00e9vation du bassin controlat\u00e9ral<\/b><\/td>\n<td>\n<ul>\n<li>Douleur au dos<\/li>\n<li>Douleur \u00e0 la hanche<\/li>\n<li>Douleur au genou<\/li>\n<li><a title=\"Leg Length Discrepancy\" href=\"\/Leg_Length_Discrepancy\">In\u00e9galit\u00e9 de longueur des membres inf\u00e9rieurs<\/a><\/li>\n<\/ul>\n<\/td>\n<\/tr>\n<tr>\n<td><b>Absence d&rsquo;espace entre les genoux<\/b><\/p>\n<ul>\n<li>\u00ab\u00a0Absence de jour\u00a0\u00bb entre les cuisses ou les genoux<\/li>\n<\/ul>\n<\/td>\n<td>\n<ul>\n<li>Tendinopathie glut\u00e9ale<\/li>\n<li>Douleur en lat\u00e9ral du genou<\/li>\n<li>Syndrome de la bandelette iliotibiale<\/li>\n<li><a title=\"Osteoarthritis\" href=\"\/Osteoarthritis\">Gonarthrose <\/a><\/li>\n<li>Syndrome de stress tibial m\u00e9dial<\/li>\n<li>Douleur du tendon tibial post\u00e9rieur<\/li>\n<li>Douleur au tendon d&rsquo;Achille<\/li>\n<li>Syndrome de douleur du talon plantaire<\/li>\n<\/ul>\n<\/td>\n<\/tr>\n<tr>\n<td><b>Pied traversant la ligne m\u00e9diane<\/b><\/td>\n<td>\n<ul>\n<li>Tendinopathie glut\u00e9ale<\/li>\n<li>Coxarthrose<\/li>\n<li>Douleur en ant\u00e9rieur et\/ou lat\u00e9ral du genou<\/li>\n<li>Arthralgie f\u00e9moropatellaire<\/li>\n<li>Syndrome de stress tibial m\u00e9dial<\/li>\n<li>Douleur au tendon d&rsquo;Achille<\/li>\n<li>Syndrome de douleur du talon plantaire<\/li>\n<\/ul>\n<\/td>\n<\/tr>\n<tr>\n<td><b>Pli cutan\u00e9 poplit\u00e9 oblique<\/b><\/p>\n<ul>\n<li>Rotation m\u00e9diale excessive du f\u00e9mur<\/li>\n<\/ul>\n<\/td>\n<td>\n<ul>\n<li>Tendinopathie glut\u00e9ale<\/li>\n<li><a title=\"Piriformis Syndrome\" href=\"\/Piriformis_Syndrome\">Syndrome du muscle piriforme<\/a><\/li>\n<li>Bursite trochant\u00e9rienne<\/li>\n<li>Douleur en ant\u00e9rieur et lat\u00e9ral du genou<\/li>\n<li>Arthralgie f\u00e9moropatellaire<\/li>\n<li>Douleur au tendon d&rsquo;Achille<\/li>\n<li>M\u00e9tatarsalgie<\/li>\n<\/ul>\n<\/td>\n<\/tr>\n<tr>\n<td><b>\u00ab Varus-thrust \u00bb (pouss\u00e9e en varus)<\/b><\/td>\n<td>\n<ul>\n<li>Gonarthrose<\/li>\n<li>Instabilit\u00e9 ligamentaire<\/li>\n<li>Douleur lat\u00e9rale du genou<\/li>\n<li>Syndrome de la bandelette iliotibiale<\/li>\n<\/ul>\n<\/td>\n<\/tr>\n<\/tbody>\n<\/table>\n<h2><span id=\"Resources\" class=\"mw-headline\">Ressources<\/span><span class=\"mw-editsection\"><span class=\"mw-editsection-bracket\">(<\/span><a class=\"mw-editsection-visualeditor\" title=\"Edit section: Resources\" href=\"\/index.php?title=Gait_Deviations_Associated_with_Pelvis_and_Knee_Pain_Syndromes&amp;veaction=edit&amp;section=7\">edit<\/a><span class=\"mw-editsection-divider\"> | <\/span><a title=\"Edit section: Resources\" href=\"\/index.php?title=Gait_Deviations_Associated_with_Pelvis_and_Knee_Pain_Syndromes&amp;action=edit&amp;section=7\">edit source<\/a><span class=\"mw-editsection-bracket\">)<\/span><\/span><\/h2>\n<p><b>Vid\u00e9os recommand\u00e9es sur les d\u00e9viances de la marche :<\/b><\/p>\n<ul>\n<li><b>Gait Deviations: Hip, Pelvis, Trunk (d\u00e9viances de la marche : hanche, bassin et tronc, en anglais original)<\/b><\/li>\n<\/ul>\n<div class=\"thumb embedvideo autoResize\" style=\"width: 508px;\">\n<div class=\"embedvideo autoResize\">\n<div class=\"embedvideowrap\" style=\"width: 500px;\"><iframe loading=\"lazy\" title=\"Play video\" src=\"\/\/www.youtube.com\/embed\/N_zt5fC6SOE?\" width=\"500\" height=\"281\" frameborder=\"0\" allowfullscreen=\"allowfullscreen\"><\/iframe><\/div>\n<\/div>\n<\/div>\n<p><sup id=\"cite_ref-14\" class=\"reference\"><a href=\"#cite_note-14\">(14)<\/a><\/sup><\/p>\n<ul>\n<li><b>Gait Deviations: Knee Joint (d\u00e9viances de la marche : genou, en anglais original)<\/b><\/li>\n<\/ul>\n<div class=\"row\">\n<div class=\"col-md-6\">\n<div class=\"thumb embedvideo autoResize\" style=\"width: 508px;\">\n<div class=\"embedvideo autoResize\">\n<div class=\"embedvideowrap\" style=\"width: 500px;\"><iframe loading=\"lazy\" title=\"Play video\" src=\"\/\/www.youtube.com\/embed\/Jz8ko_uVWII?\" width=\"500\" height=\"281\" frameborder=\"0\" allowfullscreen=\"allowfullscreen\"><\/iframe><\/div>\n<\/div>\n<\/div>\n<p><sup id=\"cite_ref-15\" class=\"reference\"><a href=\"#cite_note-15\">(15)<\/a><\/sup><\/p>\n<\/div>\n<div class=\"col-md-6\">\n<div class=\"thumb embedvideo autoResize\" style=\"width: 508px;\">\n<div class=\"embedvideo autoResize\">\n<div class=\"embedvideowrap\" style=\"width: 500px;\"><iframe loading=\"lazy\" title=\"Play video\" src=\"\/\/www.youtube.com\/embed\/T4SdJxzPdUo?\" width=\"500\" height=\"281\" frameborder=\"0\" allowfullscreen=\"allowfullscreen\"><\/iframe><\/div>\n<\/div>\n<\/div>\n<p><sup id=\"cite_ref-16\" class=\"reference\"><a href=\"#cite_note-16\">(16)<\/a><\/sup><\/p>\n<\/div>\n<\/div>\n<p><b>Articles de revues recommand\u00e9s :<\/b><\/p>\n<ul>\n<li>Fritz S, Lusardi M. <a class=\"external text\" href=\"https:\/\/digitalcommons.sacredheart.edu\/cgi\/viewcontent.cgi?article=1134&amp;=&amp;context=pthms_fac&amp;=&amp;sei-redir=1&amp;referer=https%253A%252F%252Fscholar.google.com%252Fscholar%253Fhl%253Den%2526as_sdt%253D0%25252C44%2526q%253DWalking%252Bspeed%25253A%252BThe%252BSixth%252BVital%252BSign%25252C%252BStacy%252BFritz%25252C%252B2009%2526btnG%253D#search=%22Walking%20speed%3A%20Sixth%20Vital%20Sign%2C%20Stacy%20Fritz%2C%202009%22\" rel=\"nofollow\">White paper:\u201cwalking speed: the sixth vital sign\u201d<\/a>. Journal of geriatric physical therapy. 2009 Jan 1;32(2):2-5. (article qui discute de la vitesse de marche comme \u00e9tant le sixi\u00e8me signe vital, en anglais original)<\/li>\n<li>Tesio, L., &amp; Rota, V. (2019). <a class=\"external text\" href=\"https:\/\/www.frontiersin.org\/articles\/10.3389\/fneur.2019.00999\/full\" rel=\"nofollow\">The Motion of Body Center of Mass During Walking: A Review Oriented to Clinical Applications.<\/a> Front Neurol, 10, 999. (une revue orient\u00e9e vers les applications cliniques concernant le mouvement du centre de gravit\u00e9 du corps pendant la marche, en anglais original)<\/li>\n<\/ul>\n<p><b>Ressources cliniques :<\/b><\/p>\n<ul>\n<li>Directions for the <a class=\"external text\" href=\"https:\/\/neuropt.org\/docs\/default-source\/cpgs\/core-outcome-measures\/core-outcome-measures-documents-july-2018\/10mwt_protocol_final.pdf?sfvrsn=29cd5443_4\" rel=\"nofollow\">10-metre Walk Test<\/a> (document PDF donnant des Instructions pour le test de marche de 10 m\u00e8tres, en anglais original)<\/li>\n<\/ul>\n<h2><span id=\"References\" class=\"mw-headline\">R\u00e9f\u00e9rences<\/span><span class=\"mw-editsection\"><span class=\"mw-editsection-bracket\">(<\/span><a class=\"mw-editsection-visualeditor\" title=\"Edit section: References\" href=\"\/index.php?title=Gait_Deviations_Associated_with_Pelvis_and_Knee_Pain_Syndromes&amp;veaction=edit&amp;section=8\">edit<\/a><span class=\"mw-editsection-divider\"> | <\/span><a title=\"Edit section: References\" href=\"\/index.php?title=Gait_Deviations_Associated_with_Pelvis_and_Knee_Pain_Syndromes&amp;action=edit&amp;section=8\">edit source<\/a><span class=\"mw-editsection-bracket\">)<\/span><\/span><\/h2>\n<div class=\"mw-references-wrap mw-references-columns\">\n<ol class=\"references\">\n<li id=\"cite_note-:1-1\"><span class=\"mw-cite-backlink\">\u2191 <sup><a href=\"#cite_ref-:1_1-0\">1.0<\/a><\/sup> <sup><a href=\"#cite_ref-:1_1-1\">1.1<\/a><\/sup> <sup><a href=\"#cite_ref-:1_1-2\">1.2<\/a><\/sup> <sup><a href=\"#cite_ref-:1_1-3\">1.3<\/a><\/sup> <sup><a href=\"#cite_ref-:1_1-4\">1.4<\/a><\/sup> <sup><a href=\"#cite_ref-:1_1-5\">1.5<\/a><\/sup> <sup><a href=\"#cite_ref-:1_1-6\">1.6<\/a><\/sup> <sup><a href=\"#cite_ref-:1_1-7\">1.7<\/a><\/sup> <sup><a href=\"#cite_ref-:1_1-8\">1.8<\/a><\/sup><\/span> <span class=\"reference-text\">Howell, D, Gait Deviation Associated with Pain Syndromes in the Pelvis and Knee. Gait Analysis. Plus. \u00bb 2022<\/span><\/li>\n<li id=\"cite_note-2\"><span class=\"mw-cite-backlink\"><a href=\"#cite_ref-2\">\u2191<\/a><\/span> <span class=\"reference-text\">Vazquez-Galliano J, Kimawi I, Chang L. <a class=\"external text\" href=\"https:\/\/now.aapmr.org\/biomechanic-of-gait-and-treatment-of-abnormal-gait-patterns\/\" rel=\"nofollow\">Biomechanic of Gait and Treatment of Abnormal Gait Patterns<\/a>. (2020)<\/span><\/li>\n<li id=\"cite_note-3\"><span class=\"mw-cite-backlink\"><a href=\"#cite_ref-3\">\u2191<\/a><\/span> <span class=\"reference-text\">Ataullah AHM, De Jesus O. Gait Disturbances. (Updated 2021 Feb 7). In: StatPearls (Internet). Treasure Island (FL): StatPearls Publishing; 2021 Jan Available:<a class=\"external free\" href=\"https:\/\/www.ncbi.nlm.nih.gov\/books\/NBK560610\/\" rel=\"nofollow\">https:\/\/www.ncbi.nlm.nih.gov\/books\/NBK560610\/<\/a>(accessed 30\/05\/2022)<\/span><\/li>\n<li id=\"cite_note-:0-4\"><span class=\"mw-cite-backlink\">\u2191 <sup><a href=\"#cite_ref-:0_4-0\">4.0<\/a><\/sup> <sup><a href=\"#cite_ref-:0_4-1\">4.1<\/a><\/sup> <sup><a href=\"#cite_ref-:0_4-2\">4.2<\/a><\/sup> <sup><a href=\"#cite_ref-:0_4-3\">4.3<\/a><\/sup> <sup><a href=\"#cite_ref-:0_4-4\">4.4<\/a><\/sup><\/span> <span class=\"reference-text\">Fritz S, Lusardi M. White paper:\u201c<a class=\"external text\" href=\"https:\/\/digitalcommons.sacredheart.edu\/cgi\/viewcontent.cgi?article=1134&amp;=&amp;context=pthms_fac&amp;=&amp;sei-redir=1&amp;referer=https%253A%252F%252Fscholar.google.com%252Fscholar%253Fhl%253Den%2526as_sdt%253D0%25252C44%2526q%253DWalking%252Bspeed%25253A%252BThe%252BSixth%252BVital%252BSign%25252C%252BStacy%252BFritz%25252C%252B2009%2526btnG%253D#search=%22Walking%20speed%3A%20Sixth%20Vital%20Sign%2C%20Stacy%20Fritz%2C%202009%22\" rel=\"nofollow\">walking speed: the sixth vital sign<\/a>\u201d. Journal of geriatric physical therapy. 2009 Jan 1;32(2):2-5. (article qui discute de la vitesse de marche comme \u00e9tant le sixi\u00e8me signe vital, en anglais original)<\/span><\/li>\n<li id=\"cite_note-:5-5\"><span class=\"mw-cite-backlink\">\u2191 <sup><a href=\"#cite_ref-:5_5-0\">5.0<\/a><\/sup> <sup><a href=\"#cite_ref-:5_5-1\">5.1<\/a><\/sup><\/span> <span class=\"reference-text\">Pirker W, Katzenschlager R. <a class=\"external text\" href=\"https:\/\/link.springer.com\/article\/10.1007\/s00508-016-1096-4\" rel=\"nofollow\">Gait disorders in adults and the elderly<\/a>. Wiener Klinische Wochenschrift. 2017 Feb;129(3):81-95.<\/span><\/li>\n<li id=\"cite_note-6\"><span class=\"mw-cite-backlink\"><a href=\"#cite_ref-6\">\u2191<\/a><\/span> <span class=\"reference-text\">YouTube. Why does your WALKING SPEED matter? (Walk Talk &#8211; Episode 1) | Mission Gait. Available from: <a class=\"external free\" href=\"https:\/\/www.youtube.com\/watch?v=aFsjfZH6VTk\" rel=\"nofollow\">https:\/\/www.youtube.com\/watch?v=aFsjfZH6VTk<\/a> (last accessed 30\/05\/2022)<\/span><\/li>\n<li id=\"cite_note-:2-7\"><span class=\"mw-cite-backlink\">\u2191 <sup><a href=\"#cite_ref-:2_7-0\">7.0<\/a><\/sup> <sup><a href=\"#cite_ref-:2_7-1\">7.1<\/a><\/sup> <sup><a href=\"#cite_ref-:2_7-2\">7.2<\/a><\/sup><\/span> <span class=\"reference-text\">Yu L, Mei Q, Xiang L, et al. <a class=\"external text\" href=\"https:\/\/www.frontiersin.org\/articles\/10.3389\/fbioe.2021.629809\/full#refer1\" rel=\"nofollow\">Principal Component Analysis of the Running Ground Reaction Forces With Different Speeds<\/a>. Front. Bioeng. Biotechnol.. 2021; 9:629809.<\/span><\/li>\n<li id=\"cite_note-8\"><span class=\"mw-cite-backlink\"><a href=\"#cite_ref-8\">\u2191<\/a><\/span> <span class=\"reference-text\">Tesio, L., &amp; Rota, V. (2019). <a class=\"external text\" href=\"https:\/\/www.frontiersin.org\/articles\/10.3389\/fneur.2019.00999\/full\" rel=\"nofollow\">The Motion of Body Center of Mass During Walking: A Review Oriented to Clinical Applications.<\/a> Front Neurol, 10, 999.<\/span> <\/li>\n<li id=\"cite_note-:3-9\"><span class=\"mw-cite-backlink\">\u2191 <sup><a href=\"#cite_ref-:3_9-0\">9.0<\/a><\/sup> <sup><a href=\"#cite_ref-:3_9-1\">9.1<\/a><\/sup><\/span> <span class=\"reference-text\">Jiang X, Napier C, Hannigan B, Eng JJ, Menon C. <a class=\"external text\" href=\"https:\/\/www.ncbi.nlm.nih.gov\/pmc\/articles\/PMC7436236\/\" rel=\"nofollow\">Estimating vertical ground reaction force during walking using a single inertial sensor<\/a>. Sensors. 2020 Jan;20(15):4345.<\/span><\/li>\n<li id=\"cite_note-:4-10\"><span class=\"mw-cite-backlink\">\u2191 <sup><a href=\"#cite_ref-:4_10-0\">10.0<\/a><\/sup> <sup><a href=\"#cite_ref-:4_10-1\">10.1<\/a><\/sup><\/span> <span class=\"reference-text\">Lewis CL, Halverstadt AL, Graber KA, Perkins Z, Keiser E, Belcher H, Khuu A, Loverro KL. <a class=\"external text\" href=\"https:\/\/www.ncbi.nlm.nih.gov\/pmc\/articles\/pmc8421535\/\" rel=\"nofollow\">Individuals With Pre-arthritic Hip Pain Walk With Hip Motion Alterations Common in Individuals With Hip OA<\/a>. Frontiers in Sports and Active Living. 2021;3.<\/span><\/li>\n<li id=\"cite_note-11\"><span class=\"mw-cite-backlink\"><a href=\"#cite_ref-11\">\u2191<\/a><\/span> <span class=\"reference-text\">JYouTube. Ground Reaction Force During the Gait Cycle | Alexandra Kopelovich.<br \/>\nAvailable from: <a class=\"external free\" href=\"https:\/\/www.youtube.com\/watch?v=Y2RHvicAM2o\" rel=\"nofollow\">https:\/\/www.youtube.com\/watch?v=Y2RHvicAM2o<\/a> (last accessed 29\/05\/2022)<\/span><\/li>\n<li id=\"cite_note-12\"><span class=\"mw-cite-backlink\"><a href=\"#cite_ref-12\">\u2191<\/a><\/span> <span class=\"reference-text\">Souza RB. <a class=\"external text\" href=\"https:\/\/www.ncbi.nlm.nih.gov\/pmc\/articles\/PMC4714754\/\" rel=\"nofollow\">An evidence-based videotaped running biomechanics analysis<\/a>. Physical Medicine and Rehabilitation Clinics. 2016 Feb 1;27(1):217-36.<\/span><\/li>\n<li id=\"cite_note-13\"><span class=\"mw-cite-backlink\"><a href=\"#cite_ref-13\">\u2191<\/a><\/span> <span class=\"reference-text\">Bogey RA, Barnes LA, Perry J. Computer algorithms to characterize individual subject EMG profiles during gait. Archives of physical medicine and rehabilitation. 1992 Sep 1;73(9):835-41.<\/span><\/li>\n<li id=\"cite_note-14\"><span class=\"mw-cite-backlink\"><a href=\"#cite_ref-14\">\u2191<\/a><\/span> <span class=\"reference-text\">JYouTube. Gait Deviations: Hip, Pelvis, Trunk | Alexandra Kopelovich.<br \/>\nAvailable from: <a class=\"external free\" href=\"https:\/\/www.youtube.com\/watch?v=N_zt5fC6SOE\" rel=\"nofollow\">https:\/\/www.youtube.com\/watch?v=N_zt5fC6SOE<\/a> (last accessed 30\/05\/2022)<\/span><\/li>\n<li id=\"cite_note-15\"><span class=\"mw-cite-backlink\"><a href=\"#cite_ref-15\">\u2191<\/a><\/span> <span class=\"reference-text\">JYouTube. Gait Deviations: Compensatory Knee Joint Strategies | Alexandra Kopelovich.<br \/>\nAvailable from: <a class=\"external free\" href=\"https:\/\/www.youtube.com\/watch?v=Jz8ko_uVWII\" rel=\"nofollow\">https:\/\/www.youtube.com\/watch?v=Jz8ko_uVWII<\/a> (last accessed 30\/05\/2022)<\/span><\/li>\n<li id=\"cite_note-16\"><span class=\"mw-cite-backlink\"><a href=\"#cite_ref-16\">\u2191<\/a><\/span> <span class=\"reference-text\">JYouTube. Gait Deviations: Knee Joint Complex Secondary to Knee Joint Dysfunction | Alexandra Kopelovich.<br \/>\nAvailable from: <a class=\"external free\" href=\"https:\/\/www.youtube.com\/watch?v=T4SdJxzPdUo\" rel=\"nofollow\">https:\/\/www.youtube.com\/watch?v=T4SdJxzPdUo<\/a> (last accessed 30\/05\/2022)<\/span><\/li>\n<\/ol>\n<\/div>\n<p><!-- NewPP limit report Cached time: 20221214185114 Cache expiry: 0 Dynamic content: true Complications: () CPU time usage: 0.131 seconds Real time usage: 0.176 seconds Preprocessor visited node count: 345\/1000000 Post\u2010expand include size: 223\/2097152 bytes Template argument size: 0\/2097152 bytes Highest expansion depth: 3\/40 Expensive parser function count: 0\/100 Unstrip recursion depth: 0\/20 Unstrip post\u2010expand size: 12780\/5000000 bytes --><br \/>\n<!-- Transclusion expansion time report (%,ms,calls,template) 100.00% 30.723 1 Special:Contributors\/Gait_Deviations_Associated_with_Pelvis_and_Knee_Pain_Syndromes 100.00% 30.723 1 -total --><\/p>\n<\/div>\n","protected":false},"excerpt":{"rendered":"<p>\u00c9ditrice originale&#8211; Stacy Schiurring \u00e0 partir du cours de Damien Howell Principales collaboratrices &#8211; Stacy Schiurring , Kim Jackson , Lucinda Hampton et Jess Bell Contenu 1 Introduction 2 Syndromes douloureux et d\u00e9viances de la marche 3 La vitesse de marche, le sixi\u00e8me signe vital 4 Forces de r\u00e9action au sol 5 D\u00e9viances de la [&hellip;]<\/p>\n","protected":false},"author":1,"featured_media":0,"parent":0,"menu_order":0,"comment_status":"closed","ping_status":"closed","template":"","meta":{"_acf_changed":false,"footnotes":""},"class_list":["post-9946","page","type-page","status-publish","hentry"],"acf":[],"_links":{"self":[{"href":"https:\/\/langs.physio-pedia.com\/fr\/wp-json\/wp\/v2\/pages\/9946","targetHints":{"allow":["GET"]}}],"collection":[{"href":"https:\/\/langs.physio-pedia.com\/fr\/wp-json\/wp\/v2\/pages"}],"about":[{"href":"https:\/\/langs.physio-pedia.com\/fr\/wp-json\/wp\/v2\/types\/page"}],"author":[{"embeddable":true,"href":"https:\/\/langs.physio-pedia.com\/fr\/wp-json\/wp\/v2\/users\/1"}],"replies":[{"embeddable":true,"href":"https:\/\/langs.physio-pedia.com\/fr\/wp-json\/wp\/v2\/comments?post=9946"}],"version-history":[{"count":1,"href":"https:\/\/langs.physio-pedia.com\/fr\/wp-json\/wp\/v2\/pages\/9946\/revisions"}],"predecessor-version":[{"id":9951,"href":"https:\/\/langs.physio-pedia.com\/fr\/wp-json\/wp\/v2\/pages\/9946\/revisions\/9951"}],"wp:attachment":[{"href":"https:\/\/langs.physio-pedia.com\/fr\/wp-json\/wp\/v2\/media?parent=9946"}],"curies":[{"name":"wp","href":"https:\/\/api.w.org\/{rel}","templated":true}]}}