{"id":2913,"date":"2022-09-23T18:05:51","date_gmt":"2022-09-23T18:05:51","guid":{"rendered":"https:\/\/langs.physio-pedia.com\/overview-of-the-icf-and-clinical-practice-fr\/"},"modified":"2022-09-25T19:13:17","modified_gmt":"2022-09-25T19:13:17","slug":"overview-of-the-icf-and-clinical-practice-fr","status":"publish","type":"page","link":"https:\/\/langs.physio-pedia.com\/fr\/overview-of-the-icf-and-clinical-practice-fr\/","title":{"rendered":"Aper\u00e7u de la CIF dans la pratique clinique"},"content":{"rendered":"<div class=\"mw-parser-output\">\n<div class=\"editorbox\">\n<p><b>R\u00e9dacteur original &#8211; <\/b> <a title=\"User:Ewa Jaraczewska\" href=\"\/User:Ewa_Jaraczewska\">Ewa Jaraczewska<\/a> bas\u00e9 sur le cours de <a class=\"external text\" href=\"https:\/\/members.physio-pedia.com\/instructor\/patricia-saleeby\/\" rel=\"nofollow\">Patricia Saleeby<\/a><\/p>\n<p><b>Principaux contributeurs<\/b> &#8211; <a class=\"mw-userlink\" title=\"User:Ewa Jaraczewska\" href=\"\/User:Ewa_Jaraczewska\"><bdi>Ewa Jaraczewska<\/bdi><\/a> et <a class=\"mw-userlink\" title=\"User:Jess Bell\" href=\"\/User:Jess_Bell\"><bdi>Jess Bell<\/bdi><\/a><\/p>\n<\/div>\n<div id=\"toc\" class=\"toc\" role=\"navigation\" aria-labelledby=\"mw-toc-heading\"><input id=\"toctogglecheckbox\" class=\"toctogglecheckbox\" style=\"display: none;\" role=\"button\" type=\"checkbox\"><\/p>\n<div class=\"toctitle\" dir=\"ltr\" lang=\"en\">\n<h2 id=\"mw-toc-heading\">Contenu<\/h2>\n<\/div>\n<ul>\n<li class=\"toclevel-1 tocsection-1\"><a href=\"#Introduction\"><span class=\"tocnumber\">1<\/span> <span class=\"toctext\">Introduction<\/span><\/a>\n<ul>\n<li class=\"toclevel-2 tocsection-2\"><a href=\"#Relevant_Vocabulary\"><span class=\"tocnumber\">1.1<\/span> <span class=\"toctext\">Vocabulaire pertinent<\/span><\/a><\/li>\n<li class=\"toclevel-2 tocsection-3\"><a href=\"#Clinical_Professions\"><span class=\"tocnumber\">1.2<\/span> <span class=\"toctext\">Professions cliniques<\/span><\/a><\/li>\n<\/ul>\n<\/li>\n<li class=\"toclevel-1 tocsection-4\"><a href=\"#The_International_Classification_of_Functioning.2C_Disability_and_Health\"><span class=\"tocnumber\">2<\/span> <span class=\"toctext\">La classification internationale du fonctionnement, du handicap et de la sant\u00e9<\/span><\/a><\/li>\n<li class=\"toclevel-1 tocsection-5\"><a href=\"#ICF_Qualifiers\"><span class=\"tocnumber\">3<\/span> <span class=\"toctext\">Qualificatifs de la CIF<\/span><\/a><\/li>\n<li class=\"toclevel-1 tocsection-6\"><a href=\"#ICF_Checklist\"><span class=\"tocnumber\">4<\/span> <span class=\"toctext\">Liste de contr\u00f4le de la CIF<\/span><\/a>\n<ul>\n<li class=\"toclevel-2 tocsection-7\"><a href=\"#Sections_of_the_Checklist\"><span class=\"tocnumber\">4.1<\/span> <span class=\"toctext\">Sections de la liste de contr\u00f4le<\/span><\/a><\/li>\n<\/ul>\n<\/li>\n<li class=\"toclevel-1 tocsection-8\"><a href=\"#World_Health_Organization_Disability_Assessment_.28WHODAS.29\"><span class=\"tocnumber\">5<\/span> <span class=\"toctext\">World Health Organization Disability Assessment (WHODAS) &#8211; \u00c9valuation du handicap de l&rsquo;Organisation mondiale de la sant\u00e9<\/span><\/a>\n<ul>\n<li class=\"toclevel-2 tocsection-9\"><a href=\"#Methods_of_Assessment\"><span class=\"tocnumber\">5.1<\/span> <span class=\"toctext\">M\u00e9thodes d&rsquo;\u00e9valuation<\/span><\/a><\/li>\n<li class=\"toclevel-2 tocsection-10\"><a href=\"#Scoring_options\"><span class=\"tocnumber\">5.2<\/span> <span class=\"toctext\">Options de notation<\/span><\/a><\/li>\n<\/ul>\n<\/li>\n<li class=\"toclevel-1 tocsection-11\"><a href=\"#Social_Determinants_of_Health\"><span class=\"tocnumber\">6<\/span> <span class=\"toctext\">Les d\u00e9terminants sociaux de la sant\u00e9<\/span><\/a><\/li>\n<li class=\"toclevel-1 tocsection-12\"><a href=\"#Resources\"><span class=\"tocnumber\">7<\/span> <span class=\"toctext\">Ressources<\/span><\/a><\/li>\n<li class=\"toclevel-1 tocsection-13\"><a href=\"#References\"><span class=\"tocnumber\">8<\/span> <span class=\"toctext\">R\u00e9f\u00e9rences<\/span><\/a><\/li>\n<\/ul>\n<\/div>\n<h2><span id=\"Introduction\" class=\"mw-headline\">Introduction<\/span><span class=\"mw-editsection\"><span class=\"mw-editsection-bracket\">(<\/span><a class=\"mw-editsection-visualeditor\" title=\"Edit section: Introduction\" href=\"\/index.php?title=Overview_of_the_ICF_and_Clinical_Practice&amp;veaction=edit&amp;section=1\">edit<\/a><span class=\"mw-editsection-divider\"> | <\/span><a title=\"Edit section: Introduction\" href=\"\/index.php?title=Overview_of_the_ICF_and_Clinical_Practice&amp;action=edit&amp;section=1\">edit source<\/a><span class=\"mw-editsection-bracket\">)<\/span><\/span><\/h2>\n<p>La Classification internationale du fonctionnement, du handicap et de la sant\u00e9 (CIF) est un cadre permettant de d\u00e9crire le fonctionnement et le handicap d&rsquo;un individu en fonction de son \u00e9tat de sant\u00e9. Elle \u00ab\u00a0offre une conceptualisation du fonctionnement et du handicap qui peut sous-tendre l&rsquo;\u00e9valuation et la documentation en r\u00e9adaptation (&#8230;) L&rsquo;exp\u00e9rience de la CIF rappelle aux praticiens qu&rsquo;ils doivent tenir compte de tous les domaines de la participation, de l&rsquo;effet de l&rsquo;environnement sur la participation et de l&rsquo;importance d&rsquo;impliquer les clients\/patients dans l&rsquo;\u00e9valuation et la planification des services.\u00a0\u00bb<sup id=\"cite_ref-:0_1-0\" class=\"reference\"><a href=\"#cite_note-:0-1\">(1)<\/a><\/sup><\/p>\n<h3><span id=\"Relevant_Vocabulary\" class=\"mw-headline\">Vocabulaire pertinent <\/span><span class=\"mw-editsection\"><span class=\"mw-editsection-bracket\">(<\/span> <a class=\"mw-editsection-visualeditor\" title=\"Modifier la section : Vocabulaire pertinent\" href=\"\/index.php?title=Overview_of_the_ICF_and_Clinical_Practice&amp;veaction=edit&amp;section=2\">\u00e9diter<\/a> <span class=\"mw-editsection-divider\"> | <\/span> <a title=\"Modifier la section : Vocabulaire pertinent\" href=\"\/index.php?title=Overview_of_the_ICF_and_Clinical_Practice&amp;action=edit&amp;section=2\">modifier la source<\/a> <span class=\"mw-editsection-bracket\">)<\/span><\/span><\/h3>\n<p><b>Pratique clinique <\/b>: un type de pratique impliquant des activit\u00e9s avec des clients ou au nom de clients. <sup id=\"cite_ref-:1_2-0\" class=\"reference\"><a href=\"#cite_note-:1-2\">(2)<\/a><\/sup><\/p>\n<p><b>Activit\u00e9s de pratique clinique <\/b>: consultation du patient et investigation clinique r\u00e9alis\u00e9es par le biais d&rsquo;un examen des dossiers cliniques, de l&rsquo;observation, de l&rsquo;examen et de la communication avec le client ou une autre personne concern\u00e9e (par exemple, un parent ou un tuteur).<sup id=\"cite_ref-:1_2-1\" class=\"reference\"><a href=\"#cite_note-:1-2\">(2)<\/a><\/sup><\/p>\n<p><b>Professionnels cliniques <\/b>: un large \u00e9ventail de sp\u00e9cialistes de la r\u00e9adaptation dont le r\u00f4le est d&rsquo;\u00e9valuer et d&rsquo;am\u00e9liorer le fonctionnement par la pratique clinique.<sup id=\"cite_ref-:1_2-2\" class=\"reference\"><a href=\"#cite_note-:1-2\">(2)<\/a><\/sup><\/p>\n<p><b>CIF <\/b>: Outil qui permet de saisir \u00ab\u00a0l&rsquo;exp\u00e9rience v\u00e9cue\u00a0\u00bb d&rsquo;un individu.<sup id=\"cite_ref-:1_2-3\" class=\"reference\"><a href=\"#cite_note-:1-2\">(2)<\/a><\/sup><\/p>\n<p><b>Qualificatifs CIF <\/b>: Syst\u00e8me de cotation de la CIF qui aide \u00e0 la documentation de la gravit\u00e9 des probl\u00e8mes de fonctionnement. <sup id=\"cite_ref-:2_3-0\" class=\"reference\"><a href=\"#cite_note-:2-3\">(3)<\/a><\/sup><\/p>\n<p><b>Capacit\u00e9 <\/b>: Qualificatifs pour le domaine Activit\u00e9s et participation d\u00e9crivant la capacit\u00e9 d&rsquo;un individu \u00e0 accomplir une t\u00e2che ou une action dans un environnement standard. <sup id=\"cite_ref-:1_2-4\" class=\"reference\"><a href=\"#cite_note-:1-2\">(2)<\/a><\/sup><\/p>\n<p><b>Performance <\/b>: Qualificatifs pour le domaine Activit\u00e9s et participation d\u00e9crivant ce qu&rsquo;un individu fait dans son environnement actuel. <sup id=\"cite_ref-:1_2-5\" class=\"reference\"><a href=\"#cite_note-:1-2\">(2)<\/a><\/sup><\/p>\n<p><b>Liste de contr\u00f4le de la CIF <\/b>: L&rsquo;Organisation mondiale de la sant\u00e9 (OMS) a d\u00e9velopp\u00e9 cet instrument d&rsquo;\u00e9valuation connu sous le nom de formulaire du clinicien pour la CIF. <sup id=\"cite_ref-:1_2-6\" class=\"reference\"><a href=\"#cite_note-:1-2\">(2)<\/a><\/sup> La liste de contr\u00f4le est disponible <a class=\"external text\" href=\"https:\/\/www.who.int\/publications\/m\/item\/icf-checklist\" rel=\"nofollow\">ici<\/a>.<\/p>\n<p><b>Codes CIM <\/b>: Classification statistique internationale des maladies et des probl\u00e8mes de sant\u00e9 connexes, qui permet \u00ab\u00a0l&rsquo;enregistrement, l&rsquo;analyse, l&rsquo;interpr\u00e9tation et la comparaison syst\u00e9matiques des donn\u00e9es sur la mortalit\u00e9 et la morbidit\u00e9 recueillies dans diff\u00e9rents pays ou r\u00e9gions et \u00e0 diff\u00e9rents moments.\u00a0\u00bb <sup id=\"cite_ref-4\" class=\"reference\"><a href=\"#cite_note-4\">(4)<\/a><\/sup><\/p>\n<p><b>Facteurs personnels <\/b>: Composante des facteurs contextuels de la CIF qui comprend des informations de base sur la vie et le mode de vie d&rsquo;un individu. <sup id=\"cite_ref-5\" class=\"reference\"><a href=\"#cite_note-5\">(5)<\/a><\/sup> Les facteurs personnels ne sont pas class\u00e9s dans la CIF en raison de l&rsquo;importante variabilit\u00e9 sociale et culturelle qui leur est associ\u00e9e. <sup id=\"cite_ref-:1_2-7\" class=\"reference\"><a href=\"#cite_note-:1-2\">(2)<\/a><\/sup><\/p>\n<p><b>Facteurs environnementaux <\/b>: Composante des facteurs contextuels de la CIF qui implique l&rsquo;environnement physique, social et attitudinal dans lequel les gens vivent. <sup id=\"cite_ref-6\" class=\"reference\"><a href=\"#cite_note-6\">(6)<\/a><\/sup><\/p>\n<p><b>WHODAS <\/b>: \u00c9valuation du handicap de l&rsquo;Organisation mondiale de la sant\u00e9, qui est un instrument d&rsquo;\u00e9valuation g\u00e9n\u00e9rique de la sant\u00e9 et du handicap. <sup id=\"cite_ref-:1_2-8\" class=\"reference\"><a href=\"#cite_note-:1-2\">(2)<\/a><\/sup> Le WHODAS est disponible <a class=\"external text\" href=\"https:\/\/www.who.int\/standards\/classifications\/international-classification-of-functioning-disability-and-health\/who-disability-assessment-schedule\" rel=\"nofollow\">ici<\/a>.<\/p>\n<p><b>D\u00e9terminants sociaux de la sant\u00e9 <\/b>: \u00ab\u00a0facteurs non m\u00e9dicaux qui influencent les r\u00e9sultats en mati\u00e8re de sant\u00e9\u00a0\u00bb. <sup id=\"cite_ref-7\" class=\"reference\"><a href=\"#cite_note-7\">(7)<\/a><\/sup><\/p>\n<div class=\"thumb tright\">\n<div class=\"thumbinner\" style=\"width: 182px;\"><a class=\"image\" href=\"\/File:Nurse_and_man.jpg\"><img loading=\"lazy\" decoding=\"async\" class=\"thumbimage\" src=\"https:\/\/www.physio-pedia.com\/images\/0\/02\/Nurse_and_man.jpg\" alt=\"\" width=\"180\" height=\"269\"><\/a><\/p>\n<div class=\"thumbcaption\">\n<div class=\"magnify\"><\/div>\n<p>Professionnels de la sant\u00e9 &#8211; Infirmi\u00e8re<\/p>\n<\/div>\n<\/div>\n<\/div>\n<h3><span id=\"Clinical_Professions\" class=\"mw-headline\">Professions cliniques<\/span><span class=\"mw-editsection\"><br \/>\n  <span class=\"mw-editsection-bracket\">(<\/span><br \/>\n  <a class=\"mw-editsection-visualeditor\" title=\"Modifier la section : Professions cliniques\" href=\"\/index.php?title=Overview_of_the_ICF_and_Clinical_Practice&amp;veaction=edit&amp;section=3\">\u00e9diter<\/a><br \/>\n  <span class=\"mw-editsection-divider\"> | <\/span><br \/>\n  <a title=\"Modifier la section : Professions cliniques\" href=\"\/index.php?title=Overview_of_the_ICF_and_Clinical_Practice&amp;action=edit&amp;section=3\">source d&rsquo;\u00e9dition<\/a><br \/>\n  <span class=\"mw-editsection-bracket\">)<\/span><br \/>\n<\/span><\/h3>\n<p>Les professions cliniques comprennent les professions param\u00e9dicales, les soins infirmiers et les professions m\u00e9dicales. Les professions param\u00e9dicales peuvent \u00eatre regroup\u00e9es en trois cat\u00e9gories : th\u00e9rapeutique, diagnostique et technique, et scientifique.<sup id=\"cite_ref-8\" class=\"reference\"><br \/>\n  <a href=\"#cite_note-8\">(8)<\/a><br \/>\n<\/sup> Les professions cliniques comprennent, sans s&rsquo;y limiter :<sup id=\"cite_ref-:1_2-9\" class=\"reference\"><br \/>\n  <a href=\"#cite_note-:1-2\">(2)<\/a><br \/>\n<\/sup><\/p>\n<ul>\n<li>Sp\u00e9cialistes de la r\u00e9adaptation<\/li>\n<li>Physiques ou physioth\u00e9rapeutes<\/li>\n<li>Ergoth\u00e9rapeutes<\/li>\n<li>Travailleurs sociaux<\/li>\n<li>Psychologues<\/li>\n<li>M\u00e9decins<\/li>\n<li>Infirmi\u00e8res<\/li>\n<li>Orthophonistes \/ th\u00e9rapeutes<\/li>\n<li>Audiologistes<\/li>\n<li>R\u00e9cr\u00e9oth\u00e9rapeutes<\/li>\n<li>Sp\u00e9cialistes de la formation professionnelle<\/li>\n<li>Autres prestataires cliniques.<\/li>\n<\/ul>\n<p>Les professionnels cliniques exercent dans diff\u00e9rents contextes et forment des \u00e9quipes interdisciplinaires qui communiquent en utilisant la m\u00eame terminologie, les m\u00eames classifications et \u00e9valuations standardis\u00e9es pour aborder et am\u00e9liorer le fonctionnement d&rsquo;une personne. Voici quelques exemples de milieux d&rsquo;exercice o\u00f9 travaillent les professionnels de la clinique :<\/p>\n<p>Environnements cliniques :<\/p>\n<ul>\n<li>H\u00f4pitaux<\/li>\n<li>Cliniques<\/li>\n<li>Bureaux cliniques<\/li>\n<li>Installations de soins ambulatoires<\/li>\n<li>Environnements de vie assist\u00e9e<\/li>\n<li>Maisons de retraite<\/li>\n<\/ul>\n<p>Les environnements quotidiens :<\/p>\n<ul>\n<li>Syst\u00e8mes scolaires<\/li>\n<li>Domiciles des patients<\/li>\n<li>Communaut\u00e9s<\/li>\n<li>Travail, et milieux professionnels<sup id=\"cite_ref-:1_2-10\" class=\"reference\"><br \/>\n  <a href=\"#cite_note-:1-2\">(2)<\/a><br \/>\n<\/sup><\/li>\n<\/ul>\n<h2><span id=\"The_International_Classification_of_Functioning,_Disability_and_Health\"><\/span><span id=\"The_International_Classification_of_Functioning.2C_Disability_and_Health\" class=\"mw-headline\">La classification internationale du fonctionnement, du handicap et de la sant\u00e9<\/span><span class=\"mw-editsection\"><br \/>\n  <span class=\"mw-editsection-bracket\">(<\/span><br \/>\n  <a class=\"mw-editsection-visualeditor\" title=\"Modifier la section : La classification internationale du fonctionnement, du handicap et de la sant\u00e9\" href=\"\/index.php?title=Overview_of_the_ICF_and_Clinical_Practice&amp;veaction=edit&amp;section=4\">\u00e9diter<\/a><br \/>\n  <span class=\"mw-editsection-divider\"> | <\/span><br \/>\n  <a title=\"Modifier la section : La classification internationale du fonctionnement, du handicap et de la sant\u00e9\" href=\"\/index.php?title=Overview_of_the_ICF_and_Clinical_Practice&amp;action=edit&amp;section=4\">source d&rsquo;\u00e9dition<\/a><br \/>\n  <span class=\"mw-editsection-bracket\">)<\/span><br \/>\n<\/span><\/h2>\n<p><a title=\"Ressources \u00e9ducatives et cliniques de la CIF\" href=\"\/ICF_Educational_and_Clinical_Resources\">La Classification internationale du fonctionnement, du handicap et de la sant\u00e9<\/a> (CIF) d\u00e9crit le fonctionnement d&rsquo;un individu et les facteurs qui y sont li\u00e9s. Ces facteurs interactifs se composent des \u00e9l\u00e9ments suivants : fonctions et structures corporelles, activit\u00e9s et participation, facteurs environnementaux et facteurs personnels.<sup id=\"cite_ref-9\" class=\"reference\"><br \/>\n  <a href=\"#cite_note-9\">(9)<\/a><br \/>\n<\/sup> Les donn\u00e9es obtenues \u00e0 partir de la CIF fournissent des informations sur la situation de vie d&rsquo;un individu et aident \u00e0 d\u00e9terminer le meilleur traitement et la meilleure intervention pour cette personne.<sup id=\"cite_ref-:1_2-11\" class=\"reference\"><br \/>\n  <a href=\"#cite_note-:1-2\">(2)<\/a><br \/>\n<\/sup> Il est essentiel de reconna\u00eetre que la CIF n&rsquo;est pas un outil d&rsquo;\u00e9valuation. Cependant, Kohler et al.<sup id=\"cite_ref-:3_10-0\" class=\"reference\"><a href=\"#cite_note-:3-10\">(10)<\/a><\/sup> sugg\u00e8rent que des cat\u00e9gories sp\u00e9cifiques de la CIF peuvent \u00eatre utilis\u00e9es comme composantes des mesures de r\u00e9sultats de la r\u00e9adaptation. Le principal avantage de la CIF dans la pratique clinique est de fournir un langage universel pour d\u00e9crire le fonctionnement d&rsquo;un individu et son exp\u00e9rience de la sant\u00e9.<sup id=\"cite_ref-11\" class=\"reference\"><a href=\"#cite_note-11\">(11)<\/a><\/sup><\/p>\n<h2><span id=\"ICF_Qualifiers\" class=\"mw-headline\">Qualificatifs de la CIF <\/span><span class=\"mw-editsection\"><span class=\"mw-editsection-bracket\">(<\/span> <a class=\"mw-editsection-visualeditor\" title=\"Modifier la section : Qualificatifs ICF\" href=\"\/index.php?title=Overview_of_the_ICF_and_Clinical_Practice&amp;veaction=edit&amp;section=5\">edit<\/a> <span class=\"mw-editsection-divider\"> | <\/span> <a title=\"Modifier la section : Qualificatifs ICF\" href=\"\/index.php?title=Overview_of_the_ICF_and_Clinical_Practice&amp;action=edit&amp;section=5\">\u00e9diter la source<\/a> <span class=\"mw-editsection-bracket\">)<\/span><\/span><\/h2>\n<p>Les qualificatifs de la CIF quantifient \u00ab\u00a0l&rsquo;ampleur d&rsquo;un probl\u00e8me rencontr\u00e9 par une personne dans une cat\u00e9gorie sp\u00e9cifique de la CIF\u00a0\u00bb.<sup id=\"cite_ref-:4_12-0\" class=\"reference\"><a href=\"#cite_note-:4-12\">(12)<\/a><\/sup><\/p>\n<p>Qualificatifs pour les <i>fonctions et structures corporelles<\/i>: cette \u00e9chelle \u00e0 7 points indique la pr\u00e9sence et l&rsquo;ampleur (ou la port\u00e9e) d&rsquo;une d\u00e9ficience. Les qualificatifs suivants sont utilis\u00e9s : 0=pas de probl\u00e8me ; 1=probl\u00e8me l\u00e9ger ; 2=probl\u00e8me mod\u00e9r\u00e9 ; 3=probl\u00e8me grave ; 4=probl\u00e8me complet ; 8=non sp\u00e9cifi\u00e9 ; et 9=sans objet.<sup id=\"cite_ref-:2_3-1\" class=\"reference\"><a href=\"#cite_note-:2-3\">(3)<\/a><\/sup> Pour les structures corporelles, le deuxi\u00e8me qualificatif indique la nature du changement structurel, et le troisi\u00e8me qualificatif indique l&#8217;emplacement de la d\u00e9ficience.<sup id=\"cite_ref-:4_12-1\" class=\"reference\"><a href=\"#cite_note-:4-12\">(12)<\/a><\/sup> L&rsquo;\u00e9chelle suivante est utilis\u00e9e pour d\u00e9finir la nature du changement : 0=aucun changement ; 1=absence totale ; 2=absence partielle ; 3=partie suppl\u00e9mentaire ; 4=dimensions aberrantes ; 5=discontinuit\u00e9 ; 6=position divergente ; 7=changements qualitatifs dans la structure, y compris accumulation de fluide ; 8=non sp\u00e9cifi\u00e9 ; 9=sans objet.<\/p>\n<p>Qualificatifs pour les <i>activit\u00e9s et la participation :<\/i> cette \u00e9chelle n\u00e9gative et positive indique la pr\u00e9sence d&rsquo;un obstacle ou d&rsquo;un facilitateur ainsi que l&rsquo;importance d&rsquo;un facteur environnemental associ\u00e9.<sup id=\"cite_ref-:1_2-12\" class=\"reference\"><a href=\"#cite_note-:1-2\">(2)<\/a><\/sup> Les qualificatifs pour les obstacles sont les suivants : 0=aucun obstacle ; 1=obstacle l\u00e9ger ; 2=obstacle mod\u00e9r\u00e9 ; 3=obstacle grave ; 4=obstacle complet ; 8=obstacle non sp\u00e9cifi\u00e9 ; 9=sans objet. Les facilitateurs sont d\u00e9crits comme suit : +0=pas de facilitateur ; +1=faible facilitateur ; +2=facilitateur mod\u00e9r\u00e9 ; +3=facilitateur substantiel ; +4=facilitateur complet ; +8=facilitateur, non sp\u00e9cifi\u00e9.<sup id=\"cite_ref-:4_12-2\" class=\"reference\"><a href=\"#cite_note-:4-12\">(12)<\/a><\/sup><\/p>\n<p>Prodinger et al.<sup id=\"cite_ref-:5_13-0\" class=\"reference\"><a href=\"#cite_note-:5-13\">(13)<\/a><\/sup> fournissent des preuves de l&rsquo;utilisation des cat\u00e9gories et des qualificatifs associ\u00e9s pour mesurer le fonctionnement.<sup id=\"cite_ref-:5_13-1\" class=\"reference\"><a href=\"#cite_note-:5-13\">(13)<\/a><\/sup> Cependant, dans leur \u00e9tude pilote, Kohler et coll,<sup id=\"cite_ref-:3_10-1\" class=\"reference\"><a href=\"#cite_note-:3-10\">(10)<\/a><\/sup> ont indiqu\u00e9 une fiabilit\u00e9 inter-\u00e9valuateurs et intra-\u00e9valuateurs moyenne \u00e0 faible lors de l&rsquo;utilisation des qualificatifs tels que publi\u00e9s dans la CIF. Cela a mis en \u00e9vidence la n\u00e9cessit\u00e9 de d\u00e9finir plus explicitement certains des qualificatifs.<sup id=\"cite_ref-:3_10-2\" class=\"reference\"><a href=\"#cite_note-:3-10\">(10)<\/a><\/sup><\/p>\n<div class=\"thumb tright\">\n<div class=\"thumbinner\" style=\"width: 302px;\"><a class=\"image\" href=\"\/File:ICF_checklist.png\"><img loading=\"lazy\" decoding=\"async\" class=\"thumbimage\" src=\"https:\/\/www.physio-pedia.com\/images\/thumb\/3\/33\/ICF_checklist.png\/300px-ICF_checklist.png\" srcset=\"https:\/\/www.physio-pedia.com\/images\/thumb\/3\/33\/ICF_checklist.png\/450px-ICF_checklist.png 1.5x, https:\/\/www.physio-pedia.com\/images\/thumb\/3\/33\/ICF_checklist.png\/600px-ICF_checklist.png 2x\" alt=\"\" width=\"300\" height=\"372\"><\/a><\/p>\n<div class=\"thumbcaption\">\n<div class=\"magnify\"><\/div>\n<p>ICF Checklist<\/p>\n<\/div>\n<\/div>\n<\/div>\n<h2><span id=\"ICF_Checklist\" class=\"mw-headline\">Liste de contr\u00f4le de la CIF <\/span><span class=\"mw-editsection\"><span class=\"mw-editsection-bracket\">(<\/span> <a class=\"mw-editsection-visualeditor\" title=\"Modifier la section : Liste de contr\u00f4le ICF\" href=\"\/index.php?title=Overview_of_the_ICF_and_Clinical_Practice&amp;veaction=edit&amp;section=6\">\u00e9diter<\/a> <span class=\"mw-editsection-divider\"> | <\/span> <a title=\"Modifier la section : Liste de contr\u00f4le ICF\" href=\"\/index.php?title=Overview_of_the_ICF_and_Clinical_Practice&amp;action=edit&amp;section=6\">modifier la source<\/a> <span class=\"mw-editsection-bracket\">)<\/span><\/span><\/h2>\n<p>La <a class=\"external text\" href=\"https:\/\/www.who.int\/publications\/m\/item\/icf-checklist\" rel=\"nofollow\">liste de contr\u00f4le de la CIF<\/a> \u00e9labor\u00e9e par l&rsquo;OMS est une traduction pratique de la CIF pour la pratique clinique. Connu sous le nom de formulaire du clinicien pour la CIF,<sup id=\"cite_ref-:1_2-13\" class=\"reference\"><br \/>\n  <a href=\"#cite_note-:1-2\">(2)<\/a><br \/>\n<\/sup> elle enregistre des informations sur le fonctionnement et le handicap d&rsquo;un individu.<sup id=\"cite_ref-:1_2-14\" class=\"reference\"><br \/>\n  <a href=\"#cite_note-:1-2\">(2)<\/a><br \/>\n<\/sup> La liste de contr\u00f4le de la CIF n&rsquo;est pas un outil autonome &#8211; elle doit \u00eatre utilis\u00e9e parall\u00e8lement \u00e0 la CIF.<sup id=\"cite_ref-14\" class=\"reference\"><br \/>\n  <a href=\"#cite_note-14\">(14)<\/a><br \/>\n<\/sup><\/p>\n<p>La liste de contr\u00f4le de la CIF est compos\u00e9e des cat\u00e9gories de la CIF. Ces cat\u00e9gories ont \u00e9t\u00e9 choisies par des experts pour r\u00e9pertorier les domaines les plus couramment utilis\u00e9s, notamment les fonctions et structures corporelles, les activit\u00e9s et la participation, et les facteurs environnementaux. Les informations diagnostiques sont \u00e9galement une composante de la liste de contr\u00f4le de la CIF, qui attire l&rsquo;attention de l&rsquo;utilisateur sur la relation entre un probl\u00e8me de sant\u00e9 et les probl\u00e8mes de fonctionnement qui y sont associ\u00e9s.<sup id=\"cite_ref-:6_15-0\" class=\"reference\"><a href=\"#cite_note-:6-15\">(15)<\/a><\/sup><\/p>\n<h3><span id=\"Sections_of_the_Checklist\" class=\"mw-headline\">Sections de la liste de contr\u00f4le <\/span><span class=\"mw-editsection\"><span class=\"mw-editsection-bracket\">(<\/span> <a class=\"mw-editsection-visualeditor\" title=\"Modifier la section : Sections de la liste de contr\u00f4le\" href=\"\/index.php?title=Overview_of_the_ICF_and_Clinical_Practice&amp;veaction=edit&amp;section=7\">modifier<\/a> <span class=\"mw-editsection-divider\"> | <\/span> <a title=\"Modifier la section : Sections de la liste de contr\u00f4le\" href=\"\/index.php?title=Overview_of_the_ICF_and_Clinical_Practice&amp;action=edit&amp;section=7\">modifier la source<\/a> <span class=\"mw-editsection-bracket\">)<\/span><\/span><\/h3>\n<ul>\n<li><b>Les informations d\u00e9mographiques<\/b> de l&rsquo;individu : comprennent les facteurs qui peuvent vous aider \u00e0 mieux comprendre la situation de vie d&rsquo;un client ou d&rsquo;un patient. <sup id=\"cite_ref-:1_2-15\" class=\"reference\"><a href=\"#cite_note-:1-2\">(2)<\/a><\/sup><\/li>\n<li><b>Le diagnostic m\u00e9dical :<\/b> fournit des informations sur les conditions m\u00e9dicales et les codes CIM. La section \u00ab\u00a0Br\u00e8ves informations sur la sant\u00e9\u00a0\u00bb soutient cette section.<sup id=\"cite_ref-:1_2-16\" class=\"reference\"><a href=\"#cite_note-:1-2\">(2)<\/a><\/sup><\/li>\n<li><b>Les domaines de la CIF :<\/b> contiennent des d\u00e9finitions et des informations sur les qualificatifs pour chacun des domaines.<sup id=\"cite_ref-:1_2-17\" class=\"reference\"><br \/>\n  <a href=\"#cite_note-:1-2\">(2)<\/a><br \/>\n<\/sup><\/li>\n<li>La <b>partie 4<\/b> fournit un espace pour documenter <b>d&rsquo;autres informations contextuelles<\/b>, y compris les facteurs personnels qui peuvent avoir un impact sur le fonctionnement du client ou du patient.<sup id=\"cite_ref-:1_2-18\" class=\"reference\"><br \/>\n  <a href=\"#cite_note-:1-2\">(2)<\/a><br \/>\n<\/sup><\/li>\n<li>La <b>deuxi\u00e8me annexe<\/b> propose des <b>questions g\u00e9n\u00e9rales<\/b> pour aider \u00e0 d\u00e9terminer la capacit\u00e9 par rapport \u00e0 la performance dans les domaines de la mobilit\u00e9, des soins personnels, de la vie domestique, des interactions interpersonnelles, des principaux domaines de la vie et de la vie communautaire, sociale et civique.<sup id=\"cite_ref-:1_2-19\" class=\"reference\"><br \/>\n  <a href=\"#cite_note-:1-2\">(2)<\/a><br \/>\n<\/sup><\/li>\n<\/ul>\n<h2><span id=\"World_Health_Organization_Disability_Assessment_(WHODAS)\"><\/span><span id=\"World_Health_Organization_Disability_Assessment_.28WHODAS.29\" class=\"mw-headline\">World Health Organization Disability Assessment (WHODAS) &#8211; \u00c9valuation du handicap de l&rsquo;Organisation mondiale de la sant\u00e9 <\/span><span class=\"mw-editsection\"><span class=\"mw-editsection-bracket\">(<\/span> <a class=\"mw-editsection-visualeditor\" title=\"Modifier la section : \u00c9valuation du handicap selon l'Organisation mondiale de la sant\u00e9 (WHODAS)\" href=\"\/index.php?title=Overview_of_the_ICF_and_Clinical_Practice&amp;veaction=edit&amp;section=8\">\u00e9diter<\/a> <span class=\"mw-editsection-divider\"> | <\/span> <a title=\"Modifier la section : \u00c9valuation du handicap selon l'Organisation mondiale de la sant\u00e9 (WHODAS)\" href=\"\/index.php?title=Overview_of_the_ICF_and_Clinical_Practice&amp;action=edit&amp;section=8\">source d&rsquo;\u00e9dition<\/a> <span class=\"mw-editsection-bracket\">)<\/span><\/span><\/h2>\n<p>L&rsquo;\u00e9valuation du handicap de l&rsquo;Organisation mondiale de la sant\u00e9 mesure les besoins en mati\u00e8re de sant\u00e9 et les r\u00e9sultats des interventions dans divers domaines de la maladie et dans divers environnements de soins de sant\u00e9. Sa derni\u00e8re version, WHODAS 2.0, est une \u00ab\u00a0mesure g\u00e9n\u00e9rale du fonctionnement et du handicap qui refl\u00e8te les principaux domaines de la vie tels que class\u00e9s dans la CIF\u00a0\u00bb.<sup id=\"cite_ref-:6_15-1\" class=\"reference\"><a href=\"#cite_note-:6-15\">(15)<\/a><\/sup> Il s&rsquo;agit d&rsquo;un outil qui produit des niveaux et des profils d&rsquo;invalidit\u00e9 standardis\u00e9s pour toutes les maladies, y compris les troubles mentaux, neurologiques et de d\u00e9pendance, applicable dans toutes les cultures et dans toutes les populations adultes.<sup id=\"cite_ref-:1_2-20\" class=\"reference\"><a href=\"#cite_note-:1-2\">(2)<\/a><\/sup><\/p>\n<h3><span id=\"Methods_of_Assessment\" class=\"mw-headline\">M\u00e9thodes d&rsquo;\u00e9valuation <\/span><span class=\"mw-editsection\"><span class=\"mw-editsection-bracket\">(<\/span> <a class=\"mw-editsection-visualeditor\" title=\"Modifier la section : M\u00e9thodes d'\u00e9valuation\" href=\"\/index.php?title=Overview_of_the_ICF_and_Clinical_Practice&amp;veaction=edit&amp;section=9\">\u00e9diter<\/a> <span class=\"mw-editsection-divider\"> | <\/span> <a title=\"Modifier la section : M\u00e9thodes d'\u00e9valuation\" href=\"\/index.php?title=Overview_of_the_ICF_and_Clinical_Practice&amp;action=edit&amp;section=9\">source d&rsquo;\u00e9dition<\/a> <span class=\"mw-editsection-bracket\">)<\/span><\/span><\/h3>\n<p>WHODAS 2.0 \u00e9value le niveau de fonctionnement dans six domaines de la vie :<sup id=\"cite_ref-:6_15-2\" class=\"reference\"><br \/>\n  <a href=\"#cite_note-:6-15\">(15)<\/a><br \/>\n<\/sup><\/p>\n<ol>\n<li>Cognition &#8211; comprendre et communiquer<\/li>\n<li>Mobilit\u00e9 &#8211; bouger et se d\u00e9placer<\/li>\n<li>Prendre soin de soi &#8211; s&rsquo;occuper de son hygi\u00e8ne, s&rsquo;habiller, manger et rester seul.<\/li>\n<li>S&rsquo;entendre &#8211; bien interagir avec d&rsquo;autres personnes<\/li>\n<li>Activit\u00e9s de la vie &#8211; responsabilit\u00e9s domestiques, loisirs, travail et \u00e9cole<\/li>\n<li>Participation &#8211; se joindre aux activit\u00e9s communautaires, participer \u00e0 la soci\u00e9t\u00e9<\/li>\n<\/ol>\n<p>Il existe deux versions de WHODAS 2.0 qui diff\u00e8rent par leur longueur et le mode d&rsquo;administration pr\u00e9vu. Il y a une version compl\u00e8te avec 36 questions et une version courte avec 12 questions. La version \u00e0 36 questions fournit plus de d\u00e9tails et prend environ 20 minutes \u00e0 compl\u00e9ter. La version \u00e0 12 questions est utile pour de br\u00e8ves \u00e9valuations du fonctionnement global et prend environ 5 minutes \u00e0 remplir. Les questions peuvent \u00eatre pos\u00e9es lors d&rsquo;un entretien en personne ou par t\u00e9l\u00e9phone avec la personne elle-m\u00eame ou avec un membre de sa famille, un ami ou un soignant. Il est \u00e9galement possible de r\u00e9pondre soi-m\u00eame \u00e0 ces questions en utilisant la m\u00e9thode du papier-crayon.<sup id=\"cite_ref-:6_15-3\" class=\"reference\"><br \/>\n  <a href=\"#cite_note-:6-15\">(15)<\/a><br \/>\n<\/sup><sup id=\"cite_ref-:1_2-21\" class=\"reference\"><br \/>\n  <a href=\"#cite_note-:1-2\">(2)<\/a><br \/>\n<\/sup><\/p>\n<h3><span id=\"Scoring_options\" class=\"mw-headline\">Options de notation<\/span><span class=\"mw-editsection\"><br \/>\n  <span class=\"mw-editsection-bracket\">(<\/span><br \/>\n  <a class=\"mw-editsection-visualeditor\" title=\"Modifier la section : Options de notation\" href=\"\/index.php?title=Overview_of_the_ICF_and_Clinical_Practice&amp;veaction=edit&amp;section=10\">modifier<\/a><br \/>\n  <span class=\"mw-editsection-divider\"> | <\/span><br \/>\n  <a title=\"Modifier la section : Options de notation\" href=\"\/index.php?title=Overview_of_the_ICF_and_Clinical_Practice&amp;action=edit&amp;section=10\">\u00e9diter la source<\/a><br \/>\n  <span class=\"mw-editsection-bracket\">)<\/span><br \/>\n<\/span><\/h3>\n<p>Option 1 :<sup id=\"cite_ref-:1_2-22\" class=\"reference\"><br \/>\n  <a href=\"#cite_note-:1-2\">(2)<\/a><br \/>\n<\/sup><\/p>\n<ul>\n<li>Syst\u00e8me de notation en 5 points : 1=aucun, 2=l\u00e9ger, 3=mod\u00e9r\u00e9, 4=s\u00e9v\u00e8re, 5=extr\u00eame<\/li>\n<li>Les scores de chacun des \u00e9l\u00e9ments sont additionn\u00e9s sans recodage ni regroupement des r\u00e9ponses.<\/li>\n<li>Pas de pond\u00e9ration des \u00e9l\u00e9ments individuels<\/li>\n<li>La somme des scores des items dans tous les domaines d\u00e9crit le degr\u00e9 des limitations fonctionnelles.<\/li>\n<\/ul>\n<p>Option 2 : <sup id=\"cite_ref-:1_2-23\" class=\"reference\"><a href=\"#cite_note-:1-2\">(2)<\/a><\/sup><\/p>\n<ul>\n<li>Notation bas\u00e9e sur la th\u00e9orie de la r\u00e9ponse \u00e0 l&rsquo;item (IRT en anglais)<\/li>\n<li>Syst\u00e8me de notation en 5 points : 1=aucun, 2=l\u00e9ger, 3=mod\u00e9r\u00e9, 4=s\u00e9v\u00e8re, 5=extr\u00eame.<\/li>\n<li>Les \u00e9l\u00e9ments et les niveaux de gravit\u00e9 sont pond\u00e9r\u00e9s par ordinateur pour d\u00e9terminer le score global.\n<ul>\n<li>\u00c9tape 1 &#8211; Somme des scores des items recod\u00e9s dans chaque domaine<\/li>\n<li>\u00c9tape 2 &#8211; Somme des scores des six domaines<\/li>\n<li>\u00c9tape 3 &#8211; Conversion du score global en une mesure allant de 0 \u00e0 100 (o\u00f9 0 = aucun handicap ; 100 = handicap complet).<\/li>\n<\/ul>\n<\/li>\n<\/ul>\n<p>Vous trouverez de plus amples informations sur WHODAS 2.0 sur le <a class=\"external text\" href=\"https:\/\/www.who.int\/standards\/classifications\/international-classification-of-functioning-disability-and-health\/who-disability-assessment-schedule\" rel=\"nofollow\">site Web de l&rsquo;OMS<\/a>.<\/p>\n<h2><span id=\"Social_Determinants_of_Health\" class=\"mw-headline\">Les d\u00e9terminants sociaux de la sant\u00e9 <\/span><span class=\"mw-editsection\"><span class=\"mw-editsection-bracket\">(<\/span> <a class=\"mw-editsection-visualeditor\" title=\"Modifier la section : D\u00e9terminants sociaux de la sant\u00e9\" href=\"\/index.php?title=Overview_of_the_ICF_and_Clinical_Practice&amp;veaction=edit&amp;section=11\">\u00e9diter<\/a> <span class=\"mw-editsection-divider\"> | <\/span> <a title=\"Modifier la section : D\u00e9terminants sociaux de la sant\u00e9\" href=\"\/index.php?title=Overview_of_the_ICF_and_Clinical_Practice&amp;action=edit&amp;section=11\">source d&rsquo;\u00e9dition<\/a> <span class=\"mw-editsection-bracket\">)<\/span><\/span><\/h2>\n<p>Les d\u00e9terminants sociaux de la sant\u00e9 comprennent des facteurs autres que les soins m\u00e9dicaux que les politiques sociales peuvent influencer. Ils consid\u00e8rent \u00ab\u00a0les conditions dans lesquelles les gens naissent, grandissent, vivent, travaillent et vieillissent\u00a0\u00bb et \u00ab\u00a0les moteurs fondamentaux de ces conditions\u00a0\u00bb.<sup id=\"cite_ref-16\" class=\"reference\"><a href=\"#cite_note-16\">(16)<\/a><\/sup> Selon McGinnis et al,<sup id=\"cite_ref-:7_17-0\" class=\"reference\"><a href=\"#cite_note-:7-17\">(17)<\/a><\/sup> les soins m\u00e9dicaux ne sont responsables que de 10% \u00e0 15% de la mortalit\u00e9 \u00e9vitable aux \u00c9tats-Unis.<sup id=\"cite_ref-:7_17-1\" class=\"reference\"><a href=\"#cite_note-:7-17\">(17)<\/a><\/sup> Les \u00e9tudes r\u00e9alis\u00e9es par Mackenbach et ses coll\u00e8gues soulignent l&rsquo;impact consid\u00e9rable des facteurs sociaux sur la sant\u00e9 d&rsquo;un individu.<sup id=\"cite_ref-18\" class=\"reference\"><a href=\"#cite_note-18\">(18)<\/a><\/sup><\/p>\n<p>Le syst\u00e8me CIF reconna\u00eet les SDOH principalement comme des facteurs environnementaux (par exemple, l&rsquo;ins\u00e9curit\u00e9 alimentaire, les conditions de logement). Le cadre de la CIF comprend \u00e9galement des facteurs personnels tels que l&rsquo;\u00e2ge et l&rsquo;\u00e9ducation.<sup id=\"cite_ref-:1_2-24\" class=\"reference\"><a href=\"#cite_note-:1-2\">(2)<\/a><\/sup><\/p>\n<p>Veuillez regarder cette courte introduction aux d\u00e9terminants sociaux de la sant\u00e9 :<\/p>\n<div class=\"thumb embedvideo autoResize\" style=\"width: 308px;\">\n<div class=\"embedvideo autoResize\">\n<div class=\"embedvideowrap\" style=\"width: 300px;\"><iframe loading=\"lazy\" title=\"Play video\" src=\"\/\/www.youtube.com\/embed\/8PH4JYfF4Ns?\" width=\"300\" height=\"169\" frameborder=\"0\" allowfullscreen=\"allowfullscreen\"><\/iframe><\/div>\n<\/div>\n<\/div>\n<p><sup id=\"cite_ref-19\" class=\"reference\"><a href=\"#cite_note-19\">(19)<\/a><\/sup><\/p>\n<h2><span id=\"Resources\" class=\"mw-headline\">Ressources<\/span><span class=\"mw-editsection\"><span class=\"mw-editsection-bracket\">(<\/span><a class=\"mw-editsection-visualeditor\" title=\"Edit section: Resources\" href=\"\/index.php?title=Overview_of_the_ICF_and_Clinical_Practice&amp;veaction=edit&amp;section=12\">edit<\/a><span class=\"mw-editsection-divider\"> | <\/span><a title=\"Edit section: Resources\" href=\"\/index.php?title=Overview_of_the_ICF_and_Clinical_Practice&amp;action=edit&amp;section=12\">edit source<\/a><span class=\"mw-editsection-bracket\">)<\/span><\/span><\/h2>\n<ul>\n<li><a class=\"external text\" href=\"https:\/\/www.who.int\/publications\/i\/item\/WHO-IER-CSDH-08.1\" rel=\"nofollow\">Closing the gap in a generation: health equity through action on the social determinants of health &#8211; Final report of the commission on social determinants of health<\/a><\/li>\n<li><a class=\"external text\" href=\"https:\/\/www.who.int\/publications\/m\/item\/icf-checklist\" rel=\"nofollow\">ICF Checklist<\/a><\/li>\n<li><a class=\"external text\" href=\"https:\/\/www.who.int\/standards\/classifications\/international-classification-of-functioning-disability-and-health\/who-disability-assessment-schedule\" rel=\"nofollow\">WHO Disability Assessment Schedule 2.0 (WHODAS 2.0)<\/a><\/li>\n<\/ul>\n<h2><span id=\"References\" class=\"mw-headline\">R\u00e9f\u00e9rences<\/span><span class=\"mw-editsection\"><span class=\"mw-editsection-bracket\">(<\/span><a class=\"mw-editsection-visualeditor\" title=\"Edit section: References\" href=\"\/index.php?title=Overview_of_the_ICF_and_Clinical_Practice&amp;veaction=edit&amp;section=13\">edit<\/a><span class=\"mw-editsection-divider\"> | <\/span><a title=\"Edit section: References\" href=\"\/index.php?title=Overview_of_the_ICF_and_Clinical_Practice&amp;action=edit&amp;section=13\">edit source<\/a><span class=\"mw-editsection-bracket\">)<\/span><\/span><\/h2>\n<div class=\"mw-references-wrap mw-references-columns\">\n<ol class=\"references\">\n<li id=\"cite_note-:0-1\"><span class=\"mw-cite-backlink\"><a href=\"#cite_ref-:0_1-0\">\u2191<\/a><\/span> <span class=\"reference-text\">Madden RH, Bundy A. The ICF has made a difference to functioning and disability measurement and statistics. Disabil Rehabil. 2019 Jun;41(12):1450-1462.<\/span><\/li>\n<li id=\"cite_note-:1-2\"><span class=\"mw-cite-backlink\">\u2191 <sup><a href=\"#cite_ref-:1_2-0\">2.00<\/a><\/sup> <sup><a href=\"#cite_ref-:1_2-1\">2.01<\/a><\/sup> <sup><a href=\"#cite_ref-:1_2-2\">2.02<\/a><\/sup> <sup><a href=\"#cite_ref-:1_2-3\">2.03<\/a><\/sup> <sup><a href=\"#cite_ref-:1_2-4\">2.04<\/a><\/sup> <sup><a href=\"#cite_ref-:1_2-5\">2.05<\/a><\/sup> <sup><a href=\"#cite_ref-:1_2-6\">2.06<\/a><\/sup> <sup><a href=\"#cite_ref-:1_2-7\">2.07<\/a><\/sup> <sup><a href=\"#cite_ref-:1_2-8\">2.08<\/a><\/sup> <sup><a href=\"#cite_ref-:1_2-9\">2.09<\/a><\/sup> <sup><a href=\"#cite_ref-:1_2-10\">2.10<\/a><\/sup> <sup><a href=\"#cite_ref-:1_2-11\">2.11<\/a><\/sup> <sup><a href=\"#cite_ref-:1_2-12\">2.12<\/a><\/sup> <sup><a href=\"#cite_ref-:1_2-13\">2.13<\/a><\/sup> <sup><a href=\"#cite_ref-:1_2-14\">2.14<\/a><\/sup> <sup><a href=\"#cite_ref-:1_2-15\">2.15<\/a><\/sup> <sup><a href=\"#cite_ref-:1_2-16\">2.16<\/a><\/sup> <sup><a href=\"#cite_ref-:1_2-17\">2.17<\/a><\/sup> <sup><a href=\"#cite_ref-:1_2-18\">2.18<\/a><\/sup> <sup><a href=\"#cite_ref-:1_2-19\">2.19<\/a><\/sup> <sup><a href=\"#cite_ref-:1_2-20\">2.20<\/a><\/sup> <sup><a href=\"#cite_ref-:1_2-21\">2.21<\/a><\/sup> <sup><a href=\"#cite_ref-:1_2-22\">2.22<\/a><\/sup> <sup><a href=\"#cite_ref-:1_2-23\">2.23<\/a><\/sup> <sup><a href=\"#cite_ref-:1_2-24\">2.24<\/a><\/sup><\/span> <span class=\"reference-text\">Saleeby P. ICF and clinical practice course. Physiopedia 2022.<\/span><\/li>\n<li id=\"cite_note-:2-3\"><span class=\"mw-cite-backlink\">\u2191 <sup><a href=\"#cite_ref-:2_3-0\">3.0<\/a><\/sup> <sup><a href=\"#cite_ref-:2_3-1\">3.1<\/a><\/sup><\/span> <span class=\"reference-text\">Senju Y, Mukaino M, Prodinger B, Selb M, Okouchi Y, Mizutani K, Suzuki M, Yamada S, Izumi SI, Sonoda S, Otaka Y. <a class=\"external text\" href=\"https:\/\/bmcmedresmethodol.biomedcentral.com\/track\/pdf\/10.1186\/s12874-021-01302-0.pdf\" rel=\"nofollow\">Development of a clinical tool for rating the body function categories of the ICF generic-30\/rehabilitation set in Japanese rehabilitation practice and examination of its interrater reliability.<\/a> BMC Medical Research Methodology. 2021 Dec;21(1):1-4.<\/span><\/li>\n<li id=\"cite_note-4\"><span class=\"mw-cite-backlink\"><a href=\"#cite_ref-4\">\u2191<\/a><\/span> <span class=\"reference-text\">International Statistical Classification of Diseases and Related Health Problems (ICD). Available from <a class=\"external free\" href=\"https:\/\/www.who.int\/standards\/classifications\/classification-of-diseases\" rel=\"nofollow\">https:\/\/www.who.int\/standards\/classifications\/classification-of-diseases<\/a> (last access 15.08.2022).<\/span><\/li>\n<li id=\"cite_note-5\"><span class=\"mw-cite-backlink\"><a href=\"#cite_ref-5\">\u2191<\/a><\/span> <span class=\"reference-text\">Karhula M, Saukkonen S, Xiong E, Kinnunen A, Heiskanen T, Anttila H. <a class=\"external text\" href=\"https:\/\/www.frontiersin.org\/articles\/10.3389\/fresc.2021.709682\/full\" rel=\"nofollow\">ICF Personal Factors Strengthen Commitment to Person-Centered Rehabilitation \u2013 A Scoping Review<\/a>. Frontiers in Rehabilitation Sciences, 2021; 2. <\/span><\/li>\n<li id=\"cite_note-6\"><span class=\"mw-cite-backlink\"><a href=\"#cite_ref-6\">\u2191<\/a><\/span> <span class=\"reference-text\">Schneidert M, Hurst R, Miller J, Ust\u00fcn B. <a class=\"external text\" href=\"https:\/\/www.researchgate.net\/publication\/10580224_The_role_of_Environment_in_the_International_Classification_of_Functioning_Disability_and_Health_ICF\" rel=\"nofollow\">The role of environment in the International Classification of Functioning, Disability and Health (ICF)<\/a>. Disabil Rehabil. 2003 Jun 3-17;25(11-12):588-95.<\/span><\/li>\n<li id=\"cite_note-7\"><span class=\"mw-cite-backlink\"><a href=\"#cite_ref-7\">\u2191<\/a><\/span> <span class=\"reference-text\">Social determinants of health. Available from <a class=\"external free\" href=\"https:\/\/www.who.int\/health-topics\/social-determinants-of-health#tab=tab_1\" rel=\"nofollow\">https:\/\/www.who.int\/health-topics\/social-determinants-of-health#tab=tab_1<\/a> (last access 15.08.2022).<\/span><\/li>\n<li id=\"cite_note-8\"><span class=\"mw-cite-backlink\"><a href=\"#cite_ref-8\">\u2191<\/a><\/span> <span class=\"reference-text\">Snowdon DA, Sargent M, Williams CM, Maloney S, Caspers K, Taylor NF. <a class=\"external text\" href=\"https:\/\/bmchealthservres.biomedcentral.com\/track\/pdf\/10.1186\/s12913-019-4873-8.pdf\" rel=\"nofollow\">Effective clinical supervision of allied health professionals: a mixed methods study.<\/a> BMC health services research. 2020 Dec;20(1):1-1.<\/span><\/li>\n<li id=\"cite_note-9\"><span class=\"mw-cite-backlink\"><a href=\"#cite_ref-9\">\u2191<\/a><\/span> <span class=\"reference-text\">Gonz\u00e1lez-Seguel F, Corner EJ, Merino-Osorio C. <a class=\"external text\" href=\"https:\/\/watermark.silverchair.com\/pzy158.pdf?token=AQECAHi208BE49Ooan9kkhW_Ercy7Dm3ZL_9Cf3qfKAc485ysgAAAr0wggK5BgkqhkiG9w0BBwagggKqMIICpgIBADCCAp8GCSqGSIb3DQEHATAeBglghkgBZQMEAS4wEQQMwd5o-SDSv88yWmLhAgEQgIICcKTqk3YXcUrOPZH1j9bxbWhv2n9bcJ4k7fDFW_1hxg02LOOhRZjh5GtXWc3xNJVJO_NoPeHYCS0iNgH7_LYVXVhOMg_u9-HdMXxa5jpJq0EWPkMKCYxRHSkLLXzN3kgC_fwvqscR9WupNJ7HF8VFH68fX-LWGjXyM4sPYDHdtJYsIvNziFmawBPW3N9xKFcvhUQ8ZS8ASXRF_TYVldKCHLEdsn7MVYrXyySs_XHkyBLqILmDzwJgWOxKGWQ0NVqVgEtnCI6VPArD_SkEeAIUsbkmr6moSyKSE1iypZGnwJi2S1eqoHI6iOtM18zz1bANCUPeAs66lXoJmf8J5mPEnuxnW_FCSS6dAbU4ZLiYMRbuYji7eoxYAxboEQU806DICrmdhxNbPRwLp9lyH5O0ZlaDn0t8m5MTegTO6chBgrlu3Vb6yFacM1-NuM4oU9Tbk6W5dm7d4NQws2g7iOwZX3TsryHRX1Ecf_r77C3wnBo7RxZy3VrGCNN3rm8vFgqWr0iuPoNNqyr1rcvNhfz33ULYEut8RQN77HiJMbs1lVQKiGpnIaSGftHVQRsfIvn1jBODlla_2fwUqTE_GECq_Hq8msL3W2bEDwzn_YYC6bCnL5g7_5-oMZsI_gRSiYc3BUzBDVlW5ss_a3rvCrAxOhtwPqoVsq08SNrU4UoEYj2FVYhoiiFfEFlVTk83TJPVBP-RdHAKicYAfK0v_P9--pfcHTUONGbvSW8TuzdhtHqUZCBPiLwi3nNGloH5mPqYH9kZ3PwVRP3MsLFtl7t8QdRP2hkOO8xSHMTMFia6QocNlCPYszZraEzDa4C2fe-wqg\" rel=\"nofollow\">International classification of functioning, disability, and health domains of 60 physical functioning measurement instruments used during the adult intensive care unit stay: a scoping review<\/a>. Physical therapy. 2019 May 1;99(5):627-40.<\/span><\/li>\n<li id=\"cite_note-:3-10\"><span class=\"mw-cite-backlink\">\u2191 <sup><a href=\"#cite_ref-:3_10-0\">10,0<\/a><\/sup> <sup><a href=\"#cite_ref-:3_10-1\">10,1<\/a><\/sup> <sup><a href=\"#cite_ref-:3_10-2\">10,2<\/a><\/sup><\/span> <span class=\"reference-text\">Kohler F, Connolly C, Sakaria A, Stendara K, Buhagiar M, Mojaddidi M. <a class=\"external text\" href=\"https:\/\/www.medicaljournals.se\/jrm\/content\/html\/10.2340\/16501977-1194\" rel=\"nofollow\">Can the ICF be used as a rehabilitation outcome measure? A study looking at the inter- and intra-rater reliability of ICF categories derived from an ADL assessment tool<\/a>. J Rehabil Med. 2013 Sep;45(9):881-7.<\/span><\/li>\n<li id=\"cite_note-11\"><span class=\"mw-cite-backlink\"><a href=\"#cite_ref-11\">\u2191<\/a><\/span> <span class=\"reference-text\">van der Veen S, Evans N, Huisman M, Welch Saleeby P, Widdershoven G. <a class=\"external text\" href=\"https:\/\/www.tandfonline.com\/doi\/pdf\/10.1080\/09638288.2022.2089737?needAccess=true\" rel=\"nofollow\">Toward a paradigm shift in healthcare: using the International Classification of Functioning, Disability and Health (ICF) and the capability approach (CA) jointly in theory and practice<\/a>. Disabil Rehabil. 2022 Jun 22:1-8.<\/span><\/li>\n<li id=\"cite_note-:4-12\"><span class=\"mw-cite-backlink\">\u2191 <sup><a href=\"#cite_ref-:4_12-0\">12.0<\/a><\/sup> <sup><a href=\"#cite_ref-:4_12-1\">12.1<\/a><\/sup> <sup><a href=\"#cite_ref-:4_12-2\">12.2<\/a><\/sup><\/span> <span class=\"reference-text\">ICF Case studies. Available from <a class=\"external free\" href=\"https:\/\/www.icf-casestudies.org\/introduction\/introduction-to-the-icf\/the-content-of-the-classification\" rel=\"nofollow\">https:\/\/www.icf-casestudies.org\/introduction\/introduction-to-the-icf\/the-content-of-the-classification<\/a> (last access 15.08.2022).<\/span><\/li>\n<li id=\"cite_note-:5-13\"><span class=\"mw-cite-backlink\">\u2191 <sup><a href=\"#cite_ref-:5_13-0\">13.0<\/a><\/sup> <sup><a href=\"#cite_ref-:5_13-1\">13.1<\/a><\/sup><\/span> <span class=\"reference-text\">Prodinger B, Stucki G, Coenen M, Tennant A. The measurement of functioning using the International Classification of Functioning, Disability and Health: comparing qualifier ratings with existing health status instruments. Disabil Rehabil. 2019 Mar;41(5):541-548.<\/span><\/li>\n<li id=\"cite_note-14\"><span class=\"mw-cite-backlink\"><a href=\"#cite_ref-14\">\u2191<\/a><\/span> <span class=\"reference-text\">ICF Checklist. Available from <a class=\"external free\" href=\"https:\/\/www.who.int\/publications\/m\/item\/icf-checklist\" rel=\"nofollow\">https:\/\/www.who.int\/publications\/m\/item\/icf-checklist<\/a> (last access 15.08.2022).<\/span><\/li>\n<li id=\"cite_note-:6-15\"><span class=\"mw-cite-backlink\">\u2191 <sup><a href=\"#cite_ref-:6_15-0\">15.0<\/a><\/sup> <sup><a href=\"#cite_ref-:6_15-1\">15.1<\/a><\/sup> <sup><a href=\"#cite_ref-:6_15-2\">15.2<\/a><\/sup> <sup><a href=\"#cite_ref-:6_15-3\">15.3<\/a><\/sup><\/span> <span class=\"reference-text\">Kostanjsek N. <a class=\"external text\" href=\"https:\/\/link.springer.com\/content\/pdf\/10.1186\/1471-2458-11-S4-S3.pdf\" rel=\"nofollow\">Use of The International Classification of Functioning, Disability and Health (ICF) as a conceptual framework and common language for disability statistics and health information systems<\/a>. BMC Public Health. 2011 May 31;11 Suppl 4(Suppl 4):S3. <\/span><\/li>\n<li id=\"cite_note-16\"><span class=\"mw-cite-backlink\"><a href=\"#cite_ref-16\">\u2191<\/a><\/span> <span class=\"reference-text\">World Health Organization, Commission on Social Determinants of Health . Closing the gap in a generation: Health equity through action on the social determinants of health. CSDH final report. Geneva: WHO; 2008. Available from <a class=\"external free\" href=\"https:\/\/www.who.int\/publications\/i\/item\/WHO-IER-CSDH-08.1\" rel=\"nofollow\">https:\/\/www.who.int\/publications\/i\/item\/WHO-IER-CSDH-08.1<\/a> (last access 16.08.2022)<\/span><\/li>\n<li id=\"cite_note-:7-17\"><span class=\"mw-cite-backlink\">\u2191 <sup><a href=\"#cite_ref-:7_17-0\">17.0<\/a><\/sup> <sup><a href=\"#cite_ref-:7_17-1\">17.1<\/a><\/sup><\/span> <span class=\"reference-text\">McGinnis JM, Williams-Russo P, Knickman JR. The case for more active policy attention to health promotion. Health Aff (Millwood). 2002 Mar-Apr;21(2):78-93.<\/span><\/li>\n<li id=\"cite_note-18\"><span class=\"mw-cite-backlink\"><a href=\"#cite_ref-18\">\u2191<\/a><\/span> <span class=\"reference-text\">Braveman P, Gottlieb L. <a class=\"external text\" href=\"https:\/\/journals.sagepub.com\/doi\/pdf\/10.1177\/00333549141291S206\" rel=\"nofollow\">The social determinants of health: it&rsquo;s time to consider the causes of the causes<\/a>. Public Health Rep. 2014 Jan-Feb;129 Suppl 2(Suppl 2):19-31.<\/span><\/li>\n<li id=\"cite_note-19\"><span class=\"mw-cite-backlink\"><a href=\"#cite_ref-19\">\u2191<\/a><\/span> <span class=\"reference-text\">Let&rsquo;s Learn Public Health. Social Determinants of Health &#8211; an introduction.2017. Available from: <a class=\"external free\" href=\"https:\/\/www.youtube.com\/watch?v=8PH4JYfF4Ns\" rel=\"nofollow\">https:\/\/www.youtube.com\/watch?v=8PH4JYfF4Ns<\/a> (last accessed 16\/08\/2022)<\/span><\/li>\n<\/ol>\n<\/div>\n<p><!-- NewPP limit report Cached time: 20220908050947 Cache expiry: 0 Dynamic content: true Complications: () CPU time usage: 0.110 seconds Real time usage: 0.118 seconds Preprocessor visited node count: 449\/1000000 Post\u2010expand include size: 94\/2097152 bytes Template argument size: 0\/2097152 bytes Highest expansion depth: 3\/40 Expensive parser function count: 0\/100 Unstrip recursion depth: 0\/20 Unstrip post\u2010expand size: 16606\/5000000 bytes --><br \/>\n<!-- Transclusion expansion time report (%,ms,calls,template) 100.00% 11.565 1 Special:Contributors\/Overview_of_the_ICF_and_Clinical_Practice 100.00% 11.565 1 -total --><\/p>\n<\/div>\n","protected":false},"excerpt":{"rendered":"<p>R\u00e9dacteur original &#8211; Ewa Jaraczewska bas\u00e9 sur le cours de Patricia Saleeby Principaux contributeurs &#8211; Ewa Jaraczewska et Jess Bell Contenu 1 Introduction 1.1 Vocabulaire pertinent 1.2 Professions cliniques 2 La classification internationale du fonctionnement, du handicap et de la sant\u00e9 3 Qualificatifs de la CIF 4 Liste de contr\u00f4le de la CIF 4.1 Sections [&hellip;]<\/p>\n","protected":false},"author":1,"featured_media":0,"parent":0,"menu_order":0,"comment_status":"closed","ping_status":"closed","template":"","meta":{"_acf_changed":false,"footnotes":""},"class_list":["post-2913","page","type-page","status-publish","hentry"],"acf":[],"_links":{"self":[{"href":"https:\/\/langs.physio-pedia.com\/fr\/wp-json\/wp\/v2\/pages\/2913","targetHints":{"allow":["GET"]}}],"collection":[{"href":"https:\/\/langs.physio-pedia.com\/fr\/wp-json\/wp\/v2\/pages"}],"about":[{"href":"https:\/\/langs.physio-pedia.com\/fr\/wp-json\/wp\/v2\/types\/page"}],"author":[{"embeddable":true,"href":"https:\/\/langs.physio-pedia.com\/fr\/wp-json\/wp\/v2\/users\/1"}],"replies":[{"embeddable":true,"href":"https:\/\/langs.physio-pedia.com\/fr\/wp-json\/wp\/v2\/comments?post=2913"}],"version-history":[{"count":7,"href":"https:\/\/langs.physio-pedia.com\/fr\/wp-json\/wp\/v2\/pages\/2913\/revisions"}],"predecessor-version":[{"id":2930,"href":"https:\/\/langs.physio-pedia.com\/fr\/wp-json\/wp\/v2\/pages\/2913\/revisions\/2930"}],"wp:attachment":[{"href":"https:\/\/langs.physio-pedia.com\/fr\/wp-json\/wp\/v2\/media?parent=2913"}],"curies":[{"name":"wp","href":"https:\/\/api.w.org\/{rel}","templated":true}]}}