{"id":2275,"date":"2022-08-12T20:07:06","date_gmt":"2022-08-12T20:07:06","guid":{"rendered":"https:\/\/langs.physio-pedia.com\/introduction-to-spinal-cord-injury-fr\/"},"modified":"2022-09-19T05:14:41","modified_gmt":"2022-09-19T05:14:41","slug":"introduction-to-spinal-cord-injury-fr","status":"publish","type":"page","link":"https:\/\/langs.physio-pedia.com\/fr\/introduction-to-spinal-cord-injury-fr\/","title":{"rendered":"Introduction aux l\u00e9sions de la moelle \u00e9pini\u00e8re"},"content":{"rendered":"<div class=\"mw-parser-output\">\n<div class=\"editorbox\">\n<p><b>R\u00e9dacteur original &#8211; <\/b> <a title=\"User:Ewa Jaraczewska\" href=\"\/User:Ewa_Jaraczewska\">Ewa Jaraczewska<\/a> d&rsquo;apr\u00e8s le cours de <a class=\"external text\" href=\"https:\/\/members.physio-pedia.com\/course_tutor\/melanie-skeen-harding\/\" rel=\"nofollow\">Melanie Harding<\/a><\/p>\n<p><b>Contributeurs principaux<\/b> &#8211; <a class=\"mw-userlink\" title=\"User:Ewa Jaraczewska\" href=\"\/User:Ewa_Jaraczewska\"><bdi>Ewa Jaraczewska<\/bdi><\/a>, <a class=\"mw-userlink\" title=\"User:Lucinda hampton\" href=\"\/User:Lucinda_hampton\"><bdi>Lucinda hampton<\/bdi><\/a>, <a class=\"mw-userlink\" title=\"User:Jess Bell\" href=\"\/User:Jess_Bell\"><bdi>Jess Bell<\/bdi><\/a>, <a class=\"mw-userlink\" title=\"User:Kim Jackson\" href=\"\/User:Kim_Jackson\"><bdi>Kim Jackson<\/bdi><\/a> et <a class=\"mw-userlink\" title=\"User:Tarina van der Stockt\" href=\"\/User:Tarina_van_der_Stockt\"><bdi>Tarina van der Stockt<\/bdi><\/a><\/p>\n<\/div>\n<div id=\"toc\" class=\"toc\" role=\"navigation\" aria-labelledby=\"mw-toc-heading\"><input id=\"toctogglecheckbox\" class=\"toctogglecheckbox\" style=\"display: none;\" role=\"button\" type=\"checkbox\" \/><\/p>\n<div class=\"toctitle\" dir=\"ltr\" lang=\"en\">\n<h2 id=\"mw-toc-heading\">Contenu<\/h2>\n<\/div>\n<ul>\n<li class=\"toclevel-1 tocsection-1\"><a href=\"#Introduction\"><span class=\"tocnumber\">1<\/span> <span class=\"toctext\">Introduction<\/span><\/a><\/li>\n<li class=\"toclevel-1 tocsection-2\"><a href=\"#History_of_Spinal_Cord_Injury_Rehabilitation\"><span class=\"tocnumber\">2<\/span> <span class=\"toctext\">Histoire de la r\u00e9adaptation des l\u00e9sions de la moelle \u00e9pini\u00e8re<\/span><\/a><\/li>\n<li class=\"toclevel-1 tocsection-3\"><a href=\"#Aetiology\"><span class=\"tocnumber\">3<\/span> <span class=\"toctext\">\u00c9tiologie<\/span><\/a><\/li>\n<li class=\"toclevel-1 tocsection-4\"><a href=\"#Epidemiology\"><span class=\"tocnumber\">4<\/span> <span class=\"toctext\">\u00c9pid\u00e9miologie<\/span><\/a><\/li>\n<li class=\"toclevel-1 tocsection-5\"><a href=\"#Complications_of_Spinal_Cord_Injuries\"><span class=\"tocnumber\">5<\/span> <span class=\"toctext\">Complications des l\u00e9sions de la moelle \u00e9pini\u00e8re<\/span><\/a><\/li>\n<li class=\"toclevel-1 tocsection-6\"><a href=\"#Classification_of_Spinal_Cord_Injuries\"><span class=\"tocnumber\">6<\/span> <span class=\"toctext\">Classification des l\u00e9sions de la moelle \u00e9pini\u00e8re<\/span><\/a><\/li>\n<li class=\"toclevel-1 tocsection-7\"><a href=\"#Spinal_Cord_Injury_Syndromes\"><span class=\"tocnumber\">7<\/span> <span class=\"toctext\">Syndromes de l\u00e9sions de la moelle \u00e9pini\u00e8re<\/span><\/a><\/li>\n<li class=\"toclevel-1 tocsection-8\"><a href=\"#Prognosis_and_Outcomes\"><span class=\"tocnumber\">8<\/span> <span class=\"toctext\">Pronostic et cons\u00e9quences<\/span><\/a><\/li>\n<li class=\"toclevel-1 tocsection-9\"><a href=\"#Resources\"><span class=\"tocnumber\">9<\/span> <span class=\"toctext\">Ressources<\/span><\/a><\/li>\n<li class=\"toclevel-1 tocsection-10\"><a href=\"#References\"><span class=\"tocnumber\">10<\/span> <span class=\"toctext\">R\u00e9f\u00e9rences<\/span><\/a><\/li>\n<\/ul>\n<\/div>\n<h2><span id=\"Introduction\" class=\"mw-headline\">Introduction<\/span><span class=\"mw-editsection\"><span class=\"mw-editsection-bracket\">(<\/span><a class=\"mw-editsection-visualeditor\" title=\"Edit section: Introduction\" href=\"\/index.php?title=Introduction_to_Spinal_Cord_Injury&amp;veaction=edit&amp;section=1\">edit<\/a><span class=\"mw-editsection-divider\"> | <\/span><a title=\"Edit section: Introduction\" href=\"\/index.php?title=Introduction_to_Spinal_Cord_Injury&amp;action=edit&amp;section=1\">edit source<\/a><span class=\"mw-editsection-bracket\">)<\/span><\/span><\/h2>\n<div class=\"floatright\"><a class=\"image\" href=\"\/File:Spinal_cord.jpg\"><img loading=\"lazy\" decoding=\"async\" src=\"https:\/\/www.physio-pedia.com\/images\/thumb\/c\/cb\/Spinal_cord.jpg\/374px-Spinal_cord.jpg\" srcset=\"https:\/\/www.physio-pedia.com\/images\/c\/cb\/Spinal_cord.jpg 1.5x\" alt=\"\" width=\"374\" height=\"299\" \/><\/a><\/div>\n<p>Les l\u00e9sions de la <a title=\"Spinal cord anatomy\" href=\"\/Spinal_cord_anatomy\">moelle \u00e9pini\u00e8re<\/a> (LM) entra\u00eenent la perte de capacit\u00e9 d&rsquo;un <a title=\"Muscle\" href=\"\/Muscle\">muscle<\/a> \u00e0 g\u00e9n\u00e9rer de la puissance, perte des <a title=\"Sensation\" href=\"\/Sensation\">sensations<\/a> et de la capacit\u00e9 \u00e0 contr\u00f4ler les intestins et la vessie. Les efforts de r\u00e9adaptation se concentrent sur la pr\u00e9vention des complications secondaires associ\u00e9es \u00e0 la perte de mobilit\u00e9. Une technologie de pointe fournit une assistance m\u00e9canique permettant aux patients de r\u00e9apprendre \u00e0 marcher ou \u00e0 bouger leurs bras.<\/p>\n<h2><span id=\"History_of_Spinal_Cord_Injury_Rehabilitation\" class=\"mw-headline\">Histoire de la r\u00e9adaptation des l\u00e9sions de la moelle \u00e9pini\u00e8re <\/span><span class=\"mw-editsection\"><span class=\"mw-editsection-bracket\">(<\/span> <a class=\"mw-editsection-visualeditor\" title=\"Edit section: History of Spinal Cord Injury Rehabilitation\" href=\"\/index.php?title=Introduction_to_Spinal_Cord_Injury&amp;veaction=edit&amp;section=2\">\u00e9diter<\/a> <span class=\"mw-editsection-divider\"> | <\/span> <a title=\"Edit section: History of Spinal Cord Injury Rehabilitation\" href=\"\/index.php?title=Introduction_to_Spinal_Cord_Injury&amp;action=edit&amp;section=2\">source d&rsquo;\u00e9dition<\/a> <span class=\"mw-editsection-bracket\">)<\/span><\/span><\/h2>\n<p>Le traitement des <a title=\"L\u00e9sion de la moelle \u00e9pini\u00e8re\" href=\"\/Spinal_Cord_Injury\">l\u00e9sions de la moelle \u00e9pini\u00e8re<\/a> a \u00e9t\u00e9 mis au point par Theodor Kocher (Suisse) et William Wagner (Allemagne), mais les r\u00e9f\u00e9rences aux l\u00e9sions de la moelle \u00e9pini\u00e8re remontent \u00e0 l&rsquo;\u00e9poque classique. <sup id=\"cite_ref-1\" class=\"reference\"><a href=\"#cite_note-1\">(1)<\/a><\/sup><\/p>\n<ul>\n<li>Le papyrus chirurgical d&rsquo;Edwin Smith en \u00c9gypte, datant d&rsquo;environ 3000 avant J.-C., d\u00e9crit la <a title=\"Paraplegia\" href=\"\/Paraplegia\">parapl\u00e9gie<\/a> suite \u00e0 une blessure \u00e0 la colonne vert\u00e9brale.<\/li>\n<li>Hippocrate (vers 460-370 avant J.-C.) d\u00e9crit la traction dans le traitement des l\u00e9sions de la moelle \u00e9pini\u00e8re.<\/li>\n<li>Paul d&rsquo;\u00c9gine (625-690 apr. J.-C.) utilise un treuil pour la luxation de la colonne vert\u00e9brale et sugg\u00e8re une <a title=\"Laminectomy\" href=\"\/Laminectomy\">laminectomie<\/a>.<\/li>\n<li>Avicenne (vers 980-1037) d\u00e9finit la paralysie cons\u00e9cutive \u00e0 une fracture de la colonne vert\u00e9brale comme une blessure mortelle.<\/li>\n<\/ul>\n<ul>\n<li>Roland de Parme (vers 1230), originaire de Salerne, utilisait l&rsquo;extension manuelle dans le traitement des l\u00e9sions de la moelle \u00e9pini\u00e8re. Il a \u00e9t\u00e9 pionnier de l&rsquo;<i>intervention pr\u00e9coce.<\/i><\/li>\n<li>Ambroise Par\u00e9 (1564-1598) a propos\u00e9 la laminectomie pour le traitement des l\u00e9sions de la moelle \u00e9pini\u00e8re.<\/li>\n<li>Astley Cooper (1768-1841) et Charles Bell (1774-1842) voulaient introduire le traitement des l\u00e9sions de la moelle \u00e9pini\u00e8re dans les h\u00f4pitaux universitaires de Londres. Bell s&rsquo;est concentr\u00e9 sur des proc\u00e9dures de diagnostic pr\u00e9cises. Selon lui, l&rsquo;op\u00e9ration \u00e9tait dangereuse. Il enseignait que l&rsquo;insuffisance r\u00e9nale \u00e9tait la cause de d\u00e9c\u00e8s suite \u00e0 une l\u00e9sion de la moelle \u00e9pini\u00e8re.<\/li>\n<li>Henry Cline (1750-1827) a \u00e9t\u00e9 le premier \u00e0 pratiquer une laminectomie pour le traitement des l\u00e9sions de la moelle \u00e9pini\u00e8re.<\/li>\n<li>En Allemagne, Wilhelm Wagner (1848-1900) a mis au point le premier protocole de traitement des l\u00e9sions de la moelle \u00e9pini\u00e8re. Avec Paul Stolper (1865-1906), il a co\u00e9crit un livre sur les l\u00e9sions de la moelle \u00e9pini\u00e8re incluant l&rsquo;anatomie, la pathologie, le m\u00e9canisme de la l\u00e9sion et le traitement pratique.<\/li>\n<li>Le Suisse Theodor Kocher (1841-1917) est connu pour ses recherches sur l&rsquo;anatomie et la physiologie des l\u00e9sions de la moelle \u00e9pini\u00e8re.<\/li>\n<li>La premi\u00e8re guerre mondiale : a contribu\u00e9 \u00e0 l&rsquo;\u00e9laboration du concept de gestion moderne des l\u00e9sions de la colonne vert\u00e9brale en raison du nombre \u00e9lev\u00e9 de victimes de guerre souffrant de l\u00e9sions de la moelle \u00e9pini\u00e8re.<\/li>\n<li>Entre la premi\u00e8re et la deuxi\u00e8me guerre mondiale, le Royaume-Uni a poursuivi sa prise en charge des patients souffrant d&rsquo;une l\u00e9sion de la moelle \u00e9pini\u00e8re.<\/li>\n<li>\n<div class=\"thumb tright\">\n<div class=\"thumbinner\" style=\"width: 202px;\"><a class=\"image\" href=\"\/File:Ludwig_Guttmann2.jpeg\"><img loading=\"lazy\" decoding=\"async\" class=\"thumbimage\" src=\"https:\/\/www.physio-pedia.com\/images\/thumb\/8\/80\/Ludwig_Guttmann2.jpeg\/200px-Ludwig_Guttmann2.jpeg\" srcset=\"https:\/\/www.physio-pedia.com\/images\/thumb\/8\/80\/Ludwig_Guttmann2.jpeg\/301px-Ludwig_Guttmann2.jpeg 1.5x, https:\/\/www.physio-pedia.com\/images\/thumb\/8\/80\/Ludwig_Guttmann2.jpeg\/400px-Ludwig_Guttmann2.jpeg 2x\" alt=\"\" width=\"200\" height=\"259\" \/><\/a><\/p>\n<div class=\"thumbcaption\">\n<div class=\"magnify\"><\/div>\n<p>Ludwig Guttmann<\/p>\n<\/div>\n<\/div>\n<\/div>\n<p>Charles Frazier (1870-1936), aux \u00c9tats-Unis, a fourni une analyse statistique des r\u00e9sultats de chirurgie pour les cas de l\u00e9sions de la moelle \u00e9pini\u00e8re, du pronostic, de l&rsquo;esp\u00e9rance de vie, de la lib\u00e9ration au domicile et du travail. Une page et demie de son livre contient des informations sur la gestion physique des l\u00e9sions de la moelle \u00e9pini\u00e8re.<\/li>\n<li>George Riddoch (1888-1947) est connu pour ses travaux sur la r\u00e9adaptation et la physiopathologie des l\u00e9sions de la moelle \u00e9pini\u00e8re.<\/li>\n<li>Donald Munro (1889-1973) est le p\u00e8re du traitement de la parapl\u00e9gie.<\/li>\n<li>Ludwig Guttmann (1899-1980) est consid\u00e9r\u00e9 comme le fondateur du traitement moderne des l\u00e9sions de la moelle \u00e9pini\u00e8re. Il a form\u00e9 des unit\u00e9s sp\u00e9cialis\u00e9es dans les l\u00e9sions de la moelle \u00e9pini\u00e8re, g\u00e9rant la colonne vert\u00e9brale, la vessie, les intestins, la <a title=\"Skin\" href=\"\/Skin\">peau<\/a>, et offrant une \u00e9ducation et une r\u00e9adaptation. La prise en charge conservatrice est pass\u00e9e de traction, alitement et attelle \u00e0 la prise en charge chirurgicale et attelle, ce qui a permis de r\u00e9duire la dur\u00e9e de l&rsquo;alitement.<sup id=\"cite_ref-:0_2-0\" class=\"reference\"><a href=\"#cite_note-:0-2\">(2)<\/a><\/sup><\/li>\n<\/ul>\n<h2><span id=\"Aetiology\" class=\"mw-headline\">\u00c9tiologie<\/span><span class=\"mw-editsection\"><span class=\"mw-editsection-bracket\">(<\/span><a class=\"mw-editsection-visualeditor\" title=\"Edit section: Aetiology\" href=\"\/index.php?title=Introduction_to_Spinal_Cord_Injury&amp;veaction=edit&amp;section=3\">edit<\/a><span class=\"mw-editsection-divider\"> | <\/span><a title=\"Edit section: Aetiology\" href=\"\/index.php?title=Introduction_to_Spinal_Cord_Injury&amp;action=edit&amp;section=3\">edit source<\/a><span class=\"mw-editsection-bracket\">)<\/span><\/span><\/h2>\n<p>Les <b>causes<\/b> <b>traumatiques<\/b> des l\u00e9sions de la moelle \u00e9pini\u00e8re sont les suivantes :<\/p>\n<ul>\n<li><a title=\"Chutes\" href=\"https:\/\/langs.physio-pedia.com\/fr\/falls-fr\/\">Chutes <\/a>: d&rsquo;une bonne hauteur ou simples chutes<\/li>\n<li>Accidents de v\u00e9hicules moteur (AVM)<\/li>\n<li>Accidents li\u00e9s au sport<\/li>\n<li>Violence<\/li>\n<li>Autres causes de blessures <sup id=\"cite_ref-:1_3-0\" class=\"reference\"><a href=\"#cite_note-:1-3\">(3)<\/a><\/sup><sup id=\"cite_ref-4\" class=\"reference\"><a href=\"#cite_note-4\">(4)<\/a><\/sup><\/li>\n<\/ul>\n<p>Les accidents de la route (AVM) et les chutes sont les causes les plus fr\u00e9quentes de blessures, avec des pourcentages presque \u00e9gaux. Dans les pays d\u00e9velopp\u00e9s, la principale cause de l\u00e9sion m\u00e9dullaire \u00e9tait autrefois les AVM, mais elle est r\u00e9cemment devenue les chutes. Dans les pays \u00e0 faible revenu, les chutes sont la cause la plus fr\u00e9quente de l\u00e9sion de la moelle \u00e9pini\u00e8re.<sup id=\"cite_ref-:1_3-1\" class=\"reference\"><a href=\"#cite_note-:1-3\">(3)<\/a><\/sup><\/p>\n<p>Les <b>causes non traumatiques<\/b> de l\u00e9sions de la moelle \u00e9pini\u00e8re sont les suivantes :<\/p>\n<ul>\n<li><a title=\"Neurodegenerative Disease\" href=\"\/Neurodegenerative_Disease\">D\u00e9g\u00e9n\u00e9rescence<\/a><\/li>\n<li><a title=\"Autoimmune Disorders\" href=\"\/Autoimmune_Disorders\">Affection inflammatoire ou auto-immune<\/a><\/li>\n<li><a title=\"Oncology\" href=\"\/Oncology\">Tumeurs<\/a><\/li>\n<li>Troubles vasculaires<\/li>\n<li><a class=\"mw-redirect\" title=\"Infectious Disease\" href=\"\/Infectious_Disease\">Infection<\/a><\/li>\n<li><a title=\"Tuberculosis\" href=\"\/Tuberculosis\">Tuberculose<\/a> (Afrique sub-saharienne). <sup id=\"cite_ref-:0_2-1\" class=\"reference\"><a href=\"#cite_note-:0-2\">(2)<\/a><\/sup><\/li>\n<\/ul>\n<p><b>Donn\u00e9es d\u00e9mographiques sur les patients <\/b>: (vous trouverez des informations sur le monde par revenu et par r\u00e9gion (en anglais) <a class=\"external text\" href=\"https:\/\/datatopics.worldbank.org\/world-development-indicators\/the-world-by-income-and-region.html\" rel=\"nofollow\">ici<\/a>)<\/p>\n<ul>\n<li>Pays d\u00e9velopp\u00e9s :\n<ul>\n<li>Rapport hommes\/femmes : de 1,10:1 \u00e0 6,69:1<\/li>\n<li>\u00c2ge moyen : de 14,6 \u00e0 67,6 ans<\/li>\n<\/ul>\n<\/li>\n<\/ul>\n<ul>\n<li>Pays \u00e0 faible revenu :\n<ul>\n<li>Rapport hommes\/femmes : de 1,00:1 \u00e0 7,59:1<\/li>\n<li>\u00c2ge moyen : de 29,5 \u00e0 46,0 ans<sup id=\"cite_ref-:1_3-2\" class=\"reference\"><a href=\"#cite_note-:1-3\">(3)<\/a><\/sup><\/li>\n<\/ul>\n<\/li>\n<\/ul>\n<p><b>Niveau et gravit\u00e9 de la blessure<\/b><\/p>\n<ul>\n<li>Les l\u00e9sions de la moelle \u00e9pini\u00e8re <a title=\"Cervical Anatomy\" href=\"\/Cervical_Anatomy\">cervicale<\/a> sont fr\u00e9quentes dans les pays d\u00e9velopp\u00e9s et les pays non d\u00e9velopp\u00e9s.<\/li>\n<li>Le pourcentage de blessures compl\u00e8tes est inf\u00e9rieur \u00e0 celui des blessures incompl\u00e8tes.<\/li>\n<li>La t\u00e9trapl\u00e9gie est plus fr\u00e9quente que la <a title=\"Paraplegia\" href=\"\/Paraplegia\">parapl\u00e9gie<\/a>, tant dans les pays d\u00e9velopp\u00e9s que dans les pays non d\u00e9velopp\u00e9s.<\/li>\n<li>Les l\u00e9sions compl\u00e8tes sur le plan moteur (ASIA A ou B) \u00e9taient plus fr\u00e9quentes chez les patients souffrant de l\u00e9sions traumatiques, tandis que les l\u00e9sions incompl\u00e8tes sur le plan moteur (ASIA C ou D) \u00e9taient plus fr\u00e9quentes chez les patients souffrant de l\u00e9sions non traumatiques. <sup id=\"cite_ref-:1_3-3\" class=\"reference\"><a href=\"#cite_note-:1-3\">(3)<\/a><\/sup><\/li>\n<\/ul>\n<h2><span id=\"Epidemiology\" class=\"mw-headline\">\u00c9pid\u00e9miologie<\/span><span class=\"mw-editsection\"><span class=\"mw-editsection-bracket\">(<\/span><a class=\"mw-editsection-visualeditor\" title=\"Edit section: Epidemiology\" href=\"\/index.php?title=Introduction_to_Spinal_Cord_Injury&amp;veaction=edit&amp;section=4\">edit<\/a><span class=\"mw-editsection-divider\"> | <\/span><a title=\"Edit section: Epidemiology\" href=\"\/index.php?title=Introduction_to_Spinal_Cord_Injury&amp;action=edit&amp;section=4\">edit source<\/a><span class=\"mw-editsection-bracket\">)<\/span><\/span><\/h2>\n<p><b>Pays d\u00e9velopp\u00e9s :<\/b><\/p>\n<ul>\n<li><i>Incidence <\/i>: de 13,1 \u00e0 163,4 par million de personnes<\/li>\n<li><i>Pr\u00e9valence <\/i>: de 490 \u00e0 526 par million d&rsquo;habitants<\/li>\n<li><i>Mortalit\u00e9 <\/i>: de 3,1% \u00e0 22,2%.<sup id=\"cite_ref-:1_3-4\" class=\"reference\"><a href=\"#cite_note-:1-3\">(3)<\/a><\/sup><\/li>\n<\/ul>\n<p><b>Pays \u00e0 faible revenu :<\/b><\/p>\n<ul>\n<li><i>Incidence <\/i>: de 13,0 \u00e0 220,0 par million de personnes<\/li>\n<li><i>Pr\u00e9valence <\/i>: environ 440,026 par million de personnes<\/li>\n<li><i>Mortalit\u00e9 <\/i>: 1,4 % \u00e0 20,0 %.<sup id=\"cite_ref-:1_3-5\" class=\"reference\"><a href=\"#cite_note-:1-3\">(3)<\/a><\/sup><\/li>\n<\/ul>\n<p>Exemples d&rsquo;<b>esp\u00e9rance de vie<\/b> pour une personne de 20 ans :<\/p>\n<ul>\n<li>individu en bonne sant\u00e9 : 79,5 ans<\/li>\n<li>Personne avec une l\u00e9sion incompl\u00e8te de la moelle \u00e9pini\u00e8re : 72,9 ans<\/li>\n<li>personne atteinte de parapl\u00e9gie : 65,5 ans<\/li>\n<li>personne atteinte de t\u00e9trapl\u00e9gie basse : 60,7 ans<\/li>\n<li>personne atteinte de t\u00e9trapl\u00e9gie haute (C5 et plus haut) : 56,9 ans.<sup id=\"cite_ref-:0_2-2\" class=\"reference\"><a href=\"#cite_note-:0-2\">(2)<\/a><\/sup><\/li>\n<\/ul>\n<p>Vous pouvez lire plus d&rsquo;informations sur l&rsquo;\u00e9pid\u00e9miologie des l\u00e9sions de la moelle \u00e9pini\u00e8re dans le monde (en anglais) <a class=\"external text\" href=\"https:\/\/dc.tsinghuajournals.com\/cgi\/viewcontent.cgi?article=1015&amp;context=journal-of-neurorestoratology\" rel=\"nofollow\">ici.<\/a><\/p>\n<h2><span id=\"Complications_of_Spinal_Cord_Injuries\" class=\"mw-headline\">Complications des l\u00e9sions de la moelle \u00e9pini\u00e8re <\/span><span class=\"mw-editsection\"><span class=\"mw-editsection-bracket\">(<\/span> <a class=\"mw-editsection-visualeditor\" title=\"Edit section: Complications of Spinal Cord Injuries\" href=\"\/index.php?title=Introduction_to_Spinal_Cord_Injury&amp;veaction=edit&amp;section=5\">\u00e9diter<\/a> <span class=\"mw-editsection-divider\"> | <\/span> <a title=\"Edit section: Complications of Spinal Cord Injuries\" href=\"\/index.php?title=Introduction_to_Spinal_Cord_Injury&amp;action=edit&amp;section=5\">source d&rsquo;\u00e9dition<\/a> <span class=\"mw-editsection-bracket\">)<\/span><\/span><\/h2>\n<ul>\n<li>Les complications respiratoires : sont les principales <a title=\"Multimorbidity\" href=\"\/Multimorbidity\">comorbidit\u00e9s<\/a> chez les personnes souffrant de l\u00e9sions <a title=\"Cervical Anatomy\" href=\"\/Cervical_Anatomy\">cervicales<\/a> et <a title=\"Thoracic Anatomy\" href=\"\/Thoracic_Anatomy\">thoraciques<\/a> hautes. Les complications comprennent la <a title=\"Pneumonia\" href=\"\/Pneumonia\">pneumonie<\/a>, l&rsquo;<a title=\"Atelectasis\" href=\"\/Atelectasis\">at\u00e9lectasie<\/a> et d&rsquo;autres probl\u00e8mes respiratoires. Avec un niveau plus \u00e9lev\u00e9 de l\u00e9sion de la moelle \u00e9pini\u00e8re, il y a un risque accru de complications respiratoires. <sup id=\"cite_ref-5\" class=\"reference\"><a href=\"#cite_note-5\">(5)<\/a><\/sup><sup id=\"cite_ref-6\" class=\"reference\"><a href=\"#cite_note-6\">(6)<\/a><\/sup><\/li>\n<li><a title=\"Pressure Ulcers\" href=\"\/Pressure_Ulcers\">Les ulc\u00e8res de d\u00e9cubitus (pression) <\/a>: se d\u00e9finissent comme une l\u00e9sion localis\u00e9e de la peau et\/ou du tissu sous-jacent. Elles se d\u00e9veloppent g\u00e9n\u00e9ralement sur une pro\u00e9minence osseuse, \u00e0 la suite d&rsquo;une pression et\/ou de forces de cisaillement.<sup id=\"cite_ref-:2_7-0\" class=\"reference\"><a href=\"#cite_note-:2-7\">(7)<\/a><\/sup><\/li>\n<li>Les contractures articulaires : entra\u00eenent des douleurs, des d\u00e9formations, une perte de fonction, une diminution de l&rsquo;ind\u00e9pendance et une baisse de la qualit\u00e9 de vie. Les patients atteints de t\u00e9trapl\u00e9gie sont particuli\u00e8rement expos\u00e9s \u00e0 la contracture des articulations de l&rsquo;\u00e9paule et du coude.<sup id=\"cite_ref-:2_7-1\" class=\"reference\"><a href=\"#cite_note-:2-7\">(7)<\/a><\/sup><\/li>\n<li><a title=\"Myositis Ossificans\" href=\"\/Myositis_Ossificans\">La myositis ossificans<\/a>: se caract\u00e9rise par la formation d&rsquo;un nouvel os extraosseux (ectopique) dans les tissus mous entourant les articulations p\u00e9riph\u00e9riques. La pathophysiologie de cette affection n&rsquo;est pas bien d\u00e9finie.<\/li>\n<li><a title=\"Autonomic Dysreflexia\" href=\"\/Autonomic_Dysreflexia\">La dysr\u00e9flexie autonome <\/a>: \u00e9pisode d&rsquo;<a title=\"Hypertension\" href=\"\/Hypertension\">hypertension<\/a> en r\u00e9ponse \u00e0 des r\u00e9flexes <a title=\"Sympathetic Nervous System\" href=\"\/Sympathetic_Nervous_System\">sympathiques<\/a> non modul\u00e9s apr\u00e8s une l\u00e9sion de la moelle \u00e9pini\u00e8re. <sup id=\"cite_ref-8\" class=\"reference\"><a href=\"#cite_note-8\">(8)<\/a><\/sup><\/li>\n<li><a title=\"Syringomyelia\" href=\"\/Syringomyelia\">La syringomy\u00e9lie <\/a>: maladie neurog\u00e8ne rare qui peut endommager la moelle \u00e9pini\u00e8re en raison de la formation d&rsquo;une zone remplie de liquide sous la forme d&rsquo;un kyste, g\u00e9n\u00e9ralement situ\u00e9e dans la colonne cervicale haute. Pr\u00e9sente principalement des sympt\u00f4mes sensoriels tels qu&rsquo;une insensibilit\u00e9 \u00e0 la douleur et \u00e0 la temp\u00e9rature.<sup id=\"cite_ref-9\" class=\"reference\"><a href=\"#cite_note-9\">(9)<\/a><\/sup><\/li>\n<li><a title=\"Urinary Tract Infection\" href=\"\/Urinary_Tract_Infection\">Les infections des voies urinaires<\/a> sont dues \u00e0 l&rsquo;utilisation r\u00e9p\u00e9t\u00e9e ou prolong\u00e9e de cath\u00e9ters, qu&rsquo;il s&rsquo;agisse de cath\u00e9ters \u00e0 demeure ou de cath\u00e9ters intermittents. Il existe un risque \u00e9lev\u00e9 d&rsquo;introduction de diff\u00e9rents types de bact\u00e9ries dans le syst\u00e8me urinaire, ce qui entra\u00eene des infections des voies urinaires.<sup id=\"cite_ref-10\" class=\"reference\"><a href=\"#cite_note-10\">(10)<\/a><\/sup><\/li>\n<li>La py\u00e9lon\u00e9phrite : inflammation des <a title=\"Kidney\" href=\"\/Kidney\">reins<\/a> caus\u00e9e par une <a title=\"Bacterial Infections\" href=\"\/Bacterial_Infections\">infection bact\u00e9rienne.<\/a> Elle survient lorsqu&rsquo;une <a title=\"Urinary Tract Infection\" href=\"\/Urinary_Tract_Infection\">infection des voies urinaires<\/a> se propage de la vessie aux reins. <sup id=\"cite_ref-11\" class=\"reference\"><a href=\"#cite_note-11\">(11)<\/a><\/sup><\/li>\n<li>Les calculs <a title=\"Kidney Stones\" href=\"\/Kidney_Stones\">r\u00e9naux<\/a> et v\u00e9sicaux : il existe un risque accru de formation de calculs v\u00e9sicaux et de morbidit\u00e9 li\u00e9e aux op\u00e9rations chirurgicales destin\u00e9es \u00e0 les retirer chez les personnes atteintes de l\u00e9sions de la moelle \u00e9pini\u00e8re. Cela se produit souvent dans la premi\u00e8re ann\u00e9e apr\u00e8s une l\u00e9sion de la moelle \u00e9pini\u00e8re, mais l&rsquo;histoire naturelle des calculs v\u00e9sicaux dans cette population de patients est mal d\u00e9finie.<sup id=\"cite_ref-12\" class=\"reference\"><a href=\"#cite_note-12\">(12)<\/a><\/sup><\/li>\n<li><a title=\"Chronic Kidney Disease\" href=\"\/Chronic_Kidney_Disease\">L&rsquo;insuffisance r\u00e9nale<\/a><\/li>\n<li>Les carcinomes de la vessie : le d\u00e9veloppement d&rsquo;une vessie neurog\u00e8ne apr\u00e8s une l\u00e9sion de la moelle \u00e9pini\u00e8re peut entra\u00eener un cancer de la vessie.<sup id=\"cite_ref-13\" class=\"reference\"><a href=\"#cite_note-13\">(13)<\/a><\/sup><\/li>\n<li><a title=\"Urinary Incontinence\" href=\"\/Urinary_Incontinence\">Incontinence urinaire<\/a> ou <a title=\"Constipation\" href=\"\/Constipation\">constipation<\/a> : la dysfonction intestinale est l&rsquo;une des complications secondaires les plus r\u00e9pandues apr\u00e8s une l\u00e9sion de la moelle \u00e9pini\u00e8re et l&rsquo;am\u00e9lioration de la dysfonction intestinale est consid\u00e9r\u00e9e comme l&rsquo;une des plus grandes priorit\u00e9s chez les personnes atteintes d&rsquo;une l\u00e9sion de la moelle \u00e9pini\u00e8re. <sup id=\"cite_ref-:2_7-2\" class=\"reference\"><a href=\"#cite_note-:2-7\">(7)<\/a><\/sup><\/li>\n<li><a title=\"Nociception\" href=\"\/Nociception\">Les douleurs nociceptives<\/a> et <a class=\"mw-redirect\" title=\"Neuropathic pain\" href=\"\/Neuropathic_pain\">neuropathiques <\/a>: peuvent survenir chez jusqu&rsquo;\u00e0 60 % des patients souffrant d&rsquo;une l\u00e9sion de la moelle \u00e9pini\u00e8re. Parmi ces personnes, 58 % ont signal\u00e9 des douleurs nociceptives (musculo-squelettiques). Des <a title=\"Neuropathic Pain\" href=\"\/Neuropathic_Pain\">douleurs neuropathiques<\/a> au niveau ou en dessous du niveau de l\u00e9sion ont \u00e9t\u00e9 observ\u00e9es chez 5 \u00e0 53 % des patients. <sup id=\"cite_ref-:3_14-0\" class=\"reference\"><a href=\"#cite_note-:3-14\">(14)<\/a><\/sup><\/li>\n<li><a title=\"Spasticit\u00e9\" href=\"\/Spasticity\">La spasticit\u00e9 <\/a>: est une complication fr\u00e9quente apr\u00e8s une l\u00e9sion de la moelle \u00e9pini\u00e8re. Elle survient g\u00e9n\u00e9ralement quelques semaines apr\u00e8s l&rsquo;apparition aigu\u00eb de la l\u00e9sion et peut se d\u00e9velopper sur plusieurs mois ou ann\u00e9es. <sup id=\"cite_ref-15\" class=\"reference\"><a href=\"#cite_note-15\">(15)<\/a><\/sup><\/li>\n<li><a title=\"Orthostatic Hypotension\" href=\"\/Orthostatic_Hypotension\">L&rsquo;hypotension posturale <\/a>: chute soudaine de la pression art\u00e9rielle lors d&rsquo;un changement de position, par exemple, de la position couch\u00e9e \u00e0 la position assise.<\/li>\n<li>L&rsquo;alt\u00e9ration du contr\u00f4le de la temp\u00e9rature : les personnes souffrant d&rsquo;une l\u00e9sion importante de la moelle \u00e9pini\u00e8re pr\u00e9sentent une augmentation de la temp\u00e9rature corporelle ainsi qu&rsquo;une r\u00e9tention de chaleur accrue.<sup id=\"cite_ref-16\" class=\"reference\"><a href=\"#cite_note-16\">(16)<\/a><\/sup><\/li>\n<li>La <a title=\"Depression\" href=\"\/Depression\">d\u00e9pression <\/a>: est relativement courante apr\u00e8s une l\u00e9sion de la moelle \u00e9pini\u00e8re, se produisant chez plus de 70% des personnes atteintes. Elle affecte l&rsquo;humeur, les ambitions, les points de vue, les capacit\u00e9s de r\u00e9solution de probl\u00e8mes et le niveau d&rsquo;\u00e9nergie.<sup id=\"cite_ref-17\" class=\"reference\"><a href=\"#cite_note-17\">(17)<\/a><\/sup><\/li>\n<li><a title=\"L'ost\u00e9oporose\" href=\"https:\/\/langs.physio-pedia.com\/osteoporosis\/\">L&rsquo;ost\u00e9oporose<\/a>: une perte <a title=\"Os\" href=\"https:\/\/langs.physio-pedia.com\/fr\/bone-fr\/\">osseuse<\/a> rapide et un risque \u00e9lev\u00e9 de <a title=\"Insufficiency Fracture\" href=\"\/Insufficiency_Fracture\">fracture<\/a> ont \u00e9t\u00e9 associ\u00e9s aux l\u00e9sions de la moelle \u00e9pini\u00e8re. Apr\u00e8s une l\u00e9sion de la moelle \u00e9pini\u00e8re, une augmentation significative de la r\u00e9sorption osseuse et une d\u00e9ficience de l&rsquo;activit\u00e9 anabolique osseuse entra\u00eenent une perte osseuse rapide, en particulier au niveau du <a title=\"Femur\" href=\"\/Femur\">f\u00e9mur<\/a> distal et du <a title=\"Tibia\" href=\"\/Tibia\">tibia<\/a> proximal. <sup id=\"cite_ref-18\" class=\"reference\"><a href=\"#cite_note-18\">(18)<\/a><\/sup><\/li>\n<li>Le dysfonctionnement sexuel : lorsque le besoin d&rsquo;expression sexuelle et d&rsquo;intimit\u00e9 diminue. Cela est li\u00e9 aux cons\u00e9quences biologiques des l\u00e9sions de la moelle \u00e9pini\u00e8re, aux troubles \u00e9motionnels ou au manque de contacts interpersonnels.<sup id=\"cite_ref-:3_14-1\" class=\"reference\"><a href=\"#cite_note-:3-14\">(14)<\/a><\/sup><\/li>\n<\/ul>\n<h2><span id=\"Classification_of_Spinal_Cord_Injuries\" class=\"mw-headline\">Classification des l\u00e9sions de la moelle \u00e9pini\u00e8re <\/span><span class=\"mw-editsection\"><span class=\"mw-editsection-bracket\">(<\/span> <a class=\"mw-editsection-visualeditor\" title=\"Edit section: Classification of Spinal Cord Injuries\" href=\"\/index.php?title=Introduction_to_Spinal_Cord_Injury&amp;veaction=edit&amp;section=6\">\u00e9diter<\/a> <span class=\"mw-editsection-divider\"> | <\/span> <a title=\"Edit section: Classification of Spinal Cord Injuries\" href=\"\/index.php?title=Introduction_to_Spinal_Cord_Injury&amp;action=edit&amp;section=6\">source d&rsquo;\u00e9dition<\/a> <span class=\"mw-editsection-bracket\">)<\/span><\/span><\/h2>\n<p>L&rsquo;<a title=\"American Spinal Cord Injury Association (ASIA) Impairment Scale\" href=\"\/American_Spinal_Cord_Injury_Association_(ASIA)_Impairment_Scale\">American Spinal Injury Association<\/a> (ASIA) et l&rsquo;International Spinal Injury Society (ISCoS) ont introduit une classification standardis\u00e9e pour les personnes atteintes d&rsquo;une l\u00e9sion de la moelle \u00e9pini\u00e8re, appel\u00e9e <i>International Standards for Neurological Classification of Spinal Cord Injury<\/i> (ISNCSCI) aussi appel\u00e9e en fran\u00e7ais Normes internationales de classification neurologique des l\u00e9sions de la moelle \u00e9pini\u00e8re.<sup id=\"cite_ref-:4_19-0\" class=\"reference\"><a href=\"#cite_note-:4-19\">(19)<\/a><\/sup> Cette classification permet aux cliniciens de d\u00e9terminer, \u00e0 partir de l&rsquo;<a title=\"L'\u00e9valuation neurologique\" href=\"\/Neurological_Assessment\">examen neurologique<\/a>, le niveau et la gravit\u00e9 de la l\u00e9sion de la moelle \u00e9pini\u00e8re et peut \u00eatre utilis\u00e9e dans toutes les phases de r\u00e9cup\u00e9ration post-l\u00e9sionnelle. Cette classification inclue les \u00e9l\u00e9ments suivants : <sup id=\"cite_ref-:4_19-1\" class=\"reference\"><a href=\"#cite_note-:4-19\">(19)<\/a><\/sup><\/p>\n<ol>\n<li>Tests sensoriels dans vingt-huit <a title=\"Dermatomes\" href=\"\/Dermatomes\">dermatomes<\/a><\/li>\n<li>Fonctions musculaires de dix muscles cl\u00e9s des extr\u00e9mit\u00e9s sup\u00e9rieures et inf\u00e9rieures des deux c\u00f4t\u00e9s du corps.<\/li>\n<\/ol>\n<p>L&rsquo;objectif de la normalisation de la classification des l\u00e9sions de la moelle \u00e9pini\u00e8re :<\/p>\n<ol>\n<li>Standardisation de la documentation clinique<\/li>\n<li>Standardisation de la communication des d\u00e9ficiences neurologiques li\u00e9es aux l\u00e9sions de la moelle \u00e9pini\u00e8re<\/li>\n<li>D\u00e9finir les crit\u00e8res d&rsquo;inclusion et d&rsquo;exclusion en fonction de l&rsquo;objectif de recherche<\/li>\n<li>D\u00e9finir l&rsquo;\u00e9valuation des r\u00e9sultats dans les \u00e9tudes de recherche<\/li>\n<\/ol>\n<p>La r\u00e9vision finale de l&rsquo;ISNCSCI a \u00e9t\u00e9 publi\u00e9e en 2019 et est incluse dans le programme de formation en ligne de l&rsquo;ASIA appel\u00e9 International Standards Training e-Program (InSTeP). <sup id=\"cite_ref-:5_20-0\" class=\"reference\"><a href=\"#cite_note-:5-20\">(20)<\/a><\/sup><sup id=\"cite_ref-21\" class=\"reference\"><a href=\"#cite_note-21\">(21)<\/a><\/sup><\/p>\n<div class=\"center\">\n<div class=\"thumb tnone\">\n<div class=\"thumbinner\" style=\"width: 442px;\"><a class=\"image\" href=\"\/File:Asia_scale.jpg\"><img loading=\"lazy\" decoding=\"async\" class=\"thumbimage\" src=\"https:\/\/www.physio-pedia.com\/images\/thumb\/b\/b9\/Asia_scale.jpg\/440px-Asia_scale.jpg\" srcset=\"https:\/\/www.physio-pedia.com\/images\/b\/b9\/Asia_scale.jpg 1.5x\" alt=\"\" width=\"440\" height=\"340\" \/><\/a><\/p>\n<div class=\"thumbcaption\">\n<div class=\"magnify\"><\/div>\n<p>\u00e9chelle ASIA<\/p>\n<\/div>\n<\/div>\n<\/div>\n<\/div>\n<p>Voici les bar\u00e8mes de d\u00e9ficience :<\/p>\n<ul>\n<li><b>ASIE A :<\/b> L\u00e9sion compl\u00e8te o\u00f9 aucune fonction sensorielle ou motrice n&rsquo;est pr\u00e9serv\u00e9e dans les segments sacr\u00e9s S4-S5. <sup id=\"cite_ref-:5_20-1\" class=\"reference\"><a href=\"#cite_note-:5-20\">(20)<\/a><\/sup><\/li>\n<li><b>ASIE B :<\/b> Sensoriel incomplet caract\u00e9ris\u00e9 par une fonction sensorielle pr\u00e9serv\u00e9e, mais pas de fonction motrice au niveau des segments sacr\u00e9s les plus caudaux S4-S5 <b>ET<\/b> aucune fonction motrice pr\u00e9sente \u00e0 plus de trois niveaux sous le niveau moteur, de chaque c\u00f4t\u00e9 du corps. <sup id=\"cite_ref-:5_20-2\" class=\"reference\"><a href=\"#cite_note-:5-20\">(20)<\/a><\/sup><\/li>\n<li><b>ASIA C :<\/b> Motricit\u00e9 incompl\u00e8te avec une fonction motrice pr\u00e9serv\u00e9e au niveau des segments sacr\u00e9s les plus caudaux lors de la contraction anale volontaire (VAC). <b> OU<\/b> le patient r\u00e9pond aux crit\u00e8res de l&rsquo;\u00e9tat sensoriel incomplet (fonction sensorielle pr\u00e9serv\u00e9e au niveau des segments sacr\u00e9s les plus caudaux S4-S5), avec \u00e9pargne de la fonction motrice \u00e0 plus de trois niveaux en dessous du niveau moteur, de chaque c\u00f4t\u00e9 du corps.<sup id=\"cite_ref-:5_20-3\" class=\"reference\"><a href=\"#cite_note-:5-20\">(20)<\/a><\/sup><\/li>\n<li><b> ASIE D :<\/b> Motricit\u00e9 incompl\u00e8te comme ci-dessus avec au moins la moiti\u00e9 des fonctions musculaires cl\u00e9s en dessous de l&rsquo;unique niveau neurologique de la l\u00e9sion ayant un <a class=\"mw-redirect\" title=\"Muscle Strength\" href=\"\/Muscle_Strength\">grade musculaire \u2265 3. <\/a><sup id=\"cite_ref-:5_20-4\" class=\"reference\"><a href=\"#cite_note-:5-20\">(20)<\/a><\/sup><\/li>\n<li><b>ASIA E:<\/b>La sensation et la fonction motrice sont normales dans tous les segments et le patient avait des d\u00e9ficits ant\u00e9rieurs, alors le grade ASIA est E. <i>Une personne sans l\u00e9sion de la moelle \u00e9pini\u00e8re ne re\u00e7oit pas de note ASIA. <\/i><sup id=\"cite_ref-:5_20-5\" class=\"reference\"><a href=\"#cite_note-:5-20\">(20)<\/a><\/sup><sup id=\"cite_ref-22\" class=\"reference\"><a href=\"#cite_note-22\">(22)<\/a><\/sup><\/li>\n<\/ul>\n<p>Un patient pr\u00e9sentant un ASIA A lors du premier examen dans les 72 heures suivant la blessure a 3 % de chances de <a title=\"Walking - Muscles Used\" href=\"\/Walking_-_Muscles_Used\">marcher<\/a>. Un patient pr\u00e9sentant un ASIA B a 31 % de chances de devenir un ASIA D apr\u00e8s un an de suivi. Les patients pr\u00e9sentant une d\u00e9ficience de type ASIA C ont 67 % de chances de devenir une d\u00e9ficience de type ASIA D et un individu pr\u00e9sentant une l\u00e9sion de la moelle \u00e9pini\u00e8re de type ASIA D a 85 % de chances de se r\u00e9tablir et de marcher apr\u00e8s un an. <sup id=\"cite_ref-:0_2-3\" class=\"reference\"><a href=\"#cite_note-:0-2\">(2)<\/a><\/sup><\/p>\n<p>Vous trouverez <a class=\"external text\" href=\"https:\/\/www.ncbi.nlm.nih.gov\/pmc\/articles\/PMC8152171\/\" rel=\"nofollow\">ici<\/a> une discussion d\u00e9taill\u00e9e de l&rsquo;\u00e9valuation ISNCSCI (en anglais). Vous pouvez t\u00e9l\u00e9charger le formulaire ASIA sur le <a class=\"external text\" href=\"https:\/\/asia-spinalinjury.org\/wp-content\/uploads\/2019\/04\/ASIA-ISCOS-IntlWorksheet_2019.pdf\" rel=\"nofollow\">site Internet de cette association<\/a>.<\/p>\n<h2><span id=\"Spinal_Cord_Injury_Syndromes\" class=\"mw-headline\">Syndromes de l\u00e9sions de la moelle \u00e9pini\u00e8re <\/span><span class=\"mw-editsection\"><span class=\"mw-editsection-bracket\">(<\/span> <a class=\"mw-editsection-visualeditor\" title=\"Edit section: Spinal Cord Injury Syndromes\" href=\"\/index.php?title=Introduction_to_Spinal_Cord_Injury&amp;veaction=edit&amp;section=7\">\u00e9diter<\/a> <span class=\"mw-editsection-divider\"> | <\/span> <a title=\"Edit section: Spinal Cord Injury Syndromes\" href=\"\/index.php?title=Introduction_to_Spinal_Cord_Injury&amp;action=edit&amp;section=7\">source d&rsquo;\u00e9dition<\/a> <span class=\"mw-editsection-bracket\">)<\/span><\/span><\/h2>\n<div class=\"thumb tright\">\n<div class=\"thumbinner\" style=\"width: 311px;\"><a class=\"image\" href=\"\/File:Spinal_Cord_Lesions_and_Syndromes.jpeg\"><img loading=\"lazy\" decoding=\"async\" class=\"thumbimage\" src=\"https:\/\/www.physio-pedia.com\/images\/thumb\/0\/07\/Spinal_Cord_Lesions_and_Syndromes.jpeg\/309px-Spinal_Cord_Lesions_and_Syndromes.jpeg\" srcset=\"https:\/\/www.physio-pedia.com\/images\/thumb\/0\/07\/Spinal_Cord_Lesions_and_Syndromes.jpeg\/464px-Spinal_Cord_Lesions_and_Syndromes.jpeg 1.5x, https:\/\/www.physio-pedia.com\/images\/thumb\/0\/07\/Spinal_Cord_Lesions_and_Syndromes.jpeg\/619px-Spinal_Cord_Lesions_and_Syndromes.jpeg 2x\" alt=\"\" width=\"309\" height=\"455\" \/><\/a><\/p>\n<div class=\"thumbcaption\">\n<div class=\"magnify\"><\/div>\n<p>Types de syndromes de la moelle \u00e9pini\u00e8re<\/p>\n<\/div>\n<\/div>\n<\/div>\n<p>Les syndromes non inclus dans l&rsquo;examen des Normes internationales qui sont d\u00e9crits comme des syndromes de l\u00e9sions spinales incompl\u00e8tes sont les suivants : Cordon ant\u00e9rieur (cordonal ventral), Cordon post\u00e9rieur (cordonal post\u00e9rieur, Brown-S\u00e9quard, Cordon central (centrom\u00e9dulaire), Conus Medullaris et Cauda Equina.<\/p>\n<p><i><a title=\"Anterior Cord Syndrome\" href=\"\/Anterior_Cord_Syndrome\">Cordon ant\u00e9rieur <\/a><\/i>: Ce syndrome est caract\u00e9ris\u00e9 par des l\u00e9sions des deux tiers ant\u00e9rieurs de la moelle \u00e9pini\u00e8re, en raison d&rsquo;une diminution ou d&rsquo;une absence d&rsquo;<a class=\"mw-redirect\" title=\"Blood\" href=\"\/Blood\">apport sanguin<\/a>, g\u00e9n\u00e9ralement \u00e0 la suite de l\u00e9sions en flexion.<sup id=\"cite_ref-:5_20-6\" class=\"reference\"><a href=\"#cite_note-:5-20\">(20)<\/a><\/sup> Les voies <a title=\"Corticospinal Tract\" href=\"\/Corticospinal_Tract\">corticospinales<\/a> et <a title=\"Spinothalamic tract\" href=\"\/Spinothalamic_tract\">spinothalamiques<\/a> sont compromises, ce qui entra\u00eene une perte de la fonction motrice, de la sensation de <a title=\"Nociception\" href=\"\/Nociception\">douleur<\/a> et de la sensation de temp\u00e9rature au niveau de la blessure et en dessous.<sup id=\"cite_ref-:5_20-7\" class=\"reference\"><a href=\"#cite_note-:5-20\">(20)<\/a><\/sup> Le toucher l\u00e9ger et le sens de la position des articulations sont tous deux pr\u00e9serv\u00e9s. La personne ayant re\u00e7u un diagnostic de syndrome de cordon ant\u00e9rieur a 10 \u00e0 20 % de chances de r\u00e9cup\u00e9rer ses fonctions motrices.<sup id=\"cite_ref-:0_2-4\" class=\"reference\"><a href=\"#cite_note-:0-2\">(2)<\/a><\/sup><\/p>\n<p><i>Cordon post\u00e9rieur<\/i>: Une blessure en extension de la colonne vert\u00e9brale ou des h\u00e9matomes post-chirurgicaux peuvent entra\u00eener le d\u00e9veloppement de ce syndrome. Les sympt\u00f4mes cliniques comprennent une perte sensorielle, principalement de la <a title=\"Proprioception\" href=\"\/Proprioception\">proprioception<\/a>, et des troubles de <a title=\"\u00c9quilibre\" href=\"\/Balance\">l&rsquo;\u00e9quilibre<\/a> dus \u00e0 un manque de proprioception. Les r\u00e9sultats fonctionnels incluent la d\u00e9ambulation \u00e0 l&rsquo;aide d&rsquo;<a title=\"Assistive Devices\" href=\"\/Assistive_Devices\">appareils fonctionnels<\/a>. <sup id=\"cite_ref-:0_2-5\" class=\"reference\"><a href=\"#cite_note-:0-2\">(2)<\/a><\/sup><\/p>\n<div class=\"thumb tright\">\n<div class=\"thumbinner\" style=\"width: 302px;\"><a class=\"image\" href=\"\/File:Incomplete_Spinal_Cord_Injury.png\"><img loading=\"lazy\" decoding=\"async\" class=\"thumbimage\" src=\"https:\/\/www.physio-pedia.com\/images\/thumb\/9\/91\/Incomplete_Spinal_Cord_Injury.png\/300px-Incomplete_Spinal_Cord_Injury.png\" srcset=\"https:\/\/www.physio-pedia.com\/images\/thumb\/9\/91\/Incomplete_Spinal_Cord_Injury.png\/450px-Incomplete_Spinal_Cord_Injury.png 1.5x, https:\/\/www.physio-pedia.com\/images\/9\/91\/Incomplete_Spinal_Cord_Injury.png 2x\" alt=\"Incomplete Spinal Cord Injury.png\" width=\"300\" height=\"525\" \/><\/a><\/p>\n<div class=\"thumbcaption\">\n<div class=\"magnify\"><\/div>\n<\/div>\n<\/div>\n<\/div>\n<p><i><a title=\"Brown-Sequard Syndrome\" href=\"\/Brown-Sequard_Syndrome\">Brown-S\u00e9quard<\/a><\/i>: Se pr\u00e9sente cliniquement avec une perte ipsilat\u00e9rale de la proprioception et du contr\u00f4le vibratoire et moteur au niveau et en dessous de la l\u00e9sion, une perte sensorielle au niveau de la l\u00e9sion et une perte contralat\u00e9rale de la sensation de douleur et de temp\u00e9rature. Cela est d\u00fb \u00e0 une l\u00e9sion d&rsquo;un c\u00f4t\u00e9 de la moelle \u00e9pini\u00e8re. Le syndrome de Brown S\u00e9quard est rarement pr\u00e9sent seul et comprend souvent certaines caract\u00e9ristiques du syndrome du cordon central, cette condition est parfois appel\u00e9e syndrome de Brown S\u00e9quard-plus.<sup id=\"cite_ref-:5_20-8\" class=\"reference\"><a href=\"#cite_note-:5-20\">(20)<\/a><\/sup><\/p>\n<p><i><a title=\"Central Cord Syndrome\" href=\"\/Central_Cord_Syndrome\">Cordon central<\/a><\/i> : Ce syndrome est la cons\u00e9quence d&rsquo;une blessure en hyperextension (par exemple, \u00e0 la suite d&rsquo;une chute) lorsqu&rsquo;une personne a des ant\u00e9c\u00e9dents sous-jacents de <a title=\"Cervical Spondylosis\" href=\"\/Cervical_Spondylosis\">spondylose cervicale<\/a>. <sup id=\"cite_ref-:5_20-9\" class=\"reference\"><a href=\"#cite_note-:5-20\">(20)<\/a><\/sup> Il n&rsquo;est pas n\u00e9cessaire qu&rsquo;une <a title=\"Fracture\" href=\"https:\/\/langs.physio-pedia.com\/fr\/fracture-fr\/\">fracture<\/a> ou une dislocation de la colonne vert\u00e9brale se produise en m\u00eame temps. La pr\u00e9sentation clinique inclue une l\u00e9sion incompl\u00e8te avec une plus grande faiblesse dans les membres sup\u00e9rieurs par rapport aux membres inf\u00e9rieurs. Le pronostic est bon, mais il peut d\u00e9pendre de l&rsquo;\u00e2ge de la personne, avec une meilleure r\u00e9cup\u00e9ration chez les patients plus jeunes.<sup id=\"cite_ref-:0_2-6\" class=\"reference\"><a href=\"#cite_note-:0-2\">(2)<\/a><\/sup><\/p>\n<p><i>Conus Medullaris <\/i>: La principale cause de ce syndrome est une l\u00e9sion de la moelle sacr\u00e9e, du conus medullaris et des racines lombaires. <sup id=\"cite_ref-:0_2-7\" class=\"reference\"><a href=\"#cite_note-:0-2\">(2)<\/a><\/sup> Cliniquement, on observe une perte de la fonction v\u00e9sicale et intestinale et des membres inf\u00e9rieurs, mais les sympt\u00f4mes peuvent varier en fonction du niveau de la l\u00e9sion. Dans certains cas, elle peut \u00eatre diagnostiqu\u00e9e \u00e0 tort comme une l\u00e9sion de queue de cheval <a title=\"Cauda Equina\" href=\"\/Cauda_Equina\">(cauda equina)<\/a>. <sup id=\"cite_ref-:5_20-10\" class=\"reference\"><a href=\"#cite_note-:5-20\">(20)<\/a><\/sup><\/p>\n<p><a title=\"Cauda Equina Syndrome\" href=\"\/Cauda_Equina_Syndrome\"><i> Cauda Equina <\/i><\/a>: D\u00fb \u00e0 une l\u00e9sion du <a title=\"Motor Neurone\" href=\"\/Motor_Neurone\">motoneurone<\/a> inf\u00e9rieur, ce syndrome se caract\u00e9rise par une paralysie flasque des muscles des membres inf\u00e9rieurs, et une ar\u00e9flexie de l&rsquo;intestin et de la vessie. Il peut y avoir une perte partielle ou compl\u00e8te de la sensibilit\u00e9 et une atrophie des muscles.<sup id=\"cite_ref-:5_20-11\" class=\"reference\"><a href=\"#cite_note-:5-20\">(20)<\/a><\/sup><\/p>\n<h2><span id=\"Prognosis_and_Outcomes\" class=\"mw-headline\">Pronostic et cons\u00e9quences <\/span><span class=\"mw-editsection\"><span class=\"mw-editsection-bracket\">(<\/span> <a class=\"mw-editsection-visualeditor\" title=\"Edit section: Prognosis and Outcomes\" href=\"\/index.php?title=Introduction_to_Spinal_Cord_Injury&amp;veaction=edit&amp;section=8\">\u00e9diter<\/a> <span class=\"mw-editsection-divider\"> | <\/span> <a title=\"Edit section: Prognosis and Outcomes\" href=\"\/index.php?title=Introduction_to_Spinal_Cord_Injury&amp;action=edit&amp;section=8\">source d&rsquo;\u00e9dition<\/a> <span class=\"mw-editsection-bracket\">)<\/span><\/span><\/h2>\n<div class=\"thumb tright\">\n<div class=\"thumbinner\" style=\"width: 302px;\"><a class=\"image\" href=\"\/File:Wheelchair_sports.jpeg\"><img loading=\"lazy\" decoding=\"async\" class=\"thumbimage\" src=\"https:\/\/www.physio-pedia.com\/images\/thumb\/e\/ed\/Wheelchair_sports.jpeg\/300px-Wheelchair_sports.jpeg\" srcset=\"https:\/\/www.physio-pedia.com\/images\/thumb\/e\/ed\/Wheelchair_sports.jpeg\/450px-Wheelchair_sports.jpeg 1.5x, https:\/\/www.physio-pedia.com\/images\/thumb\/e\/ed\/Wheelchair_sports.jpeg\/600px-Wheelchair_sports.jpeg 2x\" alt=\"\" width=\"300\" height=\"240\" \/><\/a><\/p>\n<div class=\"thumbcaption\">\n<div class=\"magnify\"><\/div>\n<p>Sports en fauteuil roulant<\/p>\n<\/div>\n<\/div>\n<\/div>\n<p>Lorsqu&rsquo;on discute du pronostic et des cons\u00e9quences d&rsquo;une l\u00e9sion de la moelle \u00e9pini\u00e8re, il faut reconna\u00eetre les limites de l&rsquo;examen neurologique ainsi que la diversit\u00e9 des l\u00e9sions de moelle \u00e9pini\u00e8re. Les r\u00e9sultats de l&rsquo;examen peuvent varier en fonction de la volont\u00e9 et de la capacit\u00e9 du patient \u00e0 participer, de l&rsquo;exp\u00e9rience et de la formation du physioth\u00e9rapeute \u00e0 l&rsquo;administration du test et r\u00e9sulte de l&rsquo;interpr\u00e9tation et de la complexit\u00e9 de l&rsquo;examen sacr\u00e9.<sup id=\"cite_ref-:6_23-0\" class=\"reference\"><a href=\"#cite_note-:6-23\">(23)<\/a><\/sup> Une revue de la litt\u00e9rature indique que les examens effectu\u00e9s dans les 24 heures \u00e0 une semaine apr\u00e8s la blessure sont les plus fiables et les plus pr\u00e9dictifs des cons\u00e9quences neurologiques.<sup id=\"cite_ref-:6_23-1\" class=\"reference\"><a href=\"#cite_note-:6-23\">(23)<\/a><\/sup> D&rsquo;autres facteurs influencent le pronostic d&rsquo;une l\u00e9sion de la moelle \u00e9pini\u00e8re : le niveau de la l\u00e9sion, sa gravit\u00e9, son \u00e9tiologie, le moment de l&rsquo;intervention, les complications qui modifient la maladie et les facteurs g\u00e9n\u00e9tiques propres au patient.<sup id=\"cite_ref-24\" class=\"reference\"><a href=\"#cite_note-24\">(24)<\/a><\/sup><\/p>\n<p>D&rsquo;autres facteurs ont un impact sur la r\u00e9cup\u00e9ration neurologique et fonctionnelle apr\u00e8s une l\u00e9sion de la moelle \u00e9pini\u00e8re :<\/p>\n<ul>\n<li>L&rsquo;\u00e2ge :\n<ul>\n<li>Un \u00e2ge plus jeune au moment de la blessure est un bon pr\u00e9dicteur positif.<sup id=\"cite_ref-:6_23-2\" class=\"reference\"><a href=\"#cite_note-:6-23\">(23)<\/a><\/sup><\/li>\n<li>Les patients de plus de 50 ans ont moins de chances de r\u00e9cup\u00e9rer leur capacit\u00e9 de marche un an apr\u00e8s la blessure, par rapport aux patients de moins de 50 ans.<sup id=\"cite_ref-:6_23-3\" class=\"reference\"><a href=\"#cite_note-:6-23\">(23)<\/a><\/sup><\/li>\n<li>Les personnes ayant subi une blessure \u00e0 un \u00e2ge \u2265 65 ans pr\u00e9sentaient une \u00e9volution du score moteur et une r\u00e9cup\u00e9ration fonctionnelle moindres par rapport aux personnes plus jeunes lorsque lib\u00e9r\u00e9s de la r\u00e9adaptation.<sup id=\"cite_ref-:6_23-4\" class=\"reference\"><a href=\"#cite_note-:6-23\">(23)<\/a><\/sup><\/li>\n<li>Dans les cas de l\u00e9sions de la moelle \u00e9pini\u00e8re centrale, les patients de plus de 50 ans r\u00e9cup\u00e8rent moins bien que les patients plus jeunes. 41% des patients \u00e2g\u00e9s contre 97% des individus plus jeunes ont une chance de se d\u00e9placer, 29% contre 83% auront une r\u00e9cup\u00e9ration de la vessie, 24% contre 63% ont une chance de retrouver une fonction intestinale, et 24% contre 77% peuvent retrouver leur ind\u00e9pendance en mati\u00e8re d&rsquo;habillage.<sup id=\"cite_ref-:0_2-8\" class=\"reference\"><a href=\"#cite_note-:0-2\">(2)<\/a><\/sup><\/li>\n<\/ul>\n<\/li>\n<\/ul>\n<ul>\n<li>Type de blessure :\n<ul>\n<li>Un <i> traumatisme p\u00e9n\u00e9trant (violent)<\/i> de la moelle \u00e9pini\u00e8re entra\u00eenera plus probablement une l\u00e9sion compl\u00e8te de la moelle \u00e9pini\u00e8re. Il est moins probable que l&rsquo;on observe une am\u00e9lioration de l&rsquo;AIS lors du suivi apr\u00e8s un an.<sup id=\"cite_ref-25\" class=\"reference\"><a href=\"#cite_note-25\">(25)<\/a><\/sup><\/li>\n<li>Une l\u00e9sion de moelle \u00e9pini\u00e8re compl\u00e8te due \u00e0 un <i>traumatisme contondant<\/i> de la moelle \u00e9pini\u00e8re pr\u00e9sente un taux plus \u00e9lev\u00e9 de conversion en l\u00e9sion incompl\u00e8te. <sup id=\"cite_ref-26\" class=\"reference\"><a href=\"#cite_note-26\">(26)<\/a><\/sup><\/li>\n<\/ul>\n<\/li>\n<\/ul>\n<ul>\n<li>Sexe :\n<ul>\n<li>Les patients de sexe f\u00e9minin pr\u00e9sentent une meilleure r\u00e9cup\u00e9ration neurologique dans les scores moteurs ASIA entre l&rsquo;examen initial et apr\u00e8s un an. Cela s&rsquo;applique aux personnes pr\u00e9sentant des l\u00e9sions neurologiques compl\u00e8tes et incompl\u00e8tes.<sup id=\"cite_ref-27\" class=\"reference\"><a href=\"#cite_note-27\">(27)<\/a><\/sup><\/li>\n<li>La majorit\u00e9 des donn\u00e9es publi\u00e9es n&rsquo;indiquent pas que le sexe a un effet sur la r\u00e9cup\u00e9ration neurologique suivant une l\u00e9sion de la moelle \u00e9pini\u00e8re.<sup id=\"cite_ref-:6_23-5\" class=\"reference\"><a href=\"#cite_note-:6-23\">(23)<\/a><\/sup><\/li>\n<\/ul>\n<\/li>\n<\/ul>\n<h2><span id=\"Resources\" class=\"mw-headline\">Ressources<\/span><span class=\"mw-editsection\"><span class=\"mw-editsection-bracket\">(<\/span><a class=\"mw-editsection-visualeditor\" title=\"Edit section: Resources\" href=\"\/index.php?title=Introduction_to_Spinal_Cord_Injury&amp;veaction=edit&amp;section=9\">edit<\/a><span class=\"mw-editsection-divider\"> | <\/span><a title=\"Edit section: Resources\" href=\"\/index.php?title=Introduction_to_Spinal_Cord_Injury&amp;action=edit&amp;section=9\">edit source<\/a><span class=\"mw-editsection-bracket\">)<\/span><\/span><\/h2>\n<ol>\n<li>Rehabilitation Evidence: <a class=\"external free\" href=\"https:\/\/scireproject.com\/evidence\/rehabilitation-evidence\/\" rel=\"nofollow\">https:\/\/scireproject.com\/evidence\/rehabilitation-evidence\/<\/a><\/li>\n<li>American Spinal Injury Association. International Standards Training e-Program 2019: <a class=\"external free\" href=\"https:\/\/asia-spinalinjury.org\/learning\/\" rel=\"nofollow\">https:\/\/asia-spinalinjury.org\/learning\/<\/a><\/li>\n<li>Facing Disability. Spinal Cord Injury Resources:<a class=\"external free\" href=\"https:\/\/facingdisability.com\/resources\" rel=\"nofollow\">https:\/\/facingdisability.com\/resources<\/a><\/li>\n<\/ol>\n<h2><span id=\"References\" class=\"mw-headline\">R\u00e9f\u00e9rences<\/span><span class=\"mw-editsection\"><span class=\"mw-editsection-bracket\">(<\/span><a class=\"mw-editsection-visualeditor\" title=\"Edit section: References\" href=\"\/index.php?title=Introduction_to_Spinal_Cord_Injury&amp;veaction=edit&amp;section=10\">edit<\/a><span class=\"mw-editsection-divider\"> | <\/span><a title=\"Edit section: References\" href=\"\/index.php?title=Introduction_to_Spinal_Cord_Injury&amp;action=edit&amp;section=10\">edit source<\/a><span class=\"mw-editsection-bracket\">)<\/span><\/span><\/h2>\n<div class=\"mw-references-wrap mw-references-columns\">\n<ol class=\"references\">\n<li id=\"cite_note-1\"><span class=\"mw-cite-backlink\"><a href=\"#cite_ref-1\">\u2191<\/a><\/span> <span class=\"reference-text\">Silver JR. <a class=\"external text\" href=\"https:\/\/pmj.bmj.com\/content\/81\/952\/108.full\" rel=\"nofollow\">History of the treatment of spinal injuries<\/a>. Postgraduate medical journal. 2005 Feb 1;81(952):108-14.<\/span><\/li>\n<li id=\"cite_note-:0-2\"><span class=\"mw-cite-backlink\">\u2191 <sup><a href=\"#cite_ref-:0_2-0\">2.0<\/a><\/sup> <sup><a href=\"#cite_ref-:0_2-1\">2.1<\/a><\/sup> <sup><a href=\"#cite_ref-:0_2-2\">2.2<\/a><\/sup> <sup><a href=\"#cite_ref-:0_2-3\">2.3<\/a><\/sup> <sup><a href=\"#cite_ref-:0_2-4\">2.4<\/a><\/sup> <sup><a href=\"#cite_ref-:0_2-5\">2.5<\/a><\/sup> <sup><a href=\"#cite_ref-:0_2-6\">2.6<\/a><\/sup> <sup><a href=\"#cite_ref-:0_2-7\">2.7<\/a><\/sup> <sup><a href=\"#cite_ref-:0_2-8\">2.8<\/a><\/sup><\/span> <span class=\"reference-text\">Harding M. Introduction to Spinal Cord Injuries. Physiopedia Course 2022.<\/span><\/li>\n<li id=\"cite_note-:1-3\"><span class=\"mw-cite-backlink\">\u2191 <sup><a href=\"#cite_ref-:1_3-0\">3.0<\/a><\/sup> <sup><a href=\"#cite_ref-:1_3-1\">3.1<\/a><\/sup> <sup><a href=\"#cite_ref-:1_3-2\">3.2<\/a><\/sup> <sup><a href=\"#cite_ref-:1_3-3\">3.3<\/a><\/sup> <sup><a href=\"#cite_ref-:1_3-4\">3.4<\/a><\/sup> <sup><a href=\"#cite_ref-:1_3-5\">3.5<\/a><\/sup><\/span> <span class=\"reference-text\">Kang Y, Ding H, Zhou HX, Wei ZJ, Liu L, Pan DY, Feng SQ. <a class=\"external text\" href=\"https:\/\/www.dovepress.com\/getfile.php?fileID=39925\" rel=\"nofollow\">Epidemiology of worldwide spinal cord injury: a literature review<\/a>. Journal of Neurorestoratology. 2018;6:1-9<\/span><\/li>\n<li id=\"cite_note-4\"><span class=\"mw-cite-backlink\"><a href=\"#cite_ref-4\">\u2191<\/a><\/span> <span class=\"reference-text\">Kumar R, Lim J, Mekary RA, Rattani A, Dewan MC, Sharif SY, Osorio-Fonseca E, Park KB. Traumatic Spinal Injury: Global Epidemiology and Worldwide Volume. World Neurosurg. 2018 May;113:e345-e363.<\/span><\/li>\n<li id=\"cite_note-5\"><span class=\"mw-cite-backlink\"><a href=\"#cite_ref-5\">\u2191<\/a><\/span> <span class=\"reference-text\">Raab A. <a class=\"external text\" href=\"https:\/\/repository.ubn.ru.nl\/bitstream\/handle\/2066\/230416\/230416.pdf?sequence=1\" rel=\"nofollow\">Respiratory complications in spinal cord injury and the potential for reduction<\/a>. Doctoral dissertation, sn: sl.2021<\/span><\/li>\n<li id=\"cite_note-6\"><span class=\"mw-cite-backlink\"><a href=\"#cite_ref-6\">\u2191<\/a><\/span> <span class=\"reference-text\">Madasa V, Boggenpoel B, Phillips J, Joseph C. <a class=\"external text\" href=\"https:\/\/www.nature.com\/articles\/s41394-020-00334-w#citeas\" rel=\"nofollow\">Mortality and secondary complications four years after traumatic spinal cord injury in Cape Town, South Africa.<\/a> Spinal Cord Ser Cases, 2020;6(84).<\/span><\/li>\n<li id=\"cite_note-:2-7\"><span class=\"mw-cite-backlink\">\u2191 <sup><a href=\"#cite_ref-:2_7-0\">7.0<\/a><\/sup> <sup><a href=\"#cite_ref-:2_7-1\">7.1<\/a><\/sup> <sup><a href=\"#cite_ref-:2_7-2\">7.2<\/a><\/sup><\/span> <span class=\"reference-text\">Perrouin-Verbe B, Lefevre C, Kieny P, Gross R, Reiss B, Le Fort M. Spinal cord injury: A multisystem physiological impairment\/dysfunction. Revue Neurologique. 2021 May 1;177(5):594-605.<\/span><\/li>\n<li id=\"cite_note-8\"><span class=\"mw-cite-backlink\"><a href=\"#cite_ref-8\">\u2191<\/a><\/span> <span class=\"reference-text\">Eldahan KC, Rabchevsky AG. Autonomic dysreflexia after spinal cord injury: systemic pathophysiology and methods of management. Autonomic Neuroscience. 2018 Jan 1;209:59-70.<\/span><\/li>\n<li id=\"cite_note-9\"><span class=\"mw-cite-backlink\"><a href=\"#cite_ref-9\">\u2191<\/a><\/span> <span class=\"reference-text\">Shenoy VS, Sampath R. Syringomyelia. In: StatPearls. StatPearls Publishing, Treasure Island (FL); 2021. <\/span><\/li>\n<li id=\"cite_note-10\"><span class=\"mw-cite-backlink\"><a href=\"#cite_ref-10\">\u2191<\/a><\/span> <span class=\"reference-text\">Moshi HI, Sundelin GG, Sahlen KG, S\u00f6rlin AV. A one-year prospective study on the occurrence of traumatic spinal cord injury and clinical complications during hospitalisation in North-East Tanzania. African health sciences. 2021 Aug 2;21(2):788-94.<\/span><\/li>\n<li id=\"cite_note-11\"><span class=\"mw-cite-backlink\"><a href=\"#cite_ref-11\">\u2191<\/a><\/span> <span class=\"reference-text\">Nikolaidis P, Dogra VS, Goldfarb S, Gore JL, Harvin HJ, Heilbrun ME, Heller MT, Khatri G, Purysko AS, Savage SJ, Smith AD. ACR appropriateness criteria\u00ae acute pyelonephritis. Journal of the American College of Radiology. 2018 Nov 1;15(11):S232-9.<\/span><\/li>\n<li id=\"cite_note-12\"><span class=\"mw-cite-backlink\"><a href=\"#cite_ref-12\">\u2191<\/a><\/span> <span class=\"reference-text\">Kasabwala K, Borofsky M, Stoffel JT, Welk B, Myers JB, Lenherr SM, Elliott SP. MP54-16 ASSOCIATION OF URINARY STONES WITH PATIENT-REPORTED COMPLICATIONS IN SPINAL CORD INJURY. The Journal of Urology. 2021 Sep;206(Supplement 3):e955-6.<\/span><\/li>\n<li id=\"cite_note-13\"><span class=\"mw-cite-backlink\"><a href=\"#cite_ref-13\">\u2191<\/a><\/span> <span class=\"reference-text\">Kreydin E, Welk B, Chung D, Clemens Q, Yang C, Danforth T, Gousse A, Kielb S, Kraus S, Mangera A, Reid S. Surveillance and management of urologic complications after spinal cord injury. World journal of urology. 2018 Oct;36(10):1545-53.<\/span><\/li>\n<li id=\"cite_note-:3-14\"><span class=\"mw-cite-backlink\">\u2191 <sup><a href=\"#cite_ref-:3_14-0\">14.0<\/a><\/sup> <sup><a href=\"#cite_ref-:3_14-1\">14.1<\/a><\/sup><\/span> <span class=\"reference-text\">Tarnacka B, Korczy\u0144ski B, Frasu\u0144ska J. <a class=\"external text\" href=\"https:\/\/www.researchgate.net\/profile\/Justyna-Frasunska-2\/publication\/349502937_LONG-TERM_COMPLICATIONS_FOLLOWING_SPINAL_CORD_INJURY_AND_AGING_PSYCHIATRY_NEUROLOGY_POSTEPY_Psychiatrii_i_Neurologii_ADVANCES_IN_PSYCHIATRY_NEUROLOGY\/links\/6033d7c9299bf1cc26e440eb\/LONG-TERM-COMPLICATIONS-FOLLOWING-SPINAL-CORD-INJURY-AND-AGING-PSYCHIATRY-NEUROLOGY-POSTEPY-Psychiatrii-i-Neurologii-ADVANCES-IN-PSYCHIATRY-NEUROLOGY.pdf\" rel=\"nofollow\">Long-term complications following spinal cord injury and ageing.<\/a> Advances in Psychiatry and Neurology\/Post\u0119py Psychiatrii i Neurologii, 2021;29(4):234-45.<\/span><\/li>\n<li id=\"cite_note-15\"><span class=\"mw-cite-backlink\"><a href=\"#cite_ref-15\">\u2191<\/a><\/span> <span class=\"reference-text\">Sun WM, Ma CL, Xu J, He JP. <a class=\"external text\" href=\"https:\/\/journals.sagepub.com\/doi\/abs\/10.1177\/03000605211022294\" rel=\"nofollow\">Reduction in post-spinal cord injury spasticity by a combination of peripheral nerve grafting and acidic fibroblast growth factor infusion in monkeys.<\/a> Journal of International Medical Research. 2021 Jun;49(6):(<a class=\"external autonumber\" href=\"Tel:03000605211022294%7C03000605211022294\" rel=\"nofollow\">(1)<\/a>).<\/span><\/li>\n<li id=\"cite_note-16\"><span class=\"mw-cite-backlink\"><a href=\"#cite_ref-16\">\u2191<\/a><\/span> <span class=\"reference-text\">Price MJ, Trbovich M. Thermoregulation following spinal cord injury. Handbook of Clinical Neurology 2018 Jan 1 (Vol. 157, pp. 799-820). Elsevier.<\/span><\/li>\n<li id=\"cite_note-17\"><span class=\"mw-cite-backlink\"><a href=\"#cite_ref-17\">\u2191<\/a><\/span> <span class=\"reference-text\">Bell TM, Vetor AN, Zarzaur BL. Prevalence and treatment of depression and posttraumatic stress disorder among trauma patients with non-neurological injuries. J Trauma Acute Care Surg 2018; 85: (<a class=\"external autonumber\" href=\"Tel:999-1006%7C999-1006\" rel=\"nofollow\">(2)<\/a>).<\/span><\/li>\n<li id=\"cite_note-18\"><span class=\"mw-cite-backlink\"><a href=\"#cite_ref-18\">\u2191<\/a><\/span> <span class=\"reference-text\">Liu D, Wang B, Qiu M, Huang Y. <a class=\"external text\" href=\"https:\/\/onlinelibrary.wiley.com\/doi\/epdf\/10.1111\/jcmm.16159\" rel=\"nofollow\">MiR\u201019b\u20103p accelerates bone loss after spinal cord injury by suppressing osteogenesis via regulating PTEN\/Akt\/mTOR signalling<\/a>. Journal of Cellular and Molecular Medicine. 2021 Jan;25(2):(<a class=\"external autonumber\" href=\"Tel:990-1000%7C990-1000\" rel=\"nofollow\">(3)<\/a>).<\/span><\/li>\n<li id=\"cite_note-:4-19\"><span class=\"mw-cite-backlink\">\u2191 <sup><a href=\"#cite_ref-:4_19-0\">19.0<\/a><\/sup> <sup><a href=\"#cite_ref-:4_19-1\">19.1<\/a><\/sup><\/span> <span class=\"reference-text\">Rupp R, Schuld C, Biering-S\u00f8rensen F, Walden K, Rodriguez G, Kirshblum S. <a class=\"external text\" href=\"https:\/\/www.nature.com\/articles\/s41393-021-00646-0\" rel=\"nofollow\">A taxonomy for consistent handling of conditions not related to the spinal cord injury (SCI) in the International Standards for Neurological Classification of SCI (ISNCSCI)<\/a>. Spinal cord. 2022 Jan;60(1):18-29.<\/span><\/li>\n<li id=\"cite_note-:5-20\"><span class=\"mw-cite-backlink\">\u2191 <sup><a href=\"#cite_ref-:5_20-0\">20.00<\/a><\/sup> <sup><a href=\"#cite_ref-:5_20-1\">20.01<\/a><\/sup> <sup><a href=\"#cite_ref-:5_20-2\">20.02<\/a><\/sup> <sup><a href=\"#cite_ref-:5_20-3\">20.03<\/a><\/sup> <sup><a href=\"#cite_ref-:5_20-4\">20.04<\/a><\/sup> <sup><a href=\"#cite_ref-:5_20-5\">20.05<\/a><\/sup> <sup><a href=\"#cite_ref-:5_20-6\">20.06<\/a><\/sup> <sup><a href=\"#cite_ref-:5_20-7\">20.07<\/a><\/sup> <sup><a href=\"#cite_ref-:5_20-8\">20.08<\/a><\/sup> <sup><a href=\"#cite_ref-:5_20-9\">20.09<\/a><\/sup> <sup><a href=\"#cite_ref-:5_20-10\">20.10<\/a><\/sup> <sup><a href=\"#cite_ref-:5_20-11\">20.11<\/a><\/sup><\/span> <span class=\"reference-text\">Rupp R, Biering-S\u00f8rensen F, Burns SP, Graves DE, Guest J, Jones L, Read MS, Rodriguez GM, Schuld C, Tansey-Md KE, Walden K, Kirshblum S. <a class=\"external text\" href=\"https:\/\/www.ncbi.nlm.nih.gov\/pmc\/articles\/PMC8152171\/\" rel=\"nofollow\">International Standards for Neurological Classification of Spinal Cord Injury: Revised 2019<\/a>. Top Spinal Cord Inj Rehabil. 2021 Spring;27(2):1-22.<\/span><\/li>\n<li id=\"cite_note-21\"><span class=\"mw-cite-backlink\"><a href=\"#cite_ref-21\">\u2191<\/a><\/span> <span class=\"reference-text\">International Standards for Neurological Classification of SCI (ISNCSCI) Worksheet. Available at:<a class=\"external free\" href=\"https:\/\/asia-spinalinjury.org\/international-standards-neurological-classification-sci-isncsci-worksheet\/\" rel=\"nofollow\">https:\/\/asia-spinalinjury.org\/international-standards-neurological-classification-sci-isncsci-worksheet\/<\/a> (last accessed 27.03.2022).<\/span><\/li>\n<li id=\"cite_note-22\"><span class=\"mw-cite-backlink\"><a href=\"#cite_ref-22\">\u2191<\/a><\/span> <span class=\"reference-text\">Kirshblum S, Schmidt Read M, Rupp R. <a class=\"external text\" href=\"https:\/\/www.ncbi.nlm.nih.gov\/pmc\/articles\/PMC8737267\/\" rel=\"nofollow\">Classification challenges of the 2019 revised International Standards for Neurological Classification of Spinal Cord Injury (ISNCSCI)<\/a>. Spinal Cord. 2022 Jan;60(1):11-17. <\/span><\/li>\n<li id=\"cite_note-:6-23\"><span class=\"mw-cite-backlink\">\u2191 <sup><a href=\"#cite_ref-:6_23-0\">23.0<\/a><\/sup> <sup><a href=\"#cite_ref-:6_23-1\">23.1<\/a><\/sup> <sup><a href=\"#cite_ref-:6_23-2\">23.2<\/a><\/sup> <sup><a href=\"#cite_ref-:6_23-3\">23.3<\/a><\/sup> <sup><a href=\"#cite_ref-:6_23-4\">23.4<\/a><\/sup> <sup><a href=\"#cite_ref-:6_23-5\">23.5<\/a><\/sup><\/span> <span class=\"reference-text\">Kirshblum S, Snider B, Eren F, Guest J. <a class=\"external text\" href=\"https:\/\/www.liebertpub.com\/doi\/full\/10.1089\/neu.2020.7473\" rel=\"nofollow\">Characterizing natural recovery after traumatic spinal cord injury.<\/a> Journal of neurotrauma. 2021 May 1;38(9):1267-84.<\/span><\/li>\n<li id=\"cite_note-24\"><span class=\"mw-cite-backlink\"><a href=\"#cite_ref-24\">\u2191<\/a><\/span> <span class=\"reference-text\">Jaja BNR, Jiang F, Badhiwala JH, Sch\u00e4r R, Kurpad S, Grossman RG, Harrop JS, Guest JD, Toups EG, Shaffrey CI, Aarabi B, Boakye M, Fehlings MG, Wilson JR. <a class=\"external text\" href=\"https:\/\/www.ncbi.nlm.nih.gov\/pmc\/articles\/PMC6791472\/\" rel=\"nofollow\">Association of Pneumonia, Wound Infection, and Sepsis with Clinical Outcomes after Acute Traumatic Spinal Cord Injury.<\/a> J Neurotrauma. 2019 Nov 1;36(21):(<a class=\"external autonumber\" href=\"Tel:3044-3050%7C3044-3050\" rel=\"nofollow\">(4)<\/a>).<\/span><\/li>\n<li id=\"cite_note-25\"><span class=\"mw-cite-backlink\"><a href=\"#cite_ref-25\">\u2191<\/a><\/span> <span class=\"reference-text\">Khorasanizadeh M, Yousefifard M, Eskian M, Lu Y, Chalangari M, Harrop JS, Jazayeri SB, Seyedpour S, Khodaei B, Hosseini M, Rahimi-Movaghar V. Neurological recovery following traumatic spinal cord injury: a systematic review and meta-analysis. J Neurosurg Spine. 2019 Feb 15:1-17. <\/span><\/li>\n<li id=\"cite_note-26\"><span class=\"mw-cite-backlink\"><a href=\"#cite_ref-26\">\u2191<\/a><\/span> <span class=\"reference-text\">Roach MJ, Chen Y, Kelly ML. <a class=\"external text\" href=\"https:\/\/www.ncbi.nlm.nih.gov\/pmc\/articles\/PMC5915103\/\" rel=\"nofollow\">Comparing Blunt and Penetrating Trauma in Spinal Cord Injury: Analysis of Long-Term Functional and Neurological Outcomes<\/a>. Top Spinal Cord Inj Rehabil. 2018 Spring;24(2):121-132. <\/span><\/li>\n<li id=\"cite_note-27\"><span class=\"mw-cite-backlink\"><a href=\"#cite_ref-27\">\u2191<\/a><\/span> <span class=\"reference-text\">Sipski ML, Jackson AB, G\u00f3mez-Mar\u00edn O, Estores I, Stein A. Effects of gender on neurologic and functional recovery after spinal cord injury. Arch Phys Med Rehabil. 2004 Nov;85(11):1826-36<\/span><\/li>\n<\/ol>\n<\/div>\n<p><!-- NewPP limit report Cached time: 20220725180236 Cache expiry: 0 Dynamic content: true Complications: () CPU time usage: 0.160 seconds Real time usage: 0.168 seconds Preprocessor visited node count: 574\/1000000 Post\u2010expand include size: 60\/2097152 bytes Template argument size: 0\/2097152 bytes Highest expansion depth: 3\/40 Expensive parser function count: 0\/100 Unstrip recursion depth: 0\/20 Unstrip post\u2010expand size: 19083\/5000000 bytes --><br \/>\n<!-- Transclusion expansion time report (%,ms,calls,template) 100.00% 16.315 1 Special:Contributors\/Introduction_to_Spinal_Cord_Injury 100.00% 16.315 1 -total --><\/p>\n<\/div>\n","protected":false},"excerpt":{"rendered":"<p>R\u00e9dacteur original &#8211; Ewa Jaraczewska d&rsquo;apr\u00e8s le cours de Melanie Harding Contributeurs principaux &#8211; Ewa Jaraczewska, Lucinda hampton, Jess Bell, Kim Jackson et Tarina van der Stockt Contenu 1 Introduction 2 Histoire de la r\u00e9adaptation des l\u00e9sions de la moelle \u00e9pini\u00e8re 3 \u00c9tiologie 4 \u00c9pid\u00e9miologie 5 Complications des l\u00e9sions de la moelle \u00e9pini\u00e8re 6 Classification [&hellip;]<\/p>\n","protected":false},"author":1,"featured_media":0,"parent":0,"menu_order":0,"comment_status":"closed","ping_status":"closed","template":"","meta":{"_acf_changed":false,"footnotes":""},"class_list":["post-2275","page","type-page","status-publish","hentry"],"acf":[],"_links":{"self":[{"href":"https:\/\/langs.physio-pedia.com\/fr\/wp-json\/wp\/v2\/pages\/2275","targetHints":{"allow":["GET"]}}],"collection":[{"href":"https:\/\/langs.physio-pedia.com\/fr\/wp-json\/wp\/v2\/pages"}],"about":[{"href":"https:\/\/langs.physio-pedia.com\/fr\/wp-json\/wp\/v2\/types\/page"}],"author":[{"embeddable":true,"href":"https:\/\/langs.physio-pedia.com\/fr\/wp-json\/wp\/v2\/users\/1"}],"replies":[{"embeddable":true,"href":"https:\/\/langs.physio-pedia.com\/fr\/wp-json\/wp\/v2\/comments?post=2275"}],"version-history":[{"count":4,"href":"https:\/\/langs.physio-pedia.com\/fr\/wp-json\/wp\/v2\/pages\/2275\/revisions"}],"predecessor-version":[{"id":2786,"href":"https:\/\/langs.physio-pedia.com\/fr\/wp-json\/wp\/v2\/pages\/2275\/revisions\/2786"}],"wp:attachment":[{"href":"https:\/\/langs.physio-pedia.com\/fr\/wp-json\/wp\/v2\/media?parent=2275"}],"curies":[{"name":"wp","href":"https:\/\/api.w.org\/{rel}","templated":true}]}}