{"id":11415,"date":"2024-12-02T14:21:54","date_gmt":"2024-12-02T14:21:54","guid":{"rendered":"https:\/\/langs.physio-pedia.com\/overview-of-global-health-fr\/"},"modified":"2024-12-02T23:51:32","modified_gmt":"2024-12-02T23:51:32","slug":"overview-of-global-health-fr","status":"publish","type":"page","link":"https:\/\/langs.physio-pedia.com\/fr\/overview-of-global-health-fr\/","title":{"rendered":"Aper\u00e7u de la sant\u00e9 mondiale"},"content":{"rendered":"<div class=\"mw-parser-output\">\n<div class=\"editorbox\"><b>R\u00e9dacteur original <\/b>&#8211; <a class=\"new\" title=\"User:Derek Lai (page does not exist)\" href=\"\/index.php?title=User:Derek_Lai&amp;action=edit&amp;redlink=1\">Derek Lai<\/a> d&rsquo;apr\u00e8s le cours de <a class=\"external text\" href=\"https:\/\/members.physio-pedia.com\/course_tutor\/derek-lai\/\" rel=\"nofollow\">Derek Lai<\/a><br \/>\n<b>Principales collaboratrices<\/b> &#8211; <a class=\"mw-userlink\" title=\"User:Jess Bell\" href=\"\/User:Jess_Bell\"><bdi>Jess Bell<\/bdi><\/a>, <a class=\"mw-userlink\" title=\"User:Robin Tacchetti\" href=\"\/User:Robin_Tacchetti\"><bdi>Robin Tacchetti<\/bdi><\/a> et <a class=\"mw-userlink\" title=\"User:Kim Jackson\" href=\"\/User:Kim_Jackson\"><bdi>Kim Jackson<\/bdi><\/a><\/div>\n<div id=\"toc\" class=\"toc\" role=\"navigation\" aria-labelledby=\"mw-toc-heading\"><input id=\"toctogglecheckbox\" class=\"toctogglecheckbox\" style=\"display: none;\" role=\"button\" type=\"checkbox\"><\/p>\n<div class=\"toctitle\" dir=\"ltr\" lang=\"en\">\n<h2 id=\"mw-toc-heading\">Contenu<\/h2>\n<\/div>\n<ul>\n<li class=\"toclevel-1 tocsection-1\"><a href=\"#Introduction\"><span class=\"tocnumber\">1<\/span> <span class=\"toctext\">Introduction<\/span><\/a><\/li>\n<li class=\"toclevel-1 tocsection-2\"><a href=\"#What_Is_Health?\"><span class=\"tocnumber\">2<\/span> <span class=\"toctext\">Qu&rsquo;est-ce que la sant\u00e9 ?<\/span><\/a><\/li>\n<li class=\"toclevel-1 tocsection-3\"><a href=\"#History_of_Global_Health\"><span class=\"tocnumber\">3<\/span> <span class=\"toctext\">Histoire de la sant\u00e9 mondiale<\/span><\/a><\/li>\n<li class=\"toclevel-1 tocsection-4\"><a href=\"#Defining_Global_Health\"><span class=\"tocnumber\">4<\/span> <span class=\"toctext\">D\u00e9finition de la sant\u00e9 mondiale<\/span><\/a>\n<ul>\n<li class=\"toclevel-2 tocsection-5\"><a href=\"#Terminology\"><span class=\"tocnumber\">4.1<\/span> <span class=\"toctext\">Terminologie<\/span><\/a><\/li>\n<\/ul>\n<\/li>\n<li class=\"toclevel-1 tocsection-6\"><a href=\"#Interconnected_Systems\"><span class=\"tocnumber\">5<\/span> <span class=\"toctext\">Syst\u00e8mes interconnect\u00e9s<\/span><\/a><\/li>\n<li class=\"toclevel-1 tocsection-7\"><a href=\"#Determinants_of_Health\"><span class=\"tocnumber\">6<\/span> <span class=\"toctext\">D\u00e9terminants de la sant\u00e9<\/span><\/a><\/li>\n<li class=\"toclevel-1 tocsection-8\"><a href=\"#Key_Points\"><span class=\"tocnumber\">7<\/span> <span class=\"toctext\">Points essentiels<\/span><\/a><\/li>\n<li class=\"toclevel-1 tocsection-9\"><a href=\"#Conclusion\"><span class=\"tocnumber\">8<\/span> <span class=\"toctext\">Conclusion<\/span><\/a><\/li>\n<li class=\"toclevel-1 tocsection-10\"><a href=\"#References\"><span class=\"tocnumber\">9<\/span> <span class=\"toctext\">R\u00e9f\u00e9rences<\/span><\/a><\/li>\n<\/ul>\n<\/div>\n<h2><span id=\"Introduction\" class=\"mw-headline\">Introduction<\/span><span class=\"mw-editsection\"><span class=\"mw-editsection-bracket\">(<\/span><a class=\"mw-editsection-visualeditor\" title=\"Edit section: Introduction\" href=\"\/index.php?title=Overview_of_Global_Health&amp;veaction=edit&amp;section=1\">edit<\/a><span class=\"mw-editsection-divider\"> | <\/span><a title=\"Edit section: Introduction\" href=\"\/index.php?title=Overview_of_Global_Health&amp;action=edit&amp;section=1\">edit source<\/a><span class=\"mw-editsection-bracket\">)<\/span><\/span><\/h2>\n<p>La sant\u00e9 mondiale a fait l&rsquo;objet de nombreuses discussions ces derni\u00e8res ann\u00e9es, en particulier depuis la pand\u00e9mie de COVID-19. Les discussions centr\u00e9es sur l&rsquo;\u00e9quit\u00e9 en mati\u00e8re de sant\u00e9 mondiale et d&rsquo;autres mouvements sociaux tels que la diversit\u00e9, l&rsquo;\u00e9quit\u00e9 et l&rsquo;inclusion, et l&rsquo;\u00e9quit\u00e9 raciale ont attir\u00e9 l&rsquo;attention du public. Les professionnels de la r\u00e9adaptation peuvent jouer un r\u00f4le important au sein du syst\u00e8me de sant\u00e9 dans la poursuite de l&rsquo;\u00e9quit\u00e9 en mati\u00e8re de sant\u00e9, en particulier compte tenu de la transition \u00e9pid\u00e9miologique actuelle vers une augmentation du fardeau des maladies non transmissibles \u00e0 l&rsquo;\u00e9chelle mondiale.<\/p>\n<p>Cette page examine de mani\u00e8re critique ce que signifie la sant\u00e9 mondiale et comment l&rsquo;histoire de la sant\u00e9 mondiale a influenc\u00e9 les pratiques et les discussions actuelles. Elle vise \u00e9galement \u00e0 illustrer l&rsquo;importance de reconna\u00eetre le pouvoir, la culture et les constructions sociales comme des d\u00e9terminants structurels ayant un impact sur l&rsquo;\u00e9quit\u00e9 en mati\u00e8re de sant\u00e9.<\/p>\n<h2><span id=\"What_Is_Health.3F\"><\/span><span id=\"What_Is_Health?\" class=\"mw-headline\">Qu&rsquo;est-ce que la sant\u00e9 ? <\/span><span class=\"mw-editsection\"><span class=\"mw-editsection-bracket\">(<\/span><a class=\"mw-editsection-visualeditor\" title=\"Edit section: What Is Health?\" href=\"\/index.php?title=Overview_of_Global_Health&amp;veaction=edit&amp;section=2\">edit<\/a><span class=\"mw-editsection-divider\"> | <\/span><a title=\"Edit section: What Is Health?\" href=\"\/index.php?title=Overview_of_Global_Health&amp;action=edit&amp;section=2\">edit source<\/a><span class=\"mw-editsection-bracket\">)<\/span><\/span><\/h2>\n<p>Il existe de nombreuses d\u00e9finitions de la sant\u00e9, dont celles-ci : <sup id=\"cite_ref-:6_1-0\" class=\"reference\"><a href=\"#cite_note-:6-1\">(1)<\/a><\/sup><\/p>\n<blockquote><p>\u00ab\u00a0La jouissance du meilleur \u00e9tat de sant\u00e9 possible est l&rsquo;un des droits fondamentaux de tout \u00eatre humain, sans distinction de race, de religion, de conviction politique, de condition \u00e9conomique ou sociale\u00a0\u00bb <sup id=\"cite_ref-:1_2-0\" class=\"reference\"><a href=\"#cite_note-:1-2\">(2)<\/a><\/sup> &#8211; Constitution de l&rsquo;OMS (1946)<\/p><\/blockquote>\n<blockquote><p>\u00ab\u00a0La sant\u00e9 est une question sociale, \u00e9conomique et politique et surtout un droit humain fondamental. L&rsquo;in\u00e9galit\u00e9, la pauvret\u00e9, l&rsquo;exploitation, la violence et l&rsquo;injustice sont \u00e0 l&rsquo;origine des probl\u00e8mes de sant\u00e9 et de la mort des personnes pauvres et marginalis\u00e9es. La sant\u00e9 pour tous signifie que les int\u00e9r\u00eats des puissances doivent \u00eatre remis en question, que la mondialisation doit \u00eatre contr\u00e9e et que les priorit\u00e9s politiques et \u00e9conomiques doivent \u00eatre radicalement modifi\u00e9es. (&#8230;) La sant\u00e9 est le reflet de l&rsquo;engagement d&rsquo;une soci\u00e9t\u00e9 en faveur de l&rsquo;\u00e9quit\u00e9 et de la justice. La sant\u00e9 et les droits de l&rsquo;homme doivent pr\u00e9valoir sur les pr\u00e9occupations \u00e9conomiques et politiques\u00a0\u00bb <sup id=\"cite_ref-3\" class=\"reference\"><a href=\"#cite_note-3\">(3)<\/a><\/sup> &#8211; People&rsquo;s Health Movement<\/p><\/blockquote>\n<p><b>Points essentiels :<\/b><sup id=\"cite_ref-:6_1-1\" class=\"reference\"><a href=\"#cite_note-:6-1\">(1)<\/a><\/sup><\/p>\n<ul>\n<li>L&rsquo;Organisation mondiale de la sant\u00e9 affirme que la sant\u00e9 est un droit fondamental inh\u00e9rent \u00e0 tous les \u00eatres humains et que ces droits sont indivisibles, interd\u00e9pendants et non discriminatoires.<sup id=\"cite_ref-:1_2-1\" class=\"reference\"><a href=\"#cite_note-:1-2\">(2)<\/a><\/sup><\/li>\n<li>Ceci signifie que l&rsquo;on reconna\u00eet que la sant\u00e9 est \u00ab\u00a0une obligation l\u00e9gale pour les \u00c9tats de garantir l&rsquo;acc\u00e8s \u00e0 des soins de sant\u00e9 opportuns, acceptables et abordables\u00a0\u00bb. <sup id=\"cite_ref-:1_2-2\" class=\"reference\"><a href=\"#cite_note-:1-2\">(2)<\/a><\/sup><\/li>\n<li>L&rsquo;adoption d&rsquo;une approche de la sant\u00e9 fond\u00e9e sur les droits de la personne fournit un cadre d&rsquo;analyse des politiques et programmes de sant\u00e9 et d&rsquo;autres politiques sociales et gouvernementales qui influencent directement les nombreux d\u00e9terminants qui ont un impact sur les diff\u00e9rents groupes de population.<\/li>\n<\/ul>\n<p>Il est \u00e9galement important de souligner que le pouvoir politique et les environnements socio-\u00e9conomiques et culturels sont structurels et d\u00e9terminants pour les r\u00e9sultats en mati\u00e8re de sant\u00e9. Les injustices \u00e0 ces \u00e9gards, telles que les in\u00e9galit\u00e9s li\u00e9es au genre ou la discrimination fond\u00e9e sur les classes sociales, contribuent directement aux in\u00e9galit\u00e9s observables et mesurables en mati\u00e8re de sant\u00e9 qui existent aux niveaux local, national et mondial.<sup id=\"cite_ref-:6_1-2\" class=\"reference\"><a href=\"#cite_note-:6-1\">(1)<\/a><\/sup><\/p>\n<p>Pour plus d&rsquo;informations, consulter le site de <a class=\"external text\" href=\"https:\/\/www.who.int\/news-room\/fact-sheets\/detail\/human-rights-and-health\" rel=\"nofollow\">l&rsquo;Organisation mondiale de la sant\u00e9 : Droits humains<\/a>.<\/p>\n<h2><span id=\"History_of_Global_Health\" class=\"mw-headline\">Histoire de la sant\u00e9 mondiale <\/span><span class=\"mw-editsection\"><span class=\"mw-editsection-bracket\">(<\/span><a class=\"mw-editsection-visualeditor\" title=\"Edit section: History of Global Health\" href=\"\/index.php?title=Overview_of_Global_Health&amp;veaction=edit&amp;section=3\">edit<\/a><span class=\"mw-editsection-divider\"> | <\/span><a title=\"Edit section: History of Global Health\" href=\"\/index.php?title=Overview_of_Global_Health&amp;action=edit&amp;section=3\">edit source<\/a><span class=\"mw-editsection-bracket\">)<\/span><\/span><\/h2>\n<p>Le Cadre d\u2019action pour la recherche en sant\u00e9 mondiale des Instituts de recherche en sant\u00e9 du Canada (IRSC) d\u00e9crit l&rsquo;\u00e9volution de notre conception de la sant\u00e9 mondiale au fil du temps.<\/p>\n<ul>\n<li>Au d\u00e9part, nous avions ce que l&rsquo;on pourrait appeler <b>\u00ab Sant\u00e9 mondiale 1.0 \u00bb <\/b> ou \u00ab\u00a0m\u00e9decine tropicale\u00a0\u00bb. Ce domaine de la sant\u00e9 \u00e9tait tr\u00e8s li\u00e9 \u00e0 l&rsquo;h\u00e9ritage du colonialisme et de l&rsquo;imp\u00e9rialisme. Il a \u00e9t\u00e9 con\u00e7u comme une \u00ab\u00a0protection des repr\u00e9sentants coloniaux contre les maladies tropicales\u00a0\u00bb.<\/li>\n<li>Ce concept a \u00e9volu\u00e9 et s&rsquo;est transform\u00e9 en ce que l&rsquo;on appelle <b>\u00ab Sant\u00e9 mondiale 2.0 \u00bb<\/b> . Dans ce mod\u00e8le, l&rsquo;accent est mis sur l&rsquo;aide apport\u00e9e par les pays les plus riches \u00e0 ceux qui le sont moins.<\/li>\n<li>Enfin, nous avons actuellement ce que l&rsquo;on appelle <b>\u00ab\u00a0Sant\u00e9 mondiale 3.0\u00a0\u00bb<\/b>, o\u00f9 il y a une \u00ab\u00a0action collective pour les risques et responsabilit\u00e9s partag\u00e9s\u00a0\u00bb.<\/li>\n<\/ul>\n<p>Pour en savoir plus sur le cadre d\u00e9fini par les IRSC, consulter le site suivant : <a class=\"external text\" href=\"https:\/\/cihr-irsc.gc.ca\/e\/52503.html\" rel=\"nofollow\">Sant\u00e9 mondiale 3.0 : Cadre d\u2019action pour la recherche en sant\u00e9 mondiale des IRSC 2021-2026<\/a>.<\/p>\n<h2><span id=\"Defining_Global_Health\" class=\"mw-headline\">D\u00e9finition de la sant\u00e9 mondiale <\/span><span class=\"mw-editsection\"><span class=\"mw-editsection-bracket\">(<\/span><a class=\"mw-editsection-visualeditor\" title=\"Edit section: Defining Global Health\" href=\"\/index.php?title=Overview_of_Global_Health&amp;veaction=edit&amp;section=4\">edit<\/a><span class=\"mw-editsection-divider\"> | <\/span><a title=\"Edit section: Defining Global Health\" href=\"\/index.php?title=Overview_of_Global_Health&amp;action=edit&amp;section=4\">edit source<\/a><span class=\"mw-editsection-bracket\">)<\/span><\/span><\/h2>\n<p>Il n&rsquo;existe pas de d\u00e9finition universellement accept\u00e9e de la sant\u00e9 mondiale. <sup id=\"cite_ref-:3_4-0\" class=\"reference\"><a href=\"#cite_note-:3-4\">(4) <\/a><\/sup><sup id=\"cite_ref-:2_5-0\" class=\"reference\"><a href=\"#cite_note-:2-5\">(5)<\/a><\/sup> En 2009, Koplan et al.<sup id=\"cite_ref-:4_6-0\" class=\"reference\"><a href=\"#cite_note-:4-6\">(6)<\/a><\/sup> ont tent\u00e9 de cr\u00e9er une d\u00e9finition commune de la sant\u00e9 mondiale, distincte des concepts connexes de sant\u00e9 publique et de sant\u00e9 internationale. <sup id=\"cite_ref-:3_4-1\" class=\"reference\"><a href=\"#cite_note-:3-4\">(4)<\/a><\/sup><\/p>\n<ul>\n<li>Selon Koplan et al, <sup id=\"cite_ref-:4_6-1\" class=\"reference\"><a href=\"#cite_note-:4-6\">(6)<\/a><\/sup> le concept moderne de <b>sant\u00e9 publique<\/b> s&rsquo;est d\u00e9velopp\u00e9 au milieu du 19e si\u00e8cle en Angleterre, en Europe et aux \u00c9tats-Unis \u00ab\u00a0dans le cadre des mouvements de r\u00e9forme sociale et du d\u00e9veloppement des connaissances biologiques et m\u00e9dicales (en particulier la causalit\u00e9 et la gestion des maladies infectieuses)\u00a0\u00bb. <sup id=\"cite_ref-:4_6-2\" class=\"reference\"><a href=\"#cite_note-:4-6\">(6)<\/a><\/sup><\/li>\n<li>La <b>sant\u00e9 internationale<\/b> remonte aux \u00ab\u00a0racines coloniales de l&rsquo;hygi\u00e8ne et de la m\u00e9decine tropicale (MT) jusqu&rsquo;au milieu du 20e si\u00e8cle, avec accent g\u00e9ographique sur les pays en voie de d\u00e9veloppement\u00a0\u00bb. <sup id=\"cite_ref-:3_4-2\" class=\"reference\"><a href=\"#cite_note-:3-4\">(4)<\/a><\/sup><\/li>\n<\/ul>\n<p>Il est important de reconna\u00eetre l&rsquo;\u00e9mergence historique de la sant\u00e9 mondiale en tant que discipline, de la m\u00e9decine tropicale \u00e0 la sant\u00e9 internationale, afin de comprendre la gouvernance, l&rsquo;\u00e9pist\u00e9mologie (c&rsquo;est-\u00e0-dire la connaissance) et l&rsquo;h\u00e9g\u00e9monie (c&rsquo;est-\u00e0-dire le leadership ou la domination) actuelles.<sup id=\"cite_ref-:6_1-3\" class=\"reference\"><a href=\"#cite_note-:6-1\">(1)<\/a><\/sup><\/p>\n<p>Une r\u00e9cente revue syst\u00e9matique r\u00e9alis\u00e9e par Salm et al. <sup id=\"cite_ref-:3_4-3\" class=\"reference\"><a href=\"#cite_note-:3-4\">(4)<\/a><\/sup> a explor\u00e9 les d\u00e9finitions actuelles de la sant\u00e9 mondiale. Dans cette revue, les auteurs ont tent\u00e9 de d\u00e9terminer si une \u00ab\u00a0conceptualisation commune\u00a0\u00bb de la sant\u00e9 mondiale a \u00e9t\u00e9 \u00e9tablie et ont identifi\u00e9 les th\u00e8mes suivants : <sup id=\"cite_ref-:3_4-4\" class=\"reference\"><a href=\"#cite_note-:3-4\">(4)<\/a><\/sup><\/p>\n<ul>\n<li>La sant\u00e9 mondiale est une \u00ab\u00a0approche multidimensionnelle de l&rsquo;am\u00e9lioration de la sant\u00e9 dans le monde\u00a0\u00bb et une forme d&rsquo;expertise enseign\u00e9e et poursuivie par les instituts de recherche. <sup id=\"cite_ref-:3_4-5\" class=\"reference\"><a href=\"#cite_note-:3-4\">(4) <\/a><\/sup>\n<ul>\n<li>Il s&rsquo;agit d&rsquo;un domaine de recherche, de soins de sant\u00e9 et d&rsquo;\u00e9ducation.<\/li>\n<li>Elle a de multiples facettes (\u00ab\u00a0disciplinaire, sectorielle, culturelle, nationale\u00a0\u00bb).<\/li>\n<\/ul>\n<\/li>\n<li>La sant\u00e9 mondiale est une \u00ab\u00a0initiative \u00e9thique guid\u00e9e par des principes de justice\u00a0\u00bb. <sup id=\"cite_ref-:3_4-6\" class=\"reference\"><a href=\"#cite_note-:3-4\">(4)<\/a><\/sup>\n<ul>\n<li>Elle a pour origine des valeurs telles que l&rsquo;\u00e9quit\u00e9 et la justice sociale.<\/li>\n<\/ul>\n<\/li>\n<li>La sant\u00e9 mondiale est un mode de gouvernance qui permet d&rsquo;exercer une influence par le biais de la prise de d\u00e9cision politique, de l&rsquo;identification des probl\u00e8mes et de l&rsquo;allocation et de l&rsquo;\u00e9change de ressources par-del\u00e0 les fronti\u00e8res. <sup id=\"cite_ref-:3_4-7\" class=\"reference\"><a href=\"#cite_note-:3-4\">(4)<\/a><\/sup>\n<ul>\n<li>C&rsquo;est un champ politique qui comprend des relations de pouvoir \u00e0 de multiples \u00e9chelles.<\/li>\n<li>Elle est d\u00e9termin\u00e9e par la mondialisation et l&rsquo;interd\u00e9pendance internationale.<\/li>\n<li>Les questions li\u00e9es \u00e0 la sant\u00e9 mondiale vont au-del\u00e0 des fronti\u00e8res nationales.<\/li>\n<li>Elle est ax\u00e9e sur les probl\u00e8mes.<\/li>\n<\/ul>\n<\/li>\n<li>La sant\u00e9 mondiale a de nombreuses significations avec \u00ab\u00a0des ant\u00e9c\u00e9dents historiques et un avenir \u00e9mergent\u00a0\u00bb. <sup id=\"cite_ref-:3_4-8\" class=\"reference\"><a href=\"#cite_note-:3-4\">(4)<\/a><\/sup>\n<ul>\n<li>Elle est \u00ab\u00a0diff\u00e9rente et similaire\u00a0\u00bb \u00e0 la sant\u00e9 publique, \u00e0 la sant\u00e9 internationale et \u00e0 la m\u00e9decine tropicale.<\/li>\n<li>La d\u00e9finition de la sant\u00e9 mondiale reste vague.<\/li>\n<\/ul>\n<\/li>\n<\/ul>\n<p>Pour plus d&rsquo;informations, lire : <a class=\"external text\" href=\"https:\/\/gh.bmj.com\/content\/6\/6\/e005292.long\" rel=\"nofollow\">Defining global health: findings from a systematic review and thematic analysis of the literature<\/a> (r\u00e9sultats d&rsquo;une revue syst\u00e9matique et d&rsquo;une analyse th\u00e9matique de la litt\u00e9rature sur la sant\u00e9 mondiale, en anglais original). <sup id=\"cite_ref-:3_4-9\" class=\"reference\"><a href=\"#cite_note-:3-4\">(4)<\/a><\/sup><\/p>\n<p>Pour en savoir plus sur le pouvoir, la repr\u00e9sentation et la visibilit\u00e9, consulter : <a class=\"external text\" href=\"https:\/\/www.thelancet.com\/journals\/lancet\/article\/PIIS0140-6736(23)00513-5\/fulltext\" rel=\"nofollow\">Envisioning the futures of global health: three positive disruptions <\/a> (un article sur l&rsquo;avenir de la sant\u00e9 mondiale, en anglais original). <sup id=\"cite_ref-7\" class=\"reference\"><a href=\"#cite_note-7\">(7)<\/a><\/sup><\/p>\n<h3><span id=\"Terminology\" class=\"mw-headline\">Terminologie<\/span><span class=\"mw-editsection\"><span class=\"mw-editsection-bracket\">(<\/span><a class=\"mw-editsection-visualeditor\" title=\"Edit section: Terminology\" href=\"\/index.php?title=Overview_of_Global_Health&amp;veaction=edit&amp;section=5\">edit<\/a><span class=\"mw-editsection-divider\"> | <\/span><a title=\"Edit section: Terminology\" href=\"\/index.php?title=Overview_of_Global_Health&amp;action=edit&amp;section=5\">edit source<\/a><span class=\"mw-editsection-bracket\">)<\/span><\/span><\/h3>\n<p>Souvent, la sant\u00e9 mondiale est discut\u00e9e, per\u00e7ue et consid\u00e9r\u00e9e comme une priorit\u00e9 du point de vue du <i>Nord global<\/i> en r\u00e9ponse aux conditions de sant\u00e9 dans le <i>Sud global<\/i>. Les termes \u00ab\u00a0Nord global\u00a0\u00bb et \u00ab\u00a0Sud global\u00a0\u00bb sont couramment utilis\u00e9s dans le discours public. Toutefois, il est important de reconna\u00eetre les limites de ce cadre en tant que terminologie. Les pays et les groupes minoritaires de l&rsquo;h\u00e9misph\u00e8re Nord ont connu une histoire coloniale, des syst\u00e8mes d&rsquo;oppression et des in\u00e9galit\u00e9s.<\/p>\n<p>Parmi les autres termes utilis\u00e9s, il y a <i>\u00ab\u00a0majorit\u00e9 mondiale\u00a0\u00bb<\/i> (Sud global), qui repr\u00e9sente le groupe collectif des \u00ab\u00a0groupes minoritaires\u00a0\u00bb racialis\u00e9s, et <i>\u00ab\u00a0minorit\u00e9 mondiale\u00a0\u00bb<\/i> (Nord global). Dans la litt\u00e9rature, il est \u00e9galement courant de voir les pays class\u00e9s dans les cat\u00e9gories \u00ab\u00a0pays \u00e0 revenu \u00e9lev\u00e9\u00a0\u00bb et \u00ab\u00a0pays \u00e0 revenu faible ou interm\u00e9diaire\u00a0\u00bb.<sup id=\"cite_ref-:6_1-4\" class=\"reference\"><a href=\"#cite_note-:6-1\">(1)<\/a><\/sup><\/p>\n<p>Holst <sup id=\"cite_ref-:0_8-0\" class=\"reference\"><a href=\"#cite_note-:0-8\">(8)<\/a><\/sup> fournit une vue d&rsquo;ensemble de l&rsquo;origine de la sant\u00e9 mondiale tout en pr\u00e9sentant diff\u00e9rentes approches et perspectives sur la fa\u00e7on dont le travail en \u00ab\u00a0sant\u00e9 mondiale\u00a0\u00bb est effectu\u00e9 parmi diff\u00e9rents acteurs et sph\u00e8res. Ce document nous incite \u00e0 faire preuve d&rsquo;esprit critique et \u00e0 nous demander si la collaboration et le d\u00e9veloppement au niveau mondial s&rsquo;attaquent aux d\u00e9terminants structurels et aux causes profondes qui conduisent aux in\u00e9galit\u00e9s en mati\u00e8re de sant\u00e9. Parmi les exemples de d\u00e9terminants structurels figurent l&rsquo;oppression des communaut\u00e9s marginalis\u00e9es, la production de connaissances et l&rsquo;\u00e9pist\u00e9mologie, le pouvoir au sein des cercles d\u00e9cisionnels et la poursuite d&rsquo;id\u00e9ologies extractives qui accentuent la pression sanitaire li\u00e9e au climat.<\/p>\n<p>Pour plus d&rsquo;informations sur ces sujets, lire :<\/p>\n<ul>\n<li><a class=\"external text\" href=\"https:\/\/globalizationandhealth.biomedcentral.com\/articles\/10.1186\/s12992-020-00573-4\" rel=\"nofollow\">Global Health &#8211; emergence, hegemonic trends and biomedical reductionism<\/a> (un article sur l&rsquo;\u00e9mergence, les tendances h\u00e9g\u00e9moniques et le r\u00e9ductionnisme biom\u00e9dical dans le domaine de la sant\u00e9 mondiale, en anglais original) &#8211; <sup id=\"cite_ref-:0_8-1\" class=\"reference\"><a href=\"#cite_note-:0-8\">(8)<\/a><\/sup><\/li>\n<li><a class=\"external text\" href=\"https:\/\/www.ncbi.nlm.nih.gov\/pmc\/articles\/PMC9621231\/\" rel=\"nofollow\">Dismantling and reimagining global health education<\/a>(un article sur le d\u00e9mant\u00e8lement et la r\u00e9imagination de l&rsquo;\u00e9ducation en mati\u00e8re de sant\u00e9 mondiale, en anglais original) <sup id=\"cite_ref-9\" class=\"reference\"><a href=\"#cite_note-9\">(9)<\/a><\/sup><\/li>\n<li><a title=\"What Is Global Health\" href=\"\/What_Is_Global_Health\">Qu&rsquo;est-ce que la sant\u00e9 mondiale ?<\/a><\/li>\n<\/ul>\n<blockquote><p>Comme le soulignent ces documents, la majorit\u00e9 de la recherche, de l&rsquo;\u00e9ducation et des connaissances en mati\u00e8re de sant\u00e9 mondiale sont produites dans le Nord global (minorit\u00e9 globale). Les professionnels de la sant\u00e9 doivent se demander si cette position de pouvoir, ces id\u00e9ologies et ces mod\u00e8les de sant\u00e9 unilat\u00e9raux s&rsquo;attaquent aux causes syst\u00e9miques des in\u00e9galit\u00e9s en mati\u00e8re de sant\u00e9 dans le Sud global (majorit\u00e9 mondiale). Est-ce que les mod\u00e8les, le leadership et les partenariats mondiaux actuels en mati\u00e8re de sant\u00e9 favorisent l&rsquo;avancement, la participation et l&rsquo;expression des communaut\u00e9s souvent marginalis\u00e9es ? Ou bien continuent-ils \u00e0 maintenir les syst\u00e8mes de pouvoir en promettant l&rsquo;innovation et le d\u00e9veloppement ?<sup id=\"cite_ref-:6_1-5\" class=\"reference\"><a href=\"#cite_note-:6-1\">(1)<\/a><\/sup><\/p><\/blockquote>\n<h2><span id=\"Interconnected_Systems\" class=\"mw-headline\">Syst\u00e8mes interconnect\u00e9s <\/span><span class=\"mw-editsection\"><span class=\"mw-editsection-bracket\">(<\/span><a class=\"mw-editsection-visualeditor\" title=\"Edit section: Interconnected Systems\" href=\"\/index.php?title=Overview_of_Global_Health&amp;veaction=edit&amp;section=6\">edit<\/a><span class=\"mw-editsection-divider\"> | <\/span><a title=\"Edit section: Interconnected Systems\" href=\"\/index.php?title=Overview_of_Global_Health&amp;action=edit&amp;section=6\">edit source<\/a><span class=\"mw-editsection-bracket\">)<\/span><\/span><\/h2>\n<p>Lorsque l&rsquo;on s&rsquo;int\u00e9resse \u00e0 la sant\u00e9 et \u00e0 la sant\u00e9 mondiale, il faut \u00e9galement explorer d&rsquo;autres syst\u00e8mes interconnect\u00e9s.<\/p>\n<ul>\n<li><b>\u00c9conomie <\/b>: Le n\u00e9olib\u00e9ralisme a affect\u00e9 les soins de sant\u00e9 et les soins de sant\u00e9 \u00e0 but lucratif dans le monde entier, cr\u00e9ant un \u00e9cart de richesse important dans de nombreux pays. En ce qui concerne les services de r\u00e9adaptation et de soins de sant\u00e9, cet \u00e9cart a un impact sur qui peut acc\u00e9der aux services ad\u00e9quats.<sup id=\"cite_ref-:6_1-6\" class=\"reference\"><a href=\"#cite_note-:6-1\">(1)<\/a><\/sup><\/li>\n<li><b>Alimentation <\/b>: Il est important de comprendre le syst\u00e8me alimentaire mondial et la mani\u00e8re dont il affecte notre approvisionnement alimentaire, notre ind\u00e9pendance alimentaire et la qualit\u00e9 de notre alimentation. En ce qui concerne la r\u00e9adaptation et les soins de sant\u00e9, nous devons tenir compte du fait que l&rsquo;alimentation est la source de carburant de notre corps et que l&rsquo;endroit o\u00f9 nous nous procurons de la nourriture et la mani\u00e8re dont nous le faisons influencent notre sant\u00e9 mentale et ont un impact sur les maladies non transmissibles.<sup id=\"cite_ref-:6_1-7\" class=\"reference\"><a href=\"#cite_note-:6-1\">(1)<\/a><\/sup><\/li>\n<li><b>Le climat et l&rsquo;environnement <\/b>: Avec les changements climatiques, nous devons prendre en compte la mani\u00e8re dont l&rsquo;exposition \u00e0 la chaleur et l&rsquo;augmentation des temp\u00e9ratures influencent l&rsquo;activit\u00e9 physique, le travail manuel, etc. <sup id=\"cite_ref-:6_1-8\" class=\"reference\"><a href=\"#cite_note-:6-1\">(1)<\/a><\/sup> Il est \u00e9galement important de noter que divers facteurs, dont les changements climatiques, l&rsquo;urbanisation, la migration et le commerce des animaux, les voyages et le tourisme, etc. ont tous eu un impact sur le d\u00e9veloppement, la r\u00e9\u00e9mergence et la propagation des zoonoses (c&rsquo;est-\u00e0-dire une maladie ou une infection transmise des animaux vert\u00e9br\u00e9s \u00e0 l&rsquo;homme ou de l&rsquo;homme \u00e0 l&rsquo;animal). <sup id=\"cite_ref-10\" class=\"reference\"><a href=\"#cite_note-10\">(10)<\/a><\/sup> Un certain nombre de facteurs ont \u00e9t\u00e9 identifi\u00e9s comme des d\u00e9clencheurs du d\u00e9veloppement des zoonoses, notamment des changements dans :\n<ul>\n<li>le comportement humain et animal;<\/li>\n<li>l&rsquo;habitat;<\/li>\n<li>l&rsquo;\u00e9cologie;<\/li>\n<li>la biologie des vecteurs;<\/li>\n<li>l&rsquo;adaptabilit\u00e9 des agents pathog\u00e8nes;<\/li>\n<li>les pratiques agricoles;<\/li>\n<li>les syst\u00e8mes de production de b\u00e9tail;<\/li>\n<li>la salubrit\u00e9 alimentaire;<\/li>\n<li>l&rsquo;urbanisation;<\/li>\n<li>la d\u00e9forestation;<\/li>\n<li>le climat.<\/li>\n<\/ul>\n<\/li>\n<li><b>\u00ab\u00a0One Health\u00a0\u00bb <\/b>: <sup id=\"cite_ref-:5_11-0\" class=\"reference\"><a href=\"#cite_note-:5-11\">(11)<\/a><\/sup> Ce cadre prend en compte les syst\u00e8mes interconnect\u00e9s entre l&rsquo;animal, l&rsquo;environnement et la sant\u00e9 humaine. <sup id=\"cite_ref-:6_1-9\" class=\"reference\"><a href=\"#cite_note-:6-1\">(1)<\/a><\/sup>\n<ul>\n<li>Le concept \u00ab\u00a0One Health\u00a0\u00bb existe depuis au moins 200 ans &#8211; initialement, il \u00e9tait connu sous le nom de \u00ab\u00a0One Medicine\u00a0\u00bb, puis de \u00ab\u00a0One World, One Health\u00a0\u00bb et aujourd&rsquo;hui de \u00ab\u00a0One Health\u00a0\u00bb.<sup id=\"cite_ref-:5_11-1\" class=\"reference\"><a href=\"#cite_note-:5-11\">(11)<\/a><\/sup><\/li>\n<li>L\u00e0 encore, il n&rsquo;existe pas de d\u00e9finition unique de \u00ab\u00a0One Health\u00a0\u00bb. Le plus souvent, on le d\u00e9finit comme suit : \u00ab\u00a0une approche collaborative, multisectorielle et transdisciplinaire &#8211; \u0153uvrant aux niveaux local, r\u00e9gional, national et mondial &#8211; dans le but d&rsquo;obtenir des r\u00e9sultats optimaux en mati\u00e8re de sant\u00e9 en reconnaissant l&rsquo;interconnexion entre les personnes, les animaux, les plantes et l&rsquo;environnement qu&rsquo;ils partagent\u00a0\u00bb.<sup id=\"cite_ref-:5_11-2\" class=\"reference\"><a href=\"#cite_note-:5-11\">(11)<\/a><\/sup><\/li>\n<li>\u00ab\u00a0One Health\u00a0\u00bb prend en compte \u00ab\u00a0les cons\u00e9quences, les r\u00e9ponses et les actions aux interfaces animaux-humains-\u00e9cosyst\u00e8mes\u00a0\u00bb, <sup id=\"cite_ref-:5_11-3\" class=\"reference\"><a href=\"#cite_note-:5-11\">(11)<\/a><\/sup> y compris :\n<ul>\n<li>l&rsquo;augmentation du fardeau des maladies (en particulier dans les environnements pauvres en ressources) due aux zoonoses \u00e9mergentes et end\u00e9miques;<\/li>\n<li>la r\u00e9sistance aux antimicrobiens chez les humains, les animaux ou l&rsquo;environnement;<\/li>\n<li>la salubrit\u00e9 alimentaire.<\/li>\n<\/ul>\n<\/li>\n<li>Cependant, il est important de noter que \u00ab\u00a0One Health\u00a0\u00bb prend \u00e9galement en compte diverses disciplines et domaines, tels que la sant\u00e9 environnementale et \u00e9cosyst\u00e9mique, les sciences sociales, l&rsquo;\u00e9cologie, la faune et la flore, l&rsquo;utilisation des terres et la biodiversit\u00e9.<sup id=\"cite_ref-:5_11-4\" class=\"reference\"><a href=\"#cite_note-:5-11\">(11)<\/a><\/sup><\/li>\n<\/ul>\n<\/li>\n<li><b>Facteurs au niveau de la communaut\u00e9 <\/b>: Nous devons comprendre comment certaines constructions sociales (par exemple, le genre, la classe, la race) affectent la capacit\u00e9 d&rsquo;action, l&rsquo;autonomisation et la revendication d&rsquo;un individu lorsqu&rsquo;il obtient des soins de sant\u00e9.<\/li>\n<\/ul>\n<h2><span id=\"Determinants_of_Health\" class=\"mw-headline\">Syst\u00e8mes interconnect\u00e9s <\/span><span class=\"mw-editsection\"><span class=\"mw-editsection-bracket\">(<\/span><a class=\"mw-editsection-visualeditor\" title=\"Edit section: Determinants of Health\" href=\"\/index.php?title=Overview_of_Global_Health&amp;veaction=edit&amp;section=7\">edit<\/a><span class=\"mw-editsection-divider\"> | <\/span><a title=\"Edit section: Determinants of Health\" href=\"\/index.php?title=Overview_of_Global_Health&amp;action=edit&amp;section=7\">edit source<\/a><span class=\"mw-editsection-bracket\">)<\/span><\/span><\/h2>\n<p>Les nombreux facteurs interconnect\u00e9s qui ont un impact sur la sant\u00e9 et les r\u00e9sultats sanitaires sont appel\u00e9s <a title=\"Determinants of Health\" href=\"\/Determinants_of_Health\">d\u00e9terminants de la sant\u00e9<\/a>. Les d\u00e9terminants de la sant\u00e9 peuvent \u00eatre, par exemple, la g\u00e9n\u00e9tique, le comportement, l&rsquo;environnement et les influences physiques, les soins m\u00e9dicaux, les d\u00e9terminants sociaux et structurels.<\/p>\n<p>Les <b>d\u00e9terminants sociaux de la sant\u00e9 (DSS)<\/b> sont les circonstances dans lesquelles nous naissons, nous grandissons, nous vivons, nous gagnons notre vie et nous vieillissons. Les DSS comprennent les conditions \u00e9conomiques, le logement, la nutrition, l&rsquo;environnement, les transports et l&rsquo;\u00e9ducation.<sup id=\"cite_ref-12\" class=\"reference\"><a href=\"#cite_note-12\">(12)<\/a><\/sup><\/p>\n<blockquote><p>L&rsquo;OMS d\u00e9finit les d\u00e9terminants sociaux de la sant\u00e9 comme \u00ab\u00a0des structures sociales et des syst\u00e8mes \u00e9conomiques complexes, int\u00e9gr\u00e9s et imbriqu\u00e9s qui comprennent l&rsquo;environnement social, l&rsquo;environnement physique et les services de sant\u00e9; des facteurs structurels et soci\u00e9taux qui sont responsables de la plupart des in\u00e9galit\u00e9s en mati\u00e8re de sant\u00e9. Les d\u00e9terminants sociaux de la sant\u00e9 sont fa\u00e7onn\u00e9s par la r\u00e9partition de l&rsquo;argent, du pouvoir et des ressources aux niveaux mondial, national et local, qui sont eux-m\u00eames influenc\u00e9s par des choix politiques.\u00a0\u00bb<\/p><\/blockquote>\n<div class=\"thumb tright\">\n<div class=\"thumbinner\" style=\"width: 502px;\"><a class=\"image\" href=\"\/File:WHO-framework-of-social-determinants-of-health.jpg\"><img loading=\"lazy\" decoding=\"async\" class=\"thumbimage\" src=\"https:\/\/www.physio-pedia.com\/images\/thumb\/5\/5f\/WHO-framework-of-social-determinants-of-health.jpg\/500px-WHO-framework-of-social-determinants-of-health.jpg\" srcset=\"https:\/\/www.physio-pedia.com\/images\/thumb\/5\/5f\/WHO-framework-of-social-determinants-of-health.jpg\/750px-WHO-framework-of-social-determinants-of-health.jpg 1.5x, https:\/\/www.physio-pedia.com\/images\/5\/5f\/WHO-framework-of-social-determinants-of-health.jpg 2x\" alt=\"\" width=\"500\" height=\"290\" data-file-width=\"756\" data-file-height=\"438\"><\/a><\/p>\n<div class=\"thumbcaption\">\n<div class=\"magnify\"><\/div>\n<p>Figure 1. Solar O, Irwin A, Figure A. Version finale du cadre CSDH. Par : Organisation mondiale de la sant\u00e9. A Conceptual Framework for Action on the Social Determinants of Health. Social Determinants of Health Discussion Paper 2 (Policy &amp; Practice). 2010, p.6.<\/p>\n<\/div>\n<\/div>\n<\/div>\n<p>Les <b>d\u00e9terminants structurels<\/b> sont des facteurs de causalit\u00e9 en amont qui influencent les d\u00e9terminants en aval et les conditions de sant\u00e9. Les exemples incluent, entre autres, le pouvoir, l&rsquo;\u00e9ducation, le syst\u00e8me \u00e9conomique, les politiques fonci\u00e8res et les positions sociales. <sup id=\"cite_ref-:6_1-10\" class=\"reference\"><a href=\"#cite_note-:6-1\">(1)<\/a><\/sup> Le Cadre conceptuel de l&rsquo;OMS illustre la relation entre les d\u00e9terminants structurels et interm\u00e9diaires de la sant\u00e9 et leur impact sur l&rsquo;\u00e9quit\u00e9 en mati\u00e8re de sant\u00e9 (voir la figure 1).<\/p>\n<p>Compte tenu de la pand\u00e9mie actuelle de COVID-19, des r\u00e9cents mouvements sociaux et des discussions toujours plus nombreuses sur les initiatives en mati\u00e8re de diversit\u00e9, d&rsquo;\u00e9quit\u00e9 et d&rsquo;inclusion dans tous les secteurs, il est essentiel de comprendre comment le racisme, la x\u00e9nophobie et la discrimination sont des d\u00e9terminants structurels de la sant\u00e9. <sup id=\"cite_ref-:6_1-11\" class=\"reference\"><a href=\"#cite_note-:6-1\">(1)<\/a><\/sup> \u00ab\u00a0The Lancet\u00a0\u00bb a r\u00e9cemment publi\u00e9 une s\u00e9rie d&rsquo;articles illustrant comment ces d\u00e9terminants se recoupent avec des syst\u00e8mes de pouvoir, tels que la politique, l&rsquo;\u00e9ducation et la production de connaissances scientifiques, qui continuent d&rsquo;avoir un impact sur l&rsquo;\u00e9quit\u00e9 en mati\u00e8re de sant\u00e9 au sein des groupes minoritaires. En tant que professionnels de la r\u00e9adaptation, il est important de reconna\u00eetre et de voir comment ces constructions sociales influencent de nombreux niveaux de notre syst\u00e8me de soins de sant\u00e9, qu&rsquo;il s&rsquo;agisse de la recherche en leadership, des pr\u00e9jug\u00e9s ou du contact avec les patients.<\/p>\n<p>Voir ces articles ici (en anglais original) :<\/p>\n<ul>\n<li><a class=\"external text\" href=\"https:\/\/www.thelancet.com\/pdfs\/journals\/lancet\/PIIS0140-6736(22)01972-9.pdf\" rel=\"nofollow\">Racism, xenophobia, discrimination, and the determination of health<\/a><\/li>\n<li><a class=\"external text\" href=\"https:\/\/www.thelancet.com\/pdfs\/journals\/lancet\/PIIS0140-6736(22)02484-9.pdf\" rel=\"nofollow\">Racism, xenophobia, and discrimination: mapping pathways to health outcomes<\/a><\/li>\n<li><a class=\"external text\" href=\"https:\/\/www.thelancet.com\/journals\/lancet\/article\/PIIS0140-6736(22)02304-2\/fulltext\" rel=\"nofollow\">Intersectional insights into racism and health: not just a question of identity<\/a><\/li>\n<li><a class=\"external text\" href=\"https:\/\/www.thelancet.com\/journals\/lancet\/article\/PIIS0140-6736(22)01989-4\/fulltext\" rel=\"nofollow\">Confronting the consequences of racism, xenophobia, and discrimination on health and health-care systems<\/a><\/li>\n<\/ul>\n<h2><span id=\"Key_Points\" class=\"mw-headline\">Points essentiels <\/span><span class=\"mw-editsection\"><span class=\"mw-editsection-bracket\">(<\/span><a class=\"mw-editsection-visualeditor\" title=\"Edit section: Key Points\" href=\"\/index.php?title=Overview_of_Global_Health&amp;veaction=edit&amp;section=8\">edit<\/a><span class=\"mw-editsection-divider\"> | <\/span><a title=\"Edit section: Key Points\" href=\"\/index.php?title=Overview_of_Global_Health&amp;action=edit&amp;section=8\">edit source<\/a><span class=\"mw-editsection-bracket\">)<\/span><\/span><\/h2>\n<ul>\n<li>La sant\u00e9 mondiale ne doit pas se limiter aux soins m\u00e9dicaux, elle doit \u00e9galement prendre en compte \u00ab\u00a0d&rsquo;autres vecteurs sous-jacents de la sant\u00e9, des d\u00e9terminants sociaux et politiques, et des questions ne relevant pas du secteur de la sant\u00e9\u00a0\u00bb. <sup id=\"cite_ref-:2_5-1\" class=\"reference\"><a href=\"#cite_note-:2-5\">(5)<\/a><\/sup><\/li>\n<li>Si nous voulons am\u00e9liorer les r\u00e9sultats et atteindre l&rsquo;\u00e9quit\u00e9 en mati\u00e8re de sant\u00e9, la sant\u00e9 mondiale doit \u00e9galement tenir compte de la culture, du comportement humain, de la gouvernance, du droit, de la politique, des diverses r\u00e9glementations et des cadres institutionnels.<sup id=\"cite_ref-:7_13-0\" class=\"reference\"><a href=\"#cite_note-:7-13\">(13)<\/a><\/sup><\/li>\n<li>La dynamique du pouvoir dans le domaine de la sant\u00e9 mondiale a eu tendance \u00e0 sous-estimer la recherche men\u00e9e dans les pays \u00e0 revenu faible et interm\u00e9diaire.<sup id=\"cite_ref-:7_13-1\" class=\"reference\"><a href=\"#cite_note-:7-13\">(13)<\/a><\/sup><\/li>\n<\/ul>\n<p>Pour plus d&rsquo;informations sur les asym\u00e9tries de pouvoir dans le domaine de la sant\u00e9 mondiale, consulter les ressources suivantes (en anglais original) :<\/p>\n<ul>\n<li><a class=\"external text\" href=\"https:\/\/www.ncbi.nlm.nih.gov\/pmc\/articles\/PMC10434861\/\" rel=\"nofollow\">Who is a global health expert?<\/a><sup id=\"cite_ref-:7_13-2\" class=\"reference\"><a href=\"#cite_note-:7-13\">(13)<\/a><\/sup><\/li>\n<li><a class=\"external text\" href=\"https:\/\/journals.plos.org\/plosmedicine\/article?id=10.1371\/journal.pmed.1003604\" rel=\"nofollow\">Addressing power asymmetries in global health: Imperatives in the wake of the COVID-19 pandemic <\/a><sup id=\"cite_ref-14\" class=\"reference\"><a href=\"#cite_note-14\">(14)<\/a><\/sup><\/li>\n<\/ul>\n<h2><span id=\"Conclusion\" class=\"mw-headline\">Conclusion<\/span><span class=\"mw-editsection\"><span class=\"mw-editsection-bracket\">(<\/span><a class=\"mw-editsection-visualeditor\" title=\"Edit section: Conclusion\" href=\"\/index.php?title=Overview_of_Global_Health&amp;veaction=edit&amp;section=9\">edit<\/a><span class=\"mw-editsection-divider\"> | <\/span><a title=\"Edit section: Conclusion\" href=\"\/index.php?title=Overview_of_Global_Health&amp;action=edit&amp;section=9\">edit source<\/a><span class=\"mw-editsection-bracket\">)<\/span><\/span><\/h2>\n<p>Il est important de reconna\u00eetre les progr\u00e8s consid\u00e9rables r\u00e9alis\u00e9s au cours des derni\u00e8res d\u00e9cennies dans le domaine de la sant\u00e9 mondiale. Cependant, nous sommes \u00e9galement capables de penser et de vivre au-del\u00e0 d&rsquo;une perspective binaire, et d&rsquo;examiner les in\u00e9galit\u00e9s sanitaires et sociales qui continuent d&rsquo;\u00eatre perp\u00e9tu\u00e9es par les injustices structurelles envers les communaut\u00e9s marginalis\u00e9es \u00e0 travers le monde.<\/p>\n<p>Cette page tente d&rsquo;illustrer la complexit\u00e9 et l&rsquo;interconnexion des nombreux syst\u00e8mes qui influent sur la douleur, le handicap et les r\u00e9sultats en r\u00e9adaptation. Il est grand temps de reconna\u00eetre que les communaut\u00e9s marginalis\u00e9es sont les experts de leurs exp\u00e9riences, contrairement au flux unidirectionnel historique d&rsquo;expertise, d&rsquo;aide et de solutions. Une inclusion et une int\u00e9gration \u00e9quitable de leurs connaissances, besoins et voix dans les strat\u00e9gies de sant\u00e9 mondiales sont imp\u00e9ratives pour obtenir des gains transformateurs en mati\u00e8re d&rsquo;\u00e9quit\u00e9 sanitaire \u00e0 travers le monde.<\/p>\n<h2><span id=\"References\" class=\"mw-headline\">R\u00e9f\u00e9rences<\/span><span class=\"mw-editsection\"><span class=\"mw-editsection-bracket\">(<\/span><a class=\"mw-editsection-visualeditor\" title=\"Edit section: References\" href=\"\/index.php?title=Overview_of_Global_Health&amp;veaction=edit&amp;section=10\">edit<\/a><span class=\"mw-editsection-divider\"> | <\/span><a title=\"Edit section: References\" href=\"\/index.php?title=Overview_of_Global_Health&amp;action=edit&amp;section=10\">edit source<\/a><span class=\"mw-editsection-bracket\">)<\/span><\/span><\/h2>\n<div class=\"mw-references-wrap mw-references-columns\">\n<ol class=\"references\">\n<li id=\"cite_note-:6-1\"><span class=\"mw-cite-backlink\">\u2191 <sup><a href=\"#cite_ref-:6_1-0\">1.00<\/a><\/sup> <sup><a href=\"#cite_ref-:6_1-1\">1.01<\/a><\/sup> <sup><a href=\"#cite_ref-:6_1-2\">1.02<\/a><\/sup> <sup><a href=\"#cite_ref-:6_1-3\">1.03<\/a><\/sup> <sup><a href=\"#cite_ref-:6_1-4\">1.04<\/a><\/sup> <sup><a href=\"#cite_ref-:6_1-5\">1.05<\/a><\/sup> <sup><a href=\"#cite_ref-:6_1-6\">1.06<\/a><\/sup> <sup><a href=\"#cite_ref-:6_1-7\">1.07<\/a><\/sup> <sup><a href=\"#cite_ref-:6_1-8\">1.08<\/a><\/sup> <sup><a href=\"#cite_ref-:6_1-9\">1.09<\/a><\/sup> <sup><a href=\"#cite_ref-:6_1-10\">1.10<\/a><\/sup> <sup><a href=\"#cite_ref-:6_1-11\">1.11<\/a><\/sup><\/span> <span class=\"reference-text\">Lai D. Global Health for Rehabilitation Professionals Course. Plus, 2023.<\/span><\/li>\n<li id=\"cite_note-:1-2\"><span class=\"mw-cite-backlink\">\u2191 <sup><a href=\"#cite_ref-:1_2-0\">2.0<\/a><\/sup> <sup><a href=\"#cite_ref-:1_2-1\">2.1<\/a><\/sup> <sup><a href=\"#cite_ref-:1_2-2\">2.2<\/a><\/sup><\/span> <span class=\"reference-text\">World Health Organization. Human Rights. Available from: <a class=\"external free\" href=\"https:\/\/www.who.int\/news-room\/fact-sheets\/detail\/human-rights-and-health\" rel=\"nofollow\">https:\/\/www.who.int\/news-room\/fact-sheets\/detail\/human-rights-and-health<\/a> (last accessed 22 September 2023).<\/span><\/li>\n<li id=\"cite_note-3\"><span class=\"mw-cite-backlink\"><a href=\"#cite_ref-3\">\u2191<\/a><\/span> <span class=\"reference-text\">People&rsquo;s Health Movement. People&rsquo;s Charter for Health. Available from <a class=\"external free\" href=\"https:\/\/phmovement.org\/wp-content\/uploads\/2018\/06\/phm-pch-english.pdf\" rel=\"nofollow\">https:\/\/phmovement.org\/wp-content\/uploads\/2018\/06\/phm-pch-english.pdf<\/a> (last accessed 22 September 2023).<\/span><\/li>\n<li id=\"cite_note-:3-4\"><span class=\"mw-cite-backlink\">\u2191 <sup><a href=\"#cite_ref-:3_4-0\">4.0<\/a><\/sup> <sup><a href=\"#cite_ref-:3_4-1\">4.1<\/a><\/sup> <sup><a href=\"#cite_ref-:3_4-2\">4.2<\/a><\/sup> <sup><a href=\"#cite_ref-:3_4-3\">4.3<\/a><\/sup> <sup><a href=\"#cite_ref-:3_4-4\">4.4<\/a><\/sup> <sup><a href=\"#cite_ref-:3_4-5\">4.5<\/a><\/sup> <sup><a href=\"#cite_ref-:3_4-6\">4.6<\/a><\/sup> <sup><a href=\"#cite_ref-:3_4-7\">4.7<\/a><\/sup> <sup><a href=\"#cite_ref-:3_4-8\">4.8<\/a><\/sup> <sup><a href=\"#cite_ref-:3_4-9\">4.9<\/a><\/sup><\/span> <span class=\"reference-text\">Salm M, Ali M, Minihane M, Conrad P. <a class=\"external text\" href=\"https:\/\/gh.bmj.com\/content\/6\/6\/e005292.long\" rel=\"nofollow\">Defining global health: findings from a systematic review and thematic analysis of the literature<\/a>. BMJ Glob Health. 2021 Jun;6(6):e005292.<\/span><\/li>\n<li id=\"cite_note-:2-5\"><span class=\"mw-cite-backlink\">\u2191 <sup><a href=\"#cite_ref-:2_5-0\">5.0<\/a><\/sup> <sup><a href=\"#cite_ref-:2_5-1\">5.1<\/a><\/sup><\/span> <span class=\"reference-text\">Ojiako CP, Weekes-Richemond L, Dubula-Majola V, Wangari MC. <a class=\"external text\" href=\"https:\/\/www.ncbi.nlm.nih.gov\/pmc\/articles\/PMC10434861\/\" rel=\"nofollow\">Who is a global health expert?<\/a> PLOS Glob Public Health. 2023 Aug 17;3(8):e0002269.<\/span><\/li>\n<li id=\"cite_note-:4-6\"><span class=\"mw-cite-backlink\">\u2191 <sup><a href=\"#cite_ref-:4_6-0\">6.0<\/a><\/sup> <sup><a href=\"#cite_ref-:4_6-1\">6.1<\/a><\/sup> <sup><a href=\"#cite_ref-:4_6-2\">6.2<\/a><\/sup><\/span> <span class=\"reference-text\">Koplan JP, Bond TC, Merson MH, Reddy KS, Rodriguez MH, Sewankambo NK, et al. <a class=\"external text\" href=\"https:\/\/www.thelancet.com\/journals\/lancet\/article\/PIIS0140-6736(09)60332-9\/fulltext\" rel=\"nofollow\">Towards a common definition of global health<\/a>. Lancet. 2009 Jun 6;373(9679):1993-5. <\/span><\/li>\n<li id=\"cite_note-7\"><span class=\"mw-cite-backlink\"><a href=\"#cite_ref-7\">\u2191<\/a><\/span> <span class=\"reference-text\">Sewankambo NK, Wallengren E, De Angeles KJC, Tomson G, Weerasuriya K. <a class=\"external text\" href=\"https:\/\/www.thelancet.com\/journals\/lancet\/article\/PIIS0140-6736(23)00513-5\/fulltext\" rel=\"nofollow\">Envisioning the futures of global health: three positive disruptions<\/a>. Lancet. 2023 Apr 15;401(10384):1247-9. <\/span><\/li>\n<li id=\"cite_note-:0-8\"><span class=\"mw-cite-backlink\">\u2191 <sup><a href=\"#cite_ref-:0_8-0\">8.0<\/a><\/sup> <sup><a href=\"#cite_ref-:0_8-1\">8.1<\/a><\/sup><\/span> <span class=\"reference-text\">Holst J. <a class=\"external text\" href=\"https:\/\/globalizationandhealth.biomedcentral.com\/articles\/10.1186\/s12992-020-00573-4\" rel=\"nofollow\">Global Health &#8211; emergence, hegemonic trends and biomedical reductionism<\/a>. Global Health. 2020 May 6;16(1):42.<\/span><\/li>\n<li id=\"cite_note-9\"><span class=\"mw-cite-backlink\"><a href=\"#cite_ref-9\">\u2191<\/a><\/span> <span class=\"reference-text\">Gichane MW, Wallace DD. <a class=\"external text\" href=\"https:\/\/www.ncbi.nlm.nih.gov\/pmc\/articles\/PMC9621231\/\" rel=\"nofollow\">Dismantling and reimagining global health education<\/a>. Glob Health Action. 2022 Dec 31;15(1):2131967.<\/span><\/li>\n<li id=\"cite_note-10\"><span class=\"mw-cite-backlink\"><a href=\"#cite_ref-10\">\u2191<\/a><\/span> <span class=\"reference-text\">Rahman MT, Sobur MA, Islam MS, Ievy S, Hossain MJ, El Zowalaty ME, et al. <a class=\"external text\" href=\"https:\/\/www.mdpi.com\/2076-2607\/8\/9\/1405\" rel=\"nofollow\">Zoonotic diseases: etiology, impact, and control. Microorganisms<\/a>. 2020 Sep 12;8(9):1405.<\/span><\/li>\n<li id=\"cite_note-:5-11\"><span class=\"mw-cite-backlink\">\u2191 <sup><a href=\"#cite_ref-:5_11-0\">11.0<\/a><\/sup> <sup><a href=\"#cite_ref-:5_11-1\">11.1<\/a><\/sup> <sup><a href=\"#cite_ref-:5_11-2\">11.2<\/a><\/sup> <sup><a href=\"#cite_ref-:5_11-3\">11.3<\/a><\/sup> <sup><a href=\"#cite_ref-:5_11-4\">11.4<\/a><\/sup><\/span> <span class=\"reference-text\">Mackenzie JS, Jeggo M. <a class=\"external text\" href=\"https:\/\/www.ncbi.nlm.nih.gov\/pmc\/articles\/PMC6630404\/\" rel=\"nofollow\">The One Health approach-why is it so important?<\/a> Trop Med Infect Dis. 2019 May 31;4(2):88.<\/span><\/li>\n<li id=\"cite_note-12\"><span class=\"mw-cite-backlink\"><a href=\"#cite_ref-12\">\u2191<\/a><\/span> <span class=\"reference-text\">World Health Organization. Social Determinants of Health. Available from: <a class=\"external free\" href=\"https:\/\/www.who.int\/health-topics\/social-determinants-of-health\" rel=\"nofollow\">https:\/\/www.who.int\/health-topics\/social-determinants-of-health<\/a> (last accessed 1 September 2023).<\/span><\/li>\n<li id=\"cite_note-:7-13\"><span class=\"mw-cite-backlink\">\u2191 <sup><a href=\"#cite_ref-:7_13-0\">13.0<\/a><\/sup> <sup><a href=\"#cite_ref-:7_13-1\">13.1<\/a><\/sup> <sup><a href=\"#cite_ref-:7_13-2\">13.2<\/a><\/sup><\/span> <span class=\"reference-text\">Ojiako CP, Weekes-Richemond L, Dubula-Majola V, Wangari MC. <a class=\"external text\" href=\"https:\/\/www.ncbi.nlm.nih.gov\/pmc\/articles\/PMC10434861\/\" rel=\"nofollow\">Who is a global health expert?<\/a> PLOS Glob Public Health. 2023 Aug 17;3(8):e0002269.<\/span><\/li>\n<li id=\"cite_note-14\"><span class=\"mw-cite-backlink\"><a href=\"#cite_ref-14\">\u2191<\/a><\/span> <span class=\"reference-text\">Abimbola S, Asthana S, Montenegro C, Guinto RR, Jumbam DT, Louskieter L, et al. <a class=\"external text\" href=\"https:\/\/journals.plos.org\/plosmedicine\/article?id=10.1371\/journal.pmed.1003604\" rel=\"nofollow\">Addressing power asymmetries in global health: Imperatives in the wake of the COVID-19 pandemic<\/a>. PLoS Med. 2021 Apr 22;18(4):e1003604.<\/span><\/li>\n<\/ol>\n<\/div>\n<p><!-- NewPP limit report Cached time: 20231221090800 Cache expiry: 0 Reduced expiry: true Complications: (show\u2010toc) CPU time usage: 0.089 seconds Real time usage: 0.099 seconds Preprocessor visited node count: 374\/1000000 Post\u2010expand include size: 51\/2097152 bytes Template argument size: 0\/2097152 bytes Highest expansion depth: 3\/100 Expensive parser function count: 0\/100 Unstrip recursion depth: 0\/20 Unstrip post\u2010expand size: 11726\/5000000 bytes --><br \/>\n<!-- Transclusion expansion time report (%,ms,calls,template) 100.00% 6.560 1 Special:Contributors\/Overview_of_Global_Health 100.00% 6.560 1 -total --><\/p>\n<\/div>\n","protected":false},"excerpt":{"rendered":"<p>R\u00e9dacteur original &#8211; Derek Lai d&rsquo;apr\u00e8s le cours de Derek Lai Principales collaboratrices &#8211; Jess Bell, Robin Tacchetti et Kim Jackson Contenu 1 Introduction 2 Qu&rsquo;est-ce que la sant\u00e9 ? 3 Histoire de la sant\u00e9 mondiale 4 D\u00e9finition de la sant\u00e9 mondiale 4.1 Terminologie 5 Syst\u00e8mes interconnect\u00e9s 6 D\u00e9terminants de la sant\u00e9 7 Points essentiels [&hellip;]<\/p>\n","protected":false},"author":1,"featured_media":0,"parent":0,"menu_order":0,"comment_status":"closed","ping_status":"closed","template":"","meta":{"_acf_changed":false,"footnotes":""},"class_list":["post-11415","page","type-page","status-publish","hentry"],"acf":[],"_links":{"self":[{"href":"https:\/\/langs.physio-pedia.com\/fr\/wp-json\/wp\/v2\/pages\/11415","targetHints":{"allow":["GET"]}}],"collection":[{"href":"https:\/\/langs.physio-pedia.com\/fr\/wp-json\/wp\/v2\/pages"}],"about":[{"href":"https:\/\/langs.physio-pedia.com\/fr\/wp-json\/wp\/v2\/types\/page"}],"author":[{"embeddable":true,"href":"https:\/\/langs.physio-pedia.com\/fr\/wp-json\/wp\/v2\/users\/1"}],"replies":[{"embeddable":true,"href":"https:\/\/langs.physio-pedia.com\/fr\/wp-json\/wp\/v2\/comments?post=11415"}],"version-history":[{"count":2,"href":"https:\/\/langs.physio-pedia.com\/fr\/wp-json\/wp\/v2\/pages\/11415\/revisions"}],"predecessor-version":[{"id":11417,"href":"https:\/\/langs.physio-pedia.com\/fr\/wp-json\/wp\/v2\/pages\/11415\/revisions\/11417"}],"wp:attachment":[{"href":"https:\/\/langs.physio-pedia.com\/fr\/wp-json\/wp\/v2\/media?parent=11415"}],"curies":[{"name":"wp","href":"https:\/\/api.w.org\/{rel}","templated":true}]}}