{"id":9419,"date":"2024-04-11T12:32:20","date_gmt":"2024-04-11T12:32:20","guid":{"rendered":"https:\/\/langs.physio-pedia.com\/functional-anatomy-of-the-foot-es\/"},"modified":"2026-07-06T07:34:26","modified_gmt":"2026-07-06T07:34:26","slug":"functional-anatomy-of-the-foot-es","status":"publish","type":"page","link":"https:\/\/langs.physio-pedia.com\/es\/functional-anatomy-of-the-foot-es\/","title":{"rendered":"Anatom\u00eda funcional del pie"},"content":{"rendered":"<div class=\"mw-parser-output\">\n<div class=\"editorbox\">\n<div class=\"thumb tright\">\n<div class=\"thumbinner\" style=\"width: 302px;\"><a class=\"image\" href=\"\/File:Plantar_muscles_of_the_foot_first_layer_Primal.png\"><img loading=\"lazy\" decoding=\"async\" class=\"thumbimage\" src=\"https:\/\/www.physio-pedia.com\/images\/thumb\/7\/77\/Plantar_muscles_of_the_foot_first_layer_Primal.png\/300px-Plantar_muscles_of_the_foot_first_layer_Primal.png\" srcset=\"https:\/\/www.physio-pedia.com\/images\/thumb\/7\/77\/Plantar_muscles_of_the_foot_first_layer_Primal.png\/450px-Plantar_muscles_of_the_foot_first_layer_Primal.png 1.5x, https:\/\/www.physio-pedia.com\/images\/thumb\/7\/77\/Plantar_muscles_of_the_foot_first_layer_Primal.png\/600px-Plantar_muscles_of_the_foot_first_layer_Primal.png 2x\" alt=\"M\u00fasculos plantares del pie, primera capa: Primal.png\" width=\"300\" height=\"292\" data-file-width=\"601\" data-file-height=\"585\"><\/a><\/p>\n<div class=\"thumbcaption\">\n<div class=\"magnify\"><\/div>\n<\/div>\n<\/div>\n<\/div>\n<p><b>Original Editor <\/b>&#8211; <a title=\"User:Ewa Jaraczewska\" href=\"\/User:Ewa_Jaraczewska\">Ewa Jaraczewska<\/a><\/p>\n<p><b>Principales colaboradores<\/b>  &#8211;  <a class=\"mw-userlink\" title=\"User:Ewa Jaraczewska\" href=\"\/User:Ewa_Jaraczewska\"><bdi>Ewa Jaraczewska<\/bdi><\/a>,  <a class=\"mw-userlink\" title=\"User:Nupur Smit Shah\" href=\"\/User:Nupur_Smit_Shah\"><bdi>Nupur Smit Shah<\/bdi><\/a>,  <a class=\"mw-userlink\" title=\"User:Jess Bell\" href=\"\/User:Jess_Bell\"><bdi>Jess Bell<\/bdi><\/a>,  <a class=\"mw-userlink\" title=\"User:Kim Jackson\" href=\"\/User:Kim_Jackson\"><bdi>Kim Jackson<\/bdi><\/a> y <a class=\"mw-userlink\" title=\"User:Tarina van der Stockt\" href=\"\/User:Tarina_van_der_Stockt\"><bdi>Tarina van der Stockt<\/bdi><\/a><\/p>\n<\/div>\n<div id=\"toc\" class=\"toc\" role=\"navigation\" aria-labelledby=\"mw-toc-heading\"><input id=\"toctogglecheckbox\" class=\"toctogglecheckbox\" style=\"display: none;\" role=\"button\" type=\"checkbox\"><\/p>\n<div class=\"toctitle\" dir=\"ltr\" lang=\"en\">\n<h2 id=\"mw-toc-heading\">Contenidos<\/h2>\n<\/div>\n<ul>\n<li class=\"toclevel-1 tocsection-1\"><a href=\"#Introduction\"><span class=\"tocnumber\">1<\/span> <span class=\"toctext\">Introducci\u00f3n<\/span><\/a><\/li>\n<li class=\"toclevel-1 tocsection-2\"><a href=\"#Key_Terms\"><span class=\"tocnumber\">2<\/span> <span class=\"toctext\">T\u00e9rminos clave<\/span><\/a><\/li>\n<li class=\"toclevel-1 tocsection-3\"><a href=\"#Foot_Structure\"><span class=\"tocnumber\">3<\/span> <span class=\"toctext\">Estructura del pie<\/span><\/a>\n<ul>\n<li class=\"toclevel-2 tocsection-4\"><a href=\"#Bones_and_Articulations_of_the_Foot\">3.1 Huesos y articulaciones del pie<\/a><\/li>\n<li class=\"toclevel-2 tocsection-5\"><a href=\"#Arches_of_the_Foot\"><span class=\"tocnumber\">3.2<\/span> <span class=\"toctext\">Arcos del pie<\/span><\/a><\/li>\n<li class=\"toclevel-2 tocsection-6\"><a href=\"#Foot_Bursae\"><span class=\"tocnumber\">3.3<\/span> <span class=\"toctext\">Bursas del pie<\/span><\/a><\/li>\n<\/ul>\n<\/li>\n<li class=\"toclevel-1 tocsection-7\"><a href=\"#Ligaments_of_the_Foot\"><span class=\"tocnumber\">4<\/span> <span class=\"toctext\">Ligamentos del pie<\/span><\/a><\/li>\n<li class=\"toclevel-1 tocsection-8\"><a href=\"#Muscles_of_the_Foot\"><span class=\"tocnumber\">5<\/span> <span class=\"toctext\">M\u00fasculos del pie<\/span><\/a><\/li>\n<li class=\"toclevel-1 tocsection-9\"><a href=\"#Innervation_of_the_Foot\"><span class=\"tocnumber\">6<\/span> <span class=\"toctext\">Innervaci\u00f3n del pie<\/span><\/a><\/li>\n<li class=\"toclevel-1 tocsection-10\"><a href=\"#Vascular_Supply_of_the_Foot\"><span class=\"tocnumber\">7<\/span> <span class=\"toctext\">Irrigaci\u00f3n vascular del pie<\/span><\/a><\/li>\n<li class=\"toclevel-1 tocsection-11\"><a href=\"#Clinical_Relevance\"><span class=\"tocnumber\">8<\/span> <span class=\"toctext\">Relevancia cl\u00ednica<\/span><\/a><\/li>\n<li class=\"toclevel-1 tocsection-12\"><a href=\"#Resources\"><span class=\"tocnumber\">9<\/span> <span class=\"toctext\">Recursos<\/span><\/a><\/li>\n<li class=\"toclevel-1 tocsection-13\"><a href=\"#References\"><span class=\"tocnumber\">10<\/span> <span class=\"toctext\">Referencias<\/span><\/a><\/li>\n<\/ul>\n<\/div>\n<h2><span id=\"Introduction\" class=\"mw-headline\">Introducci\u00f3n<\/span><span class=\"mw-editsection\"><span class=\"mw-editsection-bracket\">(<\/span><a class=\"mw-editsection-visualeditor\" title=\"Edit section: Introduction\" href=\"\/index.php?title=Functional_Anatomy_of_the_Foot&#038;veaction=edit&#038;section=1\">edit<\/a><span class=\"mw-editsection-divider\"> | <\/span><a title=\"Edit section: Introduction\" href=\"\/index.php?title=Functional_Anatomy_of_the_Foot&#038;action=edit&#038;section=1\">edit source<\/a><span class=\"mw-editsection-bracket\">)<\/span><\/span><\/h2>\n<p>Los pies humanos permiten la locomoci\u00f3n b\u00edpeda,<sup id=\"cite_ref-1\" class=\"reference\"><a href=\"#cite_note-1\">(1)<\/a><\/sup> y son una estructura sensorial esencial para el control postural.<sup id=\"cite_ref-2\" class=\"reference\"><a href=\"#cite_note-2\">(2)<\/a><\/sup> La estructura del pie es compleja y est\u00e1 formada por muchos huesos, articulaciones, ligamentos y m\u00fasculos. El pie se divide en tres partes: el retropi\u00e9, el mediopi\u00e9 y el antepi\u00e9. La capacidad de un profesional sanitario para comprender las estructuras anat\u00f3micas del pie es fundamental para la evaluaci\u00f3n y el tratamiento, sobre todo para los que trabajan con pacientes con afecciones musculoesquel\u00e9ticas.<sup id=\"cite_ref-3\" class=\"reference\"><a href=\"#cite_note-3\">(3)<\/a><\/sup> <sup id=\"cite_ref-4\" class=\"reference\"><a href=\"#cite_note-4\">(4)<\/a><\/sup> Este art\u00edculo trata sobre las principales estructuras anat\u00f3micas del pie.<\/p>\n<h2><span id=\"Key_Terms\" class=\"mw-headline\">T\u00e9rminos clave<\/span><span class=\"mw-editsection\"><span class=\"mw-editsection-bracket\">(<\/span> <a class=\"mw-editsection-visualeditor\" title=\"Editar secci\u00f3n: T\u00e9rminos clave\" href=\"\/index.php?title=Functional_Anatomy_of_the_Foot&#038;veaction=edit&#038;section=2\">editar<\/a> <span class=\"mw-editsection-divider\"> | <\/span> <a title=\"Editar secci\u00f3n: T\u00e9rminos clave\" href=\"\/index.php?title=Functional_Anatomy_of_the_Foot&#038;action=edit&#038;section=2\">editar fuente<\/a> <span class=\"mw-editsection-bracket\">)<\/span><\/span><\/h2>\n<p><a title=\"Planos principales y ejes de movimiento\" href=\"\/Cardinal_Planes_and_Axes_of_Movement\">Ejes<\/a>: l\u00edneas alrededor de las cuales gira un objeto. El eje de rotaci\u00f3n es una recta que pasa por el centro de masa. Hay tres ejes de rotaci\u00f3n: <i>el sagital<\/i>, que va de atr\u00e1s hacia delante; <i>el frontal<\/i>, que va de izquierda a derecha; y <i>el vertical<\/i>, que va de abajo hacia arriba. Los ejes de rotaci\u00f3n de las articulaciones del pie son perpendiculares a los planos cardinales. Por lo tanto, el movimiento en estas articulaciones da lugar a rotaciones en tres planos. Ejemplo: la supinaci\u00f3n implica inversi\u00f3n, rotaci\u00f3n interna y flexi\u00f3n plantar.<\/p>\n<p><a title=\"Bursitis\" href=\"\/Bursitis\">Bursas<\/a>: reducen la fricci\u00f3n entre las partes m\u00f3viles de las articulaciones del cuerpo. Es una bolsa llena de l\u00edquido. Hay cuatro tipos de bursas: adventicias, subcut\u00e1neas, <a title=\"An\u00e1lisis del l\u00edquido sinovial\" href=\"\/Synovial_Fluid_Analysis\">sinoviales<\/a> y submusculares.<\/p>\n<p><a title=\"Mecanismo de restricci\u00f3n capsular\" href=\"\/Capsular_Constraint_Mechanism\">C\u00e1psula<\/a>: una de las partes de <a title=\"Articulaciones sinoviales\" href=\"\/Synovial_Joints\">las articulaciones sinoviales<\/a>. Es un tejido conectivo fibroso que forma una banda que sella el espacio articular, aporta estabilidad pasiva y activa, y que incluso puede formar las superficies articulares de la articulaci\u00f3n.<sup id=\"cite_ref-5\" class=\"reference\"><a href=\"#cite_note-5\">(5)<\/a><\/sup><\/p>\n<p>Posici\u00f3n de m\u00e1xima congruencia: la posici\u00f3n en la que las superficies articulares est\u00e1n m\u00e1s alineadas. En esta posici\u00f3n, la estabilidad de la articulaci\u00f3n aumenta. La posici\u00f3n de m\u00e1xima congruencia de las articulaciones interfal\u00e1ngicas es la de extensi\u00f3n completa.<\/p>\n<p>Grados de libertad: la direcci\u00f3n del movimiento o la rotaci\u00f3n de una articulaci\u00f3n; hay un m\u00e1ximo de seis, incluyendo tres traslaciones y tres rotaciones.<\/p>\n<p><a title=\"Ligamento\" href=\"\/Ligament\">Ligamento<\/a>: tejido conectivo fibroso que une los huesos entre s\u00ed.<\/p>\n<p>Posici\u00f3n de paquete abierto (loose pack position): posici\u00f3n en la que la congruencia entre las superficies articulares es m\u00ednima, la c\u00e1psula y los ligamentos est\u00e1n m\u00e1s relajados, y la articulaci\u00f3n presenta su m\u00e1xima movilidad accesoria y menor estabilidad.<\/p>\n<p><a title=\"Planos principales y ejes de movimiento\" href=\"\/Cardinal_Planes_and_Axes_of_Movement\">Planos de movimiento<\/a>: describen c\u00f3mo se mueve el cuerpo. Los movimientos hacia arriba y hacia abajo (flexi\u00f3n\/extensi\u00f3n) se producen en el <i>plano sagital.<\/i> Los movimientos laterales (abducci\u00f3n\/aducci\u00f3n) se producen en el <i>plano frontal<\/i>. Los movimientos en el <i>plano transversal<\/i> son rotatorios (rotaci\u00f3n interna y externa).<\/p>\n<h2><span id=\"Foot_Structure\" class=\"mw-headline\">Estructura del pie<\/span><span class=\"mw-editsection\"><span class=\"mw-editsection-bracket\">(<\/span> <a class=\"mw-editsection-visualeditor\" title=\"Editar secci\u00f3n: Estructura del pie\" href=\"\/index.php?title=Functional_Anatomy_of_the_Foot&#038;veaction=edit&#038;section=3\">editar<\/a> <span class=\"mw-editsection-divider\"> | <\/span> <a title=\"Editar secci\u00f3n: Estructura del pie\" href=\"\/index.php?title=Functional_Anatomy_of_the_Foot&#038;action=edit&#038;section=3\">editar fuente<\/a> <span class=\"mw-editsection-bracket\">)<\/span><\/span><\/h2>\n<p>La estructura anat\u00f3mica del pie se compone del retropi\u00e9, el mediopi\u00e9 y el antepi\u00e9. Cada parte del pie est\u00e1 formada por varios huesos.<\/p>\n<h3><span id=\"Bones_and_Articulations_of_the_Foot\" class=\"mw-headline\">Huesos y articulaciones del pie<\/span><span class=\"mw-editsection\"><span class=\"mw-editsection-bracket\">(<\/span><a class=\"mw-editsection-visualeditor\" title=\"Editar secci\u00f3n: Huesos y articulaciones del pie\" href=\"\/index.php?title=Functional_Anatomy_of_the_Foot&#038;veaction=edit&#038;section=4\">editar<\/a><span class=\"mw-editsection-divider\"> | <\/span><a title=\"Editar secci\u00f3n: Huesos y articulaciones del pie\" href=\"\/index.php?title=Functional_Anatomy_of_the_Foot&#038;action=edit&#038;section=4\">editar fuente<\/a><span class=\"mw-editsection-bracket\">)<\/span><\/span><\/h3>\n<p>La parte posterior del pie se llama <i>retropi\u00e9. El mediopi\u00e9<\/i> est\u00e1 situado entre el retropi\u00e9 y el antepi\u00e9. La parte m\u00e1s anterior del pie se llama <i>antepi\u00e9.<\/i><\/p>\n<table class=\"wikitable\">\n<caption> <\/caption>\n<tbody>\n<tr>\n<th><b> \u00c1rea del pie<\/b><\/th>\n<th><b>Huesos<\/b><\/th>\n<th><b>Articulaci\u00f3n<\/b><\/th>\n<th><b>Caracter\u00edsticas<\/b><\/th>\n<th><b>Puntos clave para la palpaci\u00f3n<\/b><\/th>\n<\/tr>\n<tr>\n<td>Retropi\u00e9<\/td>\n<td><a title=\"Talus\" href=\"https:\/\/langs.physio-pedia.com\/talus\/\">Talus<\/a><\/p>\n<p><a title=\"Calc\u00e1neo\" href=\"\/Calcaneus\">Calc\u00e1neo<\/a><\/td>\n<td><a title=\"Artritis de la articulaci\u00f3n subtalar\" href=\"\/Subtalar_Joint_Arthritis\">Articulaci\u00f3n subtalar<\/a> (ST, articulaci\u00f3n talocalc\u00e1nea)<\/td>\n<td>Tres facetas del astr\u00e1galo y del calc\u00e1neo forman parte de la articulaci\u00f3n ST<\/td>\n<td>Para localizar el <b>calc\u00e1neo<\/b>, palpa hacia la parte distal del mal\u00e9olo lateral. Est\u00e1 justo debajo del astr\u00e1galo.<\/p>\n<p>Para localizar la <b>cabeza del astr\u00e1galo<\/b>, busca los mal\u00e9olos medial y lateral. Pon el pulgar en el mal\u00e9olo medial y el dedo \u00edndice en el mal\u00e9olo lateral, y mueve los dedos hacia delante. Notar\u00e1s un hueco justo detr\u00e1s del tend\u00f3n. Para comprobar que est\u00e1s en la cabeza del astr\u00e1galo, gira el tobillo del paciente hacia fuera mientras est\u00e1 en flexi\u00f3n plantar. Deber\u00edas notar c\u00f3mo la cara medial de la cabeza del astr\u00e1galo sobresale al hacer contacto.<\/td>\n<\/tr>\n<tr>\n<td>Mediopi\u00e9<\/td>\n<td><a title=\"Navicular\" href=\"\/Navicular\">Navicular<\/a><\/p>\n<p><a title=\"Cuboide\" href=\"\/Cuboid\">Cuboide<\/a><\/p>\n<p><a title=\"Cuneiformes\" href=\"\/Cuneiforms\">Cuneiforme medial<\/a><\/p>\n<p><a title=\"Cuneiformes\" href=\"\/Cuneiforms\">Cuneiforme intermedio (medio)<\/a><\/p>\n<p><a title=\"Cuneiformes\" href=\"\/Cuneiforms\">Cuneiforme lateral<\/a><\/td>\n<td>Articulaci\u00f3n metatarso-tarsiana (MT, articulaci\u00f3n tarsiana transversal, articulaci\u00f3n de Chopart): est\u00e1 formada por dos articulaciones m\u00e1s peque\u00f1as:<\/p>\n<p>Talocalc\u00e1neo-navicular (TCN)<\/p>\n<p>Calc\u00e1neo-cuboidea (CC)<\/td>\n<td>La articulaci\u00f3n MT est\u00e1 situada entre el retropi\u00e9 y el mediopi\u00e9<i>.<\/i>El navicular se articula distalmente con los tres huesos cuneiformes. El hueso cuboide se articula en su extremo distal con la base del cuarto y el quinto metatarsianos.<\/td>\n<td>Para palpar el hueso <b>navicular<\/b>, el paciente debe estar tumbado boca arriba, con la pierna estirada y el pie en posici\u00f3n neutra. Busca la protuberancia \u00f3sea que est\u00e1 a mitad de camino entre el calc\u00e1neo y la base del primer metatarsiano. El hueso navicular se extiende en direcci\u00f3n lateral hasta el tercer metatarsiano.<\/p>\n<p>Para palpar la <b>articulaci\u00f3n talocalc\u00e1neo-navicular,<\/b> el paciente debe estar tumbado boca arriba o sentado. Busca el hueso navicular. Desliza el dedo hacia la parte proximal y lateral de la protuberancia medial del hueso navicular para localizar la cara dorsal de la articulaci\u00f3n talonavicular.<\/p>\n<p>Para palpar el <b>cuneiforme medial<\/b>, el paciente debe estar tumbado boca arriba. Empieza a palpar desde el dedo gordo del pie, siguiendo el borde medial del pie, hasta llegar al primer metatarsiano. La base del primer metatarsiano se ensancha. El <b> cuneiforme<\/b> <b>medial<\/b> <b>(el primero)<\/b> est\u00e1 situado m\u00e1s cerca del primer metatarsiano. El <b>cuneiforme intermedio (el segundo)<\/b> se aproxima al segundo metatarsiano. Para localizar el<b> cuneiforme lateral (tercero)<\/b>, palpa el cuerpo del tercer metatarsiano hacia el tobillo hasta que el tercer metatarsiano se una con el tercer cuneo.<\/td>\n<\/tr>\n<tr>\n<td>Antepi\u00e9<\/td>\n<td><a title=\"Metatarsianos\" href=\"\/Metatarsals\">Metatarsianos<\/a><\/p>\n<p>Falanges<\/p>\n<p><a title=\"Sesamoide\" href=\"\">Sesamoideos<\/a><\/td>\n<td>Articulaci\u00f3n tarsometatarsiana (TMT o articulaci\u00f3n de Lisfranc)<\/p>\n<p>Articulaciones metatarsofal\u00e1ngicas (articulaciones MTF)<\/p>\n<p>Articulaciones interfal\u00e1ngicas (IF) proximales y distales, excepto el primer dedo del pie (que solo tiene una articulaci\u00f3n IF)<\/td>\n<td>Los dedos del pie del 2 al 5 est\u00e1n formados por un metatarso y tres falanges.<\/p>\n<p>El primer dedo del pie solo tiene dos falanges.<\/p>\n<p>Los metatarsianos y las falanges correspondientes forman los cinco dedos del antepi\u00e9. La articulaci\u00f3n TMT se puede dividir en tres columnas:<\/p>\n<p><i>columna medial<\/i> (articulaci\u00f3n entre el primer metatarsiano y el cuneiforme medial)<\/p>\n<p><i>la columna central<\/i> (la articulaci\u00f3n del segundo y tercer metatarsiano con los cuneiformes intermedios y laterales)<\/p>\n<p><i>la columna lateral<\/i> (la articulaci\u00f3n entre el cuarto y el quinto metatarsiano y el cuboides).<\/p>\n<p>La articulaci\u00f3n TMT une el <i>mediopi\u00e9 con el antepi\u00e9.<\/i> Tiene su origen en los cuneiformes lateral, intermedio y medial, que se articulan con las bases del primer, segundo y tercer metatarsianos. Las bases de los huesos metatarsianos cuarto y quinto se unen al hueso cuboide.<\/td>\n<td>Para palpar el <b>quinto hueso metatarsiano<\/b>, el paciente debe estar sentado o tumbado boca arriba, con el pie en una posici\u00f3n relajada. Palpa la parte lateral del pie, m\u00e1s all\u00e1 del hueso cuboides, para localizar la <b>base<\/b> (proceso estiloide)<b> del<\/b> <b>quinto metatarsiano.<\/b> Para localizar la <b>cabeza<\/b> <b>del<\/b> <b>quinto metatarsiano,<\/b> coloca la articulaci\u00f3n talocrural en posici\u00f3n neutra y las falanges en extensi\u00f3n m\u00e1xima; a continuaci\u00f3n, palpa el extremo distal del metatarsiano m\u00e1s lateral. Para palpar los <b>sesamoides<\/b>, coloca al paciente en dec\u00fabito supino, con el pie en posici\u00f3n neutra. Palpa hacia distal a lo largo del arco longitudinal medial. Busca la base del primer hueso metatarsiano y sigue palpando hasta llegar a la primera articulaci\u00f3n metatarsofal\u00e1ngica.<\/td>\n<\/tr>\n<\/tbody>\n<\/table>\n<div class=\"thumb tnone\">\n<div class=\"thumbinner\" style=\"width: 302px;\"><a class=\"image\" href=\"\/File:Shutterstock_Image_-_Bones_of_foot_-_ID_155445662.jpeg\"><img loading=\"lazy\" decoding=\"async\" class=\"thumbimage\" src=\"https:\/\/www.physio-pedia.com\/images\/thumb\/6\/6b\/Shutterstock_Image_-_Bones_of_foot_-_ID_155445662.jpeg\/300px-Shutterstock_Image_-_Bones_of_foot_-_ID_155445662.jpeg\" srcset=\"https:\/\/www.physio-pedia.com\/images\/thumb\/6\/6b\/Shutterstock_Image_-_Bones_of_foot_-_ID_155445662.jpeg\/450px-Shutterstock_Image_-_Bones_of_foot_-_ID_155445662.jpeg 1.5x, https:\/\/www.physio-pedia.com\/images\/thumb\/6\/6b\/Shutterstock_Image_-_Bones_of_foot_-_ID_155445662.jpeg\/600px-Shutterstock_Image_-_Bones_of_foot_-_ID_155445662.jpeg 2x\" alt=\"Imagen de Shutterstock - Huesos del pie - ID 155445662.jpeg\" width=\"300\" height=\"240\" data-file-width=\"5001\" data-file-height=\"4001\"><\/a><\/p>\n<div class=\"thumbcaption\">\n<div class=\"magnify\"><\/div>\n<\/div>\n<\/div>\n<\/div>\n<p><b><u>Cinem\u00e1tica del pie<\/u><\/b><\/p>\n<p>El rango de movimiento del pie puede variar de una persona a otra en funci\u00f3n de las actividades espec\u00edficas del sistema locomotor. El rango de movimiento del pie generalmente es mayor en las mujeres que en los hombres en los grupos de edad m\u00e1s j\u00f3venes, pero tiende a igualarse en los adultos mayores. La actividad f\u00edsica tambi\u00e9n puede influir en las diferencias relacionadas con el g\u00e9nero y la edad en cuanto a la amplitud de movimiento.<sup id=\"cite_ref-6\" class=\"reference\"><a href=\"#cite_note-6\">(6)<\/a><\/sup><\/p>\n<table class=\"wikitable\">\n<caption> <\/caption>\n<tbody>\n<tr>\n<th><b>Articulaci\u00f3n<\/b><\/th>\n<th><b>Tipo de articulaci\u00f3n<\/b><\/th>\n<th><b>Plano de movimiento<\/b><\/th>\n<th><b>Movimiento<\/b><\/th>\n<th><b>Cinem\u00e1tica<\/b><\/th>\n<th><b> Posici\u00f3n m\u00e1xima congruencia<\/b><\/th>\n<th><b> Posici\u00f3n de m\u00ednima congruencia<\/b><\/th>\n<\/tr>\n<tr>\n<td>Articulaci\u00f3n subastragalina<\/td>\n<td>Cond\u00edlea<\/td>\n<td>Principalmente transversal<\/td>\n<td>Inversi\u00f3n y eversi\u00f3n<\/td>\n<td>El rango de movimiento (ROM) medio es:<\/p>\n<p>30 grados de inversi\u00f3n \/ 18 grados de eversi\u00f3n<sup id=\"cite_ref-7\" class=\"reference\"><a href=\"#cite_note-7\">(7)<\/a><\/sup><\/td>\n<td>Inversi\u00f3n completa<\/td>\n<td>Inversi\u00f3n \/ flexi\u00f3n plantar<\/td>\n<\/tr>\n<tr>\n<td>Articulaci\u00f3n MT (articulaci\u00f3n de Chopart)<\/td>\n<td>Articulaci\u00f3n talonavicular (TN) &#8211; Articulaci\u00f3n enartrosis<\/p>\n<p>Articulaci\u00f3n CC &#8211; Silla modificada<\/td>\n<td>En su mayor parte transversal;<\/p>\n<p>Algunas im\u00e1genes sagitales<\/td>\n<td>Inversi\u00f3n y eversi\u00f3n<\/p>\n<p>Flexi\u00f3n dorsal y flexi\u00f3n plantar <sup id=\"cite_ref-8\" class=\"reference\"><a href=\"#cite_note-8\">(8)<\/a><\/sup><\/p>\n<p>Abducci\u00f3n y aducci\u00f3n<sup id=\"cite_ref-9\" class=\"reference\"><a href=\"#cite_note-9\">(9)<\/a><\/sup><\/td>\n<td>Inversi\u00f3n: entre 8 y 10 grados, m\u00e1s o menos<\/p>\n<p>Eversi\u00f3n: entre 2 y 3 grados<\/td>\n<td>TN: Supinaci\u00f3n completa<\/p>\n<p>CC: Supinaci\u00f3n completa<\/td>\n<td>A medio camino entre el rango de movimiento extremo<\/td>\n<\/tr>\n<tr>\n<td>Articulaci\u00f3n TMT (articulaci\u00f3n de Lisfranc)<\/td>\n<td>Plano sinovial<\/td>\n<td>Sagital<\/td>\n<td>Flexi\u00f3n dorsal y flexi\u00f3n plantar<\/td>\n<td>La amplitud de movimiento media oscila entre 22,4 y 33,5\u00b0.<\/p>\n<p>Los valores de MTF 5 a 2 van aumentando<sup id=\"cite_ref-10\" class=\"reference\"><a href=\"#cite_note-10\">(10)<\/a><\/sup><\/td>\n<td>Supinaci\u00f3n completa<\/td>\n<td>A medio camino entre la supinaci\u00f3n y la pronaci\u00f3n<\/td>\n<\/tr>\n<tr>\n<td>Articulaci\u00f3n MTF<\/td>\n<td>Cond\u00edlea<\/td>\n<td>Sagital, algo transversal<\/td>\n<td>Flexi\u00f3n dorsal y flexi\u00f3n plantar<\/p>\n<p>Abducci\u00f3n y aducci\u00f3n<\/td>\n<td>Primera articulaci\u00f3n MTF: el rango m\u00e1ximo de dorsiflexi\u00f3n oscila entre 17 y 62 grados<sup id=\"cite_ref-11\" class=\"reference\"><a href=\"#cite_note-11\">(11) <\/a><\/sup>La aducci\u00f3n oscila entre 6 y 11 grados<\/td>\n<td>1.\u00ba MTF: hiperextensi\u00f3n; del 2.\u00ba al 5.\u00ba MTF: flexi\u00f3n m\u00e1xima<\/td>\n<td>Ligera extensi\u00f3n (10 grados)<\/td>\n<\/tr>\n<tr>\n<td>Articulaci\u00f3n IF<\/td>\n<td>Bisagra<\/td>\n<td>Sagital<\/td>\n<td>Flexi\u00f3n y extensi\u00f3n<\/td>\n<td>Primera articulaci\u00f3n de la IF: 70 grados de extensi\u00f3n y 45 grados de flexi\u00f3n<\/td>\n<td>Extensi\u00f3n completa<\/td>\n<td>Ligera flexi\u00f3n<\/td>\n<\/tr>\n<\/tbody>\n<\/table>\n<h3><span id=\"Arches_of_the_Foot\" class=\"mw-headline\">Arcos del pie<\/span><span class=\"mw-editsection\"><span class=\"mw-editsection-bracket\">(<\/span> <a class=\"mw-editsection-visualeditor\" title=\"Editar secci\u00f3n: Arcos del pie\" href=\"\/index.php?title=Functional_Anatomy_of_the_Foot&#038;veaction=edit&#038;section=5\">editar<\/a> <span class=\"mw-editsection-divider\"> | <\/span> <a title=\"Editar secci\u00f3n: Arcos del pie\" href=\"\/index.php?title=Functional_Anatomy_of_the_Foot&#038;action=edit&#038;section=5\">editar fuente<\/a> <span class=\"mw-editsection-bracket\">)<\/span><\/span><\/h3>\n<p>Los arcos del pie:<\/p>\n<ul>\n<li>Sujeta y protege el pie<\/li>\n<li>Redistribuir la presi\u00f3n durante la carga din\u00e1mica<\/li>\n<li>Modificar la flexibilidad y la rigidez del pie<\/li>\n<\/ul>\n<p><b><a title=\"Arches of the Foot\" href=\"\/Arches_of_the_Foot\">Arco longitudinal lateral<\/a><\/b>: lo forman el calc\u00e1neo, el cuboides y los dos huesos metatarsianos laterales<\/p>\n<p><b><a title=\"Arches of the Foot\" href=\"\/Arches_of_the_Foot\">Arco longitudinal medial<\/a><\/b>: formado por el calc\u00e1neo, el astr\u00e1galo, el navicular, los tres cuneiformes y los tres metatarsianos mediales<\/p>\n<p><b><a title=\"Arches of the Foot\" href=\"\/Arches_of_the_Foot\">Arco transversal<\/a><\/b>: discurre a lo largo de las articulaciones tarsometatarsianas<\/p>\n<div class=\"thumb tnone\">\n<div class=\"thumbinner\" style=\"width: 302px;\"><a class=\"image\" href=\"\/File:Arches_of_the_Foot_-_Shutterstock_-_ID_478538809.jpg\"><img loading=\"lazy\" decoding=\"async\" class=\"thumbimage\" src=\"https:\/\/www.physio-pedia.com\/images\/thumb\/2\/2f\/Arches_of_the_Foot_-_Shutterstock_-_ID_478538809.jpg\/300px-Arches_of_the_Foot_-_Shutterstock_-_ID_478538809.jpg\" srcset=\"https:\/\/www.physio-pedia.com\/images\/thumb\/2\/2f\/Arches_of_the_Foot_-_Shutterstock_-_ID_478538809.jpg\/450px-Arches_of_the_Foot_-_Shutterstock_-_ID_478538809.jpg 1.5x, https:\/\/www.physio-pedia.com\/images\/thumb\/2\/2f\/Arches_of_the_Foot_-_Shutterstock_-_ID_478538809.jpg\/600px-Arches_of_the_Foot_-_Shutterstock_-_ID_478538809.jpg 2x\" alt=\"Arcos del pie - Shutterstock - ID 478538809.jpg\" width=\"300\" height=\"287\" data-file-width=\"5221\" data-file-height=\"5000\"><\/a><\/p>\n<div class=\"thumbcaption\">\n<div class=\"magnify\"><\/div>\n<\/div>\n<\/div>\n<\/div>\n<h3><span id=\"Foot_Bursae\" class=\"mw-headline\">Bursas de la planta del pie<\/span><span class=\"mw-editsection\"><span class=\"mw-editsection-bracket\">(<\/span><a class=\"mw-editsection-visualeditor\" title=\"Secci\u00f3n de edici\u00f3n: Bursas del pie\" href=\"\/index.php?title=Functional_Anatomy_of_the_Foot&#038;veaction=edit&#038;section=6\">editar<\/a><span class=\"mw-editsection-divider\"> | <\/span><a title=\"Secci\u00f3n de edici\u00f3n: Bursas del pie\" href=\"\/index.php?title=Functional_Anatomy_of_the_Foot&#038;action=edit&#038;section=6\">editar fuente<\/a><span class=\"mw-editsection-bracket\">)<\/span><\/span><\/h3>\n<p>Las bursas se encuentran en varias zonas del pie: en las articulaciones metatarsofal\u00e1ngicas, en la base del quinto metatarsiano y en la parte posterior del tal\u00f3n, cerca de la inserci\u00f3n del tend\u00f3n de Aquiles. Lee m\u00e1s sobre la patolog\u00eda de las bursas <a title=\"Bursitis\" href=\"\/Bursitis\">aqu\u00ed<\/a> y <a title=\"Bursitis retrocalc\u00e1nea\" href=\"\/Retrocalcaneal_Bursitis\">aqu\u00ed.<\/a><\/p>\n<h2><span id=\"Ligaments_of_the_Foot\" class=\"mw-headline\">Ligamentos del pie<\/span><span class=\"mw-editsection\"><span class=\"mw-editsection-bracket\">(<\/span><a class=\"mw-editsection-visualeditor\" title=\"Editar secci\u00f3n: Ligamentos del pie\" href=\"\/index.php?title=Functional_Anatomy_of_the_Foot&#038;veaction=edit&#038;section=7\">editar<\/a><span class=\"mw-editsection-divider\"> | <\/span><a title=\"Editar secci\u00f3n: Ligamentos del pie\" href=\"\/index.php?title=Functional_Anatomy_of_the_Foot&#038;action=edit&#038;section=7\">editar fuente<\/a><span class=\"mw-editsection-bracket\">)<\/span><\/span><\/h2>\n<p>La funci\u00f3n principal de los ligamentos plantares corto y largo y del ligamento calc\u00e1neo-navicular (ligamento el\u00e1stico) es ayudar a mantener el arco de forma pasiva.<\/p>\n<table class=\"wikitable\">\n<caption> <\/caption>\n<tbody>\n<tr>\n<th><b>Ligamentos principales<\/b><\/th>\n<th><b>Origen<\/b><\/th>\n<th><b>Inserci\u00f3n<\/b><\/th>\n<th><b>Acci\u00f3n\/Rol<\/b><\/th>\n<th><b>Palpaci\u00f3n<\/b><\/th>\n<\/tr>\n<tr>\n<td><a title=\"Aponeurosis plantar\" href=\"\/Plantar_Aponeurosis\">Fascia plantar<\/a><\/td>\n<td>Tub\u00e9rculo calc\u00e1neo medial<\/td>\n<td>Cinco huesos metatarsianos<\/td>\n<td>Tejido plantar pasivo primario que sostiene el arco longitudinal medial<\/td>\n<td>Para localizar el <b>tub\u00e9rculo calc\u00e1neo<\/b> <b>medial<\/b>, coloca al paciente boca abajo. Busca el tal\u00f3n y baja hacia la parte interna del pie. Palpa la protuberancia \u00f3sea.<\/td>\n<\/tr>\n<tr>\n<td>Ligamento calc\u00e1neo-navicular plantar (SL, <a title=\"Ligamento de Spring\" href=\"\/Spring_Ligament\">ligamento de Spring<\/a>) Superomedial (SM)<\/p>\n<p>CN lateral (LCN)<\/p>\n<p>CN intermedio (ICN)<\/td>\n<td>Sustentaculum tali anterior<\/td>\n<td>Navicular (se une a una parte del ligamento deltoideo superficial)<\/td>\n<td>El estabilizador pasivo del arco plantar en la articulaci\u00f3n talocalc\u00e1nea.<\/p>\n<p>Ayuda a evitar la rotaci\u00f3n medial y la flexi\u00f3n plantar del astr\u00e1galo.<\/p>\n<p>Limita la dorsiflexi\u00f3n, la eversi\u00f3n y la abducci\u00f3n del hueso navicular.<\/td>\n<td>Para palpar el <b>sustentaculum tali,<\/b> coloca al paciente en dec\u00fabito supino, con el pie en posici\u00f3n neutra. Localiza el mal\u00e9olo medial y palpa justo por debajo de \u00e9l. La estructura r\u00edgida que notas bajo el dedo es el sustentaculum tali; a partir de ah\u00ed, solo se palpa tejido blando (capa de grasa).<\/p>\n<p>Para palpar el ligamento calcaneonavicular plantar, busca el sustentaculum tali y la tuberosidad del navicular. Coloca los pulgares sobre cada una de las protuberancias \u00f3seas. Entre los pulgares est\u00e1 el ligamento calcaneonavicular plantar. Para tensar el ligamento, separa los huesos.<\/td>\n<\/tr>\n<tr>\n<td>Ligamento calc\u00e1neo-cuboideo (CC):<\/p>\n<p>CC medial (MCC)<\/p>\n<p>CC dorsolateral (DLCC)<\/p>\n<p>CC plantar (PCC) (ligamento plantar corto)<\/p>\n<p>Ligamento plantar largo (LPL)<\/td>\n<td>DLCC: superficie dorsolateral distal de la ap\u00f3fisis anterior del calc\u00e1neo<\/p>\n<p>PCC: tub\u00e9rculo anterior del calc\u00e1neo<\/p>\n<p>MCC: banda lateral del ligamento bifurcado<\/p>\n<p>LPL: cara plantar del calc\u00e1neo<\/td>\n<td>DLCC: superficie lateral proximal del hueso cuboide<\/p>\n<p>PCC: la superficie plantar del cuboides, situada detr\u00e1s del surco por donde pasa el tend\u00f3n del fibular largo<\/p>\n<p>LPL: cresta del cuboides y base de los metatarsianos del 2.\u00ba al 5.\u00ba<\/td>\n<td>Soporta los arcos longitudinales medial y lateral. Estabilizador de la articulaci\u00f3n calc\u00e1neo-cuboidea y de la articulaci\u00f3n metatarsiana.<\/td>\n<td>Se coloca al paciente en dec\u00fabito supino para palpar el <b>hueso cuboides<\/b>. La pierna a explorar est\u00e1 en rotaci\u00f3n interna. Localiza el quinto metatarsiano palpando a lo largo del borde lateral del pie hasta que encuentres el borde redondeado del tub\u00e9rculo del quinto metatarsiano. Busca el tub\u00e9rculo del calc\u00e1neo. El hueso cuboide est\u00e1 situado a mitad de camino entre el tub\u00e9rculo del quinto metatarsiano y el tub\u00e9rculo calc\u00e1neo. Puede que sea dif\u00edcil de palpar, ya que el m\u00fasculo extensor corto de los dedos lo cubre.<\/p>\n<p>El paciente est\u00e1 tumbado boca arriba para poder palpar la <b>articulaci\u00f3n calc\u00e1neo-cuboidea<\/b>. Con cualquiera de las dos manos, coloca el tal\u00f3n y la parte delantera del pie entre el pulgar y el \u00edndice. A continuaci\u00f3n, aplica una tensi\u00f3n en varo y, con la punta del pulgar, palpa un espacio lateral. Esta es la articulaci\u00f3n calc\u00e1neo-cuboidea.<\/td>\n<\/tr>\n<tr>\n<td><a class=\"mw-redirect\" title=\"Lisfranc\" href=\"\/Lisfranc\">Ligamento de Lisfranc<\/a><\/td>\n<td>Lado lateral del hueso cuneiforme medial<\/td>\n<td>Lado medial de la base del segundo hueso metatarsiano<\/td>\n<td>Mantiene la estabilidad de la columna medial y la columna axial del arco del pie<\/td>\n<td><\/td>\n<\/tr>\n<\/tbody>\n<\/table>\n<div class=\"row\">\n<div class=\"col-md-4\">\n<div class=\"thumb tright\">\n<div class=\"thumbinner\" style=\"width: 302px;\"><a class=\"image\" href=\"\/File:Ligaments_of_the_foot_plantar_aspect_Primal.png\"><img loading=\"lazy\" decoding=\"async\" class=\"thumbimage\" src=\"https:\/\/www.physio-pedia.com\/images\/thumb\/4\/42\/Ligaments_of_the_foot_plantar_aspect_Primal.png\/300px-Ligaments_of_the_foot_plantar_aspect_Primal.png\" srcset=\"https:\/\/www.physio-pedia.com\/images\/thumb\/4\/42\/Ligaments_of_the_foot_plantar_aspect_Primal.png\/450px-Ligaments_of_the_foot_plantar_aspect_Primal.png 1.5x, https:\/\/www.physio-pedia.com\/images\/thumb\/4\/42\/Ligaments_of_the_foot_plantar_aspect_Primal.png\/600px-Ligaments_of_the_foot_plantar_aspect_Primal.png 2x\" alt=\"\" width=\"300\" height=\"300\" data-file-width=\"660\" data-file-height=\"660\"><\/a><\/p>\n<div class=\"thumbcaption\">\n<div class=\"magnify\"><\/div>\n<p>Ligamentos de la cara plantar del pie<\/p>\n<\/div>\n<\/div>\n<\/div>\n<\/div>\n<div class=\"col-md-4\">\n<div class=\"thumb tright\">\n<div class=\"thumbinner\" style=\"width: 302px;\"><a class=\"image\" href=\"\/File:Ligaments_of_the_foot_dorsal_aspect_Primal.png\"><img loading=\"lazy\" decoding=\"async\" class=\"thumbimage\" src=\"https:\/\/www.physio-pedia.com\/images\/thumb\/0\/08\/Ligaments_of_the_foot_dorsal_aspect_Primal.png\/300px-Ligaments_of_the_foot_dorsal_aspect_Primal.png\" srcset=\"https:\/\/www.physio-pedia.com\/images\/thumb\/0\/08\/Ligaments_of_the_foot_dorsal_aspect_Primal.png\/450px-Ligaments_of_the_foot_dorsal_aspect_Primal.png 1.5x, https:\/\/www.physio-pedia.com\/images\/thumb\/0\/08\/Ligaments_of_the_foot_dorsal_aspect_Primal.png\/600px-Ligaments_of_the_foot_dorsal_aspect_Primal.png 2x\" alt=\"\" width=\"300\" height=\"300\" data-file-width=\"660\" data-file-height=\"660\"><\/a><\/p>\n<div class=\"thumbcaption\">\n<div class=\"magnify\"><\/div>\n<p>Ligamentos de la cara dorsal del pie<\/p>\n<\/div>\n<\/div>\n<\/div>\n<\/div>\n<div class=\"col-md-4\">\n<div class=\"thumb tright\">\n<div class=\"thumbinner\" style=\"width: 302px;\"><a class=\"image\" href=\"\/File:Ankle_Joint_-_Adapted_Bigstock_Image_-_ID_371375575.jpg\"><img loading=\"lazy\" decoding=\"async\" class=\"thumbimage\" src=\"https:\/\/www.physio-pedia.com\/images\/thumb\/a\/a8\/Ankle_Joint_-_Adapted_Bigstock_Image_-_ID_371375575.jpg\/300px-Ankle_Joint_-_Adapted_Bigstock_Image_-_ID_371375575.jpg\" srcset=\"https:\/\/www.physio-pedia.com\/images\/thumb\/a\/a8\/Ankle_Joint_-_Adapted_Bigstock_Image_-_ID_371375575.jpg\/450px-Ankle_Joint_-_Adapted_Bigstock_Image_-_ID_371375575.jpg 1.5x, https:\/\/www.physio-pedia.com\/images\/thumb\/a\/a8\/Ankle_Joint_-_Adapted_Bigstock_Image_-_ID_371375575.jpg\/600px-Ankle_Joint_-_Adapted_Bigstock_Image_-_ID_371375575.jpg 2x\" alt=\"\" width=\"300\" height=\"336\" data-file-width=\"1429\" data-file-height=\"1600\"><\/a><\/p>\n<div class=\"thumbcaption\">\n<div class=\"magnify\"><\/div>\n<p>Ligamentos de la cara lateral y medial del pie<\/p>\n<\/div>\n<\/div>\n<\/div>\n<\/div>\n<\/div>\n<h2><span id=\"Muscles_of_the_Foot\" class=\"mw-headline\">M\u00fasculos del pie<\/span><span class=\"mw-editsection\"><span class=\"mw-editsection-bracket\">(<\/span> <a class=\"mw-editsection-visualeditor\" title=\"Editar secci\u00f3n: M\u00fasculos del pie\" href=\"\/index.php?title=Functional_Anatomy_of_the_Foot&#038;veaction=edit&#038;section=8\">editar<\/a> <span class=\"mw-editsection-divider\"> | <\/span> <a title=\"Editar secci\u00f3n: M\u00fasculos del pie\" href=\"\/index.php?title=Functional_Anatomy_of_the_Foot&#038;action=edit&#038;section=8\">editar fuente<\/a> <span class=\"mw-editsection-bracket\">)<\/span><\/span><\/h2>\n<p><b>Los m\u00fasculos dorsales<\/b> del pie son: el extensor corto de los dedos y el extensor corto del dedo gordo<\/p>\n<table class=\"wikitable\">\n<caption> <\/caption>\n<tbody>\n<tr>\n<th><b>M\u00fasculo<\/b><\/th>\n<th><b>Origen<\/b><\/th>\n<th><b>Inserci\u00f3n<\/b><\/th>\n<th><b>Inervaci\u00f3n<\/b><\/th>\n<th><b>Acci\u00f3n<\/b><\/th>\n<\/tr>\n<tr>\n<td>Extensor corto de los dedos<\/td>\n<td>Calc\u00e1neo y retin\u00e1culo extensor inferior<\/td>\n<td>Tendones extensores largos de los cuatro dedos mediales del pie<\/td>\n<td>Nervio peroneo profundo<\/td>\n<td>Extensi\u00f3n de los dedos de los pies 2-5<\/td>\n<\/tr>\n<tr>\n<td>Extensor corto del dedo gordo del pie<\/td>\n<td>Calc\u00e1neo y retin\u00e1culo extensor inferior<\/td>\n<td>Base de la falange proximal del dedo gordo del pie<\/td>\n<td>Nervio peroneo profundo<\/td>\n<td>Extensi\u00f3n del 1er dedo del pie<\/td>\n<\/tr>\n<\/tbody>\n<\/table>\n<p><b>Los m\u00fasculos plantares<\/b> del pie se encuentran en el compartimento central, entre los m\u00fasculos del dedo gordo y el me\u00f1ique, y forman la superficie central de la planta del pie:<\/p>\n<ul>\n<li>1.\u00aa capa: abductor del dedo gordo, flexor corto de los dedos y abductor del dedo me\u00f1ique<\/li>\n<li>2.\u00aa capa: cuadrado plantar, lumbricales<\/li>\n<li>3.\u00aa capa: flexor corto del dedo gordo, aductor del dedo gordo, flexor corto del dedo me\u00f1ique<\/li>\n<li>4.\u00aa capa: m\u00fasculos inter\u00f3seos plantares y dorsales<\/li>\n<\/ul>\n<table class=\"wikitable\">\n<caption> <\/caption>\n<tbody>\n<tr>\n<th><b>M\u00fasculo<\/b><\/th>\n<th><b>Origen<\/b><\/th>\n<th><b>Inserci\u00f3n<\/b><\/th>\n<th><b>Inervaci\u00f3n<\/b><\/th>\n<th><b>Acci\u00f3n<\/b><\/th>\n<\/tr>\n<tr>\n<td><a title=\"Abductor del dedo gordo del pie\" href=\"\/Abductor_Hallucis\">Abductor del dedo gordo del pie<\/a><\/td>\n<td>El tub\u00e9rculo medial del calc\u00e1neo, el retin\u00e1culo flexor y la aponeurosis plantar<\/td>\n<td>Base medial de la falange proximal del primer dedo del pie<\/td>\n<td><a title=\"Nervio plantar medial\" href=\"\/Medial_Plantar_Nerve\">Nervio plantar medial<\/a><\/td>\n<td>Abducci\u00f3n y flexi\u00f3n del primer dedo del pie<\/td>\n<\/tr>\n<tr>\n<td><a title=\"Flexor Digitorum Brevis\" href=\"\/Flexor_Digitorum_Brevis\">Flexor corto de los dedos<\/a><\/td>\n<td>El tub\u00e9rculo medial del calc\u00e1neo y la aponeurosis plantar<\/td>\n<td>Falanges medias de los dedos 2 a 5<\/td>\n<td>Nervio plantar medial<\/td>\n<td>Flexi\u00f3n de los dedos 2 a 5 del pie en las articulaciones interfal\u00e1ngicas proximales (PIP)<\/td>\n<\/tr>\n<tr>\n<td><a title=\"Abductor del quinto dedo (Pie)\" href=\"\/Abductor_Digiti_Minimi_(Foot)\">Abductor del quinto dedo<\/a><\/td>\n<td>Los tub\u00e9rculos medial y lateral del calc\u00e1neo y la aponeurosis plantar<\/td>\n<td>Base lateral de la falange proximal del quinto dedo<\/td>\n<td><a title=\"Nervio plantar lateral\" href=\"\/Lateral_Plantar_Nerve\">Nervio plantar lateral<\/a><\/td>\n<td>Abducci\u00f3n y flexi\u00f3n del quinto dedo del pie<\/td>\n<\/tr>\n<tr>\n<td><a title=\"Quadratus Plantae\" href=\"\/Quadratus_Plantae\">Cuadrado plantar<\/a><\/td>\n<td>Calc\u00e1neo<\/td>\n<td>Tend\u00f3n del flexor largo de los dedos<\/td>\n<td>Nervio plantar lateral<\/td>\n<td>Flexi\u00f3n de los dedos de los pies 2-5, junto con el flexor largo de los dedos<\/td>\n<\/tr>\n<tr>\n<td>Lumbricales<\/td>\n<td>Tend\u00f3n del flexor largo de los dedos<\/td>\n<td>Falange proximal medial y expansi\u00f3n dorsal del extensor largo de los dedos<\/td>\n<td>Lumbrical 1: nervio plantar medial; Lumbricales 2-4: nervio plantar lateral<\/td>\n<td>Flexi\u00f3n en las articulaciones metatarsofal\u00e1ngicas y extensi\u00f3n en las articulaciones interfal\u00e1ngicas<\/td>\n<\/tr>\n<tr>\n<td><a title=\"Flexor corto del dedo gordo del pie\" href=\"\/Flexor_Hallucis_Brevis\">Flexor corto del dedo gordo del pie<\/a><\/td>\n<td>Cabeza lateral \u2013 superficies plantares del cuboide y de los cuneiformes laterales<\/p>\n<p>Cabeza medial \u2013 tend\u00f3n del tibial posterior<\/td>\n<td>La base de la falange proximal del primer dedo del pie<\/td>\n<td>Nervio plantar medial<\/td>\n<td>Flexi\u00f3n del primer dedo del pie en la articulaci\u00f3n metatarsofal\u00e1ngica<\/td>\n<\/tr>\n<tr>\n<td><a title=\"Aductor del dedo gordo del pie\" href=\"\/Adductor_Hallucis\">Aductor del dedo gordo del pie<\/a><\/td>\n<td>Cabeza oblicua: las bases del segundo, tercer y cuarto metatarsianos<\/p>\n<p>Cabeza transversal: los ligamentos plantares de las articulaciones metatarsofal\u00e1ngicas<\/td>\n<td>Vista lateral de la base de la falange proximal del primer dedo del pie<\/td>\n<td>Rama profunda del nervio plantar lateral<\/td>\n<td>Aducci\u00f3n del 1\u00ba dedo del pie<\/p>\n<p>Soporta el arco transversal del pie<\/td>\n<\/tr>\n<tr>\n<td><a title=\"Flexor Digiti Minimi Brevis\" href=\"\/Flexor_Digiti_Minimi_Brevis\">Flexor corto del quinto dedo<\/a><\/td>\n<td>La base del quinto metatarso<\/td>\n<td>La base de la falange proximal del quinto dedo<\/td>\n<td>Rama superficial del nervio plantar lateral<\/td>\n<td>Flexi\u00f3n del quinto dedo del pie en la articulaci\u00f3n metatarsofal\u00e1ngica<\/td>\n<\/tr>\n<tr>\n<td><a title=\"M\u00fasculos inter\u00f3seos dorsales del pie\" href=\"\/Dorsal_Interossei_of_the_Foot\">M\u00fasculos inter\u00f3seos plantares y dorsales<\/a><\/td>\n<td>Plantar: cara medial de los metatarsianos 3-5<\/p>\n<p>Dorsal: cara lateral de los metatarsianos<\/td>\n<td>Plantar: cara medial de las falanges proximales de los dedos 3 a 5<\/p>\n<p>Dorsal: cara medial de la falange proximal del segundo dedo y caras laterales de las falanges proximales de los dedos 2 a 4<\/td>\n<td>Nervio plantar lateral<\/td>\n<td>Plantar: aducci\u00f3n de los tres dedos laterales y flexi\u00f3n en las articulaciones metatarsofal\u00e1ngicas<\/p>\n<p>Dorsal: abducci\u00f3n de los cuatro dedos laterales y flexi\u00f3n en las articulaciones metatarsofal\u00e1ngicas<\/td>\n<\/tr>\n<\/tbody>\n<\/table>\n<div class=\"row\">\n<div class=\"col-md-4\">\n<div class=\"thumb tleft\">\n<div class=\"thumbinner\" style=\"width: 302px;\"><a class=\"image\" href=\"\/File:Sesamoid_bones_shutterstock_121704193.jpg\"><img loading=\"lazy\" decoding=\"async\" class=\"thumbimage\" src=\"https:\/\/www.physio-pedia.com\/images\/thumb\/2\/2e\/Sesamoid_bones_shutterstock_121704193.jpg\/300px-Sesamoid_bones_shutterstock_121704193.jpg\" srcset=\"https:\/\/www.physio-pedia.com\/images\/thumb\/2\/2e\/Sesamoid_bones_shutterstock_121704193.jpg\/450px-Sesamoid_bones_shutterstock_121704193.jpg 1.5x, https:\/\/www.physio-pedia.com\/images\/thumb\/2\/2e\/Sesamoid_bones_shutterstock_121704193.jpg\/600px-Sesamoid_bones_shutterstock_121704193.jpg 2x\" alt=\"Huesos sesamoideos shutterstock 121704193.jpg\" width=\"300\" height=\"366\" data-file-width=\"655\" data-file-height=\"800\"><\/a><\/p>\n<div class=\"thumbcaption\">\n<div class=\"magnify\"><\/div>\n<\/div>\n<\/div>\n<\/div>\n<\/div>\n<div class=\"col-md-4\">\n<div class=\"thumb tleft\">\n<div class=\"thumbinner\" style=\"width: 302px;\"><a class=\"image\" href=\"\/File:Plantar_muscles_of_the_foot_first_layer_Primal.png\"><img loading=\"lazy\" decoding=\"async\" class=\"thumbimage\" src=\"https:\/\/www.physio-pedia.com\/images\/thumb\/7\/77\/Plantar_muscles_of_the_foot_first_layer_Primal.png\/300px-Plantar_muscles_of_the_foot_first_layer_Primal.png\" srcset=\"https:\/\/www.physio-pedia.com\/images\/thumb\/7\/77\/Plantar_muscles_of_the_foot_first_layer_Primal.png\/450px-Plantar_muscles_of_the_foot_first_layer_Primal.png 1.5x, https:\/\/www.physio-pedia.com\/images\/thumb\/7\/77\/Plantar_muscles_of_the_foot_first_layer_Primal.png\/600px-Plantar_muscles_of_the_foot_first_layer_Primal.png 2x\" alt=\"M\u00fasculos plantares del pie, primera capa: Primal.png\" width=\"300\" height=\"292\" data-file-width=\"601\" data-file-height=\"585\"><\/a><\/p>\n<div class=\"thumbcaption\">\n<div class=\"magnify\"><\/div>\n<\/div>\n<\/div>\n<\/div>\n<\/div>\n<div class=\"col-md-4\">\n<div class=\"thumb tleft\">\n<div class=\"thumbinner\" style=\"width: 302px;\"><a class=\"image\" href=\"\/File:Plantar_muscles_of_the_foot_second_layer_Primal.png\"><img loading=\"lazy\" decoding=\"async\" class=\"thumbimage\" src=\"https:\/\/www.physio-pedia.com\/images\/thumb\/d\/df\/Plantar_muscles_of_the_foot_second_layer_Primal.png\/300px-Plantar_muscles_of_the_foot_second_layer_Primal.png\" srcset=\"https:\/\/www.physio-pedia.com\/images\/thumb\/d\/df\/Plantar_muscles_of_the_foot_second_layer_Primal.png\/450px-Plantar_muscles_of_the_foot_second_layer_Primal.png 1.5x, https:\/\/www.physio-pedia.com\/images\/d\/df\/Plantar_muscles_of_the_foot_second_layer_Primal.png 2x\" alt=\"M\u00fasculos plantares del pie, segunda capa: Primal.png\" width=\"300\" height=\"337\" data-file-width=\"537\" data-file-height=\"603\"><\/a><\/p>\n<div class=\"thumbcaption\">\n<div class=\"magnify\"><\/div>\n<\/div>\n<\/div>\n<\/div>\n<\/div>\n<\/div>\n<h2><span id=\"Innervation_of_the_Foot\" class=\"mw-headline\">Innervaci\u00f3n del pie<\/span><span class=\"mw-editsection\"><span class=\"mw-editsection-bracket\">(<\/span><a class=\"mw-editsection-visualeditor\" title=\"Editar secci\u00f3n: Inervaci\u00f3n del pie\" href=\"\/index.php?title=Functional_Anatomy_of_the_Foot&#038;veaction=edit&#038;section=9\">editar<\/a><span class=\"mw-editsection-divider\"> | <\/span><a title=\"Editar secci\u00f3n: Inervaci\u00f3n del pie\" href=\"\/index.php?title=Functional_Anatomy_of_the_Foot&#038;action=edit&#038;section=9\">editar fuente<\/a><span class=\"mw-editsection-bracket\">)<\/span><\/span><\/h2>\n<table class=\"wikitable\">\n<caption> <\/caption>\n<tbody>\n<tr>\n<th><b>Nervio<\/b><\/th>\n<th><b>Origen<\/b><\/th>\n<th><b>Ramas<\/b><\/th>\n<th><b> Fibras motoras<\/b><\/th>\n<th><b>Fibras sensoriales<\/b><\/th>\n<\/tr>\n<tr>\n<td>Nervio plantar<\/td>\n<td><a title=\"Nervio tibial\" href=\"\/Tibial_Nerve\">El nervio tibial<\/a> a la altura del mal\u00e9olo medial<\/td>\n<td><a title=\"Nervio plantar medial\" href=\"\/Medial_Plantar_Nerve\">Nervio plantar medial<\/a> (MPN)<\/p>\n<p><a title=\"Nervio plantar lateral\" href=\"\/Lateral_Plantar_Nerve\">Nervio plantar lateral<\/a> (NPL)<\/td>\n<td>MPN: m\u00fasculos abductor del dedo gordo, flexor corto de los dedos y flexor corto del dedo gordo<i>.<\/i><\/p>\n<p>LPN: el abductor y el flexor del dedo me\u00f1ique, el aductor del dedo gordo y los m\u00fasculos inter\u00f3seos.<\/td>\n<td>MPN: inervaci\u00f3n exclusiva del pie, primer, segundo y tercer dedo del pie, y a menudo el cuarto.<\/p>\n<p>LPN: inervaci\u00f3n exclusiva del quinto dedo del pie; en ocasiones, del cuarto.<\/td>\n<\/tr>\n<tr>\n<td>Nervio sural<\/td>\n<td>El nervio tibial y las ramas cut\u00e1neas del nervio fibular com\u00fan<\/td>\n<td>Comunicante sural y nervio cut\u00e1neo sural lateral<\/td>\n<td><\/td>\n<td>Inervaci\u00f3n sensorial de la cara posterolateral del tercio distal de la pierna y de la cara lateral del pie, el tal\u00f3n y el tobillo<\/td>\n<\/tr>\n<\/tbody>\n<\/table>\n<div class=\"thumb tright\">\n<div class=\"thumbinner\" style=\"width: 302px;\"><a class=\"image\" href=\"\/File:Nerves_of_the_foot.jpg\"><img loading=\"lazy\" decoding=\"async\" class=\"thumbimage\" src=\"https:\/\/www.physio-pedia.com\/images\/thumb\/c\/c3\/Nerves_of_the_foot.jpg\/300px-Nerves_of_the_foot.jpg\" srcset=\"https:\/\/www.physio-pedia.com\/images\/thumb\/c\/c3\/Nerves_of_the_foot.jpg\/450px-Nerves_of_the_foot.jpg 1.5x, https:\/\/www.physio-pedia.com\/images\/thumb\/c\/c3\/Nerves_of_the_foot.jpg\/600px-Nerves_of_the_foot.jpg 2x\" alt=\"Nervios del pie.jpg\" width=\"300\" height=\"335\" data-file-width=\"4187\" data-file-height=\"4669\"><\/a><\/p>\n<div class=\"thumbcaption\">\n<div class=\"magnify\"><\/div>\n<\/div>\n<\/div>\n<\/div>\n<h2><span id=\"Vascular_Supply_of_the_Foot\" class=\"mw-headline\">Irrigaci\u00f3n vascular del pie<\/span><span class=\"mw-editsection\"><span class=\"mw-editsection-bracket\">(<\/span><a class=\"mw-editsection-visualeditor\" title=\"Editar secci\u00f3n: Irrigaci\u00f3n vascular del pie\" href=\"\/index.php?title=Functional_Anatomy_of_the_Foot&#038;veaction=edit&#038;section=10\">editar<\/a><span class=\"mw-editsection-divider\"> | <\/span><a title=\"Editar secci\u00f3n: Irrigaci\u00f3n vascular del pie\" href=\"\/index.php?title=Functional_Anatomy_of_the_Foot&#038;action=edit&#038;section=10\">editar fuente<\/a><span class=\"mw-editsection-bracket\">)<\/span><\/span><\/h2>\n<p>El riego sangu\u00edneo del pie proviene principalmente de las arterias tibiales anterior y posterior y de las ramas terminales de la arteria popl\u00edtea.<sup id=\"cite_ref-12\" class=\"reference\"><a href=\"#cite_note-12\">(12)<\/a><\/sup><\/p>\n<table class=\"wikitable\">\n<caption> <\/caption>\n<tbody>\n<tr>\n<th><b>Arteria<\/b><\/th>\n<th><b>Origen<\/b><\/th>\n<th><b>Ramas<\/b><\/th>\n<th><b>Suministro<\/b><\/th>\n<\/tr>\n<tr>\n<td>Arteria tibial posterior<\/td>\n<td>Arteria popl\u00edtea<\/td>\n<td>\n<ul>\n<li>Arteria peronea circunfleja<\/li>\n<li>Arteria nutritiva<\/li>\n<li>Arteria muscular<\/li>\n<li>Arteria comunicante<\/li>\n<li>Arteria perforante<\/li>\n<li>Arteria maleolar medial<\/li>\n<li>Arteria calc\u00e1nea<\/li>\n<li>Arteria plantar medial<\/li>\n<li>Arteria plantar lateral<\/li>\n<\/ul>\n<\/td>\n<td>M\u00fasculos de la planta del pie<\/td>\n<\/tr>\n<tr>\n<td>Arteria tibial anterior<\/td>\n<td>Rama terminal de la arteria popl\u00edtea<\/td>\n<td>\n<ul>\n<li>Arteria tibial recurrente posterior y anterior<\/li>\n<li>Arteria muscular<\/li>\n<li>Arteria perforante<\/li>\n<li>Arterias maleolares anterior medial y lateral<\/li>\n<li>Arteria dorsal del pie<\/li>\n<\/ul>\n<\/td>\n<td>Parte dorsal del pie<\/td>\n<\/tr>\n<tr>\n<td>Arteria plantar medial (APM) y arteria plantar lateral (APL)<\/td>\n<td>Arteria tibial posterior<\/td>\n<td>Arco plantar que se extiende desde el primer metatarsiano hasta el quinto<\/td>\n<td>El nervio MPA inerva el m\u00fasculo abductor del dedo gordo y el m\u00fasculo flexor corto de los dedos<\/p>\n<p>La LPA irriga la aponeurosis plantar entre los m\u00fasculos flexor corto de los dedos y abductor del dedo me\u00f1ique<\/td>\n<\/tr>\n<tr>\n<td>Arteria sural<\/td>\n<td>Arteria popl\u00edtea<\/td>\n<td>Rama lateral y medial<\/td>\n<td>Irriga el m\u00fasculo delgado plantar<\/td>\n<\/tr>\n<\/tbody>\n<\/table>\n<div class=\"thumb tright\">\n<div class=\"thumbinner\" style=\"width: 302px;\"><a class=\"image\" href=\"\/File:Arteries_of_the_foot_-_shutterstock.jpeg\"><img loading=\"lazy\" decoding=\"async\" class=\"thumbimage\" src=\"https:\/\/www.physio-pedia.com\/images\/thumb\/f\/f1\/Arteries_of_the_foot_-_shutterstock.jpeg\/300px-Arteries_of_the_foot_-_shutterstock.jpeg\" srcset=\"https:\/\/www.physio-pedia.com\/images\/thumb\/f\/f1\/Arteries_of_the_foot_-_shutterstock.jpeg\/450px-Arteries_of_the_foot_-_shutterstock.jpeg 1.5x, https:\/\/www.physio-pedia.com\/images\/thumb\/f\/f1\/Arteries_of_the_foot_-_shutterstock.jpeg\/600px-Arteries_of_the_foot_-_shutterstock.jpeg 2x\" alt=\"Arterias del pie - shutterstock.jpeg\" width=\"300\" height=\"300\" data-file-width=\"1200\" data-file-height=\"1200\"><\/a><\/p>\n<div class=\"thumbcaption\">\n<div class=\"magnify\"><\/div>\n<\/div>\n<\/div>\n<\/div>\n<h2><span id=\"Clinical_Relevance\" class=\"mw-headline\">Relevancia cl\u00ednica<\/span><span class=\"mw-editsection\"><span class=\"mw-editsection-bracket\">(<\/span><a class=\"mw-editsection-visualeditor\" title=\"Secci\u00f3n \u00abEditar\u00bb: Relevancia cl\u00ednica\" href=\"\/index.php?title=Functional_Anatomy_of_the_Foot&#038;veaction=edit&#038;section=11\">editar<\/a><span class=\"mw-editsection-divider\"> | <\/span><a title=\"Secci\u00f3n \u00abEditar\u00bb: Relevancia cl\u00ednica\" href=\"\/index.php?title=Functional_Anatomy_of_the_Foot&#038;action=edit&#038;section=11\">editar fuente<\/a><span class=\"mw-editsection-bracket\">)<\/span><\/span><\/h2>\n<ol>\n<li>El varo de rodilla provoca una mayor eversi\u00f3n m\u00e1xima del retropi\u00e9,<sup id=\"cite_ref-13\" class=\"reference\"><a href=\"#cite_note-13\">(13)<\/a><\/sup> y aumenta la rigidez del pie.<sup id=\"cite_ref-14\" class=\"reference\"><a href=\"#cite_note-14\">(14)<\/a><\/sup><\/li>\n<li>La disfunci\u00f3n de la fascia plantar afecta a la altura y la forma del arco longitudinal medial.<sup id=\"cite_ref-15\" class=\"reference\"><a href=\"#cite_note-15\">(15)<\/a><\/sup><\/li>\n<li>El pie plano puede deberse a lesiones aisladas del ligamento ligamento calcaneoescafoideo.<sup id=\"cite_ref-16\" class=\"reference\"><a href=\"#cite_note-16\">(16) <\/a><\/sup><a class=\"external text\" href=\"https:\/\/members.physio-pedia.com\/learn\/orthotic-design-for-foot-pathologies-promopage\/\" rel=\"nofollow\">Aqu\u00ed<\/a> puedes informarte sobre soluciones de ortesis para las patolog\u00edas del pie.<\/li>\n<li>El ligamento calc\u00e1neo-cuboideo puede lesionarse durante una lesi\u00f3n por inversi\u00f3n del pie.<sup id=\"cite_ref-17\" class=\"reference\"><a href=\"#cite_note-17\">(17)<\/a><\/sup><\/li>\n<li>La articulaci\u00f3n transtarsal consigue su estabilidad gracias a la forma \u00f3sea, la tensi\u00f3n de los ligamentos y los m\u00fasculos extr\u00ednsecos que cruzan el pie, ya que ning\u00fan m\u00fasculo intr\u00ednseco se inserta en el astr\u00e1galo o el calc\u00e1neo ni se inserta en los huesos cuboides o naviculares. Puede que esta sea la causa de la hipermovilidad frecuente de esta articulaci\u00f3n.<sup id=\"cite_ref-:0_18-0\" class=\"reference\"><a href=\"#cite_note-:0-18\">(18)<\/a><\/sup><\/li>\n<li>Las deformidades de los dedos en martillo y en garra se pueden prevenir con una acci\u00f3n fuerte de los m\u00fasculos inter\u00f3seos y lumbricales.<\/li>\n<li>El aumento de la rigidez de los m\u00fasculos gastrocnemio y isquiotibiales puede provocar fascitis plantar, y estirar los m\u00fasculos de la pantorrilla puede ayudar a solucionar este problema.<sup id=\"cite_ref-19\" class=\"reference\"><a href=\"#cite_note-19\">(19)<\/a><\/sup> Este <a class=\"external text\" href=\"https:\/\/members.physio-pedia.com\/learn\/new-protocol-for-plantar-heel-pain-syndrome-programme-promopage\/\" rel=\"nofollow\">programa<\/a> de Plus habla de un nuevo protocolo para el s\u00edndrome de dolor plantar en el tal\u00f3n.<\/li>\n<li>Las roturas agudas o cr\u00f3nicas de la fascia plantar se pueden diagnosticar palpando un bulto doloroso en la planta del pie.<sup id=\"cite_ref-20\" class=\"reference\"><a href=\"#cite_note-20\">(20) <\/a><\/sup><a class=\"external text\" href=\"https:\/\/members.physio-pedia.com\/learn\/assessment-of-plantar-heel-pain-a-literature-review-promopage\/\" rel=\"nofollow\">Aqu\u00ed puedes informarte sobre c\u00f3mo evaluar el dolor plantar en el tal\u00f3n .<\/a><\/li>\n<li>Las alteraciones de la marcha pueden deberse a una disminuci\u00f3n de la amplitud de movimiento del tobillo y de las primeras articulaciones metatarsofal\u00e1ngicas, lo que provoca una limitaci\u00f3n de la movilidad articular (LJM) de las articulaciones del pie.<sup id=\"cite_ref-21\" class=\"reference\"><a href=\"#cite_note-21\">(21)<\/a><\/sup> Descubre m\u00e1s sobre el dolor regional en la parte inferior de la pierna y el pie y las alteraciones de la marcha <a class=\"external text\" href=\"https:\/\/members.physio-pedia.com\/learn\/lower-leg-and-foot-regional-pain-and-gait-deviations-promopage\/\" rel=\"nofollow\">aqu\u00ed.<\/a><\/li>\n<li>\u00abLas personas obesas tienen los pies m\u00e1s planos, un rango de movimiento de inversi\u00f3n-eversi\u00f3n m\u00e1s reducido y presiones plantares m\u00e1ximas m\u00e1s altas al caminar\u00bb.<sup id=\"cite_ref-22\" class=\"reference\"><a href=\"#cite_note-22\">(22)<\/a><\/sup><\/li>\n<\/ol>\n<h2><span id=\"Resources\" class=\"mw-headline\">Recursos<\/span><span class=\"mw-editsection\"><span class=\"mw-editsection-bracket\">(<\/span><a class=\"mw-editsection-visualeditor\" title=\"Edit section: Resources\" href=\"\/index.php?title=Functional_Anatomy_of_the_Foot&#038;veaction=edit&#038;section=12\">edit<\/a><span class=\"mw-editsection-divider\"> | <\/span><a title=\"Edit section: Resources\" href=\"\/index.php?title=Functional_Anatomy_of_the_Foot&#038;action=edit&#038;section=12\">edit source<\/a><span class=\"mw-editsection-bracket\">)<\/span><\/span><\/h2>\n<ul>\n<li>Golan\u00f3 P, Vega J, de Leeuw PA, Malagelada F, Manzanares MC, G\u00f6tzens V, van Dijk CN. <a class=\"external text\" href=\"https:\/\/www.ncbi.nlm.nih.gov\/pmc\/articles\/PMC2855022\/pdf\/167_2010_Article_1100.pdf\" rel=\"nofollow\">Anatomy of the ankle ligaments: a pictorial essay<\/a>. Knee Surg Sports Traumatol Arthrosc. Mayo de 2010; 18(5):557-69.<\/li>\n<li>Fraser JJ, Feger MA, Hertel J. <a class=\"external text\" href=\"https:\/\/www.ncbi.nlm.nih.gov\/pmc\/articles\/PMC5095951\/pdf\/ijspt-11-992.pdf\" rel=\"nofollow\">MIDFOOT AND FOREFOOT INVOLVEMENT IN LATERAL ANKLE SPRAINS AND CHRONIC ANKLE INSTABILITY. PART 1: ANATOMY AND BIOMECHANICS.<\/a> Int J Sports Phys Ther. 2016 Dec;11(6):992-1005<\/li>\n<li>Ghanem I, Massaad A, Assi A, Rizkallah M, Bizdikian AJ, El Abiad R, Seringe R, Mosca V, Wicart P. <a class=\"external text\" href=\"https:\/\/journals.sagepub.com\/doi\/pdf\/10.1302\/1863-2548.13.180022\" rel=\"nofollow\">Understanding the foot&#8217;s functional anatomy in physiological and pathological conditions: the calcaneopedal unit concept<\/a>. Journal of Children&#8217;s Orthopaedics. 2019 Apr;13(2):134-46.<\/li>\n<\/ul>\n<h2><span id=\"References\" class=\"mw-headline\">Referencias<\/span><span class=\"mw-editsection\"><span class=\"mw-editsection-bracket\">(<\/span><a class=\"mw-editsection-visualeditor\" title=\"Edit section: References\" href=\"\/index.php?title=Functional_Anatomy_of_the_Foot&#038;veaction=edit&#038;section=13\">edit<\/a><span class=\"mw-editsection-divider\"> | <\/span><a title=\"Edit section: References\" href=\"\/index.php?title=Functional_Anatomy_of_the_Foot&#038;action=edit&#038;section=13\">edit source<\/a><span class=\"mw-editsection-bracket\">)<\/span><\/span><\/h2>\n<div class=\"mw-references-wrap mw-references-columns\">\n<ol class=\"references\">\n<li id=\"cite_note-1\"><span class=\"mw-cite-backlink\"><a href=\"#cite_ref-1\">\u2191<\/a><\/span> <span class=\"reference-text\">Farris DJ, Kelly LA, Cresswell AG, Lichtwark GA. <a class=\"external text\" href=\"https:\/\/www.pnas.org\/doi\/epdf\/10.1073\/pnas.1812820116\" rel=\"nofollow\">The functional importance of human foot muscles for bipedal locomotion<\/a>. PNAS 2019; 116(5).<\/span><\/li>\n<li id=\"cite_note-2\"><span class=\"mw-cite-backlink\"><a href=\"#cite_ref-2\">\u2191<\/a><\/span> <span class=\"reference-text\">Viseux FJF. The sensory role of the sole of the foot: Review and update on clinical perspectives. Neurophysiol Clin. 2020 Feb;50(1):55-68.<\/span><\/li>\n<li id=\"cite_note-3\"><span class=\"mw-cite-backlink\"><a href=\"#cite_ref-3\">\u2191<\/a><\/span> <span class=\"reference-text\">Lee SW, Le PU, Van Dien C, Hansen M, Tiu T. Evaluation of Resident Palpation Skills in Foot and Ankle Anatomic Structures Using Bedside Ultrasound. HCA Healthcare Journal of Medicine 2020; 1(3).<\/span><\/li>\n<li id=\"cite_note-4\"><span class=\"mw-cite-backlink\"><a href=\"#cite_ref-4\">\u2191<\/a><\/span> <span class=\"reference-text\">Kitagawa T, Aoki Y, Sugimoto H, Ozaki N. <a class=\"external text\" href=\"https:\/\/www.ncbi.nlm.nih.gov\/pmc\/articles\/PMC8786950\/pdf\/41598_2022_Article_5290.pdf\" rel=\"nofollow\">Randomised controlled trial for evaluation of an ultrasound-guided palpation intervention for palpation skill training.<\/a> Sci Rep. 2022 Jan 24;12(1):1189.<\/span><\/li>\n<li id=\"cite_note-5\"><span class=\"mw-cite-backlink\"><a href=\"#cite_ref-5\">\u2191<\/a><\/span> <span class=\"reference-text\">Ralphs JR, Benjamin M. <a class=\"external text\" href=\"https:\/\/www.ncbi.nlm.nih.gov\/pmc\/articles\/PMC1259958\/pdf\/janat00140-0058.pdf\" rel=\"nofollow\">The joint capsule: structure, composition, ageing and disease<\/a>. J Anat. 1994 Jun;184 ( Pt 3)(Pt 3):503-9.<\/span><\/li>\n<li id=\"cite_note-6\"><span class=\"mw-cite-backlink\"><a href=\"#cite_ref-6\">\u2191<\/a><\/span> <span class=\"reference-text\">Nigg BM, Fisher V, Allinger TL, Ronsky JR, Engsberg JR. Range of motion of the foot as a function of age. Foot Ankle. 1992 Jul-Aug;13(6):336-43.<\/span><\/li>\n<li id=\"cite_note-7\"><span class=\"mw-cite-backlink\"><a href=\"#cite_ref-7\">\u2191<\/a><\/span> <span class=\"reference-text\">Ball P, Johnson GR. Technique for measuring hindfoot inversion and eversion and its use to study a normal population. Clin Biomech (Bristol, Avon). 1996 Apr;11(3):165-169.<\/span><\/li>\n<li id=\"cite_note-8\"><span class=\"mw-cite-backlink\"><a href=\"#cite_ref-8\">\u2191<\/a><\/span> <span class=\"reference-text\">A Salih, Demirb\u00fcken I. Chapter 23 &#8211; Ankle and foot complex. Editor(s): Salih Angin, Ibrahim Engin \u015eim\u015fek. Comparative Kinesiology of the Human Body, Academic Press 2020: pp 411-439.<\/span><\/li>\n<li id=\"cite_note-9\"><span class=\"mw-cite-backlink\"><a href=\"#cite_ref-9\">\u2191<\/a><\/span> <span class=\"reference-text\">Walter WR, Hirschmann A, Tafur M, Rosenberg ZS. <a class=\"external text\" href=\"https:\/\/www.ajronline.org\/doi\/epdf\/10.2214\/AJR.17.19310\" rel=\"nofollow\">Imaging of Chopart (Midtarsal) Joint Complex: Normal Anatomy and Posttraumatic Findings.<\/a> AJR Am J Roentgenol. 2018 Aug;211(2):416-425. <\/span><\/li>\n<li id=\"cite_note-10\"><span class=\"mw-cite-backlink\"><a href=\"#cite_ref-10\">\u2191<\/a><\/span> <span class=\"reference-text\">Oosterwaal M, Carbes S, Telfer S, Woodburn J, T\u00f8rholm S, Al-Munajjed AA, van Rhijn L, Meijer K. <a class=\"external text\" href=\"https:\/\/www.ncbi.nlm.nih.gov\/pmc\/articles\/PMC4938906\/pdf\/13047_2016_Article_152.pdf\" rel=\"nofollow\">The Glasgow-Maastricht foot model, evaluation of a 26 segment kinematic model of the foot.<\/a> J Foot Ankle Res. 2016 Jul 8;9:19.<\/span><\/li>\n<li id=\"cite_note-11\"><span class=\"mw-cite-backlink\"><a href=\"#cite_ref-11\">\u2191<\/a><\/span> <span class=\"reference-text\">Allan JJ, McClelland JA, Munteanu SE, Buldt AK, Landorf KB, Roddy E, Auhl M, Menz HB. <a class=\"external text\" href=\"https:\/\/www.ncbi.nlm.nih.gov\/pmc\/articles\/PMC7278053\/pdf\/13047_2020_Article_404.pdf\" rel=\"nofollow\">First metatarsophalangeal joint range of motion is associated with lower limb kinematics in individuals with first metatarsophalangeal joint osteoarthritis.<\/a> J Foot Ankle Res. 2020 Jun 8;13(1):33.<\/span><\/li>\n<li id=\"cite_note-12\"><span class=\"mw-cite-backlink\"><a href=\"#cite_ref-12\">\u2191<\/a><\/span> <span class=\"reference-text\">Attinger CE, Evans KK, Bulan E, Blume P, Cooper P. <a class=\"external text\" href=\"https:\/\/www.inova.org\/sites\/default\/files\/education\/podiatric_residency\/Attinger_Angiosomes_of_the_foot_and_ankle_and_clinical_implications_for_limb_salvage_reconst.pdf\" rel=\"nofollow\">Angiosomes of the foot and ankle and clinical implications for limb salvage: reconstruction, incisions, and revascularization.<\/a> Plast Reconstr Surg. 2006 Jun;117(7 Suppl):261S-293S.<\/span><\/li>\n<li id=\"cite_note-13\"><span class=\"mw-cite-backlink\"><a href=\"#cite_ref-13\">\u2191<\/a><\/span> <span class=\"reference-text\">Barrios JA, Davis IS, Higginson JS, Royer TD. <a class=\"external text\" href=\"https:\/\/onlinelibrary.wiley.com\/doi\/epdf\/10.1002\/jor.20904\" rel=\"nofollow\">Lower extremity walking mechanics of young individuals with asymptomatic varus knee alignment.<\/a> J Orthop Res. 2009 Nov;27(11):1414-9. <\/span> <\/li>\n<li id=\"cite_note-14\"><span class=\"mw-cite-backlink\"><a href=\"#cite_ref-14\">\u2191<\/a><\/span> <span class=\"reference-text\">Arnold J, Mackintosh S, Jones S, Thewlis D. Altered dynamic foot kinematics in people with medial knee osteoarthritis during walking: a cross-sectional study. Knee. 2014 Dec;21(6):1101-6. <\/span><\/li>\n<li id=\"cite_note-15\"><span class=\"mw-cite-backlink\"><a href=\"#cite_ref-15\">\u2191<\/a><\/span> <span class=\"reference-text\">Peng Y, Wai-Chi Wong D, Wang Y, Lin-Wei Chen T, Zhang G, Yan F, Zhang M.<a class=\"external text\" href=\"https:\/\/reader.elsevier.com\/reader\/sd\/pii\/S2590093520300242?token=D350D2703D75979E9D34E9EF39D9FDDB2E2E20DB1A21BD82840AAA12D81CA4696C2A24EB0F77C52C15CB93617B83976D&#038;originRegion=eu-west-1&#038;originCreation=20230330181754\" rel=\"nofollow\">Computational models of flatfoot with three-dimensional fascia and bulk soft tissue interaction for orthosis design<\/a>. Medicine in Novel Technology and Devices,2021;9.<\/span><\/li>\n<li id=\"cite_note-16\"><span class=\"mw-cite-backlink\"><a href=\"#cite_ref-16\">\u2191<\/a><\/span> <span class=\"reference-text\">Casado-Hern\u00e1ndez I, Becerro-de-Bengoa-Vallejo R, Losa-Iglesias ME, Santiago-Nu\u00f1o F, Mazoteras-Pardo V, L\u00f3pez-L\u00f3pez D, Rodr\u00edguez-Sanz D, Calvo-Lobo C. <a class=\"external text\" href=\"https:\/\/www.ncbi.nlm.nih.gov\/pmc\/articles\/PMC7719946\/pdf\/qims-11-01-84.pdf\" rel=\"nofollow\">Association between anterior talofibular ligament injury and ankle tendon, ligament, and joint conditions revealed by magnetic resonance imaging<\/a>. Quant Imaging Med Surg. 2021 Jan;11(1):84-94.<\/span><\/li>\n<li id=\"cite_note-17\"><span class=\"mw-cite-backlink\"><a href=\"#cite_ref-17\">\u2191<\/a><\/span> <span class=\"reference-text\">Edama M, Takabayashi T, Yokota H. et al<i>.<\/i> <a class=\"external text\" href=\"https:\/\/link.springer.com\/content\/pdf\/10.1186\/s13047-020-00443-7.pdf\" rel=\"nofollow\">Morphological characteristics of the plantar calcaneocuboid ligaments<\/a>. J Foot Ankle Res 2021; 14 (3).<\/span><\/li>\n<li id=\"cite_note-:0-18\"><span class=\"mw-cite-backlink\"><a href=\"#cite_ref-:0_18-0\">\u2191<\/a><\/span> <span class=\"reference-text\">Hastings MK. S\u00edndromes del sistema locomotor del pie y el tobillo. In:Sahrmann S and Associates. Movement system impairment syndromes of the extremities, cervical and thoracic spine St.Louis, MO (USA): Elsevier Mosby; 2011:p.439-482<\/span><\/li>\n<li id=\"cite_note-19\"><span class=\"mw-cite-backlink\"><a href=\"#cite_ref-19\">\u2191<\/a><\/span> <span class=\"reference-text\">Wilke J, Schleip R, Yucesoy CA, Banzer W. <a class=\"external text\" href=\"https:\/\/journals.physiology.org\/doi\/full\/10.1152\/japplphysiol.00565.2017\" rel=\"nofollow\">Not merely a protective packing organ? A review of fascia and its force transmission capacity<\/a>. Journal of Applied Physiology. 2018 Jan 1;124(1):234-44.<\/span><\/li>\n<li id=\"cite_note-20\"><span class=\"mw-cite-backlink\"><a href=\"#cite_ref-20\">\u2191<\/a><\/span> <span class=\"reference-text\">Bourne M, Talkad A, Varacallo M. <a class=\"external text\" href=\"https:\/\/www.ncbi.nlm.nih.gov\/books\/NBK526043\/\" rel=\"nofollow\">Anatomy, Bony Pelvis and Lower Limb, Foot Fascia.<\/a> In: StatPearls. StatPearls Publishing, Treasure Island (FL); 2022.<\/span><\/li>\n<li id=\"cite_note-21\"><span class=\"mw-cite-backlink\"><a href=\"#cite_ref-21\">\u2191<\/a><\/span> <span class=\"reference-text\">Matsui N, Shoji M, Kitagawa T, Terada S. <a class=\"external text\" href=\"https:\/\/www.ncbi.nlm.nih.gov\/pmc\/articles\/PMC4905910\/pdf\/jpts-28-1560.pdf\" rel=\"nofollow\">Factors affecting the range of motion of the ankle and first metatarsophalangeal joints in patients undergoing hemodialysis who walk daily.<\/a> J Phys Ther Sci. 2016 May;28(5):1560-4.<\/span><\/li>\n<li id=\"cite_note-22\"><span class=\"mw-cite-backlink\"><a href=\"#cite_ref-22\">\u2191<\/a><\/span> <span class=\"reference-text\">Butterworth PA, Urquhart DM, Landorf KB, Wluka AE, Cicuttini FM, Menz HB. Foot posture, range of motion and plantar pressure characteristics in obese and non-obese individuals. Gait Posture. 2015 Feb;41(2):465-9.<\/span><\/li>\n<\/ol>\n<\/div>\n<p><!-- \nNewPP limit report\nCached time: 20260706060433\nCache expiry: 0\nReduced expiry: true\nComplications: (show\u2010toc)\nCPU time usage: 0.112 seconds\nReal time usage: 0.126 seconds\nPreprocessor visited node count: 326\/1000000\nPost\u2010expand include size: 56\/2097152 bytes\nTemplate argument size: 0\/2097152 bytes\nHighest expansion depth: 3\/100\nExpensive parser function count: 0\/100\nUnstrip recursion depth: 0\/20\nUnstrip post\u2010expand size: 11704\/5000000 bytes\n--><br \/>\n<!--\nTransclusion expansion time report (%,ms,calls,template)\n100.00%    8.011      1 Special:Contributors\/Functional_Anatomy_of_the_Foot\n100.00%    8.011      1 -total\n--><\/p>\n<\/div>\n","protected":false},"excerpt":{"rendered":"<p>Original Editor &#8211; Ewa Jaraczewska Principales colaboradores &#8211; Ewa Jaraczewska, Nupur Smit Shah, Jess Bell, Kim Jackson y Tarina van der Stockt Contenidos 1 Introducci\u00f3n 2 T\u00e9rminos clave 3 Estructura del pie 3.1 Huesos y articulaciones del pie 3.2 Arcos del pie 3.3 Bursas del pie 4 Ligamentos del pie 5 M\u00fasculos del pie 6 [&hellip;]<\/p>\n","protected":false},"author":1,"featured_media":0,"parent":0,"menu_order":0,"comment_status":"closed","ping_status":"closed","template":"","meta":{"_acf_changed":false,"footnotes":""},"class_list":["post-9419","page","type-page","status-publish","hentry"],"acf":[],"_links":{"self":[{"href":"https:\/\/langs.physio-pedia.com\/es\/wp-json\/wp\/v2\/pages\/9419","targetHints":{"allow":["GET"]}}],"collection":[{"href":"https:\/\/langs.physio-pedia.com\/es\/wp-json\/wp\/v2\/pages"}],"about":[{"href":"https:\/\/langs.physio-pedia.com\/es\/wp-json\/wp\/v2\/types\/page"}],"author":[{"embeddable":true,"href":"https:\/\/langs.physio-pedia.com\/es\/wp-json\/wp\/v2\/users\/1"}],"replies":[{"embeddable":true,"href":"https:\/\/langs.physio-pedia.com\/es\/wp-json\/wp\/v2\/comments?post=9419"}],"version-history":[{"count":5,"href":"https:\/\/langs.physio-pedia.com\/es\/wp-json\/wp\/v2\/pages\/9419\/revisions"}],"predecessor-version":[{"id":14315,"href":"https:\/\/langs.physio-pedia.com\/es\/wp-json\/wp\/v2\/pages\/9419\/revisions\/14315"}],"wp:attachment":[{"href":"https:\/\/langs.physio-pedia.com\/es\/wp-json\/wp\/v2\/media?parent=9419"}],"curies":[{"name":"wp","href":"https:\/\/api.w.org\/{rel}","templated":true}]}}