{"id":9349,"date":"2024-04-10T06:17:05","date_gmt":"2024-04-10T06:17:05","guid":{"rendered":"https:\/\/langs.physio-pedia.com\/gluteal-considerations-for-patellofemoral-pain-es\/"},"modified":"2024-04-11T06:47:58","modified_gmt":"2024-04-11T06:47:58","slug":"gluteal-considerations-for-patellofemoral-pain-es","status":"publish","type":"page","link":"https:\/\/langs.physio-pedia.com\/es\/gluteal-considerations-for-patellofemoral-pain-es\/","title":{"rendered":"Consideraciones gl\u00fateas en el dolor patelofemoral"},"content":{"rendered":"<div class=\"mw-parser-output\">\n<div class=\"editorbox\"><b>Redactora original <\/b>&#8211; <a title=\"Usuario:Jacquie Kieck\" href=\"\/User:Jacquie_Kieck\">Jacquie Kieck<\/a> a partir del curso de <a class=\"external text\" href=\"https:\/\/members.physio-pedia.com\/course_tutor\/claire-robertson\/\" rel=\"nofollow\">Claire Robertson<\/a><br \/>\n<b>Principales colaboradores<\/b>  &#8211;  <a class=\"mw-userlink\" title=\"Usuario:Jacquie Kieck\" href=\"\/User:Jacquie_Kieck\"><bdi>Jacquie Kieck<\/bdi><\/a>,  <a class=\"mw-userlink\" title=\"User:Wanda van Niekerk\" href=\"\/User:Wanda_van_Niekerk\"><bdi>Wanda van Niekerk<\/bdi><\/a>,  <a class=\"mw-userlink\" title=\"User:Jess Bell\" href=\"\/User:Jess_Bell\"><bdi>Jess Bell<\/bdi><\/a>,  <a class=\"mw-userlink\" title=\"User:Kim Jackson\" href=\"\/User:Kim_Jackson\"><bdi>Kim Jackson<\/bdi><\/a> y <a class=\"mw-userlink\" title=\"User:Tarina van der Stockt\" href=\"\/User:Tarina_van_der_Stockt\"><bdi>Tarina van der Stockt<\/bdi><\/a><\/div>\n<div id=\"toc\" class=\"toc\" role=\"navigation\" aria-labelledby=\"mw-toc-heading\"><input id=\"toctogglecheckbox\" class=\"toctogglecheckbox\" style=\"display: none;\" role=\"button\" type=\"checkbox\"><\/p>\n<div class=\"toctitle\" dir=\"ltr\" lang=\"en\">\n<h2 id=\"mw-toc-heading\">Contenidos<\/h2>\n<\/div>\n<ul>\n<li class=\"toclevel-1 tocsection-1\"><a href=\"#Introduction\"><span class=\"tocnumber\">1<\/span> <span class=\"toctext\">Introducci\u00f3n<\/span><\/a><\/li>\n<li class=\"toclevel-1 tocsection-2\"><a href=\"#Why_Do_We_Need_to_Consider_Each_Muscle.3F\"><span class=\"tocnumber\">2<\/span> <span class=\"toctext\">\u00bfPor qu\u00e9 debemos tener en cuenta cada m\u00fasculo?<\/span><\/a><\/li>\n<li class=\"toclevel-1 tocsection-3\"><a href=\"#Functional_Role_of_the_Gluteal_Muscles\"><span class=\"tocnumber\">3<\/span> <span class=\"toctext\">Papel funcional de los m\u00fasculos gl\u00fateos<\/span><\/a>\n<ul>\n<li class=\"toclevel-2 tocsection-4\"><a href=\"#Gluteus_Medius_as_an_Abductor_in_the_Frontal_Plane\"><span class=\"tocnumber\">3.1<\/span> <span class=\"toctext\">El gl\u00fateo medio como abductor en el plano frontal<\/span><\/a><\/li>\n<li class=\"toclevel-2 tocsection-5\"><a href=\"#Gluteus_Medius_as_an_External_Rotator_in_the_Horizontal_Plane\"><span class=\"tocnumber\">3.2<\/span> <span class=\"toctext\">El gl\u00fateo medio como rotador externo en el plano horizontal<\/span><\/a><\/li>\n<li class=\"toclevel-2 tocsection-6\"><a href=\"#Gluteus_Maximus_as_an_External_Rotator_in_the_Horizontal_Plane\"><span class=\"tocnumber\">3.3<\/span> <span class=\"toctext\">El gl\u00fateo mayor como rotador externo en el plano horizontal<\/span><\/a><\/li>\n<\/ul>\n<\/li>\n<li class=\"toclevel-1 tocsection-7\"><a href=\"#Rehabilitation_Exercises\"><span class=\"tocnumber\">4<\/span> <span class=\"toctext\">Ejercicios de rehabilitaci\u00f3n<\/span><\/a>\n<ul>\n<li class=\"toclevel-2 tocsection-8\"><a href=\"#Gluteus_Medius_in_the_Frontal_Plane_.28Hip_Abduction.29\"><span class=\"tocnumber\">4.1<\/span> <span class=\"toctext\">Gl\u00fateo medio en el plano frontal (abducci\u00f3n de la cadera)<\/span><\/a><\/li>\n<li class=\"toclevel-2 tocsection-9\"><a href=\"#Gluteus_Medius_in_the_Horizontal_Plane_.28Hip_Lateral_Rotation_at_.3C20.C2.BA_of_Hip_Flexion.29\"><span class=\"tocnumber\">4.2<\/span> <span class=\"toctext\">Gl\u00fateo medio en el plano horizontal (rotaci\u00f3n lateral de la cadera a &lt;20\u00ba de flexi\u00f3n de la cadera)<\/span><\/a><\/li>\n<li class=\"toclevel-2 tocsection-10\"><a href=\"#Gluteus_Maximus_in_the_Horizontal_Plane_.28Hip_External_Rotation_at_.3E50.C2.BA_of_Hip_Flexion.29\"><span class=\"tocnumber\">4.3<\/span> <span class=\"toctext\">Gl\u00fateo mayor en el plano horizontal (rotaci\u00f3n externa de la cadera en &gt;50\u00ba de flexi\u00f3n de la cadera)<\/span><\/a><\/li>\n<li class=\"toclevel-2 tocsection-11\"><a href=\"#Consider_the_Bridge_Exercise\"><span class=\"tocnumber\">4.4<\/span> <span class=\"toctext\">Considerar el ejercicio del puente<\/span><\/a><\/li>\n<li class=\"toclevel-2 tocsection-12\"><a href=\"#Functional_Role_with_Different_Activities\"><span class=\"tocnumber\">4.5<\/span> <span class=\"toctext\">Papel funcional con diferentes actividades<\/span><\/a>\n<ul>\n<li class=\"toclevel-3 tocsection-13\"><a href=\"#Gait\"><span class=\"tocnumber\">4.5.1<\/span> <span class=\"toctext\">Marcha<\/span><\/a><\/li>\n<\/ul>\n<\/li>\n<li class=\"toclevel-2 tocsection-14\"><a href=\"#Running\"><span class=\"tocnumber\">4.6<\/span> <span class=\"toctext\">Carrera<\/span><\/a><\/li>\n<li class=\"toclevel-2 tocsection-15\"><a href=\"#Landing_From_a_Jump\"><span class=\"tocnumber\">4.7<\/span> <span class=\"toctext\">Aterrizaje en el salto<\/span><\/a><\/li>\n<\/ul>\n<\/li>\n<li class=\"toclevel-1 tocsection-16\"><a href=\"#Muscle_Inhibition\"><span class=\"tocnumber\">5<\/span> <span class=\"toctext\">Inhibici\u00f3n muscular<\/span><\/a><\/li>\n<li class=\"toclevel-1 tocsection-17\"><a href=\"#References\"><span class=\"tocnumber\">6<\/span> <span class=\"toctext\">Referencias<\/span><\/a><\/li>\n<\/ul>\n<\/div>\n<h2><span id=\"Introduction\" class=\"mw-headline\">Introducci\u00f3n<\/span><span class=\"mw-editsection\"><span class=\"mw-editsection-bracket\">(<\/span><a class=\"mw-editsection-visualeditor\" title=\"Edit section: Introduction\" href=\"\/index.php?title=Gluteal_Considerations_for_Patellofemoral_Pain&amp;veaction=edit&amp;section=1\">edit<\/a><span class=\"mw-editsection-divider\"> | <\/span><a title=\"Edit section: Introduction\" href=\"\/index.php?title=Gluteal_Considerations_for_Patellofemoral_Pain&amp;action=edit&amp;section=1\">edit source<\/a><span class=\"mw-editsection-bracket\">)<\/span><\/span><\/h2>\n<p>En la mala alineaci\u00f3n de la r\u00f3tula no s\u00f3lo influye la r\u00f3tula, sino tambi\u00e9n la posici\u00f3n del <a title=\"Femur\" href=\"\/Femur\">f\u00e9mur<\/a> y la tr\u00f3clea. La posici\u00f3n del f\u00e9mur y la troclea se ve alterada por los m\u00fasculos gl\u00fateos. Por lo tanto, es necesario evaluar los m\u00fasculos gl\u00fateos cuando se considera el <a title=\"S\u00edndrome de dolor patelofemoral\" href=\"\/Patellofemoral_Pain_Syndrome\">dolor patelofemoral<\/a>.<sup id=\"cite_ref-1\" class=\"reference\"><a href=\"#cite_note-1\">(1)<\/a><\/sup><sup id=\"cite_ref-:2_2-0\" class=\"reference\"><a href=\"#cite_note-:2-2\">(2)<\/a><\/sup> El cl\u00ednico debe ser consciente de que la evaluaci\u00f3n de los m\u00fasculos gl\u00fateos en el dolor patelofemoral no se realiza de forma aislada. El dolor patelofemoral debe evaluarse de forma hol\u00edstica y tener en cuenta diversos factores, incluidos los factores locales alrededor de la rodilla, la evaluaci\u00f3n de toda la extremidad y <a title=\"Bases psicol\u00f3gicas del dolor\" href=\"\/Psychological_Basis_of_Pain\">los factores psicosociales<\/a>,<sup id=\"cite_ref-3\" class=\"reference\"><a href=\"#cite_note-3\">(3)<\/a><\/sup> como el <a title=\"Modelo miedo-evitaci\u00f3n\" href=\"\/Fear_Avoidance_Model\">miedo al movimiento<\/a> y la catastrofizaci\u00f3n del dolor.<sup id=\"cite_ref-4\" class=\"reference\"><a href=\"#cite_note-4\">(4)<\/a><\/sup><\/p>\n<h2><span id=\"Why_Do_We_Need_to_Consider_Each_Muscle?\"><\/span><span id=\"Why_Do_We_Need_to_Consider_Each_Muscle.3F\" class=\"mw-headline\">\u00bfPor qu\u00e9 debemos tener en cuenta cada m\u00fasculo?<\/span><span class=\"mw-editsection\"><span class=\"mw-editsection-bracket\">(<\/span> <a class=\"mw-editsection-visualeditor\" title=\"Editar secci\u00f3n: \u00bfPor qu\u00e9 debemos tener en cuenta cada m\u00fasculo?\" href=\"\/index.php?title=Gluteal_Considerations_for_Patellofemoral_Pain&amp;veaction=edit&amp;section=2\">editar<\/a> <span class=\"mw-editsection-divider\"> | <\/span> <a title=\"Editar secci\u00f3n: \u00bfPor qu\u00e9 debemos tener en cuenta cada m\u00fasculo?\" href=\"\/index.php?title=Gluteal_Considerations_for_Patellofemoral_Pain&amp;action=edit&amp;section=2\">editar fuente<\/a> <span class=\"mw-editsection-bracket\">)<\/span><\/span><\/h2>\n<p>Comprender la funci\u00f3n de los m\u00fasculos gl\u00fateos en cada <a title=\"Planos cardinales y ejes de movimiento\" href=\"\/Cardinal_Planes_and_Axes_of_Movement\">plano de movimiento<\/a> es imprescindible para evaluar con precisi\u00f3n el rendimiento de este grupo muscular y su influencia en el dolor patelofemoral. Cuando el cl\u00ednico puede identificar espec\u00edficamente el plano de movimiento en el que se produce la disfunci\u00f3n, as\u00ed como aislar la estructura problem\u00e1tica, pueden prescribirse ejercicios de rehabilitaci\u00f3n espec\u00edficos.<\/p>\n<h2><span id=\"Functional_Role_of_the_Gluteal_Muscles\" class=\"mw-headline\">Papel funcional de los m\u00fasculos gl\u00fateos<\/span><span class=\"mw-editsection\"><span class=\"mw-editsection-bracket\">(<\/span> <a class=\"mw-editsection-visualeditor\" title=\"Editar secci\u00f3n: Papel funcional de los m\u00fasculos gl\u00fateos\" href=\"\/index.php?title=Gluteal_Considerations_for_Patellofemoral_Pain&amp;veaction=edit&amp;section=3\">editar<\/a> <span class=\"mw-editsection-divider\"> | <\/span> <a title=\"Editar secci\u00f3n: Papel funcional de los m\u00fasculos gl\u00fateos\" href=\"\/index.php?title=Gluteal_Considerations_for_Patellofemoral_Pain&amp;action=edit&amp;section=3\">editar fuente<\/a> <span class=\"mw-editsection-bracket\">)<\/span><\/span><\/h2>\n<h4><span id=\"Gluteus_Medius_as_an_Abductor_in_the_Frontal_Plane\" class=\"mw-headline\">Gl\u00fateo medio como abductor en el plano frontal<\/span><span class=\"mw-editsection\"><span class=\"mw-editsection-bracket\">(<\/span> <a class=\"mw-editsection-visualeditor\" title=\"Editar secci\u00f3n: Gl\u00fateo medio como abductor en el plano frontal\" href=\"\/index.php?title=Gluteal_Considerations_for_Patellofemoral_Pain&amp;veaction=edit&amp;section=4\">editar<\/a> <span class=\"mw-editsection-divider\"> | <\/span> <a title=\"Editar secci\u00f3n: Gl\u00fateo medio como abductor en el plano frontal\" href=\"\/index.php?title=Gluteal_Considerations_for_Patellofemoral_Pain&amp;action=edit&amp;section=4\">editar fuente<\/a> <span class=\"mw-editsection-bracket\">)<\/span><\/span><\/h4>\n<p>El <a title=\"Gluteus Medius\" href=\"\/Gluteus_Medius\">gl\u00fateo medio<\/a> act\u00faa como abductor de la cadera en el plano frontal. Un control deficiente de la abducci\u00f3n de la cadera en una posici\u00f3n de apoyo de a una sola pierna provoca la ca\u00edda de la pelvis contralateral. En este escenario, la extremidad que soporta el peso cae esencialmente en aducci\u00f3n, provocando un <a title=\"Rodilla en valgo\" href=\"\/Valgus_Knee\">valgo<\/a> funcional en la rodilla. Esto a su vez crea una mayor carga en la articulaci\u00f3n patelofemoral (PFJ) lateral.<sup id=\"cite_ref-5\" class=\"reference\"><a href=\"#cite_note-5\">(5)<\/a><\/sup><\/p>\n<div class=\"center\">\n<div class=\"thumb tnone\">\n<div class=\"thumbinner\" style=\"width: 902px;\"><a class=\"image\" href=\"\/File:Flow_chart_of_hip_control_in_the_frontal_plane.jpg\"><img loading=\"lazy\" decoding=\"async\" class=\"thumbimage\" src=\"https:\/\/www.physio-pedia.com\/images\/thumb\/6\/61\/Flow_chart_of_hip_control_in_the_frontal_plane.jpg\/900px-Flow_chart_of_hip_control_in_the_frontal_plane.jpg\" srcset=\"https:\/\/www.physio-pedia.com\/images\/thumb\/6\/61\/Flow_chart_of_hip_control_in_the_frontal_plane.jpg\/1350px-Flow_chart_of_hip_control_in_the_frontal_plane.jpg 1.5x, https:\/\/www.physio-pedia.com\/images\/thumb\/6\/61\/Flow_chart_of_hip_control_in_the_frontal_plane.jpg\/1800px-Flow_chart_of_hip_control_in_the_frontal_plane.jpg 2x\" alt=\"\" width=\"900\" height=\"506\"><\/a><\/p>\n<div class=\"thumbcaption\">\n<div class=\"magnify\"><\/div>\n<p>Gr\u00e1fico que ilustra el impacto de un mal control del gl\u00fateo medio en el dolor patelofemoral.<\/p>\n<\/div>\n<\/div>\n<\/div>\n<\/div>\n<p>El gl\u00fateo medio se eval\u00faa en el plano frontal mediante la abducci\u00f3n de la cadera contra resistencia. Durante la prueba, se recomienda mantener la resistencia contra la abducci\u00f3n de la cadera durante 10 segundos. Al mantener la resistencia aplicada al m\u00fasculo, se puede evaluar el rendimiento t\u00f3nico del m\u00fasculo en lugar del rendimiento f\u00e1sico (el rendimiento f\u00e1sico se eval\u00faa en los dos primeros segundos de mantener una posici\u00f3n contra una resistencia). Esto es importante porque el gl\u00fateo medio debe actuar como m\u00fasculo de resistencia postural para estabilizar la pelvis. Para recapitular sobre los <a title=\"Tipos de fibras musculares\" href=\"\/Muscle_Fibre_Types\">tipos de fibras musculares<\/a>: las fibras musculares de tipo 1 producen contracciones de baja potencia durante periodos m\u00e1s largos y tardan en fatigarse (rendimiento muscular t\u00f3nico), las fibras musculares de tipo 2 realizan contracciones r\u00e1pidas y pueden fatigarse m\u00e1s r\u00e1pidamente (rendimiento muscular f\u00e1sico).<\/p>\n<p>El gl\u00fateo medio tambi\u00e9n puede evaluarse en posici\u00f3n de carga. El evaluador examina la capacidad del paciente para controlar la pelvis mientras realiza una ca\u00edda de cadera contralateral estando de pie en un escal\u00f3n. Esta posici\u00f3n permite la evaluaci\u00f3n conc\u00e9ntrica y exc\u00e9ntrica del gl\u00fateo medio. Esta posici\u00f3n tambi\u00e9n es eficaz para fortalecer este m\u00fasculo.<sup id=\"cite_ref-6\" class=\"reference\"><a href=\"#cite_note-6\">(6)<\/a><\/sup><\/p>\n<h4><span id=\"Gluteus_Medius_as_an_External_Rotator_in_the_Horizontal_Plane\" class=\"mw-headline\">El gl\u00fateo medio como rotador externo en el plano horizontal<\/span><span class=\"mw-editsection\"><span class=\"mw-editsection-bracket\">(<\/span> <a class=\"mw-editsection-visualeditor\" title=\"Editar secci\u00f3n: Gl\u00fateo medio como rotador externo en el plano horizontal\" href=\"\/index.php?title=Gluteal_Considerations_for_Patellofemoral_Pain&amp;veaction=edit&amp;section=5\">editar<\/a> <span class=\"mw-editsection-divider\"> | <\/span> <a title=\"Editar secci\u00f3n: Gl\u00fateo medio como rotador externo en el plano horizontal\" href=\"\/index.php?title=Gluteal_Considerations_for_Patellofemoral_Pain&amp;action=edit&amp;section=5\">editar fuente<\/a> <span class=\"mw-editsection-bracket\">)<\/span><\/span><\/h4>\n<p>Las fibras posteriores del gl\u00fateo medio son activas como rotador externo primario de la cadera de 0\u00ba a 20\u00ba de flexi\u00f3n de la cadera. De 20\u00ba a 50\u00ba de flexi\u00f3n de cadera, las fibras posteriores del gl\u00fateo medio siguen activas. Por encima de 50\u00ba de flexi\u00f3n de cadera, el <a title=\"Gl\u00fateo mayor\" href=\"\/Gluteus_Maximus\">gl\u00fateo mayor<\/a> es el rotador externo primario. Para evaluar el gl\u00fateo medio, se debe oponer resistencia a la rotaci\u00f3n externa de la cadera cuando \u00e9sta se encuentra entre 0\u00ba y 20\u00ba de flexi\u00f3n.<\/p>\n<table class=\"wikitable\">\n<tbody>\n<tr>\n<td><b>Flexi\u00f3n de cadera<\/b><\/td>\n<td><b>0\u00ba &#8211; 20\u00ba<\/b><\/td>\n<td><b>20\u00ba &#8211; 50\u00ba<\/b><\/td>\n<td><b>&gt;50\u00ba<\/b><\/td>\n<\/tr>\n<tr>\n<td><b>Rotador externo primario de la cadera<\/b><\/td>\n<td>Gl\u00fateo medio<\/td>\n<td>El gl\u00fateo medio sigue activo<\/td>\n<td>Gl\u00fateo mayor<\/td>\n<\/tr>\n<\/tbody>\n<\/table>\n<h4><span id=\"Gluteus_Maximus_as_an_External_Rotator_in_the_Horizontal_Plane\" class=\"mw-headline\">El gl\u00fateo mayor como rotador externo en el plano horizontal<\/span><span class=\"mw-editsection\"><span class=\"mw-editsection-bracket\">(<\/span> <a class=\"mw-editsection-visualeditor\" title=\"Editar secci\u00f3n: El gl\u00fateo mayor como rotador externo en el plano horizontal\" href=\"\/index.php?title=Gluteal_Considerations_for_Patellofemoral_Pain&amp;veaction=edit&amp;section=6\">editar<\/a> <span class=\"mw-editsection-divider\"> | <\/span> <a title=\"Editar secci\u00f3n: El gl\u00fateo mayor como rotador externo en el plano horizontal\" href=\"\/index.php?title=Gluteal_Considerations_for_Patellofemoral_Pain&amp;action=edit&amp;section=6\">editar fuente<\/a> <span class=\"mw-editsection-bracket\">)<\/span><\/span><\/h4>\n<p>El gl\u00fateo mayor rota externamente la cadera cuando \u00e9sta est\u00e1 flexionada. La prueba del gl\u00fateo mayor debe realizarse oponiendo resistencia a la rotaci\u00f3n externa de la cadera cuando est\u00e1 flexionada. Se recomienda mantener el resistencia contra la rotaci\u00f3n externa en esta posici\u00f3n durante diez segundos para comprobar la acci\u00f3n t\u00f3nica del m\u00fasculo.<\/p>\n<h2><span id=\"Rehabilitation_Exercises\" class=\"mw-headline\">Ejercicios de rehabilitaci\u00f3n<\/span><span class=\"mw-editsection\"><span class=\"mw-editsection-bracket\">(<\/span> <a class=\"mw-editsection-visualeditor\" title=\"Editar secci\u00f3n: Ejercicios de rehabilitaci\u00f3n\" href=\"\/index.php?title=Gluteal_Considerations_for_Patellofemoral_Pain&amp;veaction=edit&amp;section=7\">editar<\/a> <span class=\"mw-editsection-divider\"> | <\/span> <a title=\"Editar secci\u00f3n: Ejercicios de rehabilitaci\u00f3n\" href=\"\/index.php?title=Gluteal_Considerations_for_Patellofemoral_Pain&amp;action=edit&amp;section=7\">editar fuente<\/a> <span class=\"mw-editsection-bracket\">)<\/span><\/span><\/h2>\n<h3><span id=\"Gluteus_Medius_in_the_Frontal_Plane_(Hip_Abduction)\"><\/span><span id=\"Gluteus_Medius_in_the_Frontal_Plane_.28Hip_Abduction.29\" class=\"mw-headline\">Gl\u00fateo medio en el plano frontal (abducci\u00f3n de cadera)<\/span><span class=\"mw-editsection\"><span class=\"mw-editsection-bracket\">(<\/span> <a class=\"mw-editsection-visualeditor\" title=\"Editar secci\u00f3n: Gl\u00fateo medio en el plano frontal (Abducci\u00f3n de cadera)\" href=\"\/index.php?title=Gluteal_Considerations_for_Patellofemoral_Pain&amp;veaction=edit&amp;section=8\">editar<\/a> <span class=\"mw-editsection-divider\"> | <\/span> <a title=\"Editar secci\u00f3n: Gl\u00fateo medio en el plano frontal (Abducci\u00f3n de cadera)\" href=\"\/index.php?title=Gluteal_Considerations_for_Patellofemoral_Pain&amp;action=edit&amp;section=8\">editar fuente<\/a> <span class=\"mw-editsection-bracket\">)<\/span><\/span><\/h3>\n<ul class=\"gallery mw-gallery-traditional\">\n<li class=\"gallerybox\" style=\"width: 285px;\">\n<div style=\"width: 285px;\">\n<div class=\"thumb\" style=\"width: 280px;\">\n<div style=\"margin: 41.5px auto;\"><a class=\"image\" href=\"\/File:Screenshot_2022-05-26_at_20.24.31.png\"><img loading=\"lazy\" decoding=\"async\" src=\"https:\/\/www.physio-pedia.com\/images\/thumb\/8\/88\/Screenshot_2022-05-26_at_20.24.31.png\/250px-Screenshot_2022-05-26_at_20.24.31.png\" srcset=\"https:\/\/www.physio-pedia.com\/images\/thumb\/8\/88\/Screenshot_2022-05-26_at_20.24.31.png\/375px-Screenshot_2022-05-26_at_20.24.31.png 1.5x, https:\/\/www.physio-pedia.com\/images\/8\/88\/Screenshot_2022-05-26_at_20.24.31.png 2x\" alt=\"\" width=\"250\" height=\"297\"><\/a><\/div>\n<\/div>\n<div class=\"gallerytext\">\n<p>Abducci\u00f3n de cadera en bipedestaci\u00f3n<\/p>\n<\/div>\n<\/div>\n<\/li>\n<li class=\"gallerybox\" style=\"width: 285px;\">\n<div style=\"width: 285px;\">\n<div class=\"thumb\" style=\"width: 280px;\">\n<div style=\"margin: 62px auto;\"><a class=\"image\" href=\"\/File:Screenshot_2022-05-26_at_20.21.45.png\"><img loading=\"lazy\" decoding=\"async\" src=\"https:\/\/www.physio-pedia.com\/images\/thumb\/1\/1b\/Screenshot_2022-05-26_at_20.21.45.png\/250px-Screenshot_2022-05-26_at_20.21.45.png\" srcset=\"https:\/\/www.physio-pedia.com\/images\/thumb\/1\/1b\/Screenshot_2022-05-26_at_20.21.45.png\/375px-Screenshot_2022-05-26_at_20.21.45.png 1.5x, https:\/\/www.physio-pedia.com\/images\/1\/1b\/Screenshot_2022-05-26_at_20.21.45.png 2x\" alt=\"\" width=\"250\" height=\"256\"><\/a><\/div>\n<\/div>\n<div class=\"gallerytext\">\n<p>Abducci\u00f3n de cadera contra resistencia en bipedestaci\u00f3n<\/p>\n<\/div>\n<\/div>\n<\/li>\n<li class=\"gallerybox\" style=\"width: 285px;\">\n<div style=\"width: 285px;\">\n<div class=\"thumb\" style=\"width: 280px;\">\n<div style=\"margin: 69px auto;\"><a class=\"image\" href=\"\/File:Screenshot_2022-05-26_at_20.31.27.png\"><img loading=\"lazy\" decoding=\"async\" src=\"https:\/\/www.physio-pedia.com\/images\/thumb\/7\/76\/Screenshot_2022-05-26_at_20.31.27.png\/250px-Screenshot_2022-05-26_at_20.31.27.png\" srcset=\"https:\/\/www.physio-pedia.com\/images\/thumb\/7\/76\/Screenshot_2022-05-26_at_20.31.27.png\/375px-Screenshot_2022-05-26_at_20.31.27.png 1.5x, https:\/\/www.physio-pedia.com\/images\/7\/76\/Screenshot_2022-05-26_at_20.31.27.png 2x\" alt=\"\" width=\"250\" height=\"242\"><\/a><\/div>\n<\/div>\n<div class=\"gallerytext\">\n<p>Abducci\u00f3n de cadera en dec\u00fabito lateral<\/p>\n<\/div>\n<\/div>\n<\/li>\n<\/ul>\n<h3><span id=\"Gluteus_Medius_in_the_Horizontal_Plane_.28Hip_Lateral_Rotation_at_.3C20.C2.BA_of_Hip_Flexion.29\" class=\"mw-headline\">Gl\u00fateo medio en el plano horizontal (rotaci\u00f3n lateral de la cadera en &lt;20\u00ba de flexi\u00f3n de la cadera)<\/span><span class=\"mw-editsection\"><span class=\"mw-editsection-bracket\">(<\/span> <a class=\"mw-editsection-visualeditor\" title=\"Editar secci\u00f3n: Gl\u00fateo medio en el plano horizontal (rotaci\u00f3n lateral de la cadera a &lt;encoded_tag_open \/&gt;20\u00ba de flexi\u00f3n de la cadera)\" href=\"\/index.php?title=Gluteal_Considerations_for_Patellofemoral_Pain&amp;veaction=edit&amp;section=9\">editar<\/a> <span class=\"mw-editsection-divider\"> | <\/span> <a title=\"Editar secci\u00f3n: Gl\u00fateo medio en el plano horizontal (rotaci\u00f3n lateral de la cadera a &lt;encoded_tag_open \/&gt;20\u00ba de flexi\u00f3n de la cadera)\" href=\"\/index.php?title=Gluteal_Considerations_for_Patellofemoral_Pain&amp;action=edit&amp;section=9\">editar fuente<\/a> <span class=\"mw-editsection-bracket\">)<\/span><\/span><\/h3>\n<ul class=\"gallery mw-gallery-traditional\">\n<li class=\"gallerybox\" style=\"width: 285px;\">\n<div style=\"width: 285px;\">\n<div class=\"thumb\" style=\"width: 280px;\">\n<div style=\"margin: 79px auto;\"><a class=\"image\" href=\"\/File:External_hip_rotation_in_standing_-_Claire%27s_own_image.jpg\"><img loading=\"lazy\" decoding=\"async\" src=\"https:\/\/www.physio-pedia.com\/images\/thumb\/8\/81\/External_hip_rotation_in_standing_-_Claire%27s_own_image.jpg\/250px-External_hip_rotation_in_standing_-_Claire%27s_own_image.jpg\" srcset=\"https:\/\/www.physio-pedia.com\/images\/thumb\/8\/81\/External_hip_rotation_in_standing_-_Claire%27s_own_image.jpg\/375px-External_hip_rotation_in_standing_-_Claire%27s_own_image.jpg 1.5x, https:\/\/www.physio-pedia.com\/images\/8\/81\/External_hip_rotation_in_standing_-_Claire%27s_own_image.jpg 2x\" alt=\"\" width=\"250\" height=\"222\"><\/a><\/div>\n<\/div>\n<div class=\"gallerytext\">\n<p>Rotaci\u00f3n externa de la cadera en bipedestaci\u00f3n<\/p>\n<\/div>\n<\/div>\n<\/li>\n<li class=\"gallerybox\" style=\"width: 285px;\">\n<div style=\"width: 285px;\">\n<div class=\"thumb\" style=\"width: 280px;\">\n<div style=\"margin: 125.5px auto;\"><a class=\"image\" href=\"\/File:Hip_External_Rotation_in_Shallow_hip_flexion.png\"><img loading=\"lazy\" decoding=\"async\" src=\"https:\/\/www.physio-pedia.com\/images\/thumb\/6\/6a\/Hip_External_Rotation_in_Shallow_hip_flexion.png\/250px-Hip_External_Rotation_in_Shallow_hip_flexion.png\" srcset=\"https:\/\/www.physio-pedia.com\/images\/thumb\/6\/6a\/Hip_External_Rotation_in_Shallow_hip_flexion.png\/375px-Hip_External_Rotation_in_Shallow_hip_flexion.png 1.5x, https:\/\/www.physio-pedia.com\/images\/6\/6a\/Hip_External_Rotation_in_Shallow_hip_flexion.png 2x\" alt=\"\" width=\"250\" height=\"129\"><\/a><\/div>\n<\/div>\n<div class=\"gallerytext\">\n<p>Rotaci\u00f3n externa de la cadera en flexi\u00f3n poco pronunciada de la cadera<\/p>\n<\/div>\n<\/div>\n<\/li>\n<\/ul>\n<h3><span id=\"Gluteus_Maximus_in_the_Horizontal_Plane_.28Hip_External_Rotation_at_.3E50.C2.BA_of_Hip_Flexion.29\" class=\"mw-headline\">Gl\u00fateo mayor en el plano horizontal (rotaci\u00f3n externa de la cadera en &gt;50\u00ba de flexi\u00f3n de la cadera)<\/span><span class=\"mw-editsection\"><span class=\"mw-editsection-bracket\">(<\/span> <a class=\"mw-editsection-visualeditor\" title=\"Editar secci\u00f3n: Gl\u00fateo mayor en el plano horizontal (rotaci\u00f3n externa de la cadera a &lt;encoded_tag_closed \/&gt;50\u00ba de flexi\u00f3n de la cadera)\" href=\"\/index.php?title=Gluteal_Considerations_for_Patellofemoral_Pain&amp;veaction=edit&amp;section=10\">editar<\/a> <span class=\"mw-editsection-divider\"> | <\/span> <a title=\"Editar secci\u00f3n: Gl\u00fateo mayor en el plano horizontal (rotaci\u00f3n externa de la cadera a &lt;encoded_tag_closed \/&gt;50\u00ba de flexi\u00f3n de la cadera)\" href=\"\/index.php?title=Gluteal_Considerations_for_Patellofemoral_Pain&amp;action=edit&amp;section=10\">editar fuente<\/a> <span class=\"mw-editsection-bracket\">)<\/span><\/span><\/h3>\n<ul class=\"gallery mw-gallery-traditional\">\n<li class=\"gallerybox\" style=\"width: 285px;\">\n<div style=\"width: 285px;\">\n<div class=\"thumb\" style=\"width: 280px;\">\n<div style=\"margin: 100.5px auto;\"><a class=\"image\" href=\"\/File:Clam_with_band_in_deep_hip_flexion_-_Claire%27s_own_image.jpg\"><img loading=\"lazy\" decoding=\"async\" src=\"https:\/\/www.physio-pedia.com\/images\/4\/43\/Clam_with_band_in_deep_hip_flexion_-_Claire%27s_own_image.jpg\" alt=\"\" width=\"250\" height=\"179\"><\/a><\/div>\n<\/div>\n<div class=\"gallerytext\">\n<p>Rotaci\u00f3n externa de la cadera en flexi\u00f3n de cadera de 90\u00ba<\/p>\n<\/div>\n<\/div>\n<\/li>\n<li class=\"gallerybox\" style=\"width: 285px;\">\n<div style=\"width: 285px;\">\n<div class=\"thumb\" style=\"width: 280px;\">\n<div style=\"margin: 132.5px auto;\"><a class=\"image\" href=\"\/File:External_Hip_Rotation_Eccentric_Control_in_Sitting_-_Claire%27s_Own_Image.jpg\"><img loading=\"lazy\" decoding=\"async\" src=\"https:\/\/www.physio-pedia.com\/images\/thumb\/8\/8b\/External_Hip_Rotation_Eccentric_Control_in_Sitting_-_Claire%27s_Own_Image.jpg\/250px-External_Hip_Rotation_Eccentric_Control_in_Sitting_-_Claire%27s_Own_Image.jpg\" srcset=\"https:\/\/www.physio-pedia.com\/images\/thumb\/8\/8b\/External_Hip_Rotation_Eccentric_Control_in_Sitting_-_Claire%27s_Own_Image.jpg\/375px-External_Hip_Rotation_Eccentric_Control_in_Sitting_-_Claire%27s_Own_Image.jpg 1.5x, https:\/\/www.physio-pedia.com\/images\/thumb\/8\/8b\/External_Hip_Rotation_Eccentric_Control_in_Sitting_-_Claire%27s_Own_Image.jpg\/500px-External_Hip_Rotation_Eccentric_Control_in_Sitting_-_Claire%27s_Own_Image.jpg 2x\" alt=\"\" width=\"250\" height=\"115\"><\/a><\/div>\n<\/div>\n<div class=\"gallerytext\">\n<p>Rotaci\u00f3n externa de la cadera en flexi\u00f3n de cadera de 90\u00ba\/sentado<\/p>\n<\/div>\n<\/div>\n<\/li>\n<\/ul>\n<h3><span id=\"Consider_the_Bridge_Exercise\" class=\"mw-headline\">Considera el ejercicio del puente<\/span><span class=\"mw-editsection\"><span class=\"mw-editsection-bracket\">(<\/span> <a class=\"mw-editsection-visualeditor\" title=\"Editar secci\u00f3n: Ejercicio Puente\" href=\"\/index.php?title=Gluteal_Considerations_for_Patellofemoral_Pain&amp;veaction=edit&amp;section=11\">editar<\/a> <span class=\"mw-editsection-divider\"> | <\/span> <a title=\"Editar secci\u00f3n: Ejercicio Puente\" href=\"\/index.php?title=Gluteal_Considerations_for_Patellofemoral_Pain&amp;action=edit&amp;section=11\">editar fuente<\/a> <span class=\"mw-editsection-bracket\">)<\/span><\/span><\/h3>\n<div class=\"thumb embedvideo autoResize\" style=\"width: 648px;\">\n<div class=\"embedvideo autoResize\">\n<div class=\"embedvideowrap\" style=\"width: 640px;\"><iframe loading=\"lazy\" title=\"Play video\" src=\"\/\/www.youtube.com\/embed\/wFYhfbFYzZI?\" width=\"640\" height=\"360\" frameborder=\"0\" allowfullscreen=\"allowfullscreen\"><\/iframe><\/div>\n<\/div>\n<\/div>\n<p>Al principio del ejercicio del puente, la cadera est\u00e1 en flexi\u00f3n profunda. Esto significa que el gl\u00fateo mayor es m\u00e1s activo como rotador externo de la cadera. A medida que la cadera sale de la flexi\u00f3n hacia una posici\u00f3n m\u00e1s neutra, el gl\u00fateo mayor contin\u00faa trabajando como extensor de la cadera, pero las fibras posteriores del gl\u00fateo medio se vuelven m\u00e1s prominentes como rotadoras.<\/p>\n<p>Las progresiones del ejercicio del puente para hacerlo m\u00e1s desafiante, incluyen levantar la pierna no afectada (es decir, realizar el puente con una sola pierna) y a\u00f1adir peso colocado sobre el abdomen de la persona.<\/p>\n<h3><span id=\"Functional_Role_with_Different_Activities\" class=\"mw-headline\">Papel funcional con diferentes actividades<\/span><span class=\"mw-editsection\"><span class=\"mw-editsection-bracket\">(<\/span> <a class=\"mw-editsection-visualeditor\" title=\"Editar secci\u00f3n: Rol funcional con diferentes actividades\" href=\"\/index.php?title=Gluteal_Considerations_for_Patellofemoral_Pain&amp;veaction=edit&amp;section=12\">editar<\/a> <span class=\"mw-editsection-divider\"> | <\/span> <a title=\"Editar secci\u00f3n: Rol funcional con diferentes actividades\" href=\"\/index.php?title=Gluteal_Considerations_for_Patellofemoral_Pain&amp;action=edit&amp;section=12\">editar fuente<\/a> <span class=\"mw-editsection-bracket\">)<\/span><\/span><\/h3>\n<h4><span id=\"Gait\" class=\"mw-headline\">Marcha<\/span><span class=\"mw-editsection\"><span class=\"mw-editsection-bracket\">(<\/span><a class=\"mw-editsection-visualeditor\" title=\"Edit section: Gait\" href=\"\/index.php?title=Gluteal_Considerations_for_Patellofemoral_Pain&amp;veaction=edit&amp;section=13\">edit<\/a><span class=\"mw-editsection-divider\"> | <\/span><a title=\"Edit section: Gait\" href=\"\/index.php?title=Gluteal_Considerations_for_Patellofemoral_Pain&amp;action=edit&amp;section=13\">edit source<\/a><span class=\"mw-editsection-bracket\">)<\/span><\/span><\/h4>\n<p>Durante <a title=\"Marcha\" href=\"\/Gait\">la marcha<\/a>, el gl\u00fateo mayor trabaja exc\u00e9ntricamente para controlar la rotaci\u00f3n de la cadera.<sup id=\"cite_ref-7\" class=\"reference\"><a href=\"#cite_note-7\">(7)<\/a><\/sup> Tras el apoyo del tal\u00f3n, hasta aproximadamente el 24% de la carga, el f\u00e9mur y la tibia rotan internamente. Se trata de un movimiento esperado. Sin embargo, esta rotaci\u00f3n interna s\u00f3lo debe producirse durante un breve per\u00edodo. Una rotaci\u00f3n interna excesiva acaba provocando una carga excesiva de la articulaci\u00f3n patelofemoral lateral. La reeducaci\u00f3n de la marcha con espejos<sup id=\"cite_ref-8\" class=\"reference\"><a href=\"#cite_note-8\">(8)<\/a><\/sup> puede aumentar la conciencia del paciente sobre este movimiento y facilitar la correcci\u00f3n de la biomec\u00e1nica defectuosa.<\/p>\n<h3><span id=\"Running\" class=\"mw-headline\">Carrera<\/span><span class=\"mw-editsection\"><span class=\"mw-editsection-bracket\">(<\/span><a class=\"mw-editsection-visualeditor\" title=\"Editar secci\u00f3n: Ejecutar\" href=\"\/index.php?title=Gluteal_Considerations_for_Patellofemoral_Pain&amp;veaction=edit&amp;section=14\">edit<\/a><span class=\"mw-editsection-divider\"> | <\/span><a title=\"Editar secci\u00f3n: Ejecutar\" href=\"\/index.php?title=Gluteal_Considerations_for_Patellofemoral_Pain&amp;action=edit&amp;section=14\">edit source<\/a><span class=\"mw-editsection-bracket\">)<\/span><\/span><\/h3>\n<p>El aumento de la velocidad de carrera se asocia a un mayor movimiento en el plano frontal, es decir, a la ca\u00edda contralateral de la pelvis con la correspondiente aducci\u00f3n de la cadera y el consiguiente valgo de rodilla. Esto aumenta la carga sobre la articulaci\u00f3n patelofemoral lateral.<sup id=\"cite_ref-:0_9-0\" class=\"reference\"><a href=\"#cite_note-:0-9\">(9)<\/a><\/sup> Bramah et al.<sup id=\"cite_ref-:3_10-0\" class=\"reference\"><a href=\"#cite_note-:3-10\">(10)<\/a><\/sup> demostraron que por cada aumento de 1\u00ba en la ca\u00edda de la pelvis durante la carrera, se produc\u00eda un aumento del 80% en la probabilidad de ser clasificado como lesionado. El mismo estudio de Bramah et al.<sup id=\"cite_ref-:3_10-1\" class=\"reference\"><a href=\"#cite_note-:3-10\">(10)<\/a><\/sup> mostr\u00f3 que la ca\u00edda contralateral de la pelvis parec\u00eda ser la variable m\u00e1s fuertemente relacionada con las lesiones com\u00fanmente relacionadas con la carrera, incluido el dolor patelofemoral.<\/p>\n<p><b>V\u00eddeo: Aducci\u00f3n excesiva de la cadera<\/b><\/p>\n<div class=\"thumb embedvideo autoResize\" style=\"width: 648px;\">\n<div class=\"embedvideo autoResize\">\n<div class=\"embedvideowrap\" style=\"width: 640px;\"><iframe loading=\"lazy\" title=\"Play video\" src=\"\/\/www.youtube.com\/embed\/QTC9hEu0pQQ?\" width=\"640\" height=\"360\" frameborder=\"0\" allowfullscreen=\"allowfullscreen\"><\/iframe><\/div>\n<\/div>\n<\/div>\n<p><sup id=\"cite_ref-11\" class=\"reference\"><a href=\"#cite_note-11\">(11)<\/a><\/sup><\/p>\n<p>Cuando se rehabilita a un paciente con dolor patelofemoral en el que la falta de control en el plano frontal es un factor contribuyente, resulta \u00fatil tener en cuenta la velocidad de carrera. El cl\u00ednico puede sugerir reducir la velocidad de carrera para descargar\/reducir la carga sobre la articulaci\u00f3n patelofemoral como alternativa a dejar de hacer deporte por completo. En los deportes de equipo, un cambio de posici\u00f3n en la cancha \/ campo a una posici\u00f3n en la que el paciente no se ver\u00e1 obligado a correr tan r\u00e1pido puede ser \u00fatil.<sup id=\"cite_ref-:0_9-1\" class=\"reference\"><a href=\"#cite_note-:0-9\">(9)<\/a><\/sup><\/p>\n<h3><span id=\"Landing_From_a_Jump\" class=\"mw-headline\">Aterrizaje en el salto<\/span><span class=\"mw-editsection\"><span class=\"mw-editsection-bracket\">(<\/span> <a class=\"mw-editsection-visualeditor\" title=\"Editar secci\u00f3n: Aterrizaje de un salto\" href=\"\/index.php?title=Gluteal_Considerations_for_Patellofemoral_Pain&amp;veaction=edit&amp;section=15\">editar<\/a> <span class=\"mw-editsection-divider\"> | <\/span> <a title=\"Editar secci\u00f3n: Aterrizaje de un salto\" href=\"\/index.php?title=Gluteal_Considerations_for_Patellofemoral_Pain&amp;action=edit&amp;section=15\">editar fuente<\/a> <span class=\"mw-editsection-bracket\">)<\/span><\/span><\/h3>\n<p>Se ha demostrado que la cinem\u00e1tica del salto-aterrizaje se ve afectada por las lesiones de las extremidades inferiores, incluido el dolor patelofemoral.<sup id=\"cite_ref-:1_12-0\" class=\"reference\"><a href=\"#cite_note-:1-12\">(12)<\/a><\/sup> Tambi\u00e9n les afecta la fuerza del m\u00fasculo gl\u00fateo, que influye en el valgo din\u00e1mico de la rodilla.<sup id=\"cite_ref-13\" class=\"reference\"><a href=\"#cite_note-13\">(13)<\/a><\/sup> Del mismo modo, una revisi\u00f3n sistem\u00e1tica y metaan\u00e1lisis de DeBleecker et al.<sup id=\"cite_ref-:1_12-1\" class=\"reference\"><a href=\"#cite_note-:1-12\">(12)<\/a><\/sup> mostraron algunas pruebas de la asociaci\u00f3n entre una cinem\u00e1tica del salto-aterrizaje alterada y las lesiones por sobreuso de las extremidades inferiores. Esto indica que <b>el dolor patelofemoral influye en la cinem\u00e1tica del salto-aterrizaje, <i>y<\/i> que la cinem\u00e1tica del salto-aterrizaje est\u00e1 influida por el dolor patelofemoral<\/b>. Por lo tanto, es importante evaluar la cinem\u00e1tica del salto-aterrizaje como estrategia de prevenci\u00f3n de las lesiones de las extremidades inferiores, y evaluar la cinem\u00e1tica del salto-aterrizaje en una persona que sufre una lesi\u00f3n de las extremidades inferiores. En el caso de pacientes con dolor patelofemoral que practican deportes que requieren saltos, es importante evaluar la cinem\u00e1tica del salto-aterrizaje para identificar un control gl\u00fateo deficiente como posible factor contribuyente. Los factores psicosociales, como <a title=\"Kinesiofobia\" href=\"\/Kinesiophobia\">la kinesiofobia<\/a>, tambi\u00e9n deben tenerse en cuenta al evaluar el aterrizaje del salto.<\/p>\n<h2><span id=\"Muscle_Inhibition\" class=\"mw-headline\">Inhibici\u00f3n muscular<\/span><span class=\"mw-editsection\"><span class=\"mw-editsection-bracket\">(<\/span> <a class=\"mw-editsection-visualeditor\" title=\"Editar secci\u00f3n: Inhibici\u00f3n muscular\" href=\"\/index.php?title=Gluteal_Considerations_for_Patellofemoral_Pain&amp;veaction=edit&amp;section=16\">editar<\/a> <span class=\"mw-editsection-divider\"> | <\/span> <a title=\"Editar secci\u00f3n: Inhibici\u00f3n muscular\" href=\"\/index.php?title=Gluteal_Considerations_for_Patellofemoral_Pain&amp;action=edit&amp;section=16\">editar fuente<\/a> <span class=\"mw-editsection-bracket\">)<\/span><\/span><\/h2>\n<p>Antecedentes de lumbalgia<sup id=\"cite_ref-:2_2-1\" class=\"reference\"><a href=\"#cite_note-:2-2\">(2)<\/a><\/sup><sup id=\"cite_ref-14\" class=\"reference\"><a href=\"#cite_note-14\">(14)<\/a><\/sup> o lesiones de tobillo<sup id=\"cite_ref-15\" class=\"reference\"><a href=\"#cite_note-15\">(15)<\/a><\/sup> han demostrado influir en la funci\u00f3n gl\u00fatea. El dolor lumbar puede inhibir el gl\u00fateo mayor, y las lesiones por inversi\u00f3n del tobillo est\u00e1n relacionadas con la inhibici\u00f3n del gl\u00fateo medio. Dado que se ha establecido claramente la importancia de los m\u00fasculos gl\u00fateos en el dolor de la articulaci\u00f3n patelofemoral, es importante determinar si el paciente que presenta dolor patelofemoral tiene antecedentes de lumbalgia o lesi\u00f3n de tobillo.<\/p>\n<h2><span id=\"References\" class=\"mw-headline\">Referencias<\/span><span class=\"mw-editsection\"><span class=\"mw-editsection-bracket\">(<\/span><a class=\"mw-editsection-visualeditor\" title=\"Edit section: References\" href=\"\/index.php?title=Gluteal_Considerations_for_Patellofemoral_Pain&amp;veaction=edit&amp;section=17\">edit<\/a><span class=\"mw-editsection-divider\"> | <\/span><a title=\"Edit section: References\" href=\"\/index.php?title=Gluteal_Considerations_for_Patellofemoral_Pain&amp;action=edit&amp;section=17\">edit source<\/a><span class=\"mw-editsection-bracket\">)<\/span><\/span><\/h2>\n<div class=\"mw-references-wrap mw-references-columns\">\n<ol class=\"references\">\n<li id=\"cite_note-1\"><span class=\"mw-cite-backlink\"><a href=\"#cite_ref-1\">\u2191<\/a><\/span> <span class=\"reference-text\">Ireland ML, Willson JD, Ballantyne BT, Davis IM. <a class=\"external text\" href=\"https:\/\/www.jospt.org\/doi\/epdf\/10.2519\/jospt.2003.33.11.671\" rel=\"nofollow\">Hip strength in females with and without patellofemoral pain<\/a>. Journal of orthopaedic &amp; sports physical therapy. 2003 Nov;33(11):671-6<\/span><\/li>\n<li id=\"cite_note-:2-2\"><span class=\"mw-cite-backlink\">\u2191 <sup><a href=\"#cite_ref-:2_2-0\">2.0<\/a><\/sup> <sup><a href=\"#cite_ref-:2_2-1\">2.1<\/a><\/sup><\/span> <span class=\"reference-text\">Sadler S, Cassidy S, Peterson B, Spink M, Chuter V. <a class=\"external text\" href=\"https:\/\/link.springer.com\/article\/10.1186\/s12891-019-2833-4\" rel=\"nofollow\">Gluteus medius muscle function in people with and without low back pain: a systematic review<\/a>. BMC musculoskeletal disorders. 2019 Dec;20(1):1-7<\/span><\/li>\n<li id=\"cite_note-3\"><span class=\"mw-cite-backlink\"><a href=\"#cite_ref-3\">\u2191<\/a><\/span> <span class=\"reference-text\">Crossley KM, van Middelkoop M, Barton CJ, Culvenor AG. Rethinking patellofemoral pain: prevention, management and long-term consequences. Best Practice &amp; Research Clinical Rheumatology. 2019 Feb 1;33(1):48-65.<\/span><\/li>\n<li id=\"cite_note-4\"><span class=\"mw-cite-backlink\"><a href=\"#cite_ref-4\">\u2191<\/a><\/span> <span class=\"reference-text\">Uritani D, Kasza J, Campbell PK, Metcalf B, Egerton T. <a class=\"external text\" href=\"https:\/\/www.ncbi.nlm.nih.gov\/pmc\/articles\/PMC7183118\/pdf\/12891_2020_Article_3305.pdf\" rel=\"nofollow\">The association between psychological characteristics and physical activity levels in people with knee osteoarthritis: a cross-sectional analysis.<\/a> BMC musculoskeletal disorders. 2020 Dec;21(1):1-7<\/span><\/li>\n<li id=\"cite_note-5\"><span class=\"mw-cite-backlink\"><a href=\"#cite_ref-5\">\u2191<\/a><\/span> <span class=\"reference-text\">Lee TQ, Anzel SH, Bennett KA, Pang D, Kim WC. The influence of fixed rotational deformities of the femur on the patellofemoral contact pressures in human cadaver knees. Clinical orthopaedics and related research. 1994 May 1(302):69-74<\/span><\/li>\n<li id=\"cite_note-6\"><span class=\"mw-cite-backlink\"><a href=\"#cite_ref-6\">\u2191<\/a><\/span> <span class=\"reference-text\">Moore D, Semciw AI, Pizzari T. <a class=\"external text\" href=\"https:\/\/www.ncbi.nlm.nih.gov\/pmc\/articles\/PMC7727410\/\" rel=\"nofollow\">A systematic review and meta-analysis of common therapeutic exercises that generate highest muscle activity in the gluteus medius and gluteus minimus segments<\/a>. Revista internacional de fisioterapia deportiva. 2020 Dec;15(6):856.<\/span><\/li>\n<li id=\"cite_note-7\"><span class=\"mw-cite-backlink\"><a href=\"#cite_ref-7\">\u2191<\/a><\/span> <span class=\"reference-text\">Preece SJ, Graham-Smith P, Nester CJ, Howard D, Hermens H, Herrington L, Bowker P. The influence of gluteus maximus on transverse plane tibial rotation. Marcha y postura. 2008 May 1;27(4):616-21.<\/span><\/li>\n<li id=\"cite_note-8\"><span class=\"mw-cite-backlink\"><a href=\"#cite_ref-8\">\u2191<\/a><\/span> <span class=\"reference-text\"><span class=\"reference-text\">Richard W. Willy, John P. Scholz, Irene S. Davis.Mirror gait retraining for the treatment of patellofemoral pain in female runners. Clinical Biomechanics 2012; 27: 1045-1051.<\/span><\/span><\/li>\n<li id=\"cite_note-:0-9\"><span class=\"mw-cite-backlink\">\u2191 <sup><a href=\"#cite_ref-:0_9-0\">9.0<\/a><\/sup> <sup><a href=\"#cite_ref-:0_9-1\">9.1<\/a><\/sup><\/span> <span class=\"reference-text\">Robertson, C. <a class=\"external text\" href=\"https:\/\/members.physio-pedia.com\/learn\/patellofemoral-joint-programme\/\" rel=\"nofollow\">Gluteal Considerations in the Management of Patellofemoral Pain<\/a>. Course. M\u00e1s. 2022.<\/span><\/li>\n<li id=\"cite_note-:3-10\"><span class=\"mw-cite-backlink\">\u2191 <sup><a href=\"#cite_ref-:3_10-0\">10.0<\/a><\/sup> <sup><a href=\"#cite_ref-:3_10-1\">10.1<\/a><\/sup><\/span> <span class=\"reference-text\">Bramah C, Preece SJ, Gill N, Herrington L. <a class=\"external text\" href=\"https:\/\/journals.sagepub.com\/doi\/full\/10.1177\/0363546518793657\" rel=\"nofollow\">Is there a pathological gait associated with common soft tissue running injuries?<\/a>. The American journal of sports medicine. 2018 Oct;46(12):3023-31.<\/span><\/li>\n<li id=\"cite_note-11\"><span class=\"mw-cite-backlink\"><a href=\"#cite_ref-11\">\u2191<\/a><\/span> <span class=\"reference-text\">Enhance running: excessive hip adduction &amp; internal rotation. Available from <a class=\"external free\" href=\"https:\/\/www.youtube.com\/watch?v=QTC9hEu0pQQ&amp;t=2s\" rel=\"nofollow\">https:\/\/www.youtube.com\/watch?v=QTC9hEu0pQQ&amp;t=2s<\/a> Accessed on 05\/06\/2022<\/span><\/li>\n<li id=\"cite_note-:1-12\"><span class=\"mw-cite-backlink\">\u2191 <sup><a href=\"#cite_ref-:1_12-0\">12.0<\/a><\/sup> <sup><a href=\"#cite_ref-:1_12-1\">12.1<\/a><\/sup><\/span> <span class=\"reference-text\">De Bleecker C, Vermeulen S, De Blaiser C, Willems T, De Ridder R, Roosen P. Relationship between jump-landing kinematics and lower extremity overuse injuries in physically active populations: a systematic review and meta-analysis. Sports Medicine. 2020 Aug;50(8):1515-32.<\/span><\/li>\n<li id=\"cite_note-13\"><span class=\"mw-cite-backlink\"><a href=\"#cite_ref-13\">\u2191<\/a><\/span> <span class=\"reference-text\">Neamatallah Z, Herrington L, Jones R. An investigation into the role of gluteal muscle strength and EMG activity in controlling HIP and knee motion during landing tasks. Physical Therapy in Sport. 2020 May 1;43:230-5.<\/span><\/li>\n<li id=\"cite_note-14\"><span class=\"mw-cite-backlink\"><a href=\"#cite_ref-14\">\u2191<\/a><\/span> <span class=\"reference-text\">Bullock-Saxton JE, Janda V, Bullock MI. Reflex activation of gluteal muscles in walking. An approach to restoration of muscle function for patients with low-back pain. Spine. 1993 May 1;18(6):704-8.<\/span><\/li>\n<li id=\"cite_note-15\"><span class=\"mw-cite-backlink\"><a href=\"#cite_ref-15\">\u2191<\/a><\/span> <span class=\"reference-text\">Beckman SM, Buchanan TS. Ankle inversion injury and hypermobility: effect on hip and ankle muscle electromyography onset latency. Archives of physical medicine and rehabilitation. 1995 Dec 1;76(12):1138-43.<\/span><\/li>\n<\/ol>\n<\/div>\n<p><!-- NewPP limit report Cached time: 20221115234415 Cache expiry: 0 Dynamic content: true Complications: () CPU time usage: 0.087 seconds Real time usage: 0.104 seconds Preprocessor visited node count: 275\/1000000 Post\u2010expand include size: 126\/2097152 bytes Template argument size: 0\/2097152 bytes Highest expansion depth: 3\/40 Expensive parser function count: 0\/100 Unstrip recursion depth: 0\/20 Unstrip post\u2010expand size: 14219\/5000000 bytes --><br \/>\n<!-- Transclusion expansion time report (%,ms,calls,template) 100.00% 16.830 1 Special:Contributors\/Gluteal_Considerations_for_Patellofemoral_Pain 100.00% 16.830 1 -total --><\/p>\n<\/div>\n","protected":false},"excerpt":{"rendered":"<p>Redactora original &#8211; Jacquie Kieck a partir del curso de Claire Robertson Principales colaboradores &#8211; Jacquie Kieck, Wanda van Niekerk, Jess Bell, Kim Jackson y Tarina van der Stockt Contenidos 1 Introducci\u00f3n 2 \u00bfPor qu\u00e9 debemos tener en cuenta cada m\u00fasculo? 3 Papel funcional de los m\u00fasculos gl\u00fateos 3.1 El gl\u00fateo medio como abductor en [&hellip;]<\/p>\n","protected":false},"author":1,"featured_media":0,"parent":0,"menu_order":0,"comment_status":"closed","ping_status":"closed","template":"","meta":{"_acf_changed":false,"footnotes":""},"class_list":["post-9349","page","type-page","status-publish","hentry"],"acf":[],"_links":{"self":[{"href":"https:\/\/langs.physio-pedia.com\/es\/wp-json\/wp\/v2\/pages\/9349","targetHints":{"allow":["GET"]}}],"collection":[{"href":"https:\/\/langs.physio-pedia.com\/es\/wp-json\/wp\/v2\/pages"}],"about":[{"href":"https:\/\/langs.physio-pedia.com\/es\/wp-json\/wp\/v2\/types\/page"}],"author":[{"embeddable":true,"href":"https:\/\/langs.physio-pedia.com\/es\/wp-json\/wp\/v2\/users\/1"}],"replies":[{"embeddable":true,"href":"https:\/\/langs.physio-pedia.com\/es\/wp-json\/wp\/v2\/comments?post=9349"}],"version-history":[{"count":2,"href":"https:\/\/langs.physio-pedia.com\/es\/wp-json\/wp\/v2\/pages\/9349\/revisions"}],"predecessor-version":[{"id":9387,"href":"https:\/\/langs.physio-pedia.com\/es\/wp-json\/wp\/v2\/pages\/9349\/revisions\/9387"}],"wp:attachment":[{"href":"https:\/\/langs.physio-pedia.com\/es\/wp-json\/wp\/v2\/media?parent=9349"}],"curies":[{"name":"wp","href":"https:\/\/api.w.org\/{rel}","templated":true}]}}