{"id":4654,"date":"2023-01-24T14:49:19","date_gmt":"2023-01-24T14:49:19","guid":{"rendered":"https:\/\/langs.physio-pedia.com\/pre-fitting-management-of-the-patient-with-a-lower-limb-amputation-es\/"},"modified":"2023-03-15T08:30:14","modified_gmt":"2023-03-15T08:30:14","slug":"pre-fitting-management-of-the-patient-with-a-lower-limb-amputation-es","status":"publish","type":"page","link":"https:\/\/langs.physio-pedia.com\/es\/pre-fitting-management-of-the-patient-with-a-lower-limb-amputation-es\/","title":{"rendered":"Tratamiento previo a la colocaci\u00f3n de una pr\u00f3tesis en el paciente con amputaci\u00f3n de miembro inferior"},"content":{"rendered":"<div class=\"mw-parser-output\">\n<div class=\"editorbox\">\n<p><b>Editor original &#8211; <\/b> <a href=\"\/index.php?title=User:Liezel_Wegner&amp;action=edit&amp;redlink=1\" class=\"new\" title=\"Usuario:Liezel Wegner (la p\u00e1gina no existe)\">Liezel Wegner<\/a> en el marco del <a href=\"\/World_Physiotherapy_Network_for_Amputee_Rehabilitation_Project\" title=\"World Physiotherapy Network for Amputee Rehabilitation Project\">World Physiotherapy Network for Amputee Rehabilitation Project<\/a>\n<\/p>\n<p><b>Principales colaboradores<\/b> &#8211; <a href=\"\/User:Sheik_Abdul_Khadir\" class=\"mw-userlink\" title=\"User:Sheik Abdul Khadir\"><bdi>Sheik Abdul Khadir<\/bdi><\/a>, <a href=\"\/User:Admin\" class=\"mw-userlink\" title=\"User:Admin\"><bdi>Admin<\/bdi><\/a>, <a href=\"\/User:Leslie_Angama\" class=\"mw-userlink\" title=\"Usuario:Leslie Angama\"><bdi>Leslie Angama<\/bdi><\/a>, <a href=\"\/User:Tarina_van_der_Stockt\" class=\"mw-userlink\" title=\"User:Tarina van der Stockt\"><bdi>Tarina van der Stockt<\/bdi><\/a>, <a href=\"\/User:Lucy_Aird\" class=\"mw-userlink\" title=\"User:Lucy Aird\"><bdi>Lucy Aird<\/bdi><\/a>, <a href=\"\/User:Kim_Jackson\" class=\"mw-userlink\" title=\"User:Kim Jackson\"><bdi>Kim Jackson<\/bdi><\/a>, <a href=\"\/User:Tony_Lowe\" class=\"mw-userlink\" title=\"User:Tony Lowe\"><bdi>Tony Lowe<\/bdi><\/a>, <a href=\"\/User:Simisola_Ajeyalemi\" class=\"mw-userlink\" title=\"User:Simisola Ajeyalemi\"><bdi>Simisola Ajeyalemi<\/bdi><\/a> y <a href=\"\/User:Amrita_Patro\" class=\"mw-userlink\" title=\"User:Amrita Patro\"><bdi>Amrita Patro<\/bdi><\/a>  <br \/> \n<\/p>\n<\/div>\n<div id=\"toc\" class=\"toc\" role=\"navigation\" aria-labelledby=\"mw-toc-heading\"><input type=\"checkbox\" role=\"button\" id=\"toctogglecheckbox\" class=\"toctogglecheckbox\" style=\"display:none\"><\/p>\n<div class=\"toctitle\" lang=\"en\" dir=\"ltr\">\n<h2 id=\"mw-toc-heading\">Contenidos<\/h2>\n<p><span class=\"toctogglespan\"><label class=\"toctogglelabel\" for=\"toctogglecheckbox\"><\/label><\/span><\/div>\n<ul>\n<li class=\"toclevel-1 tocsection-1\"><a href=\"#Introduction\"><span class=\"tocnumber\">1<\/span> <span class=\"toctext\">Introducci\u00f3n<\/span><\/a><\/li>\n<li class=\"toclevel-1 tocsection-2\"><a href=\"#Overview_of_the_Rehabilitation_Process\"><span class=\"tocnumber\">2<\/span> <span class=\"toctext\">Visi\u00f3n general del proceso de rehabilitaci\u00f3n<\/span><\/a><\/li>\n<li class=\"toclevel-1 tocsection-3\"><a href=\"#Pre-prosthetic_Fitting_Phase\"><span class=\"tocnumber\">3<\/span> <span class=\"toctext\">Fase de adaptaci\u00f3n preprot\u00e9sica<\/span><\/a><\/li>\n<li class=\"toclevel-1 tocsection-4\"><a href=\"#Physiotherapist_Preparation\"><span class=\"tocnumber\">4<\/span> <span class=\"toctext\">Preparaci\u00f3n del fisioterapeuta<\/span><\/a>\n<ul>\n<li class=\"toclevel-2 tocsection-5\"><a href=\"#Awareness_of_Stages_of_Grief_Process\"><span class=\"tocnumber\">4.1<\/span> <span class=\"toctext\">Conciencia de las etapas del proceso de duelo<\/span><\/a><\/li>\n<li class=\"toclevel-2 tocsection-6\"><a href=\"#Knowledge_of_Appropriate_Outcome_Measures_and_Assessment_Tools\"><span class=\"tocnumber\">4.2<\/span> <span class=\"toctext\">Conocimiento de medidas de resultados y herramientas de evaluaci\u00f3n adecuadas<\/span><\/a><\/li>\n<li class=\"toclevel-2 tocsection-7\"><a href=\"#Knowledge_of_the_Appropriate_Assistive_Technology_Available\"><span class=\"tocnumber\">4.3<\/span> <span class=\"toctext\">Conocimiento de la tecnolog\u00eda de asistencia adecuada disponible<\/span><\/a><\/li>\n<\/ul>\n<\/li>\n<li class=\"toclevel-1 tocsection-8\"><a href=\"#Assessment_of_the_Amputee\"><span class=\"tocnumber\">5<\/span> <span class=\"toctext\">Evaluaci\u00f3n de la persona amputada<\/span><\/a><\/li>\n<li class=\"toclevel-1 tocsection-9\"><a href=\"#Patient_Education\"><span class=\"tocnumber\">6<\/span> <span class=\"toctext\">Educaci\u00f3n del paciente<\/span><\/a>\n<ul>\n<li class=\"toclevel-2 tocsection-10\"><a href=\"#Rehabilitation_Process\"><span class=\"tocnumber\">6.1<\/span> <span class=\"toctext\">Proceso de rehabilitaci\u00f3n<\/span><\/a><\/li>\n<li class=\"toclevel-2 tocsection-11\"><a href=\"#Pain_Management\"><span class=\"tocnumber\">6.2<\/span> <span class=\"toctext\">Tratamiento del dolor<\/span><\/a><\/li>\n<li class=\"toclevel-2 tocsection-12\"><a href=\"#Prevention_of_Complications\"><span class=\"tocnumber\">6.3<\/span> <span class=\"toctext\">Prevenci\u00f3n de complicaciones<\/span><\/a><\/li>\n<li class=\"toclevel-2 tocsection-13\"><a href=\"#Carer_Education\"><span class=\"tocnumber\">6.4<\/span> <span class=\"toctext\">Educaci\u00f3n de los cuidadores<\/span><\/a><\/li>\n<\/ul>\n<\/li>\n<li class=\"toclevel-1 tocsection-14\"><a href=\"#Residuum_.28Stump.29_Management\"><span class=\"tocnumber\">7<\/span> <span class=\"toctext\">Tratamiento del mu\u00f1\u00f3n<\/span><\/a>\n<ul>\n<li class=\"toclevel-2 tocsection-15\"><a href=\"#Desensitisation_of_the_Residuum.2C_Scar_Massage_and_Skin_Care\"><span class=\"tocnumber\">7.1<\/span> <span class=\"toctext\">Desensibilizaci\u00f3n del mu\u00f1\u00f3n, masaje de la cicatriz y cuidado de la piel.<\/span><\/a><\/li>\n<li class=\"toclevel-2 tocsection-16\"><a href=\"#Shaping_of_the_Residuum_.28bandaging.29\"><span class=\"tocnumber\">7.2<\/span> <span class=\"toctext\">Darle forma al mu\u00f1\u00f3n (vendaje)<\/span><\/a>\n<ul>\n<li class=\"toclevel-3 tocsection-17\"><a href=\"#Transtibial_residuum_Bandaging:\"><span class=\"tocnumber\">7.2.1<\/span> <span class=\"toctext\">Vendaje de mu\u00f1\u00f3n transtibial:<\/span><\/a><\/li>\n<li class=\"toclevel-3 tocsection-18\"><a href=\"#Transfemoral_residuum_Bandaging:\"><span class=\"tocnumber\">7.2.2<\/span> <span class=\"toctext\">Vendaje de mu\u00f1\u00f3n transfemoral:<\/span><\/a><\/li>\n<li class=\"toclevel-3 tocsection-19\"><a href=\"#Post-op_Silicone_Liner.5B14.5D\"><span class=\"tocnumber\">7.2.3<\/span> <span class=\"toctext\">Liner de silicona postoperatorio<sup>(14)<\/sup><\/span><\/a><\/li>\n<\/ul>\n<\/li>\n<\/ul>\n<\/li>\n<li class=\"toclevel-1 tocsection-20\"><a href=\"#Exercise_Therapy\"><span class=\"tocnumber\">8<\/span> <span class=\"toctext\">Terapia de ejercicios<\/span><\/a>\n<ul>\n<li class=\"toclevel-2 tocsection-21\"><a href=\"#Basic_Training_and_Skills\"><span class=\"tocnumber\">8.1<\/span> <span class=\"toctext\">Entrenamiento y habilidades b\u00e1sicas<\/span><\/a><\/li>\n<li class=\"toclevel-2 tocsection-22\"><a href=\"#Pre-gait_Training\"><span class=\"tocnumber\">8.2<\/span> <span class=\"toctext\">Entrenamiento previo a la marchat<\/span><\/a><\/li>\n<li class=\"toclevel-2 tocsection-23\"><a href=\"#Exercise_Videos\"><span class=\"tocnumber\">8.3<\/span> <span class=\"toctext\">V\u00eddeos de ejercicios<\/span><\/a><\/li>\n<\/ul>\n<\/li>\n<li class=\"toclevel-1 tocsection-24\"><a href=\"#Restoring_locus_of_control\"><span class=\"tocnumber\">9<\/span> <span class=\"toctext\">Restauraci\u00f3n del locus de control<\/span><\/a>\n<ul>\n<li class=\"toclevel-2 tocsection-25\"><a href=\"#Mobility_with_an_assistive_device.2F_wheelchair\"><span class=\"tocnumber\">9.1<\/span> <span class=\"toctext\">Movilidad con dispositivo de asistencia\/silla de ruedas<\/span><\/a><\/li>\n<li class=\"toclevel-2 tocsection-26\"><a href=\"#Transfers\"><span class=\"tocnumber\">9.2<\/span> <span class=\"toctext\">Transferencias<\/span><\/a><\/li>\n<\/ul>\n<\/li>\n<li class=\"toclevel-1 tocsection-27\"><a href=\"#Referral\"><span class=\"tocnumber\">10<\/span> <span class=\"toctext\">Derivaci\u00f3n<\/span><\/a><\/li>\n<li class=\"toclevel-1 tocsection-28\"><a href=\"#Useful_resources\"><span class=\"tocnumber\">11<\/span> <span class=\"toctext\">Recursos \u00fatiles<\/span><\/a><\/li>\n<li class=\"toclevel-1 tocsection-29\"><a href=\"#References\"><span class=\"tocnumber\">12<\/span> <span class=\"toctext\">Referencias<\/span><\/a><\/li>\n<\/ul>\n<\/div>\n<h2><span class=\"mw-headline\" id=\"Introduction\">Introducci\u00f3n<\/span><span class=\"mw-editsection\"><span class=\"mw-editsection-bracket\">(<\/span><a href=\"\/index.php?title=Pre-Fitting_Management_of_the_Patient_with_a_Lower_Limb_Amputation&amp;veaction=edit&amp;section=1\" class=\"mw-editsection-visualeditor\" title=\"Edit section: Introduction\">edit<\/a><span class=\"mw-editsection-divider\"> | <\/span><a href=\"\/index.php?title=Pre-Fitting_Management_of_the_Patient_with_a_Lower_Limb_Amputation&amp;action=edit&amp;section=1\" title=\"Edit section: Introduction\">edit source<\/a><span class=\"mw-editsection-bracket\">)<\/span><\/span><\/h2>\n<p>La p\u00e9rdida de una extremidad inferior tiene graves consecuencias para la movilidad de la persona y su capacidad para realizar las actividades de la vida diaria <sup id=\"cite_ref-dillingham_1-0\" class=\"reference\"><a href=\"#cite_note-dillingham-1\">(1)<\/a><\/sup>. Esto repercute negativamente en su participaci\u00f3n e integraci\u00f3n en la sociedad <sup id=\"cite_ref-who_2-0\" class=\"reference\"><a href=\"#cite_note-who-2\">(2)<\/a><\/sup>. El objetivo \u00faltimo de la rehabilitaci\u00f3n tras la p\u00e9rdida de una extremidad es desplazarse con \u00e9xito con el uso de una pr\u00f3tesis<sup id=\"cite_ref-lusardi_3-0\" class=\"reference\"><a href=\"#cite_note-lusardi-3\">(3)<\/a><\/sup>. La rehabilitaci\u00f3n prot\u00e9sica es una tarea compleja que idealmente requiere la aportaci\u00f3n de un equipo de rehabilitaci\u00f3n interdisciplinar. Sin embargo, lo m\u00e1s frecuente es que los fisioterapeutas se encarguen del proceso de rehabilitaci\u00f3n f\u00edsica <sup id=\"cite_ref-kaplan_4-0\" class=\"reference\"><a href=\"#cite_note-kaplan-4\">(4)<\/a><\/sup>.\n<\/p>\n<h2><span class=\"mw-headline\" id=\"Overview_of_the_Rehabilitation_Process\">Visi\u00f3n general del proceso de rehabilitaci\u00f3n<\/span><span class=\"mw-editsection\"><span class=\"mw-editsection-bracket\">(<\/span> <a href=\"\/index.php?title=Pre-Fitting_Management_of_the_Patient_with_a_Lower_Limb_Amputation&amp;veaction=edit&amp;section=2\" class=\"mw-editsection-visualeditor\" title=\"Editar secci\u00f3n: Resumen del proceso de rehabilitaci\u00f3n\">editar<\/a> <span class=\"mw-editsection-divider\"> | <\/span> <a href=\"\/index.php?title=Pre-Fitting_Management_of_the_Patient_with_a_Lower_Limb_Amputation&amp;action=edit&amp;section=2\" title=\"Editar secci\u00f3n: Resumen del proceso de rehabilitaci\u00f3n\">editar fuente<\/a> <span class=\"mw-editsection-bracket\">)<\/span><\/span><\/h2>\n<p>El proceso de rehabilitaci\u00f3n de la persona amputada de miembro inferior consta de nueve fases<sup id=\"cite_ref-esq_5-0\" class=\"reference\"><a href=\"#cite_note-esq-5\">(5)<\/a><\/sup> como se muestra en la siguiente tabla (modificada de Esquenazi &amp; Meier<sup id=\"cite_ref-6\" class=\"reference\"><a href=\"#cite_note-6\">(6)<\/a><\/sup>citada en Esquenazi<sup id=\"cite_ref-7\" class=\"reference\"><a href=\"#cite_note-7\">(7)<\/a><\/sup>):\n<\/p>\n<table class=\"wikitable\" width=\"70%\" border=\"1\" cellpadding=\"1\" cellspacing=\"1\">\n<tbody>\n<tr>\n<th scope=\"col\">Fase\n<\/th>\n<th scope=\"col\">Descripci\u00f3n\n<\/th>\n<\/tr>\n<tr>\n<td>Preoperatoria\n<\/td>\n<td>Evaluar la condici\u00f3n corporal, educaci\u00f3n del paciente, discusi\u00f3n del nivel quir\u00fargico, planes prot\u00e9sicos postoperatorios.\n<\/td>\n<\/tr>\n<tr>\n<td>Cirug\u00eda de amputaci\u00f3n\/reconstrucci\u00f3n\n<\/td>\n<td>Longitud, cierre miopl\u00e1stico, cobertura de tejidos blandos, nervio, manejo, vendaje r\u00edgido.\n<\/td>\n<\/tr>\n<tr>\n<td>Aguda postquir\u00fargica\n<\/td>\n<td>Curaci\u00f3n de heridas, control del dolor, movimiento corporal proximal, apoyo emocional.\n<\/td>\n<\/tr>\n<tr>\n<td><b>Pre-prot\u00e9sica<\/b>\n<\/td>\n<td><b>Dar forma, encoger, aumentar la fuerza muscular, restaurar el locus de control del paciente.<\/b>\n<\/td>\n<\/tr>\n<tr>\n<td>Prescripci\u00f3n de pr\u00f3tesis\n<\/td>\n<td>Consenso en equipo sobre la prescripci\u00f3n y fabricaci\u00f3n de pr\u00f3tesis\n<\/td>\n<\/tr>\n<tr>\n<td>Entrenamiento prot\u00e9sico\n<\/td>\n<td>Aumentar el uso de la pr\u00f3tesis y su utilizaci\u00f3n funcional\n<\/td>\n<\/tr>\n<tr>\n<td>Integraci\u00f3n comunitaria\n<\/td>\n<td>Reanudaci\u00f3n de las funciones en las actividades familiares y comunitarias. Equilibrio emocional y estrategias de afrontamiento saludables. Actividades recreativas\n<\/td>\n<\/tr>\n<tr>\n<td>Rehabilitaci\u00f3n profesional\n<\/td>\n<td>Evaluar y planificar actividades profesionales para el futuro. Se podr\u00eda necesitar m\u00e1s educaci\u00f3n, entrenamiento o modificaci\u00f3n del puesto de trabajo\n<\/td>\n<\/tr>\n<tr>\n<td>Seguimiento\n<\/td>\n<td>Pr\u00f3tesis de por vida, evaluaci\u00f3n funcional, m\u00e9dica y apoyo emocional\n<\/td>\n<\/tr>\n<\/tbody>\n<\/table>\n<h2><span class=\"mw-headline\" id=\"Pre-prosthetic_Fitting_Phase\">Fase de adaptaci\u00f3n preprot\u00e9sica<\/span><span class=\"mw-editsection\"><span class=\"mw-editsection-bracket\">(<\/span> <a href=\"\/index.php?title=Pre-Fitting_Management_of_the_Patient_with_a_Lower_Limb_Amputation&amp;veaction=edit&amp;section=3\" class=\"mw-editsection-visualeditor\" title=\"Editar secci\u00f3n: Fase de adaptaci\u00f3n preprot\u00e9sica\">editar<\/a> <span class=\"mw-editsection-divider\"> | <\/span> <a href=\"\/index.php?title=Pre-Fitting_Management_of_the_Patient_with_a_Lower_Limb_Amputation&amp;action=edit&amp;section=3\" title=\"Editar secci\u00f3n: Fase de adaptaci\u00f3n preprot\u00e9sica\">editar fuente<\/a> <span class=\"mw-editsection-bracket\">)<\/span><\/span><\/h2>\n<p>La fase de rehabilitaci\u00f3n preprot\u00e9sica de la persona amputada de miembro inferior incluir\u00e1 seis componentes:\n<\/p>\n<ol>\n<li>Preparaci\u00f3n del fisioterapeuta<\/li>\n<li><a href=\"\/Assessment_of_the_amputee\" title=\"Evaluaci\u00f3n del amputado\">Evaluaci\u00f3n de la persona amputada<\/a> (tema tratado en otra p\u00e1gina)<\/li>\n<li>Educaci\u00f3n del paciente<\/li>\n<li>Tratamiento del mu\u00f1\u00f3n<\/li>\n<li>Terapia con ejercicios<\/li>\n<li>Restauraci\u00f3n del locus de control<\/li>\n<li>Derivaci\u00f3n<\/li>\n<\/ol>\n<h2><span class=\"mw-headline\" id=\"Physiotherapist_Preparation\">Preparaci\u00f3n del fisioterapeuta<\/span><span class=\"mw-editsection\"><span class=\"mw-editsection-bracket\">(<\/span> <a href=\"\/index.php?title=Pre-Fitting_Management_of_the_Patient_with_a_Lower_Limb_Amputation&amp;veaction=edit&amp;section=4\" class=\"mw-editsection-visualeditor\" title=\"Editar secci\u00f3n: Preparaci\u00f3n del fisioterapeuta\">editar<\/a> <span class=\"mw-editsection-divider\"> | <\/span> <a href=\"\/index.php?title=Pre-Fitting_Management_of_the_Patient_with_a_Lower_Limb_Amputation&amp;action=edit&amp;section=4\" title=\"Editar secci\u00f3n: Preparaci\u00f3n del fisioterapeuta\">editar fuente<\/a> <span class=\"mw-editsection-bracket\">)<\/span><\/span><\/h2>\n<p>Al abordar a un paciente amputado, debes prepararte f\u00edsica y mentalmente para la interacci\u00f3n con \u00e9l. Algunas preguntas a tener en cuenta son:\n<\/p>\n<ul>\n<li>\u00bfQui\u00e9n es mi paciente? (joven\/mayor)<\/li>\n<li>\u00bfCu\u00e1l fue la causa de la amputaci\u00f3n? (traum\u00e1tica\/vascular)<\/li>\n<li>\u00bfD\u00f3nde (a qu\u00e9 nivel) se realiz\u00f3 la amputaci\u00f3n? (implicaciones para los resultados de la rehabilitaci\u00f3n)<\/li>\n<li>\u00bfCu\u00e1l es el objetivo del paciente? (\u00bfes consciente el paciente de las posibilidades, est\u00e1 siendo realista?)<\/li>\n<li>\u00bfQu\u00e9 opciones prot\u00e9sicas existen para este paciente en concreto? (autoestudio y preparaci\u00f3n)<\/li>\n<\/ul>\n<h3><span class=\"mw-headline\" id=\"Awareness_of_Stages_of_Grief_Process\">Reconocimiento de las etapas del proceso de duelo<\/span><span class=\"mw-editsection\"><span class=\"mw-editsection-bracket\">(<\/span> <a href=\"\/index.php?title=Pre-Fitting_Management_of_the_Patient_with_a_Lower_Limb_Amputation&amp;veaction=edit&amp;section=5\" class=\"mw-editsection-visualeditor\" title=\"Editar secci\u00f3n: Conciencia de las etapas del proceso de duelo\">editar<\/a> <span class=\"mw-editsection-divider\"> | <\/span> <a href=\"\/index.php?title=Pre-Fitting_Management_of_the_Patient_with_a_Lower_Limb_Amputation&amp;action=edit&amp;section=5\" title=\"Editar secci\u00f3n: Conciencia de las etapas del proceso de duelo\">editar fuente<\/a> <span class=\"mw-editsection-bracket\">)<\/span><\/span><\/h3>\n<p>Un paciente joven que ha sufrido una amputaci\u00f3n como consecuencia de una experiencia traum\u00e1tica probablemente se encuentre en alguna fase del proceso de duelo y padezca un dolor posquir\u00fargico agudo. Un paciente de edad avanzada que haya sufrido una p\u00e9rdida de una extremidad por causa vascular o neurop\u00e1tica puede haber tenido alg\u00fan tiempo para prepararse psicol\u00f3gica y f\u00edsicamente para la p\u00e9rdida de su extremidad.<sup id=\"cite_ref-lusardi_3-1\" class=\"reference\"><a href=\"#cite_note-lusardi-3\">(3)<\/a><\/sup> En cualquier caso, es posible que el paciente est\u00e9 psicol\u00f3gica y f\u00edsicamente angustiado cuando se inicie el proceso de rehabilitaci\u00f3n, por lo que es esencial hablar y educar al paciente desde el principio sobre sus expectativas y objetivos. <sup id=\"cite_ref-livingstone_8-0\" class=\"reference\"><a href=\"#cite_note-livingstone-8\">(8)<\/a><\/sup>\n<\/p>\n<ul>\n<li><a href=\"\/Emotional_and_psychological_reactions_to_amputation\" class=\"mw-redirect\" title=\"Reacciones emocionales y psicol\u00f3gicas a la amputaci\u00f3n\">Reacciones emocionales y psicol\u00f3gicas a la amputaci\u00f3n<\/a><\/li>\n<li><a rel=\"nofollow\" class=\"external text\" href=\"http:\/\/www.ncbi.nlm.nih.gov\/pmc\/articles\/PMC2018851\/pdf\/i1523-5998-9-4-303.pdf\">Reaction to amputation: Recognition and treatment<\/a><\/li>\n<li><a rel=\"nofollow\" class=\"external text\" href=\"http:\/\/www.slideshare.net\/jrod_reggie\/grieving-and-psychological-impact-on-amputees-presentation\">Slideshow on grief amongst amputees<\/a><\/li>\n<\/ul>\n<h3><span class=\"mw-headline\" id=\"Knowledge_of_Appropriate_Outcome_Measures_and_Assessment_Tools\">Conocimiento de medidas de resultados y herramientas de evaluaci\u00f3n adecuadas<\/span><span class=\"mw-editsection\"><span class=\"mw-editsection-bracket\">(<\/span> <a href=\"\/index.php?title=Pre-Fitting_Management_of_the_Patient_with_a_Lower_Limb_Amputation&amp;veaction=edit&amp;section=6\" class=\"mw-editsection-visualeditor\" title=\"Editar secci\u00f3n: Conocimiento de medidas de resultados y herramientas de evaluaci\u00f3n apropiadas\">editar<\/a> <span class=\"mw-editsection-divider\"> | <\/span> <a href=\"\/index.php?title=Pre-Fitting_Management_of_the_Patient_with_a_Lower_Limb_Amputation&amp;action=edit&amp;section=6\" title=\"Editar secci\u00f3n: Conocimiento de medidas de resultados y herramientas de evaluaci\u00f3n adecuadas\">editar fuente<\/a> <span class=\"mw-editsection-bracket\">)<\/span><\/span><\/h3>\n<p>Hay que prepararse con las herramientas de evaluaci\u00f3n y las medidas de resultados adecuadas para valorar el potencial del paciente para el uso de pr\u00f3tesis, e intentar no crear falsas esperanzas (<a href=\"\/Outcome_Measures_for_Patients_with_Lower_Limb_Amputations\" title=\"Outcome Measures for Patients with Lower Limb Amputations\">Medidas de resultados para pacientes con amputaciones de miembros inferiores<\/a>).\n<\/p>\n<h3><span class=\"mw-headline\" id=\"Knowledge_of_the_Appropriate_Assistive_Technology_Available\">Conocimiento de la tecnolog\u00eda de asistencia adecuada disponible<\/span><span class=\"mw-editsection\"><span class=\"mw-editsection-bracket\">(<\/span> <a href=\"\/index.php?title=Pre-Fitting_Management_of_the_Patient_with_a_Lower_Limb_Amputation&amp;veaction=edit&amp;section=7\" class=\"mw-editsection-visualeditor\" title=\"Editar secci\u00f3n: Conocimiento de la tecnolog\u00eda de apoyo adecuada disponible\">editar<\/a> <span class=\"mw-editsection-divider\"> | <\/span> <a href=\"\/index.php?title=Pre-Fitting_Management_of_the_Patient_with_a_Lower_Limb_Amputation&amp;action=edit&amp;section=7\" title=\"Editar secci\u00f3n: Conocimiento de la tecnolog\u00eda de apoyo adecuada disponible\">editar fuente<\/a> <span class=\"mw-editsection-bracket\">)<\/span><\/span><\/h3>\n<p>El paciente acudir\u00e1 al fisioterapeuta para que le proporcione informaci\u00f3n temprana sobre las posibilidades de una pr\u00f3tesis. Hay que asegurarse de tener un conocimiento y una comprensi\u00f3n b\u00e1sicos de la tecnolog\u00eda prot\u00e9sica disponible y que podr\u00eda ser adecuada para el paciente (<a href=\"\/Prosthetics\" class=\"mw-redirect\" title=\"Prosthetics\">Prosthetics<\/a>).\n<\/p>\n<h2><span class=\"mw-headline\" id=\"Assessment_of_the_Amputee\">Evaluaci\u00f3n de la persona amputada<\/span><span class=\"mw-editsection\"><span class=\"mw-editsection-bracket\">(<\/span> <a href=\"\/index.php?title=Pre-Fitting_Management_of_the_Patient_with_a_Lower_Limb_Amputation&amp;veaction=edit&amp;section=8\" class=\"mw-editsection-visualeditor\" title=\"Editar secci\u00f3n: Evaluaci\u00f3n del amputado\">editar<\/a> <span class=\"mw-editsection-divider\"> | <\/span> <a href=\"\/index.php?title=Pre-Fitting_Management_of_the_Patient_with_a_Lower_Limb_Amputation&amp;action=edit&amp;section=8\" title=\"Editar secci\u00f3n: Evaluaci\u00f3n del amputado\">editar fuente<\/a> <span class=\"mw-editsection-bracket\">)<\/span><\/span><\/h2>\n<p>Para formular un plan de rehabilitaci\u00f3n prot\u00e9sica adecuado y centrado en el paciente, es necesario evaluar adecuadamente al paciente. Consulta <a href=\"\/Assessment_of_the_amputee\" title=\"Evaluaci\u00f3n del amputado\">Evaluaci\u00f3n de la persona amputada.<\/a>\n<\/p>\n<h2><span class=\"mw-headline\" id=\"Patient_Education\">Educaci\u00f3n del paciente<\/span><span class=\"mw-editsection\"><span class=\"mw-editsection-bracket\">(<\/span> <a href=\"\/index.php?title=Pre-Fitting_Management_of_the_Patient_with_a_Lower_Limb_Amputation&amp;veaction=edit&amp;section=9\" class=\"mw-editsection-visualeditor\" title=\"Editar secci\u00f3n: Educaci\u00f3n del paciente\">editar<\/a> <span class=\"mw-editsection-divider\"> | <\/span> <a href=\"\/index.php?title=Pre-Fitting_Management_of_the_Patient_with_a_Lower_Limb_Amputation&amp;action=edit&amp;section=9\" title=\"Editar secci\u00f3n: Educaci\u00f3n del paciente\">editar fuente<\/a> <span class=\"mw-editsection-bracket\">)<\/span><\/span><\/h2>\n<h3><span class=\"mw-headline\" id=\"Rehabilitation_Process\">Proceso de rehabilitaci\u00f3n<\/span><span class=\"mw-editsection\"><span class=\"mw-editsection-bracket\">(<\/span> <a href=\"\/index.php?title=Pre-Fitting_Management_of_the_Patient_with_a_Lower_Limb_Amputation&amp;veaction=edit&amp;section=10\" class=\"mw-editsection-visualeditor\" title=\"Editar secci\u00f3n: Proceso de rehabilitaci\u00f3n\">editar<\/a> <span class=\"mw-editsection-divider\"> | <\/span> <a href=\"\/index.php?title=Pre-Fitting_Management_of_the_Patient_with_a_Lower_Limb_Amputation&amp;action=edit&amp;section=10\" title=\"Editar secci\u00f3n: Proceso de rehabilitaci\u00f3n\">editar fuente<\/a> <span class=\"mw-editsection-bracket\">)<\/span><\/span><\/h3>\n<p>La educaci\u00f3n del paciente debe comenzar con una charla sobre el proceso de rehabilitaci\u00f3n y el establecimiento de objetivos centrados en el paciente.<sup id=\"cite_ref-lusardi_3-2\" class=\"reference\"><a href=\"#cite_note-lusardi-3\">(3)<\/a><\/sup> El paciente debe ser educado en realci\u00f3n a sus opciones potenciales de dispositivos de asistencia y prot\u00e9sicos. <sup id=\"cite_ref-gaily_9-0\" class=\"reference\"><a href=\"#cite_note-gaily-9\">(9)<\/a><\/sup>\n<\/p>\n<h3><span class=\"mw-headline\" id=\"Pain_Management\"><a href=\"\/Pain_Management_of_the_Amputee\" title=\"Pain Management of the Amputee\">Manejo del dolor<\/a><\/span><span class=\"mw-editsection\"><span class=\"mw-editsection-bracket\">(<\/span> <a href=\"\/index.php?title=Pre-Fitting_Management_of_the_Patient_with_a_Lower_Limb_Amputation&amp;veaction=edit&amp;section=11\" class=\"mw-editsection-visualeditor\" title=\"Edit section: Pain Management\">editar<\/a> <span class=\"mw-editsection-divider\"> | <\/span> <a href=\"\/index.php?title=Pre-Fitting_Management_of_the_Patient_with_a_Lower_Limb_Amputation&amp;action=edit&amp;section=11\" title=\"Edit section: Pain Management\">editar fuente<\/a> <span class=\"mw-editsection-bracket\">)<\/span><\/span><\/h3>\n<p>La gesti\u00f3n de las expectativas del paciente con respecto al dolor posquir\u00fargico agudo que puede experimentar durante el proceso de rehabilitaci\u00f3n aumentar\u00e1 la cooperaci\u00f3n del paciente y mejorar\u00e1 los resultados de la rehabilitaci\u00f3n. <sup id=\"cite_ref-lusardi_3-3\" class=\"reference\"><a href=\"#cite_note-lusardi-3\">(3)<\/a><\/sup> <sup id=\"cite_ref-gaily_9-1\" class=\"reference\"><a href=\"#cite_note-gaily-9\">(9)<\/a><\/sup>\n<\/p>\n<h3><span class=\"mw-headline\" id=\"Prevention_of_Complications\"><a href=\"\/Complications_post_amputation\" class=\"mw-redirect\" title=\"Complications post amputation\">Prevenci\u00f3n de complicaciones<\/a><\/span><span class=\"mw-editsection\"><span class=\"mw-editsection-bracket\">(<\/span> <a href=\"\/index.php?title=Pre-Fitting_Management_of_the_Patient_with_a_Lower_Limb_Amputation&amp;veaction=edit&amp;section=12\" class=\"mw-editsection-visualeditor\" title=\"Editar secci\u00f3n: Prevenci\u00f3n de complicaciones\">editar<\/a> <span class=\"mw-editsection-divider\"> | <\/span> <a href=\"\/index.php?title=Pre-Fitting_Management_of_the_Patient_with_a_Lower_Limb_Amputation&amp;action=edit&amp;section=12\" title=\"Editar secci\u00f3n: Prevenci\u00f3n de complicaciones\">editar fuente<\/a> <span class=\"mw-editsection-bracket\">)<\/span><\/span><\/h3>\n<p>La educaci\u00f3n sobre el cuidado de las extremidades, tanto de los mu\u00f1ones como de los miembros sanos, es vital para prevenir nuevas complicaciones y la posibilidad de una nueva amputaci\u00f3n.<sup id=\"cite_ref-gaily_9-2\" class=\"reference\"><a href=\"#cite_note-gaily-9\">(9)<\/a><\/sup> Se debe educar a los pacientes sobre el cuidado del pie diab\u00e9tico y aconsejarles que inspeccionen visualmente la extremidad sana a diario para detectar cualquier signo de enrojecimiento<sup id=\"cite_ref-gaily_9-3\" class=\"reference\"><a href=\"#cite_note-gaily-9\">(9)<\/a><\/sup>.\n<\/p>\n<h3><span class=\"mw-headline\" id=\"Carer_Education\">Educaci\u00f3n del cuidador<\/span><span class=\"mw-editsection\"><span class=\"mw-editsection-bracket\">(<\/span> <a href=\"\/index.php?title=Pre-Fitting_Management_of_the_Patient_with_a_Lower_Limb_Amputation&amp;veaction=edit&amp;section=13\" class=\"mw-editsection-visualeditor\" title=\"Editar secci\u00f3n: Educaci\u00f3n de cuidadores\">editar<\/a> <span class=\"mw-editsection-divider\"> | <\/span> <a href=\"\/index.php?title=Pre-Fitting_Management_of_the_Patient_with_a_Lower_Limb_Amputation&amp;action=edit&amp;section=13\" title=\"Editar secci\u00f3n: Educaci\u00f3n de cuidadores\">editar fuente<\/a> <span class=\"mw-editsection-bracket\">)<\/span><\/span><\/h3>\n<p>El cuidador principal de la persona amputada debe participar desde las primeras fases del proceso de rehabilitaci\u00f3n y recibir formaci\u00f3n sobre todas las t\u00e9cnicas de rehabilitaci\u00f3n que se ense\u00f1an al paciente, con el fin de mejorar su cumplimiento en el momento del alta.<sup id=\"cite_ref-gaily_9-4\" class=\"reference\"><a href=\"#cite_note-gaily-9\">(9)<\/a><\/sup>\n<\/p>\n<h2><span id=\"Residuum_(Stump)_Management\"><\/span><span class=\"mw-headline\" id=\"Residuum_.28Stump.29_Management\">Tratamiento del mu\u00f1\u00f3n<\/span><span class=\"mw-editsection\"><span class=\"mw-editsection-bracket\">(<\/span> <a href=\"\/index.php?title=Pre-Fitting_Management_of_the_Patient_with_a_Lower_Limb_Amputation&amp;veaction=edit&amp;section=14\" class=\"mw-editsection-visualeditor\" title=\"Editar secci\u00f3n: Gesti\u00f3n de residuos (tocones)\">editar<\/a> <span class=\"mw-editsection-divider\"> | <\/span> <a href=\"\/index.php?title=Pre-Fitting_Management_of_the_Patient_with_a_Lower_Limb_Amputation&amp;action=edit&amp;section=14\" title=\"Editar secci\u00f3n: Gesti\u00f3n de residuos (tocones)\">editar fuente<\/a> <span class=\"mw-editsection-bracket\">)<\/span><\/span><\/h2>\n<p>La siguiente lista de factores puede influir directamente en el \u00e9xito de la rehabilitaci\u00f3n con pr\u00f3tesis, y debe evaluarse y abordarse durante la rehabilitaci\u00f3n: herida, edema, cicatriz de la incisi\u00f3n, estado de la piel, longitud y forma del mu\u00f1\u00f3n, sensibilidad, contractura de la articulaci\u00f3n proximal, el hueso distal, tejido adicional, otras cicatrices\/factores<sup id=\"cite_ref-10\" class=\"reference\"><a href=\"#cite_note-10\">(10)<\/a><\/sup>.\n<\/p>\n<h3><span id=\"Desensitisation_of_the_Residuum,_Scar_Massage_and_Skin_Care\"><\/span><span class=\"mw-headline\" id=\"Desensitisation_of_the_Residuum.2C_Scar_Massage_and_Skin_Care\">Desensibilizaci\u00f3n del mu\u00f1\u00f3n, masaje cicatricial y cuidado de la piel<\/span><span class=\"mw-editsection\"><span class=\"mw-editsection-bracket\">(<\/span> <a href=\"\/index.php?title=Pre-Fitting_Management_of_the_Patient_with_a_Lower_Limb_Amputation&amp;veaction=edit&amp;section=15\" class=\"mw-editsection-visualeditor\" title=\"Editar secci\u00f3n: Desensibilizaci\u00f3n del residuo, masaje de cicatrices y cuidado de la piel\">editar<\/a> <span class=\"mw-editsection-divider\"> | <\/span> <a href=\"\/index.php?title=Pre-Fitting_Management_of_the_Patient_with_a_Lower_Limb_Amputation&amp;action=edit&amp;section=15\" title=\"Editar secci\u00f3n: Desensibilizaci\u00f3n del residuo, masaje de cicatrices y cuidado de la piel\">editar fuente<\/a> <span class=\"mw-editsection-bracket\">)<\/span><\/span><\/h3>\n<p>El tratamiento de la cicatriz quir\u00fargica tambi\u00e9n es importante a la hora de preparar el mu\u00f1\u00f3n para la protetizaci\u00f3n. Una cicatriz hipersensible o irregular puede hacer muy doloroso o imposible soportar peso sobre el mu\u00f1\u00f3n. Una vez que la herida quir\u00fargica del mu\u00f1\u00f3n ha cicatrizado adecuadamente, el terapeuta debe iniciar un plan de desensibilizaci\u00f3n del mu\u00f1\u00f3n con el fin de prepararlo para soportar el peso de la pr\u00f3tesis, y masaje cicatricial para evitar adherencias de la cicatriz a las prominencias \u00f3seas <sup id=\"cite_ref-lusardi_3-4\" class=\"reference\"><a href=\"#cite_note-lusardi-3\">(3)<\/a><\/sup> <sup id=\"cite_ref-gaily_9-5\" class=\"reference\"><a href=\"#cite_note-gaily-9\">(9)<\/a><\/sup> y ense\u00f1ar al paciente a realizarlo por s\u00ed mismo. <br \/> \n<\/p>\n<div class=\"row\">\n<div class=\"col-md-4\">\n<div class=\"thumb embedvideo autoResize\" style=\"width: 208px;\">\n<div class=\"embedvideo autoResize\" style=\"\">\n<div class=\"embedvideowrap\" style=\"width: 200px;\"><iframe loading=\"lazy\" title=\"Play video\" src=\"\/\/www.youtube.com\/embed\/AqmKhuT-mWw?\" width=\"200\" height=\"113\" frameborder=\"0\" allowfullscreen=\"true\"><\/iframe><\/div>\n<\/div>\n<\/div>\n<div class=\"text-right\"><sup id=\"cite_ref-11\" class=\"reference\"><a href=\"#cite_note-11\">(11)<\/a><\/sup><\/div>\n<\/div>\n<div class=\"col-md-4\">\n<div class=\"thumb embedvideo autoResize\" style=\"width: 208px;\">\n<div class=\"embedvideo autoResize\" style=\"\">\n<div class=\"embedvideowrap\" style=\"width: 200px;\"><iframe loading=\"lazy\" title=\"Play video\" src=\"\/\/www.youtube.com\/embed\/15gsqIrz8Ps?\" width=\"200\" height=\"113\" frameborder=\"0\" allowfullscreen=\"true\"><\/iframe><\/div>\n<\/div>\n<\/div>\n<div class=\"text-right\"><sup id=\"cite_ref-12\" class=\"reference\"><a href=\"#cite_note-12\">(12)<\/a><\/sup><\/div>\n<\/div>\n<div class=\"col-md-4\">\n<div class=\"thumb embedvideo autoResize\" style=\"width: 208px;\">\n<div class=\"embedvideo autoResize\" style=\"\">\n<div class=\"embedvideowrap\" style=\"width: 200px;\"><iframe loading=\"lazy\" title=\"Play video\" src=\"\/\/www.youtube.com\/embed\/-IMV8j21kLw?\" width=\"200\" height=\"113\" frameborder=\"0\" allowfullscreen=\"true\"><\/iframe><\/div>\n<\/div>\n<\/div>\n<div class=\"text-right\"><sup id=\"cite_ref-13\" class=\"reference\"><a href=\"#cite_note-13\">(13)<\/a><\/sup><\/div>\n<\/div>\n<\/div>\n<h3><span id=\"Shaping_of_the_Residuum_(bandaging)\"><\/span><span class=\"mw-headline\" id=\"Shaping_of_the_Residuum_.28bandaging.29\">Dar forma al mu\u00f1\u00f3n (vendaje)<\/span><span class=\"mw-editsection\"><span class=\"mw-editsection-bracket\">(<\/span> <a href=\"\/index.php?title=Pre-Fitting_Management_of_the_Patient_with_a_Lower_Limb_Amputation&amp;veaction=edit&amp;section=16\" class=\"mw-editsection-visualeditor\" title=\"Editar secci\u00f3n: Conformaci\u00f3n del residuo (vendaje)\">editar<\/a> <span class=\"mw-editsection-divider\"> | <\/span> <a href=\"\/index.php?title=Pre-Fitting_Management_of_the_Patient_with_a_Lower_Limb_Amputation&amp;action=edit&amp;section=16\" title=\"Editar secci\u00f3n: Conformaci\u00f3n del residuo (vendaje)\">editar fuente<\/a> <span class=\"mw-editsection-bracket\">)<\/span><\/span><\/h3>\n<div class=\"floatright\"><a href=\"\/File:Bulbous_stump.jpg\" class=\"image\"><img loading=\"lazy\" alt=\"Bulbous stump.jpg\" src=\"https:\/\/www.physio-pedia.com\/images\/6\/6c\/Bulbous_stump.jpg\" decoding=\"async\" width=\"150\" height=\"161\"><\/a><\/div>\n<p>Consultar <a href=\"\/Acute_post-surgical_management_of_the_amputee\" title=\"Tratamiento posquir\u00fargico agudo de la persona amputada\">Tratamiento posquir\u00fargico agudo de la persona amputada<\/a> para obtener m\u00e1s informaci\u00f3n sobre los vendajes postoperatorios.\n<\/p>\n<p>El modelado o conificado del mu\u00f1\u00f3n es una parte vital de la rehabilitaci\u00f3n preprot\u00e9sica. <sup id=\"cite_ref-lusardi_3-5\" class=\"reference\"><a href=\"#cite_note-lusardi-3\">(3)<\/a><\/sup> <sup id=\"cite_ref-esq_5-1\" class=\"reference\"><a href=\"#cite_note-esq-5\">(5)<\/a><\/sup> <sup id=\"cite_ref-gaily_9-6\" class=\"reference\"><a href=\"#cite_note-gaily-9\">(9)<\/a><\/sup> Un mu\u00f1\u00f3n mal moldeado o de forma bulbosa (la circunferencia distal medida 5 cm proximal al extremo del mu\u00f1\u00f3n es mayor que la circunferencia proximal) no puede adaptarse a una pr\u00f3tesis o complica enormemente el ajuste prot\u00e9sico (ver la figura siguiente).\n<\/p>\n<p>El vendaje o conificado del mu\u00f1\u00f3n es esencial para darle forma. Ve los v\u00eddeos y diagramas siguientes sobre c\u00f3mo realizar el vendaje del mu\u00f1\u00f3n para una persona con amputaci\u00f3n transtibial y transfemoral.\n<\/p>\n<h4><span class=\"mw-headline\" id=\"Transtibial_residuum_Bandaging:\">Vendaje del mu\u00f1on transtibial:<\/span><span class=\"mw-editsection\"><span class=\"mw-editsection-bracket\">(<\/span> <a href=\"\/index.php?title=Pre-Fitting_Management_of_the_Patient_with_a_Lower_Limb_Amputation&amp;veaction=edit&amp;section=17\" class=\"mw-editsection-visualeditor\" title=\"Editar secci\u00f3n: Residuo transtibial Vendaje:\">editar<\/a> <span class=\"mw-editsection-divider\"> | <\/span> <a href=\"\/index.php?title=Pre-Fitting_Management_of_the_Patient_with_a_Lower_Limb_Amputation&amp;action=edit&amp;section=17\" title=\"Editar secci\u00f3n: Residuo transtibial Vendaje:\">editar fuente<\/a> <span class=\"mw-editsection-bracket\">)<\/span><\/span><\/h4>\n<table width=\"100%\" border=\"0\" align=\"center\" cellpadding=\"1\" cellspacing=\"1\">\n<tbody>\n<tr>\n<td width=\"40%\">\n<div class=\"thumb embedvideo autoResize\" style=\"width: 648px;\">\n<div class=\"embedvideo autoResize\" style=\"\">\n<div class=\"embedvideowrap\" style=\"width: 640px;\"><iframe loading=\"lazy\" title=\"Play video\" src=\"\/\/www.youtube.com\/embed\/FM5e099p5eQ?\" width=\"640\" height=\"360\" frameborder=\"0\" allowfullscreen=\"true\"><\/iframe><\/div>\n<\/div>\n<\/div>\n<div class=\"thumb embedvideo autoResize\" style=\"width: 648px;\">\n<div class=\"embedvideo autoResize\" style=\"\">\n<div class=\"embedvideowrap\" style=\"width: 640px;\"><iframe loading=\"lazy\" title=\"Play video\" src=\"\/\/www.youtube.com\/embed\/yUizOiWBvs8?\" width=\"640\" height=\"360\" frameborder=\"0\" allowfullscreen=\"true\"><\/iframe><\/div>\n<\/div>\n<\/div>\n<\/td>\n<td>\n<div class=\"floatright\"><a href=\"\/File:Transtibial_bandaging.png\" class=\"image\"><img loading=\"lazy\" alt=\"Vendaje transtibial.png\" src=\"https:\/\/www.physio-pedia.com\/images\/thumb\/1\/1f\/Transtibial_bandaging.png\/400px-Transtibial_bandaging.png\" decoding=\"async\" width=\"400\" height=\"681\" srcset=\"https:\/\/www.physio-pedia.com\/images\/1\/1f\/Transtibial_bandaging.png 1.5x\"><\/a><\/div>\n<\/td>\n<\/tr>\n<\/tbody>\n<\/table>\n<h4><span class=\"mw-headline\" id=\"Transfemoral_residuum_Bandaging:\">Vendaje del mu\u00f1\u00f3n transfemoral:<\/span><span class=\"mw-editsection\"><span class=\"mw-editsection-bracket\">(<\/span> <a href=\"\/index.php?title=Pre-Fitting_Management_of_the_Patient_with_a_Lower_Limb_Amputation&amp;veaction=edit&amp;section=18\" class=\"mw-editsection-visualeditor\" title=\"Editar secci\u00f3n: Vendaje de residuo transfemoral:\">editar<\/a> <span class=\"mw-editsection-divider\"> | <\/span> <a href=\"\/index.php?title=Pre-Fitting_Management_of_the_Patient_with_a_Lower_Limb_Amputation&amp;action=edit&amp;section=18\" title=\"Editar secci\u00f3n: Vendaje de residuo transfemoral:\">editar fuente<\/a> <span class=\"mw-editsection-bracket\">)<\/span><\/span><\/h4>\n<table width=\"100%\" border=\"0\" align=\"center\" cellpadding=\"1\" cellspacing=\"1\">\n<tbody>\n<tr>\n<td width=\"40%\">\n<div class=\"thumb embedvideo autoResize\" style=\"width: 648px;\">\n<div class=\"embedvideo autoResize\" style=\"\">\n<div class=\"embedvideowrap\" style=\"width: 640px;\"><iframe loading=\"lazy\" title=\"Play video\" src=\"\/\/www.youtube.com\/embed\/X9fbOpvZbQo?\" width=\"640\" height=\"360\" frameborder=\"0\" allowfullscreen=\"true\"><\/iframe><\/div>\n<\/div>\n<\/div>\n<div class=\"thumb embedvideo autoResize\" style=\"width: 648px;\">\n<div class=\"embedvideo autoResize\" style=\"\">\n<div class=\"embedvideowrap\" style=\"width: 640px;\"><iframe loading=\"lazy\" title=\"Play video\" src=\"\/\/www.youtube.com\/embed\/PHO2cH1BoNs?\" width=\"640\" height=\"360\" frameborder=\"0\" allowfullscreen=\"true\"><\/iframe><\/div>\n<\/div>\n<\/div>\n<\/td>\n<td>\n<div class=\"floatright\"><a href=\"\/File:Transfemoral_bandaging_2.jpg\" class=\"image\"><img loading=\"lazy\" alt=\"Vendaje transfemoral 2.jpg\" src=\"https:\/\/www.physio-pedia.com\/images\/thumb\/3\/37\/Transfemoral_bandaging_2.jpg\/400px-Transfemoral_bandaging_2.jpg\" decoding=\"async\" width=\"400\" height=\"684\" srcset=\"https:\/\/www.physio-pedia.com\/images\/3\/37\/Transfemoral_bandaging_2.jpg 1.5x\"><\/a><\/div>\n<\/td>\n<\/tr>\n<\/tbody>\n<\/table>\n<h4><span id=\"Post-op_Silicone_Liner(14)\"><\/span><span class=\"mw-headline\" id=\"Post-op_Silicone_Liner.5B14.5D\">Liner de silicona postoperatorio<sup id=\"cite_ref-14\" class=\"reference\"><a href=\"#cite_note-14\">(14)<\/a><\/sup><\/span><span class=\"mw-editsection\"><span class=\"mw-editsection-bracket\">(<\/span> <a href=\"\/index.php?title=Pre-Fitting_Management_of_the_Patient_with_a_Lower_Limb_Amputation&amp;veaction=edit&amp;section=19\" class=\"mw-editsection-visualeditor\" title=\"Editar secci\u00f3n: Liner de silicona postoperatorio(14)\">editar<\/a> <span class=\"mw-editsection-divider\"> | <\/span> <a href=\"\/index.php?title=Pre-Fitting_Management_of_the_Patient_with_a_Lower_Limb_Amputation&amp;action=edit&amp;section=19\" title=\"Editar secci\u00f3n: Liner de silicona postoperatorio(14)\">editar fuente<\/a> <span class=\"mw-editsection-bracket\">)<\/span><\/span><\/h4>\n<ul>\n<li>Se aplica despu\u00e9s de retirar el vendaje r\u00edgido removible.<\/li>\n<li>Se aplica el mismo nivel de compresi\u00f3n al mu\u00f1on, aunque lo apliquen diferentes personas.<\/li>\n<li>Disminuye el edema y da forma al mu\u00f1\u00f3n para el ajuste prot\u00e9sico.<\/li>\n<li>Ayuda a aliviar el dolor.<\/li>\n<li>Acelera el proceso de rehabilitaci\u00f3n.<\/li>\n<li>Se puede esterilizar.<\/li>\n<li>El tama\u00f1o del liner se prescribe en funci\u00f3n de la circunferencia del mu\u00f1\u00f3n y puede modificarse cuando disminuya el edema.<\/li>\n<li>Las desventajas son: el coste que conlleva, a medida que el edema disminuye es necesario aplicar un liner de silicona de otro tama\u00f1o, no es f\u00e1cil de conseguir.<\/li>\n<\/ul>\n<h2><span class=\"mw-headline\" id=\"Exercise_Therapy\">Terapia con ejercicios<\/span><span class=\"mw-editsection\"><span class=\"mw-editsection-bracket\">(<\/span> <a href=\"\/index.php?title=Pre-Fitting_Management_of_the_Patient_with_a_Lower_Limb_Amputation&amp;veaction=edit&amp;section=20\" class=\"mw-editsection-visualeditor\" title=\"Editar secci\u00f3n: Terapia de ejercicios\">editar<\/a> <span class=\"mw-editsection-divider\"> | <\/span> <a href=\"\/index.php?title=Pre-Fitting_Management_of_the_Patient_with_a_Lower_Limb_Amputation&amp;action=edit&amp;section=20\" title=\"Editar secci\u00f3n: Terapia de ejercicios\">editar fuente<\/a> <span class=\"mw-editsection-bracket\">)<\/span><\/span><\/h2>\n<p>El ejercicio constituye un componente importante de la rehabilitaci\u00f3n preprot\u00e9sica. A continuaci\u00f3n se enumeran los distintos elementos de un programa de ejercicio preprot\u00e9sico que deben incluirse y adaptarse a las necesidades de cada paciente. <sup id=\"cite_ref-gaily_9-7\" class=\"reference\"><a href=\"#cite_note-gaily-9\">(9)<\/a><\/sup>\n<\/p>\n<h3><span class=\"mw-headline\" id=\"Basic_Training_and_Skills\">Entrenamiento y habilidades b\u00e1sicas<\/span><span class=\"mw-editsection\"><span class=\"mw-editsection-bracket\">(<\/span> <a href=\"\/index.php?title=Pre-Fitting_Management_of_the_Patient_with_a_Lower_Limb_Amputation&amp;veaction=edit&amp;section=21\" class=\"mw-editsection-visualeditor\" title=\"Editar secci\u00f3n: Formaci\u00f3n y competencias b\u00e1sicas\">editar<\/a> <span class=\"mw-editsection-divider\"> | <\/span> <a href=\"\/index.php?title=Pre-Fitting_Management_of_the_Patient_with_a_Lower_Limb_Amputation&amp;action=edit&amp;section=21\" title=\"Editar secci\u00f3n: Formaci\u00f3n y competencias b\u00e1sicas\">editar fuente<\/a> <span class=\"mw-editsection-bracket\">)<\/span><\/span><\/h3>\n<ul>\n<li>Fortalecimiento<\/li>\n<li>Amplitud de movimiento<\/li>\n<li>Actividades funcionales<\/li>\n<li>Acondicionamiento general<\/li>\n<li>Movilidad en la cama<\/li>\n<li>Transferencias<\/li>\n<li>Propulsi\u00f3n de sillas de ruedas<\/li>\n<li>Equilibrio de pie sin apoyo<\/li>\n<li>Desplazamiento con dispositivos de asistencia<\/li>\n<\/ul>\n<h3><span class=\"mw-headline\" id=\"Pre-gait_Training\">Entrenamiento previo a la marcha<\/span><span class=\"mw-editsection\"><span class=\"mw-editsection-bracket\">(<\/span> <a href=\"\/index.php?title=Pre-Fitting_Management_of_the_Patient_with_a_Lower_Limb_Amputation&amp;veaction=edit&amp;section=22\" class=\"mw-editsection-visualeditor\" title=\"Editar secci\u00f3n: Formaci\u00f3n previa al gait\">editar<\/a> <span class=\"mw-editsection-divider\"> | <\/span> <a href=\"\/index.php?title=Pre-Fitting_Management_of_the_Patient_with_a_Lower_Limb_Amputation&amp;action=edit&amp;section=22\" title=\"Editar secci\u00f3n: Formaci\u00f3n previa al gait\">editar fuente<\/a> <span class=\"mw-editsection-bracket\">)<\/span><\/span><\/h3>\n<ul>\n<li>Equilibrio y coordinaci\u00f3n\n<ul>\n<li>Equilibrio sobre una extremidad<sup id=\"cite_ref-:0_15-0\" class=\"reference\"><a href=\"#cite_note-:0-15\">(15)<\/a><\/sup><\/li>\n<li>Equilibrio sentado sobre Bosu o bal\u00f3n terap\u00e9utico<sup id=\"cite_ref-:0_15-1\" class=\"reference\"><a href=\"#cite_note-:0-15\">(15)<\/a><\/sup><\/li>\n<li>Entrenamiento del equilibrio al hacer transferencias desde la posici\u00f3n tumbada, sentada o de pie<sup id=\"cite_ref-:0_15-2\" class=\"reference\"><a href=\"#cite_note-:0-15\">(15)<\/a><\/sup><\/li>\n<li>El entrenamiento debe realizarse en un entorno seguro, como entre barras paralelas<sup id=\"cite_ref-:0_15-3\" class=\"reference\"><a href=\"#cite_note-:0-15\">(15)<\/a><\/sup><\/li>\n<\/ul>\n<\/li>\n<li>Orientaci\u00f3n hacia el centro de gravedad y la base de apoyo<\/li>\n<li>Entrenamiento de la marcha<\/li>\n<li>Entrenamiento del miembro sano y del miembro prot\u00e9sico<\/li>\n<li>Movimientos p\u00e9lvicos<\/li>\n<li>Variaciones<\/li>\n<li>Pr\u00f3tesis postoperatoria inmediata\n<ul>\n<li>Equilibrio de pie sobre 2 extremidades<\/li>\n<li>Movimientos p\u00e9lvicos<\/li>\n<li>Entrenamiento de la marcha<\/li>\n<li>De sentado a de pie<\/li>\n<\/ul>\n<\/li>\n<\/ul>\n<h3><span class=\"mw-headline\" id=\"Exercise_Videos\">V\u00eddeos de ejercicios<\/span><span class=\"mw-editsection\"><span class=\"mw-editsection-bracket\">(<\/span> <a href=\"\/index.php?title=Pre-Fitting_Management_of_the_Patient_with_a_Lower_Limb_Amputation&amp;veaction=edit&amp;section=23\" class=\"mw-editsection-visualeditor\" title=\"Editar secci\u00f3n: V\u00eddeos de ejercicios\">editar<\/a> <span class=\"mw-editsection-divider\"> | <\/span> <a href=\"\/index.php?title=Pre-Fitting_Management_of_the_Patient_with_a_Lower_Limb_Amputation&amp;action=edit&amp;section=23\" title=\"Editar secci\u00f3n: V\u00eddeos de ejercicios\">editar fuente<\/a> <span class=\"mw-editsection-bracket\">)<\/span><\/span><\/h3>\n<table width=\"100%\" border=\"0\" align=\"center\" cellpadding=\"1\" cellspacing=\"1\">\n<tbody>\n<tr>\n<td>\n<div class=\"thumb embedvideo autoResize\" style=\"width: 648px;\">\n<div class=\"embedvideo autoResize\" style=\"\">\n<div class=\"embedvideowrap\" style=\"width: 640px;\"><iframe loading=\"lazy\" title=\"Play video\" src=\"\/\/www.youtube.com\/embed\/R7AVSUdE_1U?\" width=\"640\" height=\"360\" frameborder=\"0\" allowfullscreen=\"true\"><\/iframe><\/div>\n<\/div>\n<\/div>\n<\/td>\n<td>\n<div class=\"thumb embedvideo autoResize\" style=\"width: 648px;\">\n<div class=\"embedvideo autoResize\" style=\"\">\n<div class=\"embedvideowrap\" style=\"width: 640px;\"><iframe loading=\"lazy\" title=\"Play video\" src=\"\/\/www.youtube.com\/embed\/vg-gBhf1wkk?\" width=\"640\" height=\"360\" frameborder=\"0\" allowfullscreen=\"true\"><\/iframe><\/div>\n<\/div>\n<\/div>\n<\/td>\n<\/tr>\n<tr>\n<td>Fortalecimiento del mu\u00f1\u00f3n con y sin banda el\u00e1stica\n<\/td>\n<td>Reeducaci\u00f3n del equilibrio con Bosu en amputaci\u00f3n transfemoral\n<\/td>\n<\/tr>\n<\/tbody>\n<\/table>\n<p>Sigue estos enlaces a listas de reproducci\u00f3n de YouTube con v\u00eddeos de ejercicios:\n<\/p>\n<ul>\n<li><a rel=\"nofollow\" class=\"external text\" href=\"https:\/\/www.youtube.com\/playlist?list=PLdikOjAAweeJNxsPB_tj6eMVnXqxDL_Js\">Colecci\u00f3n de v\u00eddeos de ejercicios para amputados por debajo de la rodilla<\/a><\/li>\n<li><a rel=\"nofollow\" class=\"external text\" href=\"https:\/\/www.youtube.com\/playlist?list=PLdikOjAAweeK4GeAig6VdGZPnYKbkJURj\">Colecci\u00f3n de v\u00eddeos de ejercicios para amputados por encima de la rodilla<\/a><\/li>\n<li><a rel=\"nofollow\" class=\"external text\" href=\"https:\/\/www.youtube.com\/watch?v=Tb6oDJ39QUs&amp;list=PLdikOjAAweeLKX3Sohk23Vdiaj4gdBFXe\">Colecci\u00f3n de v\u00eddeos de ejercicios para amputados bilaterales<\/a><\/li>\n<\/ul>\n<h2><span class=\"mw-headline\" id=\"Restoring_locus_of_control\">Restaurar el locus de control<\/span><span class=\"mw-editsection\"><span class=\"mw-editsection-bracket\">(<\/span> <a href=\"\/index.php?title=Pre-Fitting_Management_of_the_Patient_with_a_Lower_Limb_Amputation&amp;veaction=edit&amp;section=24\" class=\"mw-editsection-visualeditor\" title=\"Editar secci\u00f3n: Recuperar el control\">editar<\/a> <span class=\"mw-editsection-divider\"> | <\/span> <a href=\"\/index.php?title=Pre-Fitting_Management_of_the_Patient_with_a_Lower_Limb_Amputation&amp;action=edit&amp;section=24\" title=\"Editar secci\u00f3n: Recuperar el control\">editar fuente<\/a> <span class=\"mw-editsection-bracket\">)<\/span><\/span><\/h2>\n<h3><span id=\"Mobility_with_an_assistive_device\/_wheelchair\"><\/span><span class=\"mw-headline\" id=\"Mobility_with_an_assistive_device.2F_wheelchair\">Movilidad con un dispositivo de asistencia\/silla de ruedas<\/span><span class=\"mw-editsection\"><span class=\"mw-editsection-bracket\">(<\/span> <a href=\"\/index.php?title=Pre-Fitting_Management_of_the_Patient_with_a_Lower_Limb_Amputation&amp;veaction=edit&amp;section=25\" class=\"mw-editsection-visualeditor\" title=\"Editar secci\u00f3n: Movilidad con un dispositivo de ayuda\/silla de ruedas\">editar<\/a> <span class=\"mw-editsection-divider\"> | <\/span> <a href=\"\/index.php?title=Pre-Fitting_Management_of_the_Patient_with_a_Lower_Limb_Amputation&amp;action=edit&amp;section=25\" title=\"Editar secci\u00f3n: Movilidad con un dispositivo de ayuda\/silla de ruedas\">editar fuente<\/a> <span class=\"mw-editsection-bracket\">)<\/span><\/span><\/h3>\n<p>La movilizaci\u00f3n postoperatoria precoz es imprescindible para prevenir el desacondicionamiento tras la cirug\u00eda de amputaci\u00f3n. Lo ideal ser\u00eda la movilidad de los pacientes con un dispositivo de asistencia, como un andador o muletas, pero a menudo esto es bastante dif\u00edcil en pacientes con enfermedades com\u00f3rbidas. Se aconseja el uso de una pr\u00f3tesis con f\u00e9rula de compresi\u00f3n neum\u00e1tica para pacientes con funci\u00f3n f\u00edsica y movilidad limitadas <sup id=\"cite_ref-lusardi_3-6\" class=\"reference\"><a href=\"#cite_note-lusardi-3\">(3)<\/a><\/sup>. Este tipo de f\u00e9rula inflable se ajusta alrededor del mu\u00f1\u00f3n sin ejercer presi\u00f3n sobre la herida, y puede utilizarse para facilitar la movilizaci\u00f3n temprana y evaluar el potencial de rehabilitaci\u00f3n prot\u00e9sica <sup id=\"cite_ref-lusardi_3-7\" class=\"reference\"><a href=\"#cite_note-lusardi-3\">(3)<\/a><\/sup>. Otra alternativa para la movilizaci\u00f3n precoz en pacientes de alto riesgo es la aplicaci\u00f3n de una pr\u00f3tesis postoperatoria inmediata (IPOP, por sus siglas en ingl\u00e9s). <sup id=\"cite_ref-lusardi_3-8\" class=\"reference\"><a href=\"#cite_note-lusardi-3\">(3)<\/a><\/sup> El vendaje r\u00edgido no removivle utilizado para una IPOP es aplicado por un prot\u00e9sico en el quir\u00f3fano, y se moldea alrededor del mu\u00f1\u00f3n para soportar el peso a nivel del tend\u00f3n rotuliano y evitar la presi\u00f3n sobre la herida durante la movilizaci\u00f3n temprana. <sup id=\"cite_ref-lusardi_3-9\" class=\"reference\"><a href=\"#cite_note-lusardi-3\">(3)<\/a><\/sup>  Habr\u00e1 que evaluar a los pacientes para determinar qu\u00e9 dispositivo de asistencia es el m\u00e1s adecuado para la movilizaci\u00f3n precoz, y luego ense\u00f1arles a moverse de forma segura con estos dispositivos.\n<\/p>\n<p>Moverse con muletas:\n<\/p>\n<ul>\n<li>Uso de <a rel=\"nofollow\" class=\"external text\" href=\"https:\/\/www.saintlukeshealthsystem.org\/health-library\/using-crutches-after-lower-limb-amputation\">bastones ingleses<\/a> con una amputaci\u00f3n<\/li>\n<li>Uso de <a rel=\"nofollow\" class=\"external text\" href=\"https:\/\/patienteducation.osumc.edu\/Documents\/crutches-amp.pdf\">muletas<\/a> con una amputaci\u00f3n<\/li>\n<li>Alternativas: <a rel=\"nofollow\" class=\"external text\" href=\"http:\/\/iwalk-free.com\/amputee-testimonials\/\">Muletas de manos libres<\/a><\/li>\n<\/ul>\n<p>Ve en este v\u00eddeo c\u00f3mo las personas amputadas pueden subir escaleras con muletas de forma segura.\n<\/p>\n<div class=\"row\">\n<div class=\"col-md-6\">\n<div class=\"thumb embedvideo autoResize\" style=\"width: 258px;\">\n<div class=\"embedvideo autoResize\" style=\"\">\n<div class=\"embedvideowrap\" style=\"width: 250px;\"><iframe loading=\"lazy\" title=\"Play video\" src=\"\/\/www.youtube.com\/embed\/lugS_AmY2BU?\" width=\"250\" height=\"141\" frameborder=\"0\" allowfullscreen=\"true\"><\/iframe><\/div>\n<\/div>\n<\/div>\n<div class=\"text-right\"><sup id=\"cite_ref-16\" class=\"reference\"><a href=\"#cite_note-16\">(16)<\/a><\/sup><\/div>\n<\/div>\n<div class=\"col-md-6\">\n<div class=\"thumb embedvideo autoResize\" style=\"width: 258px;\">\n<div class=\"embedvideo autoResize\" style=\"\">\n<div class=\"embedvideowrap\" style=\"width: 250px;\"><iframe loading=\"lazy\" title=\"Play video\" src=\"\/\/www.youtube.com\/embed\/9voyLE_9IMU?\" width=\"250\" height=\"141\" frameborder=\"0\" allowfullscreen=\"true\"><\/iframe><\/div>\n<\/div>\n<\/div>\n<div class=\"text-right\"><sup id=\"cite_ref-17\" class=\"reference\"><a href=\"#cite_note-17\">(17)<\/a><\/sup><\/div>\n<\/div>\n<\/div>\n<h3><span class=\"mw-headline\" id=\"Transfers\">Transferencias<\/span><span class=\"mw-editsection\"><span class=\"mw-editsection-bracket\">(<\/span><a href=\"\/index.php?title=Pre-Fitting_Management_of_the_Patient_with_a_Lower_Limb_Amputation&amp;veaction=edit&amp;section=26\" class=\"mw-editsection-visualeditor\" title=\"Editar secci\u00f3n: Transferencias\">edit<\/a><span class=\"mw-editsection-divider\"> | <\/span><a href=\"\/index.php?title=Pre-Fitting_Management_of_the_Patient_with_a_Lower_Limb_Amputation&amp;action=edit&amp;section=26\" title=\"Editar secci\u00f3n: Transferencias\">edit source<\/a><span class=\"mw-editsection-bracket\">)<\/span><\/span><\/h3>\n<p>Un paso importante en el proceso de rehabilitaci\u00f3n es recuperar la independencia funcional. Debe ense\u00f1arse a la persona amputada a hacer transferencias de forma segura y, si es posible, independiente, entre las siguientes superficies, especialmente en el caso de una persona con doble amputaci\u00f3n de miembros inferiores o una persona fr\u00e1gil.\n<\/p>\n<ul>\n<li>De la cama a la silla fija<\/li>\n<li>De la cama a la silla de ruedas<\/li>\n<li>De la silla de ruedas a la cama<\/li>\n<li>De la silla de ruedas al suelo &#8211; si el paciente tiene la fuerza muscular para realizarlo<\/li>\n<li>Del suelo a la silla de ruedas &#8211; si el paciente tiene la fuerza muscular para realizarlo<\/li>\n<li>De la silla de ruedas al aseo<\/li>\n<li>De la silla de ruedas a la ducha\/ba\u00f1era<\/li>\n<li>De la silla de ruedas al coche<\/li>\n<li>Del coche a la silla de ruedas<\/li>\n<\/ul>\n<p>Ve los siguientes v\u00eddeos sobre transferencias de personas amputadas de miembros inferiores.\n<\/p>\n<div class=\"row\">\n<div class=\"col-md-6\">\n<div class=\"thumb embedvideo autoResize\" style=\"width: 258px;\">\n<div class=\"embedvideo autoResize\" style=\"\">\n<div class=\"embedvideowrap\" style=\"width: 250px;\"><iframe loading=\"lazy\" title=\"Play video\" src=\"\/\/www.youtube.com\/embed\/1l5447Hhfxc?\" width=\"250\" height=\"141\" frameborder=\"0\" allowfullscreen=\"true\"><\/iframe><\/div>\n<\/div>\n<\/div>\n<div class=\"text-right\"><sup id=\"cite_ref-18\" class=\"reference\"><a href=\"#cite_note-18\">(18)<\/a><\/sup><\/div>\n<\/div>\n<div class=\"col-md-6\">\n<div class=\"thumb embedvideo autoResize\" style=\"width: 258px;\">\n<div class=\"embedvideo autoResize\" style=\"\">\n<div class=\"embedvideowrap\" style=\"width: 250px;\"><iframe loading=\"lazy\" title=\"Play video\" src=\"\/\/www.youtube.com\/embed\/16qdl_25xmQ?\" width=\"250\" height=\"141\" frameborder=\"0\" allowfullscreen=\"true\"><\/iframe><\/div>\n<\/div>\n<\/div>\n<div class=\"text-right\"><sup id=\"cite_ref-19\" class=\"reference\"><a href=\"#cite_note-19\">(19)<\/a><\/sup><\/div>\n<\/div>\n<\/div>\n<h2><span class=\"mw-headline\" id=\"Referral\">Derivaci\u00f3n<\/span><span class=\"mw-editsection\"><span class=\"mw-editsection-bracket\">(<\/span><a href=\"\/index.php?title=Pre-Fitting_Management_of_the_Patient_with_a_Lower_Limb_Amputation&amp;veaction=edit&amp;section=27\" class=\"mw-editsection-visualeditor\" title=\"Edit section: Referral\">edit<\/a><span class=\"mw-editsection-divider\"> | <\/span><a href=\"\/index.php?title=Pre-Fitting_Management_of_the_Patient_with_a_Lower_Limb_Amputation&amp;action=edit&amp;section=27\" title=\"Edit section: Referral\">edit source<\/a><span class=\"mw-editsection-bracket\">)<\/span><\/span><\/h2>\n<p>El fisioterapeuta debe recordar siempre que, aunque a menudo dirija el proceso de rehabilitaci\u00f3n de la persona amputada <sup id=\"cite_ref-esq_5-2\" class=\"reference\"><a href=\"#cite_note-esq-5\">(5)<\/a><\/sup>la rehabilitaci\u00f3n preprot\u00e9sica es una tarea multidisciplinar <sup id=\"cite_ref-lusardi_3-10\" class=\"reference\"><a href=\"#cite_note-lusardi-3\">(3)<\/a><\/sup> <sup id=\"cite_ref-esq_5-3\" class=\"reference\"><a href=\"#cite_note-esq-5\">(5)<\/a><\/sup>, y los fisioterapeutas no deben actuar aislados de otros profesionales sanitarios. A continuaci\u00f3n se enumeran algunos de los profesionales sanitarios y otros recursos que deber\u00edan formar parte del equipo multidisciplinar y a los que se podr\u00eda derivar.<sup id=\"cite_ref-lusardi_3-11\" class=\"reference\"><a href=\"#cite_note-lusardi-3\">(3)<\/a><\/sup> <sup id=\"cite_ref-esq_5-4\" class=\"reference\"><a href=\"#cite_note-esq-5\">(5)<\/a><\/sup>\n<\/p>\n<ul>\n<li>Psic\u00f3logo &#8211; asesor<\/li>\n<li>Enfermera &#8211; especialista en cuidado de heridas<\/li>\n<li>Dietista &#8211; en caso de diabetes mal controlada<\/li>\n<li>Tratamiento m\u00e9dico del dolor fantasma<\/li>\n<li>Prot\u00e9sico: prescripci\u00f3n y gesti\u00f3n de pr\u00f3tesis<\/li>\n<li>Terapeuta ocupacional: evaluaci\u00f3n y adaptaci\u00f3n del entorno dom\u00e9stico<\/li>\n<li>Servicios sociales: posible subvenci\u00f3n o ayuda econ\u00f3mica por discapacidad<\/li>\n<li>Grupo local o nacional de apoyo a personas amputadas u organizaci\u00f3n de discapacitados para el apoyo entre iguales<\/li>\n<\/ul>\n<h2><span class=\"mw-headline\" id=\"Useful_resources\">Recursos \u00fatiles<\/span><span class=\"mw-editsection\"><span class=\"mw-editsection-bracket\">(<\/span> <a href=\"\/index.php?title=Pre-Fitting_Management_of_the_Patient_with_a_Lower_Limb_Amputation&amp;veaction=edit&amp;section=28\" class=\"mw-editsection-visualeditor\" title=\"Edit section: Useful resources\">edit<\/a> <span class=\"mw-editsection-divider\"> | <\/span> <a href=\"\/index.php?title=Pre-Fitting_Management_of_the_Patient_with_a_Lower_Limb_Amputation&amp;action=edit&amp;section=28\" title=\"Edit section: Useful resources\">edit source<\/a> <span class=\"mw-editsection-bracket\">)<\/span><\/span><\/h2>\n<ul>\n<li><a rel=\"nofollow\" class=\"external text\" href=\"http:\/\/www.oandplibrary.org\/alp\/chap23-01.asp\">Physical therapy management of adult lower limb amputees<\/a><\/li>\n<li><a rel=\"nofollow\" class=\"external text\" href=\"http:\/\/www.posna.org\/news\/amputations.pdf\">The Rehabilitation of People with Amputations<\/a><\/li>\n<li><a rel=\"nofollow\" class=\"external text\" href=\"http:\/\/www.healthquality.va.gov\/amputation\/amp_sum_508.pdf\">VA\/DoD clinical practice guideline for rehabilitation of lower limb amputation<\/a><\/li>\n<li><a rel=\"nofollow\" class=\"external text\" href=\"http:\/\/patienteducation.osumc.edu\/Documents\/strengthening-bka.pdf\">Exercise tick-sheet for transtibial amputation strengthening exercises<\/a><\/li>\n<li><a rel=\"nofollow\" class=\"external text\" href=\"http:\/\/www.amputee-coalition.org\/resources\/after-amputation-surgery\/\">Care of Your Wounds After Amputation Surgery &#8211; Amputee Coalition<\/a><\/li>\n<li>Presentaci\u00f3n en YouTube: <a rel=\"nofollow\" class=\"external text\" href=\"https:\/\/youtu.be\/EscSym94M70\">Transfemoral Strength and Balance Exercises<\/a><\/li>\n<li><a rel=\"nofollow\" class=\"external text\" href=\"https:\/\/opedge.com\/Articles\/ViewArticle\/2005-04_01\">Focus on IPOPs, EPOPs: Does Early Mobility Benefit Amputees?<\/a><\/li>\n<li><a rel=\"nofollow\" class=\"external text\" href=\"https:\/\/www.healio.com\/orthotics-prosthetics\/prosthetics\/news\/online\/%7B6255c29d-5c26-4de6-9565-4ba3f367cb3e%7D\/improving-outcomes-with-immediate-postoperative-prostheses\">Improving Outcomes With Immediate Postoperative Prostheses<\/a><\/li>\n<li><a rel=\"nofollow\" class=\"external text\" href=\"https:\/\/www.amputee-coalition.org\/resources\/post-op-prostheses-benefits\/\">Post-Op Prostheses offer Benefits After Amputation Surgery<\/a><\/li>\n<li><a rel=\"nofollow\" class=\"external text\" href=\"http:\/\/iwalk-free.com\/injury-resource-center\/below-knee-amputation\/\">Below Knee Amputation \u2013 Surgery, Recovery and Maintaining Mobility<\/a><\/li>\n<\/ul>\n<h2><span class=\"mw-headline\" id=\"References\">Referencias<\/span><span class=\"mw-editsection\"><span class=\"mw-editsection-bracket\">(<\/span><a href=\"\/index.php?title=Pre-Fitting_Management_of_the_Patient_with_a_Lower_Limb_Amputation&amp;veaction=edit&amp;section=29\" class=\"mw-editsection-visualeditor\" title=\"Edit section: References\">edit<\/a><span class=\"mw-editsection-divider\"> | <\/span><a href=\"\/index.php?title=Pre-Fitting_Management_of_the_Patient_with_a_Lower_Limb_Amputation&amp;action=edit&amp;section=29\" title=\"Edit section: References\">edit source<\/a><span class=\"mw-editsection-bracket\">)<\/span><\/span><\/h2>\n<div class=\"mw-references-wrap mw-references-columns\">\n<ol class=\"references\">\n<li id=\"cite_note-dillingham-1\"><span class=\"mw-cite-backlink\"><a href=\"#cite_ref-dillingham_1-0\">\u2191<\/a><\/span> <span class=\"reference-text\">Dillingham TD and Pezzin LE. Rehabilitation setting and associated mortality and medical stability among persons with amputations. Archives of Physical and Medical Rehabilitation 2008; 89; 1038-1045.<\/span>\n<\/li>\n<li id=\"cite_note-who-2\"><span class=\"mw-cite-backlink\"><a href=\"#cite_ref-who_2-0\">\u2191<\/a><\/span> <span class=\"reference-text\">World Health Organisation (WHO). International classification of functioning disability and health (ICF). World Health Organisation 2001. Geneva.<\/span>\n<\/li>\n<li id=\"cite_note-lusardi-3\"><span class=\"mw-cite-backlink\">\u2191 <sup><a href=\"#cite_ref-lusardi_3-0\">3.00<\/a><\/sup> <sup><a href=\"#cite_ref-lusardi_3-1\">3.01<\/a><\/sup> <sup><a href=\"#cite_ref-lusardi_3-2\">3.02<\/a><\/sup> <sup><a href=\"#cite_ref-lusardi_3-3\">3.03<\/a><\/sup> <sup><a href=\"#cite_ref-lusardi_3-4\">3.04<\/a><\/sup> <sup><a href=\"#cite_ref-lusardi_3-5\">3.05<\/a><\/sup> <sup><a href=\"#cite_ref-lusardi_3-6\">3.06<\/a><\/sup> <sup><a href=\"#cite_ref-lusardi_3-7\">3.07<\/a><\/sup> <sup><a href=\"#cite_ref-lusardi_3-8\">3.08<\/a><\/sup> <sup><a href=\"#cite_ref-lusardi_3-9\">3.09<\/a><\/sup> <sup><a href=\"#cite_ref-lusardi_3-10\">3.10<\/a><\/sup> <sup><a href=\"#cite_ref-lusardi_3-11\">3.11<\/a><\/sup><\/span> <span class=\"reference-text\">Lusardi MM, Postoperative and preprosthetic care. In Lusardi, MM, Jorge, M and Nielsen, CC editors. Orthotics and Prosthetics in Rehabilitation, Third Edition. Missouri: Elsevier, 2013.p. 532-594.<\/span>\n<\/li>\n<li id=\"cite_note-kaplan-4\"><span class=\"mw-cite-backlink\"><a href=\"#cite_ref-kaplan_4-0\">\u2191<\/a><\/span> <span class=\"reference-text\">Kaplan SL, Outcome measurement and management: First steps for the practicing clinician. Philadelphia, FA Davis Company, 2007.<\/span>\n<\/li>\n<li id=\"cite_note-esq-5\"><span class=\"mw-cite-backlink\">\u2191 <sup><a href=\"#cite_ref-esq_5-0\">5.0<\/a><\/sup> <sup><a href=\"#cite_ref-esq_5-1\">5.1<\/a><\/sup> <sup><a href=\"#cite_ref-esq_5-2\">5.2<\/a><\/sup> <sup><a href=\"#cite_ref-esq_5-3\">5.3<\/a><\/sup> <sup><a href=\"#cite_ref-esq_5-4\">5.4<\/a><\/sup><\/span> <span class=\"reference-text\">Esquenazi A. Amputation rehabilitation and prosthetic restoration: from surgery to community reintegration. Disability and Rehabilitation, 2004; 26,(14\/15); 831\u20136.<\/span>\n<\/li>\n<li id=\"cite_note-6\"><span class=\"mw-cite-backlink\"><a href=\"#cite_ref-6\">\u2191<\/a><\/span> <span class=\"reference-text\">Esquenazi A, Meier RH. Rehabilitation in limb deficiency. 4. Limb amputation.Arch Phys Med Rehabil. 1996 Mar;77(3 Suppl):S18-28.<\/span>\n<\/li>\n<li id=\"cite_note-7\"><span class=\"mw-cite-backlink\"><a href=\"#cite_ref-7\">\u2191<\/a><\/span> <span class=\"reference-text\">Esquenazi A. Amputation rehabilitation and prosthetic restoration. From surgery to community reintegration. Disabil Rehabil. 2004 Jul 22-Aug 5;26(14-15):831-6.<\/span>\n<\/li>\n<li id=\"cite_note-livingstone-8\"><span class=\"mw-cite-backlink\"><a href=\"#cite_ref-livingstone_8-0\">\u2191<\/a><\/span> <span class=\"reference-text\">Livingstone W, Van de Mortel TF, Taylor B. A path of perpetual resilience: Exploring the experience of a diabetes related amputations through grounded theory. Contemporary Nursing. 2011; 39(1):20-30.<\/span>\n<\/li>\n<li id=\"cite_note-gaily-9\"><span class=\"mw-cite-backlink\">\u2191 <sup><a href=\"#cite_ref-gaily_9-0\">9.0<\/a><\/sup> <sup><a href=\"#cite_ref-gaily_9-1\">9.1<\/a><\/sup> <sup><a href=\"#cite_ref-gaily_9-2\">9.2<\/a><\/sup> <sup><a href=\"#cite_ref-gaily_9-3\">9.3<\/a><\/sup> <sup><a href=\"#cite_ref-gaily_9-4\">9.4<\/a><\/sup> <sup><a href=\"#cite_ref-gaily_9-5\">9.5<\/a><\/sup> <sup><a href=\"#cite_ref-gaily_9-6\">9.6<\/a><\/sup> <sup><a href=\"#cite_ref-gaily_9-7\">9.7<\/a><\/sup><\/span> <span class=\"reference-text\">Gaily RS, Clark CR.Physical therapy management of adult lower-limb amputees. In: Michael, JW editor. Atlas of Limb Prosthetics: Surgical, Prosthetic, and Rehabilitation Principles. Rosemont, IL, American Academy of Orthopedic Surgeons,1992. <a rel=\"nofollow\" class=\"external free\" href=\"http:\/\/www.oandplibrary.org\/alp\/(accessed\">http:\/\/www.oandplibrary.org\/alp\/(accessed<\/a> 8 February 2015).<\/span>\n<\/li>\n<li id=\"cite_note-10\"><span class=\"mw-cite-backlink\"><a href=\"#cite_ref-10\">\u2191<\/a><\/span> <span class=\"reference-text\">O&#8217;Keeffe B, Rout S. <a rel=\"nofollow\" class=\"external text\" href=\"https:\/\/www.thieme-connect.com\/products\/ejournals\/html\/10.1055\/s-0039-1687919\">Prosthetic Rehabilitation in the Lower Limb.<\/a> Indian Journal of Plastic Surgery. 2019 Jan;52(01):134-43.<\/span>\n<\/li>\n<li id=\"cite_note-11\"><span class=\"mw-cite-backlink\"><a href=\"#cite_ref-11\">\u2191<\/a><\/span> <span class=\"reference-text\">AmputeeOT: Massage, Scar Mobilization, Desensitization, and End-Bearing Exercises for New Amputees. Jan 2014. Available from: <a rel=\"nofollow\" class=\"external free\" href=\"https:\/\/youtu.be\/AqmKhuT-mWw\">https:\/\/youtu.be\/AqmKhuT-mWw<\/a><\/span>\n<\/li>\n<li id=\"cite_note-12\"><span class=\"mw-cite-backlink\"><a href=\"#cite_ref-12\">\u2191<\/a><\/span> <span class=\"reference-text\">Ottobock. Skin care after amputation. Jan 2019. Available from: <a rel=\"nofollow\" class=\"external free\" href=\"https:\/\/youtu.be\/15gsqIrz8Ps\">https:\/\/youtu.be\/15gsqIrz8Ps<\/a><\/span>\n<\/li>\n<li id=\"cite_note-13\"><span class=\"mw-cite-backlink\"><a href=\"#cite_ref-13\">\u2191<\/a><\/span> <span class=\"reference-text\">Ottobock. Scar care &amp; scar mobilisation after amputation. Available from: <a rel=\"nofollow\" class=\"external free\" href=\"https:\/\/youtu.be\/-IMV8j21kLw\">https:\/\/youtu.be\/-IMV8j21kLw<\/a><\/span>\n<\/li>\n<li id=\"cite_note-14\"><span class=\"mw-cite-backlink\"><a href=\"#cite_ref-14\">\u2191<\/a><\/span> <span class=\"reference-text\">Johannesson A, Larsson GU, \u00d6berg T. From major amputation to prosthetic outcome: a prospective study of 190 patients in a defined population. Prosthetics and orthotics international. 2004 Jan 1;28(1):9-21. Available at: <a rel=\"nofollow\" class=\"external free\" href=\"https:\/\/www.researchgate.net\/publication\/8534355_From_major_amputation_to_prosthetic_outcome_A_prospective_study_of_190_patients_in_a_defined_population\">https:\/\/www.researchgate.net\/publication\/8534355_From_major_amputation_to_prosthetic_outcome_A_prospective_study_of_190_patients_in_a_defined_population<\/a>(Accessed 11 Oct 2017)<\/span>\n<\/li>\n<li id=\"cite_note-:0-15\"><span class=\"mw-cite-backlink\">\u2191 <sup><a href=\"#cite_ref-:0_15-0\">15.0<\/a><\/sup> <sup><a href=\"#cite_ref-:0_15-1\">15.1<\/a><\/sup> <sup><a href=\"#cite_ref-:0_15-2\">15.2<\/a><\/sup> <sup><a href=\"#cite_ref-:0_15-3\">15.3<\/a><\/sup><\/span> <span class=\"reference-text\">International Committee of the Red Cross (ICRC), ICRC physiotherapy reference manual: prothetic gait analysis, 2014 Prosthetic gait analysis, a course manual for physiotherapists, ICRC, 2014. Available from: <a rel=\"nofollow\" class=\"external free\" href=\"https:\/\/members.physio-pedia.com\/open-ebooks\/prosthetic-gait-analysis-for-physiotherapists\/view.php?start=44\">https:\/\/members.physio-pedia.com\/open-ebooks\/prosthetic-gait-analysis-for-physiotherapists\/view.php?start=44<\/a> (Accessed 27 Dec 2017)<\/span>\n<\/li>\n<li id=\"cite_note-16\"><span class=\"mw-cite-backlink\"><a href=\"#cite_ref-16\">\u2191<\/a><\/span> <span class=\"reference-text\">AmputeeOT: Using crutches etc to get around after amputation . Available from: <a rel=\"nofollow\" class=\"external free\" href=\"https:\/\/www.youtube.com\/watch?v=lugS_AmY2BU&amp;t=86s\">https:\/\/www.youtube.com\/watch?v=lugS_AmY2BU&amp;t=86s<\/a>(last accessed 16\/12\/17)<\/span>\n<\/li>\n<li id=\"cite_note-17\"><span class=\"mw-cite-backlink\"><a href=\"#cite_ref-17\">\u2191<\/a><\/span> <span class=\"reference-text\">IPOP Immediate Postoperative Prosthesis. Available from: <a rel=\"nofollow\" class=\"external free\" href=\"https:\/\/youtu.be\/9voyLE_9IMU\">https:\/\/youtu.be\/9voyLE_9IMU<\/a>(last accessed 16\/12\/17)<\/span>\n<\/li>\n<li id=\"cite_note-18\"><span class=\"mw-cite-backlink\"><a href=\"#cite_ref-18\">\u2191<\/a><\/span> <span class=\"reference-text\">Double amputee transferring from wheelchair to floor . Available from: <a rel=\"nofollow\" class=\"external free\" href=\"https:\/\/www.youtube.com\/watch?v=1l5447Hhfxc\">https:\/\/www.youtube.com\/watch?v=1l5447Hhfxc<\/a>(last accessed 16\/12\/17)<\/span>\n<\/li>\n<li id=\"cite_note-19\"><span class=\"mw-cite-backlink\"><a href=\"#cite_ref-19\">\u2191<\/a><\/span> <span class=\"reference-text\">AmputeeOT: Safe Showers and Baths for Amputees . Available from: <a rel=\"nofollow\" class=\"external free\" href=\"https:\/\/www.youtube.com\/watch?v=16qdl_25xmQ\">https:\/\/www.youtube.com\/watch?v=16qdl_25xmQ<\/a>(last accessed 16\/12\/17)<\/span>\n<\/li>\n<\/ol>\n<\/div>\n<p><!-- NewPP limit report Cached time: 20220628201834 Cache expiry: 0 Dynamic content: true Complications: () CPU time usage: 0.137 seconds Real time usage: 0.150 seconds Preprocessor visited node count: 520\/1000000 Post\u2010expand include size: 443\/2097152 bytes Template argument size: 0\/2097152 bytes Highest expansion depth: 3\/40 Expensive parser function count: 0\/100 Unstrip recursion depth: 0\/20 Unstrip post\u2010expand size: 17974\/5000000 bytes --><br \/>\n<!-- Transclusion expansion time report (%,ms,calls,template) 100.00% 25.104 1 Special:Contributors\/Pre-Fitting_Management_of_the_Patient_with_a_Lower_Limb_Amputation 100.00% 25.104 1 -total -->\n<\/div>\n","protected":false},"excerpt":{"rendered":"<p>Editor original &#8211; Liezel Wegner en el marco del World Physiotherapy Network for Amputee Rehabilitation Project Principales colaboradores &#8211; Sheik Abdul Khadir, Admin, Leslie Angama, Tarina van der Stockt, Lucy Aird, Kim Jackson, Tony Lowe, Simisola Ajeyalemi y Amrita Patro Contenidos 1 Introducci\u00f3n 2 Visi\u00f3n general del proceso de rehabilitaci\u00f3n 3 Fase de adaptaci\u00f3n preprot\u00e9sica [&hellip;]<\/p>\n","protected":false},"author":1,"featured_media":0,"parent":0,"menu_order":0,"comment_status":"closed","ping_status":"closed","template":"","meta":{"_acf_changed":false,"footnotes":""},"class_list":["post-4654","page","type-page","status-publish","hentry"],"acf":[],"_links":{"self":[{"href":"https:\/\/langs.physio-pedia.com\/es\/wp-json\/wp\/v2\/pages\/4654","targetHints":{"allow":["GET"]}}],"collection":[{"href":"https:\/\/langs.physio-pedia.com\/es\/wp-json\/wp\/v2\/pages"}],"about":[{"href":"https:\/\/langs.physio-pedia.com\/es\/wp-json\/wp\/v2\/types\/page"}],"author":[{"embeddable":true,"href":"https:\/\/langs.physio-pedia.com\/es\/wp-json\/wp\/v2\/users\/1"}],"replies":[{"embeddable":true,"href":"https:\/\/langs.physio-pedia.com\/es\/wp-json\/wp\/v2\/comments?post=4654"}],"version-history":[{"count":2,"href":"https:\/\/langs.physio-pedia.com\/es\/wp-json\/wp\/v2\/pages\/4654\/revisions"}],"predecessor-version":[{"id":5172,"href":"https:\/\/langs.physio-pedia.com\/es\/wp-json\/wp\/v2\/pages\/4654\/revisions\/5172"}],"wp:attachment":[{"href":"https:\/\/langs.physio-pedia.com\/es\/wp-json\/wp\/v2\/media?parent=4654"}],"curies":[{"name":"wp","href":"https:\/\/api.w.org\/{rel}","templated":true}]}}