{"id":2589,"date":"2022-08-31T08:14:14","date_gmt":"2022-08-31T08:14:14","guid":{"rendered":"https:\/\/langs.physio-pedia.com\/mental-health-and-forced-displacement-es\/"},"modified":"2022-08-31T09:11:48","modified_gmt":"2022-08-31T09:11:48","slug":"mental-health-and-forced-displacement-es","status":"publish","type":"page","link":"https:\/\/langs.physio-pedia.com\/es\/mental-health-and-forced-displacement-es\/","title":{"rendered":"Salud mental y desplazamiento forzado"},"content":{"rendered":"<div class=\"mw-parser-output\">\n<div class=\"editorbox\">\n<p><b>Editor original <\/b>&#8211; <a href=\"\/User:Shaimaa_Eldib\" title=\"User:Shaimaa Eldib\">Shaimaa Eldib<\/a>\n<\/p>\n<p><b>Principales colaboradores<\/b> &#8211; <a href=\"\/User:Shaimaa_Eldib\" class=\"mw-userlink\" title=\"User:Shaimaa Eldib\"><bdi>Shaimaa Eldib<\/bdi><\/a>, <a href=\"\/User:Naomi_O%27Reilly\" class=\"mw-userlink\" title=\"User:Naomi O'Reilly\"><bdi>Naomi O&#8217;Reilly<\/bdi><\/a>, <a href=\"\/User:Kim_Jackson\" class=\"mw-userlink\" title=\"User:Kim Jackson\"><bdi>Kim Jackson<\/bdi><\/a>, <a href=\"\/User:Candace_Goh\" class=\"mw-userlink\" title=\"User:Candace Goh\"><bdi>Candace Goh<\/bdi><\/a>, <a href=\"\/User:Jess_Bell\" class=\"mw-userlink\" title=\"User:Jess Bell\"><bdi>Jess Bell<\/bdi><\/a> y <a href=\"\/User:Carin_Hunter\" class=\"mw-userlink\" title=\"User:Carin Hunter\"><bdi>Carin Hunter<\/bdi><\/a>\n<\/p>\n<\/div>\n<div id=\"toc\" class=\"toc\" role=\"navigation\" aria-labelledby=\"mw-toc-heading\"><input type=\"checkbox\" role=\"button\" id=\"toctogglecheckbox\" class=\"toctogglecheckbox\" style=\"display:none\"><\/p>\n<div class=\"toctitle\" lang=\"en\" dir=\"ltr\">\n<h2 id=\"mw-toc-heading\">Contenidos<\/h2>\n<p><span class=\"toctogglespan\"><label class=\"toctogglelabel\" for=\"toctogglecheckbox\"><\/label><\/span><\/div>\n<ul>\n<li class=\"toclevel-1 tocsection-1\"><a href=\"#Introduction\"><span class=\"tocnumber\">1<\/span> <span class=\"toctext\">Introducci\u00f3n<\/span><\/a><\/li>\n<li class=\"toclevel-1 tocsection-2\"><a href=\"#Displaced_Person_Crisis\"><span class=\"tocnumber\">2<\/span> <span class=\"toctext\">Crisis de las personas desplazadas<\/span><\/a><\/li>\n<li class=\"toclevel-1 tocsection-3\"><a href=\"#Mental_Health_and_Displacement\"><span class=\"tocnumber\">3<\/span> <span class=\"toctext\">Salud mental y desplazamiento<\/span><\/a>\n<ul>\n<li class=\"toclevel-2 tocsection-4\"><a href=\"#Post-Traumatic_Stress_Disorder\"><span class=\"tocnumber\">3.1<\/span> <span class=\"toctext\">Trastorno de estr\u00e9s postraum\u00e1tico<\/span><\/a><\/li>\n<li class=\"toclevel-2 tocsection-5\"><a href=\"#Gaps_in_Refugee_Mental_Health\"><span class=\"tocnumber\">3.2<\/span> <span class=\"toctext\">Lagunas en la salud mental de los refugiados<\/span><\/a><\/li>\n<\/ul>\n<\/li>\n<li class=\"toclevel-1 tocsection-6\"><a href=\"#Role_of_Rehabilitation_Professionals\"><span class=\"tocnumber\">4<\/span> <span class=\"toctext\">Papel de los profesionales de la rehabilitaci\u00f3n<\/span><\/a><\/li>\n<li class=\"toclevel-1 tocsection-7\"><a href=\"#References\"><span class=\"tocnumber\">5<\/span> <span class=\"toctext\">Referencias<\/span><\/a><\/li>\n<\/ul>\n<\/div>\n<h2><span class=\"mw-headline\" id=\"Introduction\">Introducci\u00f3n<\/span><span class=\"mw-editsection\"><span class=\"mw-editsection-bracket\">(<\/span><a href=\"\/index.php?title=Mental_Health_and_Forced_Displacement&amp;veaction=edit&amp;section=1\" class=\"mw-editsection-visualeditor\" title=\"Edit section: Introduction\">edit<\/a><span class=\"mw-editsection-divider\"> | <\/span><a href=\"\/index.php?title=Mental_Health_and_Forced_Displacement&amp;action=edit&amp;section=1\" title=\"Edit section: Introduction\">edit source<\/a><span class=\"mw-editsection-bracket\">)<\/span><\/span><\/h2>\n<p>Seg\u00fan la Organizaci\u00f3n Mundial de la Salud (OMS), la salud mental es \u00abun estado de bienestar en el que el individuo se da cuenta de sus propias capacidades, puede hacer frente a las tensiones normales de la vida, puede trabajar de forma productiva y fruct\u00edfera y es capaz de hacer una contribuci\u00f3n a su comunidad\u00bb.<sup id=\"cite_ref-1\" class=\"reference\"><a href=\"#cite_note-1\">(1)<\/a><\/sup><sup id=\"cite_ref-2\" class=\"reference\"><a href=\"#cite_note-2\">(2)<\/a><\/sup>\n<\/p>\n<p>Las enfermedades mentales se consideran una de las principales causas de <a href=\"\/Disability-Adjusted_Life_Year\" title=\"A\u00f1o de vida ajustado por discapacidad\">discapacidad<\/a> en el mundo, ya que representan alrededor del 13% de la carga mundial de morbilidad y el 33% del total de a\u00f1os vividos con discapacidad.<sup id=\"cite_ref-:8_3-0\" class=\"reference\"><a href=\"#cite_note-:8-3\">(3)<\/a><\/sup><sup id=\"cite_ref-:9_4-0\" class=\"reference\"><a href=\"#cite_note-:9-4\">(4)<\/a><\/sup> Se calcula que las personas que padecen trastornos mentales graves, por ejemplo, <a href=\"\/Depression\" title=\"Depression\">depresi\u00f3n<\/a> severa, <a href=\"\/Bipolar_Disorder\" title=\"Trastorno bipolar\">trastorno bipolar<\/a> y <a href=\"\/Schizophrenia\" title=\"Esquizofrenia\">esquizofrenia<\/a><sup id=\"cite_ref-:1_5-0\" class=\"reference\"><a href=\"#cite_note-:1-5\">(5)<\/a><\/sup> tienen m\u00e1s probabilidades de morir prematuramente que las que no est\u00e1n afectadas. Los problemas de salud mental est\u00e1n muy extendidos en todo el mundo y afectan a personas de todas las regiones del planeta. Se espera que afecten al menos a 1 de cada 3 personas a lo largo de su vida.<sup id=\"cite_ref-6\" class=\"reference\"><a href=\"#cite_note-6\">(6)<\/a><\/sup><sup id=\"cite_ref-7\" class=\"reference\"><a href=\"#cite_note-7\">(7)<\/a><\/sup>\n<\/p>\n<p>Las consecuencias econ\u00f3micas de esta alta prevalencia de las enfermedades mentales son importantes; se calcula que la mala salud mental provocar\u00e1 la p\u00e9rdida de 16,1 billones de d\u00f3lares entre 2011 y 2030.<sup id=\"cite_ref-8\" class=\"reference\"><a href=\"#cite_note-8\">(8)<\/a><\/sup> Este coste tiene graves repercusiones en el nivel de vida y el desarrollo socioecon\u00f3mico.<sup id=\"cite_ref-:0_9-0\" class=\"reference\"><a href=\"#cite_note-:0-9\">(9)<\/a><\/sup> Existen muchos obst\u00e1culos para el tratamiento de las enfermedades mentales, entre ellos la <a href=\"\/Mental_Health_and_the_Stigma\" title=\"La salud mental y el estigma\">estigmatizaci\u00f3n<\/a>, la discriminaci\u00f3n<sup id=\"cite_ref-10\" class=\"reference\"><a href=\"#cite_note-10\">(10)<\/a><\/sup><sup id=\"cite_ref-:1_5-1\" class=\"reference\"><a href=\"#cite_note-:1-5\">(5)<\/a><\/sup> y la apat\u00eda gubernamental,<sup id=\"cite_ref-:0_9-1\" class=\"reference\"><a href=\"#cite_note-:0-9\">(9)<\/a><\/sup> que agravan a\u00fan m\u00e1s el estado actual de la atenci\u00f3n a la salud mental en todo el mundo.\n<\/p>\n<h2><span class=\"mw-headline\" id=\"Displaced_Person_Crisis\">Crisis de las personas desplazadas<\/span><span class=\"mw-editsection\"><span class=\"mw-editsection-bracket\">(<\/span> <a href=\"\/index.php?title=Mental_Health_and_Forced_Displacement&amp;veaction=edit&amp;section=2\" class=\"mw-editsection-visualeditor\" title=\"Editar secci\u00f3n: Crisis de los desplazados\">editar<\/a> <span class=\"mw-editsection-divider\"> | <\/span> <a href=\"\/index.php?title=Mental_Health_and_Forced_Displacement&amp;action=edit&amp;section=2\" title=\"Editar secci\u00f3n: Crisis de los desplazados\">editar fuente<\/a> <span class=\"mw-editsection-bracket\">)<\/span><\/span><\/h2>\n<p>Seg\u00fan el Alto Comisionado de las Naciones Unidas para los Refugiados (ACNUR), 89,3 millones de personas se han visto desplazadas a la fuerza en todo el mundo como consecuencia de conflictos, violencia, miedo a la persecuci\u00f3n y violaciones de los derechos humanos en 2021. Se estima que habr\u00e1 m\u00e1s de 100 millones de personas desplazadas en 2022.<sup id=\"cite_ref-:4_11-0\" class=\"reference\"><a href=\"#cite_note-:4-11\">(11)<\/a><\/sup> Hubo 20 nuevos desplazados cada minuto de 2016.<sup id=\"cite_ref-:5_12-0\" class=\"reference\"><a href=\"#cite_note-:5-12\">(12)<\/a><\/sup> Las personas que se ven obligadas a abandonar sus pa\u00edses de origen suelen vivir en instalaciones de acogida superpobladas mientras esperan las decisiones de reasentamiento o asilo.<sup id=\"cite_ref-:3_13-0\" class=\"reference\"><a href=\"#cite_note-:3-13\">(13)<\/a><\/sup> Estas instalaciones se han convertido, de hecho, en centros de detenci\u00f3n de larga duraci\u00f3n y tienen malas condiciones de salud y seguridad.<sup id=\"cite_ref-14\" class=\"reference\"><a href=\"#cite_note-14\">(14)<\/a><\/sup> Todos estos factores crean problemas m\u00e9dicos y una mayor necesidad de que los desplazados utilicen los servicios sanitarios. <sup id=\"cite_ref-15\" class=\"reference\"><a href=\"#cite_note-15\">(15)<\/a><\/sup>\n<\/p>\n<h2><span class=\"mw-headline\" id=\"Mental_Health_and_Displacement\">Salud mental y desplazamiento<\/span><span class=\"mw-editsection\"><span class=\"mw-editsection-bracket\">(<\/span> <a href=\"\/index.php?title=Mental_Health_and_Forced_Displacement&amp;veaction=edit&amp;section=3\" class=\"mw-editsection-visualeditor\" title=\"Editar secci\u00f3n: Salud mental y desplazamiento\">editar<\/a> <span class=\"mw-editsection-divider\"> | <\/span> <a href=\"\/index.php?title=Mental_Health_and_Forced_Displacement&amp;action=edit&amp;section=3\" title=\"Editar secci\u00f3n: Salud mental y desplazamiento\">editar fuente<\/a> <span class=\"mw-editsection-bracket\">)<\/span><\/span><\/h2>\n<p>Los migrantes pueden estar expuestos a diversos factores de estr\u00e9s que afectan a su salud mental y a su bienestar antes y durante su viaje migratorio y durante su asentamiento e integraci\u00f3n. Aunque la mayor\u00eda de los migrantes no experimentan problemas de salud mental, las personas desplazadas como consecuencia de conflictos, violencia, miedo a la persecuci\u00f3n y violaciones de los derechos humanos pueden tener un mayor riesgo de sufrir problemas de salud mental. Esto es especialmente cierto para las personas que han sufrido violencia y traumas, como la explotaci\u00f3n, la tortura o la violencia sexual y de g\u00e9nero. Los problemas pueden ir desde niveles bajos o moderados de ansiedad y depresi\u00f3n hasta trastornos mentales m\u00e1s graves.\n<\/p>\n<p>En la actualidad, la responsabilidad del apoyo a la salud mental de los desplazados es compartida por una amplia red de organizaciones, en funci\u00f3n del lugar donde se encuentre el desplazado. Entre estas organizaciones se encuentran: la Organizaci\u00f3n Mundial de la Salud (OMS), el Alto Comisionado de las Naciones Unidas para los Refugiados (ACNUR), gobiernos y organizaciones no gubernamentales.<sup id=\"cite_ref-:7_16-0\" class=\"reference\"><a href=\"#cite_note-:7-16\">(16)<\/a><\/sup>\n<\/p>\n<p>Cuando las personas y las familias buscan seguridad abandonando sus hogares, culturas y comunidades debido a la amenaza de violencia y persecuci\u00f3n, la angustia emocional puede aumentar. Alrededor de un tercio de las personas desplazadas experimentar\u00e1n altos \u00edndices de <a href=\"\/Depression\" title=\"Depression\">depresi\u00f3n<\/a>, <a href=\"\/Generalized_Anxiety_Disorder\" title=\"Generalized Anxiety Disorder\">ansiedad<\/a> y <a href=\"\/Post-traumatic_Stress_Disorder\" title=\"Post-traumatic Stress Disorder\">trastornos de estr\u00e9s postraum\u00e1tico<\/a> (TEPT) como resultado de las circunstancias a las que se enfrentaron durante su migraci\u00f3n, lo que puede afectar significativamente a su calidad de vida.<sup id=\"cite_ref-:7_16-1\" class=\"reference\"><a href=\"#cite_note-:7-16\">(16)<\/a><\/sup> <sup id=\"cite_ref-17\" class=\"reference\"><a href=\"#cite_note-17\">(17)<\/a><\/sup> Sin embargo, revisiones sistem\u00e1ticas muestran que las estimaciones de prevalencia de los trastornos de salud mental var\u00edan ampliamente, desde el 4% hasta el 80%, incluyendo:<sup id=\"cite_ref-18\" class=\"reference\"><a href=\"#cite_note-18\">(18)<\/a><\/sup><sup id=\"cite_ref-:2_19-0\" class=\"reference\"><a href=\"#cite_note-:2-19\">(19)<\/a><\/sup>\n<\/p>\n<ul>\n<li>4 a 40% para la ansiedad.<sup id=\"cite_ref-:2_19-1\" class=\"reference\"><a href=\"#cite_note-:2-19\">(19)<\/a><\/sup><\/li>\n<li>5 a 44% para la depresi\u00f3n.<sup id=\"cite_ref-:2_19-2\" class=\"reference\"><a href=\"#cite_note-:2-19\">(19)<\/a><\/sup><\/li>\n<li>9 a 36% para el TEPT.<sup id=\"cite_ref-:10_20-0\" class=\"reference\"><a href=\"#cite_note-:10-20\">(20)<\/a><\/sup><sup id=\"cite_ref-:11_21-0\" class=\"reference\"><a href=\"#cite_note-:11-21\">(21)<\/a><\/sup><sup id=\"cite_ref-22\" class=\"reference\"><a href=\"#cite_note-22\">(22)<\/a><\/sup><sup id=\"cite_ref-23\" class=\"reference\"><a href=\"#cite_note-23\">(23)<\/a><\/sup><\/li>\n<\/ul>\n<p>Aunque la mayor\u00eda de los desplazados con TEPT y depresi\u00f3n muestran una reducci\u00f3n de los s\u00edntomas con el tiempo, sobre todo si los factores de estr\u00e9s del reasentamiento son bajos,<sup id=\"cite_ref-24\" class=\"reference\"><a href=\"#cite_note-24\">(24)<\/a><\/sup><sup id=\"cite_ref-25\" class=\"reference\"><a href=\"#cite_note-25\">(25)<\/a><\/sup> otros pueden experimentar a\u00f1os de s\u00edntomas, especialmente los que padecen TEPT.<sup id=\"cite_ref-26\" class=\"reference\"><a href=\"#cite_note-26\">(26)<\/a><\/sup><sup id=\"cite_ref-27\" class=\"reference\"><a href=\"#cite_note-27\">(27)<\/a><\/sup> Por ello, debe priorizarse el acceso temprano a la atenci\u00f3n de salud mental, ya que los factores de estr\u00e9s posteriores a la migraci\u00f3n, como la detenci\u00f3n prolongada, la inseguridad de la situaci\u00f3n migratoria y las limitaciones en el trabajo y la educaci\u00f3n, pueden empeorar la salud mental.\n<\/p>\n<h3><span class=\"mw-headline\" id=\"Post-Traumatic_Stress_Disorder\">Trastorno de estr\u00e9s postraum\u00e1tico<\/span><span class=\"mw-editsection\"><span class=\"mw-editsection-bracket\">(<\/span> <a href=\"\/index.php?title=Mental_Health_and_Forced_Displacement&amp;veaction=edit&amp;section=4\" class=\"mw-editsection-visualeditor\" title=\"Editar secci\u00f3n: Trastorno de estr\u00e9s postraum\u00e1tico\">editar<\/a> <span class=\"mw-editsection-divider\"> | <\/span> <a href=\"\/index.php?title=Mental_Health_and_Forced_Displacement&amp;action=edit&amp;section=4\" title=\"Editar secci\u00f3n: Trastorno de estr\u00e9s postraum\u00e1tico\">editar fuente<\/a> <span class=\"mw-editsection-bracket\">)<\/span><\/span><\/h3>\n<blockquote>\n<p><i>\u00abCuando algo traum\u00e1tico sucede en tu vida, te sacude hasta la m\u00e9dula. El mundo deja de ser un lugar seguro. Se convierte en un lugar en el que pueden ocurrir y ocurren cosas malas\u00bb.<\/i> <sup id=\"cite_ref-28\" class=\"reference\"><a href=\"#cite_note-28\">(28)<\/a><\/sup><\/p>\n<\/blockquote>\n<p>Seg\u00fan la Asociaci\u00f3n Americana de Psiquiatr\u00eda (APA, por sus siglas en ingl\u00e9s) y el DSM-5, el trastorno de estr\u00e9s postraum\u00e1tico se define como un \u00abtrastorno psiqui\u00e1trico en el que los pacientes han experimentado o presenciado un acontecimiento traum\u00e1tico importante\u00bb. Ejemplos de este tipo de eventos son los desastres naturales, los accidentes graves, los actos terroristas, la guerra\/combate, la violaci\u00f3n u otras agresiones personales violentas. El TEPT se presenta con recuerdos o flashbacks persistentes, recurrentes y perturbadores de un trauma presenciado o experimentado, evitaci\u00f3n de los recordatorios del evento traum\u00e1tico junto con otros s\u00edntomas como pensamientos y sentimientos negativos, dificultad para concentrarse y dormir, sensaci\u00f3n de desvinculaci\u00f3n de las personas y las experiencias actuales, as\u00ed como respuestas de sobresalto exageradas y s\u00edntomas de excitaci\u00f3n\/reacci\u00f3n como irritabilidad y arrebatos de ira.<sup id=\"cite_ref-29\" class=\"reference\"><a href=\"#cite_note-29\">(29)<\/a><\/sup> Reacciones como el miedo, el horror y la impotencia pueden interpretarse como una amenaza a la integridad f\u00edsica de la persona.<sup id=\"cite_ref-:6_30-0\" class=\"reference\"><a href=\"#cite_note-:6-30\">(30)<\/a><\/sup> Las dificultades en la regulaci\u00f3n emocional, el funcionamiento cognitivo, la autopercepci\u00f3n, las relaciones, la somatizaci\u00f3n y la desesperanza pueden producirse debido al estr\u00e9s severo como resultado de circunstancias abrumadoras y experiencias perturbadoras.<sup id=\"cite_ref-31\" class=\"reference\"><a href=\"#cite_note-31\">(31)<\/a><\/sup>\n<\/p>\n<p>La prevalencia de experiencias traum\u00e1ticas es com\u00fan. Se ha comprobado que m\u00e1s de dos tercios de las personas de la poblaci\u00f3n general pueden experimentar un acontecimiento traum\u00e1tico importante en alg\u00fan momento de su vida.<sup id=\"cite_ref-32\" class=\"reference\"><a href=\"#cite_note-32\">(32)<\/a><\/sup> Algunos estudios sobre refugiados en pa\u00edses occidentales mostraron que el 9% sufr\u00eda TEPT y alrededor del 5% depresi\u00f3n. Sin embargo, otros estudios sugieren que la prevalencia del TEPT se sit\u00faa en torno al 30%.<sup id=\"cite_ref-:7_16-2\" class=\"reference\"><a href=\"#cite_note-:7-16\">(16)<\/a><\/sup> Estos resultados sugieren que muchos refugiados se encuentran en un estado traum\u00e1tico y necesitan asesoramiento.<sup id=\"cite_ref-:7_16-3\" class=\"reference\"><a href=\"#cite_note-:7-16\">(16)<\/a><\/sup>\n<\/p>\n<p>Se ha descubierto que los efectos biol\u00f3gicos del TEPT incluyen:\n<\/p>\n<ul>\n<li>Frecuencia card\u00edaca m\u00e1s alta a los tonos fuertes repentinos, lo que sugiere una sensibilizaci\u00f3n central.<\/li>\n<li>Disminuci\u00f3n de los vol\u00famenes del hipocampo y del c\u00f3rtex cingulado anterior , lo que puede explicar trastornos como la depresi\u00f3n y el abuso de sustancias.<sup id=\"cite_ref-:6_30-1\" class=\"reference\"><a href=\"#cite_note-:6-30\">(30)<\/a><\/sup><\/li>\n<li>Cambios en el cerebro y vulnerabilidad y neurotoxicidad preexistentes como or\u00edgenes de las reducciones de volumen cerebral en el TEPT.<\/li>\n<li>La am\u00edgdala y la corteza cingulada anterior dorsal est\u00e1n hiper(re)activas, mientras que la corteza prefrontal medial ventral est\u00e1 hipo(re)activa en el TEPT, lo que puede explicar el sesgo atencional hacia la amenaza y el deterioro de la regulaci\u00f3n emocional.<sup id=\"cite_ref-:6_30-2\" class=\"reference\"><a href=\"#cite_note-:6-30\">(30)<\/a><\/sup><\/li>\n<\/ul>\n<p>Las pruebas sugieren que la terapia cognitivo-conductual centrada en el trauma o la desensibilizaci\u00f3n y reprocesamiento por movimientos oculares deber\u00edan considerarse en personas con TEPT. Los tratamientos psicol\u00f3gicos pueden reducir los s\u00edntomas del TEPT.<sup id=\"cite_ref-33\" class=\"reference\"><a href=\"#cite_note-33\">(33)<\/a><\/sup> En la planificaci\u00f3n de las pol\u00edticas deben incluirse programas integrales de atenci\u00f3n a la salud mental, como asesoramiento, psicoterapia, farmacoterapia e intervenciones psicosociales.<sup id=\"cite_ref-:7_16-4\" class=\"reference\"><a href=\"#cite_note-:7-16\">(16)<\/a><\/sup>\n<\/p>\n<h3><span class=\"mw-headline\" id=\"Gaps_in_Refugee_Mental_Health\">Lagunas en la salud mental de los refugiados<\/span><span class=\"mw-editsection\"><span class=\"mw-editsection-bracket\">(<\/span> <a href=\"\/index.php?title=Mental_Health_and_Forced_Displacement&amp;veaction=edit&amp;section=5\" class=\"mw-editsection-visualeditor\" title=\"Editar secci\u00f3n: Lagunas en la salud mental de los refugiados\">editar<\/a> <span class=\"mw-editsection-divider\"> | <\/span> <a href=\"\/index.php?title=Mental_Health_and_Forced_Displacement&amp;action=edit&amp;section=5\" title=\"Editar secci\u00f3n: Lagunas en la salud mental de los refugiados\">editar fuente<\/a> <span class=\"mw-editsection-bracket\">)<\/span><\/span><\/h3>\n<p>Estos v\u00eddeos describen las carencias en materia de salud de los refugiados y sus experiencias.\n<\/p>\n<div class=\"row\">\n<div class=\"col-md-4\">\n<div class=\"thumb embedvideo autoResize\" style=\"width: 258px;\">\n<div class=\"embedvideo autoResize\" style=\"\">\n<div class=\"embedvideowrap\" style=\"width: 250px;\"><iframe loading=\"lazy\" title=\"Play video\" src=\"\/\/www.youtube.com\/embed\/3iogISgezbQ?\" width=\"250\" height=\"141\" frameborder=\"0\" allowfullscreen=\"true\"><\/iframe><\/div>\n<\/div>\n<\/div>\n<div class=\"text-right\"><sup id=\"cite_ref-34\" class=\"reference\"><a href=\"#cite_note-34\">(34)<\/a><\/sup><\/div>\n<\/div>\n<div class=\"col-md-4\">\n<div class=\"thumb embedvideo autoResize\" style=\"width: 258px;\">\n<div class=\"embedvideo autoResize\" style=\"\">\n<div class=\"embedvideowrap\" style=\"width: 250px;\"><iframe loading=\"lazy\" title=\"Play video\" src=\"\/\/www.youtube.com\/embed\/eRfyQl_mSGs?\" width=\"250\" height=\"141\" frameborder=\"0\" allowfullscreen=\"true\"><\/iframe><\/div>\n<\/div>\n<\/div>\n<div class=\"text-right\"><sup id=\"cite_ref-35\" class=\"reference\"><a href=\"#cite_note-35\">(35)<\/a><\/sup><\/div>\n<\/div>\n<div class=\"col-md-4\">\n<div class=\"thumb embedvideo autoResize\" style=\"width: 258px;\">\n<div class=\"embedvideo autoResize\" style=\"\">\n<div class=\"embedvideowrap\" style=\"width: 250px;\"><iframe loading=\"lazy\" title=\"Play video\" src=\"\/\/www.youtube.com\/embed\/0g0S34XE2b8?\" width=\"250\" height=\"141\" frameborder=\"0\" allowfullscreen=\"true\"><\/iframe><\/div>\n<\/div>\n<\/div>\n<div class=\"text-right\"><sup id=\"cite_ref-36\" class=\"reference\"><a href=\"#cite_note-36\">(36)<\/a><\/sup><\/div>\n<\/div>\n<\/div>\n<h2><span class=\"mw-headline\" id=\"Role_of_Rehabilitation_Professionals\">Papel de los profesionales de la rehabilitaci\u00f3n<\/span><span class=\"mw-editsection\"><span class=\"mw-editsection-bracket\">(<\/span> <a href=\"\/index.php?title=Mental_Health_and_Forced_Displacement&amp;veaction=edit&amp;section=6\" class=\"mw-editsection-visualeditor\" title=\"Editar secci\u00f3n: Papel de los profesionales de la rehabilitaci\u00f3n\">editar<\/a> <span class=\"mw-editsection-divider\"> | <\/span> <a href=\"\/index.php?title=Mental_Health_and_Forced_Displacement&amp;action=edit&amp;section=6\" title=\"Editar secci\u00f3n: Papel de los profesionales de la rehabilitaci\u00f3n\">editar fuente<\/a> <span class=\"mw-editsection-bracket\">)<\/span><\/span><\/h2>\n<p>Los servicios de rehabilitaci\u00f3n centrados en la persona para la salud mental se aplican en muchos entornos sanitarios y de salud mental diferentes; la psiquiatr\u00eda y la medicina psicosom\u00e1tica atienden a ni\u00f1os, adolescentes, adultos y personas mayores con problemas de salud mental de leves a graves, agudos y cr\u00f3nicos, en atenci\u00f3n primaria y comunitaria, en r\u00e9gimen de hospitalizaci\u00f3n y ambulatorio.\n<\/p>\n<p>Los profesionales de la rehabilitaci\u00f3n de la salud mental prestan una amplia gama de servicios que incluyen la promoci\u00f3n de la salud, la atenci\u00f3n sanitaria preventiva, el tratamiento y la rehabilitaci\u00f3n de personas y grupos. Crean una relaci\u00f3n terap\u00e9utica para proporcionar evaluaci\u00f3n y servicios espec\u00edficamente relacionados con la complejidad de la salud mental dentro de un entorno de apoyo, aplicando un modelo que incluye aspectos biol\u00f3gicos y psicosociales. Los profesionales de la rehabilitaci\u00f3n en salud mental tienen como objetivo optimizar el bienestar y capacitar a la persona promoviendo el movimiento funcional, conciencia del movimiento, actividad f\u00edsica y ejercicio, aunando los aspectos f\u00edsicos y mentales. Se basa en las mejores pruebas cient\u00edficas y cl\u00ednicas disponibles. Los fisioterapeutas en salud mental contribuyen al equipo multidisciplinar y a la atenci\u00f3n interprofesional.<sup id=\"cite_ref-37\" class=\"reference\"><a href=\"#cite_note-37\">(37)<\/a><\/sup>\n<\/p>\n<p>Los profesionales de la rehabilitaci\u00f3n deben ser conscientes de que hay varios factores que influyen mucho en la salud mental de las personas desplazadas:\n<\/p>\n<ul>\n<li>Experiencias dentro de su pa\u00eds de origen que causaron el desplazamiento forzado.<\/li>\n<li>Experiencias de vivir en campos de desplazados.<\/li>\n<li>Experiencias en el camino hacia el pa\u00eds de acogida.<\/li>\n<li>Experiencia de su nueva vida en el pa\u00eds de acogida.<\/li>\n<li><a href=\"\/Health_Literacy\" title=\"Alfabetizaci\u00f3n en salud\">Alfabetizaci\u00f3n sanitaria<\/a> limitada o deficiente. <sup id=\"cite_ref-38\" class=\"reference\"><a href=\"#cite_note-38\">(38)<\/a><\/sup><\/li>\n<li><a href=\"\/Overview_of_Traumatic_Brain_Injury\" title=\"Generalidades de las lesiones cerebrales traum\u00e1ticas\">Lesiones traum\u00e1ticas<\/a> (por ejemplo, lesiones medulares) o postraum\u00e1ticas (por ejemplo, s\u00edndrome de dolor cr\u00f3nico).<\/li>\n<li>Infecciones.<\/li>\n<li>Malnutrition.<\/li>\n<li><a href=\"\/Communication_in_healthcare\" class=\"mw-redirect\" title=\"La comunicaci\u00f3n en la sanidad\">Problemas de comunicaci\u00f3n<\/a>, problemas interculturales<sup id=\"cite_ref-39\" class=\"reference\"><a href=\"#cite_note-39\">(39)<\/a><\/sup> y problemas de <a href=\"\/Attention_Deficit_Disorders\" title=\"Trastornos por d\u00e9ficit de atenci\u00f3n\">atenci\u00f3n a<\/a> la demanda.<sup id=\"cite_ref-40\" class=\"reference\"><a href=\"#cite_note-40\">(40)<\/a><\/sup><\/li>\n<li><a href=\"\/Psychological_Approaches_to_Pain_Management\" title=\"Enfoques psicol\u00f3gicos del tratamiento del dolor\">Problemas psicol\u00f3gicos.<\/a><sup id=\"cite_ref-:4_11-1\" class=\"reference\"><a href=\"#cite_note-:4-11\">(11)<\/a><\/sup> <sup id=\"cite_ref-:5_12-1\" class=\"reference\"><a href=\"#cite_note-:5-12\">(12)<\/a><\/sup><\/li>\n<\/ul>\n<p>\nUn estudio sobre la salud mental y las necesidades de servicios de un grupo de desplazados en Malasia demostr\u00f3 que los desplazados destacan la preocupaci\u00f3n por el acceso a las oportunidades de reasentamiento permanente y la preocupaci\u00f3n por la supervivencia econ\u00f3mica.<sup id=\"cite_ref-41\" class=\"reference\"><a href=\"#cite_note-41\">(41)<\/a><\/sup> Casi todos los participantes en el estudio informaron de que estar\u00edan interesados en participar en los servicios de grupos de apoyo. Por lo tanto, como proveedores de servicios, hay que prestar mucha atenci\u00f3n al bienestar mental y a las estrategias de afrontamiento, mientras se eval\u00faan las necesidades b\u00e1sicas, incluso en entornos temporales.\n<\/p>\n<p>Los fisioterapeutas son miembros eficaces de equipos multidisciplinares formados por m\u00e9dicos, enfermeras, dietistas, terapeutas y trabajadores sociales. El manejo fisioterap\u00e9utico puede complementar la medicaci\u00f3n y la psicoterapia dentro del equipo multidisciplinar. El papel y las tareas de los fisioterapeutas en estos equipos variar\u00e1n, abarcando el tratamiento del dolor, aumento de la movilidad articular, ejercicios de relajaci\u00f3n, mejora de la fuerza, resistencia y equilibrio, entrenamiento de la marcha y elaboraci\u00f3n de programas de ejercicios adaptados a las necesidades del paciente. Las intervenciones pueden incluir: ejercicios de relajaci\u00f3n y respiraci\u00f3n profunda<sup id=\"cite_ref-:1_5-2\" class=\"reference\"><a href=\"#cite_note-:1-5\">(5)<\/a><\/sup>, diversos ejercicios de estiramiento, calistenia, caminar, correr, ejercicios aer\u00f3bicos y nataci\u00f3n. Pueden realizarse tanto en el interior como en el exterior y pueden ser \u00fatiles para pacientes con trastornos por abuso de sustancias,<sup id=\"cite_ref-:7_16-5\" class=\"reference\"><a href=\"#cite_note-:7-16\">(16)<\/a><\/sup> trastornos ginecol\u00f3gicos y otras afecciones.\n<\/p>\n<p>Abordaje postural: Los cambios regulares en las posiciones del cuerpo son esenciales para prevenir posturas inadecuadas, tensi\u00f3n muscular, espasmos y disminuci\u00f3n del movimiento de las articulaciones.<sup id=\"cite_ref-:10_20-1\" class=\"reference\"><a href=\"#cite_note-:10-20\">(20)<\/a><\/sup> El entrenamiento del equilibrio y la marcha puede ser beneficioso, as\u00ed como el asesoramiento ergon\u00f3mico. Este asesoramiento puede incluir adaptaciones en el hogar y equipos, para que los pacientes sean independientes.<sup id=\"cite_ref-:10_20-2\" class=\"reference\"><a href=\"#cite_note-:10-20\">(20)<\/a><\/sup>\n<\/p>\n<p>La carga de la depresi\u00f3n, la ansiedad y otros trastornos mentales exige respuestas concertadas e intersectoriales. El objetivo no es s\u00f3lo concienciar a la poblaci\u00f3n, sino tambi\u00e9n proporcionar estrategias de tratamiento y prevenci\u00f3n que puedan reducir este gran y creciente problema de salud y su coste econ\u00f3mico asociado.<sup id=\"cite_ref-:8_3-1\" class=\"reference\"><a href=\"#cite_note-:8-3\">(3)<\/a><\/sup> Las correlaciones entre la mala salud mental y el aumento de la prevalencia de las afecciones musculoesquel\u00e9ticas, las m\u00faltiples \u00e1reas de dolor y las enfermedades cr\u00f3nicas y prevenibles ponen de relieve la necesidad de un enfoque multidisciplinar eficaz y hol\u00edstico para gestionar estas afecciones.<sup id=\"cite_ref-:9_4-1\" class=\"reference\"><a href=\"#cite_note-:9-4\">(4)<\/a><\/sup><sup id=\"cite_ref-:11_21-1\" class=\"reference\"><a href=\"#cite_note-:11-21\">(21)<\/a><\/sup>\n<\/p>\n<h2><span class=\"mw-headline\" id=\"References\">Referencias<\/span><span class=\"mw-editsection\"><span class=\"mw-editsection-bracket\">(<\/span><a href=\"\/index.php?title=Mental_Health_and_Forced_Displacement&amp;veaction=edit&amp;section=7\" class=\"mw-editsection-visualeditor\" title=\"Edit section: References\">edit<\/a><span class=\"mw-editsection-divider\"> | <\/span><a href=\"\/index.php?title=Mental_Health_and_Forced_Displacement&amp;action=edit&amp;section=7\" title=\"Edit section: References\">edit source<\/a><span class=\"mw-editsection-bracket\">)<\/span><\/span><\/h2>\n<div class=\"mw-references-wrap mw-references-columns\">\n<ol class=\"references\">\n<li id=\"cite_note-1\"><span class=\"mw-cite-backlink\"><a href=\"#cite_ref-1\">\u2191<\/a><\/span> <span class=\"reference-text\">The world health report 2001 \u2013 Mental Health: New Understanding, New Hope\u00bb(PDF). WHO. Retrieved 4 May 2014.<\/span>\n<\/li>\n<li id=\"cite_note-2\"><span class=\"mw-cite-backlink\"><a href=\"#cite_ref-2\">\u2191<\/a><\/span> <span class=\"reference-text\">Mental health: strengthening our response. World Health Organization. August 2014. Retrieved 4 May 2014.<\/span>\n<\/li>\n<li id=\"cite_note-:8-3\"><span class=\"mw-cite-backlink\">\u2191 <sup><a href=\"#cite_ref-:8_3-0\">3.0<\/a><\/sup> <sup><a href=\"#cite_ref-:8_3-1\">3.1<\/a><\/sup><\/span> <span class=\"reference-text\">Murray CJ, Vos T, Lozano R, Naghavi M, Flaxman AD, Michaud C, Ezzati M, Shibuya K, Salomon JA, Abdalla S, Aboyans V. Disability-adjusted life years (DALYs) for 291 diseases and injuries in 21 regions, 1990\u20132010: a systematic analysis for the Global Burden of Disease Study 2010. The lancet. 2012 Dec 15;380(9859):2197-223<\/span>\n<\/li>\n<li id=\"cite_note-:9-4\"><span class=\"mw-cite-backlink\">\u2191 <sup><a href=\"#cite_ref-:9_4-0\">4.0<\/a><\/sup> <sup><a href=\"#cite_ref-:9_4-1\">4.1<\/a><\/sup><\/span> <span class=\"reference-text\">Funk M. Global burden of mental disorders and the need for a comprehensive, coordinated response from health and social sectors at the country level. Retrieved on. 2016 Oct;30.<\/span>\n<\/li>\n<li id=\"cite_note-:1-5\"><span class=\"mw-cite-backlink\">\u2191 <sup><a href=\"#cite_ref-:1_5-0\">5.0<\/a><\/sup> <sup><a href=\"#cite_ref-:1_5-1\">5.1<\/a><\/sup> <sup><a href=\"#cite_ref-:1_5-2\">5.2<\/a><\/sup><\/span> <span class=\"reference-text\">Thornicroft G, Brohan E, Rose D, Sartorius N, Leese M, INDIGO Study Group. Global pattern of experienced and anticipated discrimination against people with schizophrenia: a cross-sectional survey. The Lancet. 2009 Jan 31;373(9661):408-15.<\/span>\n<\/li>\n<li id=\"cite_note-6\"><span class=\"mw-cite-backlink\"><a href=\"#cite_ref-6\">\u2191<\/a><\/span> <span class=\"reference-text\">Steel Z, Marnane C, Iranpour C, Chey T, Jackson JW, Patel V, Silove D. The global prevalence of common mental disorders: a systematic review and meta-analysis 1980\u20132013. International journal of epidemiology. 2014 Apr 1;43(2):476-93.<\/span>\n<\/li>\n<li id=\"cite_note-7\"><span class=\"mw-cite-backlink\"><a href=\"#cite_ref-7\">\u2191<\/a><\/span> <span class=\"reference-text\">Vigo D, Thornicroft G, Atun R. Estimating the true global burden of mental illness. The Lancet Psychiatry. 2016 Feb 1;3(2):171-8.<\/span>\n<\/li>\n<li id=\"cite_note-8\"><span class=\"mw-cite-backlink\"><a href=\"#cite_ref-8\">\u2191<\/a><\/span> <span class=\"reference-text\">Bloom DE, Cafiero E, Jan\u00e9-Llopis E, Abrahams-Gessel S, Bloom LR, Fathima S, Feigl AB, Gaziano T, Hamandi A, Mowafi M, O\u2019Farrell D. The global economic burden of noncommunicable diseases. Program on the Global Demography of Aging; 2012 Jan.<\/span>\n<\/li>\n<li id=\"cite_note-:0-9\"><span class=\"mw-cite-backlink\">\u2191 <sup><a href=\"#cite_ref-:0_9-0\">9.0<\/a><\/sup> <sup><a href=\"#cite_ref-:0_9-1\">9.1<\/a><\/sup><\/span> <span class=\"reference-text\">Caulfield A, Vatansever D, Lambert G, Van Bortel T. WHO guidance on mental health training: a systematic review of the progress for non-specialist health workers. BMJ open. 2019 Jan 1;9(1):bmjopen-2018.<\/span>\n<\/li>\n<li id=\"cite_note-10\"><span class=\"mw-cite-backlink\"><a href=\"#cite_ref-10\">\u2191<\/a><\/span> <span class=\"reference-text\">Lasalvia A, Zoppei S, Van Bortel T, Bonetto C, Cristofalo D, Wahlbeck K, Bacle SV, Van Audenhove C, Van Weeghel J, Reneses B, Germanavicius A. Global pattern of experienced and anticipated discrimination reported by people with major depressive disorder: a cross-sectional survey. The Lancet. 2013 Jan 5;381(9860):55-62.<\/span>\n<\/li>\n<li id=\"cite_note-:4-11\"><span class=\"mw-cite-backlink\">\u2191 <sup><a href=\"#cite_ref-:4_11-0\">11.0<\/a><\/sup> <sup><a href=\"#cite_ref-:4_11-1\">11.1<\/a><\/sup><\/span> <span class=\"reference-text\">M\u00fcller M, Khamis D, Srivastava D, Exadaktylos AK, Pfortmueller CA. Understanding refugees&#8217; health. InSeminars in neurology 2018 Apr (Vol. 38, No. 02, pp. 152-162). Thieme Medical Publishers.<\/span>\n<\/li>\n<li id=\"cite_note-:5-12\"><span class=\"mw-cite-backlink\">\u2191 <sup><a href=\"#cite_ref-:5_12-0\">12.0<\/a><\/sup> <sup><a href=\"#cite_ref-:5_12-1\">12.1<\/a><\/sup><\/span> <span class=\"reference-text\">Ellis BH, Winer JP, Murray K, Barrett C. Understanding the mental health of refugees: Trauma, stress, and the cultural context. InThe Massachusetts General Hospital textbook on diversity and cultural sensitivity in mental health 2019 (pp. 253-273). Humana, Cham.<\/span>\n<\/li>\n<li id=\"cite_note-:3-13\"><span class=\"mw-cite-backlink\"><a href=\"#cite_ref-:3_13-0\">\u2191<\/a><\/span> <span class=\"reference-text\">Fotaki M. A crisis of humanitarianism: refugees at the gates of Europe. International journal of health policy and management. 2019 Jun;8(6):321.<\/span>\n<\/li>\n<li id=\"cite_note-14\"><span class=\"mw-cite-backlink\"><a href=\"#cite_ref-14\">\u2191<\/a><\/span> <span class=\"reference-text\">Blitz BK, d\u2019Angelo A, Kofman E, Montagna N. Health challenges in refugee reception: dateline Europe 2016. International journal of environmental research and public health. 2017 Dec;14(12):1484.<\/span>\n<\/li>\n<li id=\"cite_note-15\"><span class=\"mw-cite-backlink\"><a href=\"#cite_ref-15\">\u2191<\/a><\/span> <span class=\"reference-text\">Kotsiou OS, Kotsios P, Srivastava DS, Kotsios V, Gourgoulianis KI, Exadaktylos AK. Impact of the refugee crisis on the Greek healthcare system: A long road to Ithaca. International journal of environmental research and public health. 2018 Aug;15(8):1790.<\/span>\n<\/li>\n<li id=\"cite_note-:7-16\"><span class=\"mw-cite-backlink\">\u2191 <sup><a href=\"#cite_ref-:7_16-0\">16.0<\/a><\/sup> <sup><a href=\"#cite_ref-:7_16-1\">16.1<\/a><\/sup> <sup><a href=\"#cite_ref-:7_16-2\">16.2<\/a><\/sup> <sup><a href=\"#cite_ref-:7_16-3\">16.3<\/a><\/sup> <sup><a href=\"#cite_ref-:7_16-4\">16.4<\/a><\/sup> <sup><a href=\"#cite_ref-:7_16-5\">16.5<\/a><\/sup><\/span> <span class=\"reference-text\">Silove D, Ventevogel P, Rees S. The contemporary refugee crisis: an overview of mental health challenges. World Psychiatry. 2017 Jun;16(2):130-9.<\/span>\n<\/li>\n<li id=\"cite_note-17\"><span class=\"mw-cite-backlink\"><a href=\"#cite_ref-17\">\u2191<\/a><\/span> <span class=\"reference-text\">Wilker S, Catani C, Wittmann J, Preusse M, Schmidt T, May T, Ertl V, Doering B, Rosner R, Zindler A, Neuner F. The efficacy of Narrative Exposure Therapy for Children (KIDNET) as a treatment for traumatized young refugees versus treatment as usual: study protocol for a multi-center randomized controlled trial (YOURTREAT). Trials. 2020 Dec;21(1):1-6.<\/span>\n<\/li>\n<li id=\"cite_note-18\"><span class=\"mw-cite-backlink\"><a href=\"#cite_ref-18\">\u2191<\/a><\/span> <span class=\"reference-text\">Bogic M, Njoku A, Priebe S. Long-term mental health of war-refugees: a systematic literature review. BMC Int Health Hum Rights. 2015;15:29. 11.  <\/span>\n<\/li>\n<li id=\"cite_note-:2-19\"><span class=\"mw-cite-backlink\">\u2191 <sup><a href=\"#cite_ref-:2_19-0\">19.0<\/a><\/sup> <sup><a href=\"#cite_ref-:2_19-1\">19.1<\/a><\/sup> <sup><a href=\"#cite_ref-:2_19-2\">19.2<\/a><\/sup><\/span> <span class=\"reference-text\">Keyes EF. Mental health status in refugees: an integrative review of current research. Issues Ment Health Nurs. 2000;21(4):397\u2013410.<\/span>\n<\/li>\n<li id=\"cite_note-:10-20\"><span class=\"mw-cite-backlink\">\u2191 <sup><a href=\"#cite_ref-:10_20-0\">20.0<\/a><\/sup> <sup><a href=\"#cite_ref-:10_20-1\">20.1<\/a><\/sup> <sup><a href=\"#cite_ref-:10_20-2\">20.2<\/a><\/sup><\/span> <span class=\"reference-text\">Steel Z, Chey T, Silove D, Marnane C, Bryant RA, van Ommeren M. Association of torture and other potentially traumatic events with mental health outcomes among populations exposed to mass conflict and displacement: a systematic review and meta-analysis. JAMA. 2009;302(5):537\u201349 13. <\/span>\n<\/li>\n<li id=\"cite_note-:11-21\"><span class=\"mw-cite-backlink\">\u2191 <sup><a href=\"#cite_ref-:11_21-0\">21.0<\/a><\/sup> <sup><a href=\"#cite_ref-:11_21-1\">21.1<\/a><\/sup><\/span> <span class=\"reference-text\">Fazel M, Wheeler J, Danesh J. Prevalence of serious mental disorder in 7000 refugees resettled in western countries: a systematic review. Lancet. 2005;365(9467):1309\u201314. 14.  <\/span>\n<\/li>\n<li id=\"cite_note-22\"><span class=\"mw-cite-backlink\"><a href=\"#cite_ref-22\">\u2191<\/a><\/span> <span class=\"reference-text\">Lindert J, Ehrenstein OS, Priebe S, Mielck A, Br\u00e4hler E. Depression and anxiety in labor migrants and refugees\u2014a systematic review and metaanalysis. Soc Sci Med. 2009;69(2):246\u201357 15. <\/span>\n<\/li>\n<li id=\"cite_note-23\"><span class=\"mw-cite-backlink\"><a href=\"#cite_ref-23\">\u2191<\/a><\/span> <span class=\"reference-text\">Slewa-Younan S, Uribe Guajardo MG, Heriseanu A, Hasan T. A systematic review of post-traumatic stress disorder and depression amongst Iraqi refugees located in western countries. J Immigr Minor Health. 2015;17(4):1231\u20139.<\/span>\n<\/li>\n<li id=\"cite_note-24\"><span class=\"mw-cite-backlink\"><a href=\"#cite_ref-24\">\u2191<\/a><\/span> <span class=\"reference-text\">Oppedal, B., &amp; Idsoe, T. (2015). The role of social support in the acculturation and mental health of unaccompanied minor asylum seekers. Scandinavian Journal of Psychology, 56, 203\u2013211. 17.  <\/span>\n<\/li>\n<li id=\"cite_note-25\"><span class=\"mw-cite-backlink\"><a href=\"#cite_ref-25\">\u2191<\/a><\/span> <span class=\"reference-text\">Betancourt, T., Borisova, I., Williams, T., Meyers-Ohki, S., RubinSmith, J., Annan, J., &amp; Kohrt, B. (2013). Psychosocial adjustment and mental health in former child soldiers: Systematic review of the literature and recommendations for future research.Journal of ChildPsychologyandPsychiatry,54,17\u201336<\/span>\n<\/li>\n<li id=\"cite_note-26\"><span class=\"mw-cite-backlink\"><a href=\"#cite_ref-26\">\u2191<\/a><\/span> <span class=\"reference-text\">Beiser, M., &amp; Wickrama, K. (2004). Trauma, time and mental health: A study of temporal reintegration and Depressive Disorder among Southeast Asian refugees. Psychological Medicine, 34, 899\u2013910.<\/span>\n<\/li>\n<li id=\"cite_note-27\"><span class=\"mw-cite-backlink\"><a href=\"#cite_ref-27\">\u2191<\/a><\/span> <span class=\"reference-text\">Sack, W., Him, C., &amp; Dickason, D. (1999). Twelve-year followup study of Khmer youths who suffered massive war trauma as children. Journal of the American Academy of Child and Adolescent Psychiatry, 38, 1173\u20131179<\/span>\n<\/li>\n<li id=\"cite_note-28\"><span class=\"mw-cite-backlink\"><a href=\"#cite_ref-28\">\u2191<\/a><\/span> <span class=\"reference-text\">Post-traumatic stress disorder (PTSD). Available from: <a rel=\"nofollow\" class=\"external free\" href=\"https:\/\/www.mind.org.uk\/information-support\/types-of-mental-health-problems\/post-traumatic-stress-disorder-ptsd\/about-ptsd\/\">https:\/\/www.mind.org.uk\/information-support\/types-of-mental-health-problems\/post-traumatic-stress-disorder-ptsd\/about-ptsd\/<\/a> (Accessed 18 May 2020).<\/span>\n<\/li>\n<li id=\"cite_note-29\"><span class=\"mw-cite-backlink\"><a href=\"#cite_ref-29\">\u2191<\/a><\/span> <span class=\"reference-text\">Ringold S, Burke A, Glass RM. Refugee mental health. JAMA. 2005 Aug 3;294(5):646<\/span>\n<\/li>\n<li id=\"cite_note-:6-30\"><span class=\"mw-cite-backlink\">\u2191 <sup><a href=\"#cite_ref-:6_30-0\">30.0<\/a><\/sup> <sup><a href=\"#cite_ref-:6_30-1\">30.1<\/a><\/sup> <sup><a href=\"#cite_ref-:6_30-2\">30.2<\/a><\/sup><\/span> <span class=\"reference-text\">Pitman RK, Rasmusson AM, Koenen KC, Shin LM, Orr SP, Gilbertson MW, Milad MR, Liberzon I. Biological studies of post-traumatic stress disorder. nature Reviews neuroscience. 2012 Nov;13(11):769-87.<\/span>\n<\/li>\n<li id=\"cite_note-31\"><span class=\"mw-cite-backlink\"><a href=\"#cite_ref-31\">\u2191<\/a><\/span> <span class=\"reference-text\">McFARLANE AC. The long\u2010term costs of traumatic stress: Intertwined physical and psychological consequences. World Psychiatry. 2010 Feb;9(1):3-10.<\/span>\n<\/li>\n<li id=\"cite_note-32\"><span class=\"mw-cite-backlink\"><a href=\"#cite_ref-32\">\u2191<\/a><\/span> <span class=\"reference-text\">Davidson JR, Hughes D, Blazer DG, George LK. Post-traumatic stress disorder in the community: an epidemiological study. Psychological medicine. 1991 Aug;21(3):713-21.<\/span>\n<\/li>\n<li id=\"cite_note-33\"><span class=\"mw-cite-backlink\"><a href=\"#cite_ref-33\">\u2191<\/a><\/span> <span class=\"reference-text\">Bisson J, Andrew M. Psychological treatment of post\u2010traumatic stress disorder (PTSD). Cochrane database of systematic reviews. 2007(3).<\/span>\n<\/li>\n<li id=\"cite_note-34\"><span class=\"mw-cite-backlink\"><a href=\"#cite_ref-34\">\u2191<\/a><\/span> <span class=\"reference-text\">TED Ex Talks. Bridging the Refugee Health Gap | Claire Jones | TEDxUQ. Available from: <a rel=\"nofollow\" class=\"external free\" href=\"http:\/\/www.youtube.com\/watch?v=3iogISgezbQ\">http:\/\/www.youtube.com\/watch?v=3iogISgezbQ<\/a>(last accessed 28\/07\/2020)<\/span>\n<\/li>\n<li id=\"cite_note-35\"><span class=\"mw-cite-backlink\"><a href=\"#cite_ref-35\">\u2191<\/a><\/span> <span class=\"reference-text\">Tanishq Suryavanshi. What is the Refugee Mental Health Crisis and How Can We Address it?. Available from: <a rel=\"nofollow\" class=\"external free\" href=\"http:\/\/www.youtube.com\/watch?v=eRfyQl_mSGs\">http:\/\/www.youtube.com\/watch?v=eRfyQl_mSGs<\/a>(last accessed 28\/07\/2020)<\/span>\n<\/li>\n<li id=\"cite_note-36\"><span class=\"mw-cite-backlink\"><a href=\"#cite_ref-36\">\u2191<\/a><\/span> <span class=\"reference-text\">TED. How we can bring mental health support to refugees | Essam Daod. Available from: <a rel=\"nofollow\" class=\"external free\" href=\"http:\/\/www.youtube.com\/watch?v=0g0S34XE2b8\">http:\/\/www.youtube.com\/watch?v=0g0S34XE2b8<\/a>(last accessed 28\/07\/2020)<\/span>\n<\/li>\n<li id=\"cite_note-37\"><span class=\"mw-cite-backlink\"><a href=\"#cite_ref-37\">\u2191<\/a><\/span> <span class=\"reference-text\">Michel Probst. <a rel=\"nofollow\" class=\"external text\" href=\"https:\/\/www.intechopen.com\/chapters\/54472\">Physiotherapy and Mental Health<\/a>, Chapter 9, Clinical Physical Therapy Toshiaki Suzuki, IntechOpen, 2017.<\/span>\n<\/li>\n<li id=\"cite_note-38\"><span class=\"mw-cite-backlink\"><a href=\"#cite_ref-38\">\u2191<\/a><\/span> <span class=\"reference-text\">W\u00e5ngdahl J, Lytsy P, M\u00e5rtensson L, Westerling R. Health literacy among refugees in Sweden\u2013a cross-sectional study. BMC public health. 2014 Dec 1;14(1):1030.<\/span>\n<\/li>\n<li id=\"cite_note-39\"><span class=\"mw-cite-backlink\"><a href=\"#cite_ref-39\">\u2191<\/a><\/span> <span class=\"reference-text\">Uba L. Cultural barriers to health care for southeast Asian refugees. Public health reports. 1992 Sep;107(5):544.<\/span>\n<\/li>\n<li id=\"cite_note-40\"><span class=\"mw-cite-backlink\"><a href=\"#cite_ref-40\">\u2191<\/a><\/span> <span class=\"reference-text\">Dadzie GM. Healthcare Accessibility for Syrian Refugees: Understanding Trends, Host Countries\u2019 Responses and Impacts on Refugees\u2019 Health.<\/span>\n<\/li>\n<li id=\"cite_note-41\"><span class=\"mw-cite-backlink\"><a href=\"#cite_ref-41\">\u2191<\/a><\/span> <span class=\"reference-text\">Shaw, S.A., Pillai, V. and Ward, K.P., 2019. Assessing mental health and service needs among refugees in Malaysia. <i>International Journal of Social Welfare<\/i>, <i>28<\/i>(1), pp.44-52.<\/span>\n<\/li>\n<\/ol>\n<\/div>\n<p><!-- NewPP limit report Cached time: 20220803173609 Cache expiry: 0 Dynamic content: true Complications: () CPU time usage: 0.140 seconds Real time usage: 0.168 seconds Preprocessor visited node count: 579\/1000000 Post\u2010expand include size: 144\/2097152 bytes Template argument size: 0\/2097152 bytes Highest expansion depth: 3\/40 Expensive parser function count: 0\/100 Unstrip recursion depth: 0\/20 Unstrip post\u2010expand size: 22054\/5000000 bytes --><br \/>\n<!-- Transclusion expansion time report (%,ms,calls,template) 100.00% 36.476 1 Special:Contributors\/Mental_Health_and_Forced_Displacement 100.00% 36.476 1 -total -->\n<\/div>\n","protected":false},"excerpt":{"rendered":"<p>Editor original &#8211; Shaimaa Eldib Principales colaboradores &#8211; Shaimaa Eldib, Naomi O&#8217;Reilly, Kim Jackson, Candace Goh, Jess Bell y Carin Hunter Contenidos 1 Introducci\u00f3n 2 Crisis de las personas desplazadas 3 Salud mental y desplazamiento 3.1 Trastorno de estr\u00e9s postraum\u00e1tico 3.2 Lagunas en la salud mental de los refugiados 4 Papel de los profesionales de [&hellip;]<\/p>\n","protected":false},"author":1,"featured_media":0,"parent":0,"menu_order":0,"comment_status":"closed","ping_status":"closed","template":"","meta":{"_acf_changed":false,"footnotes":""},"class_list":["post-2589","page","type-page","status-publish","hentry"],"acf":[],"_links":{"self":[{"href":"https:\/\/langs.physio-pedia.com\/es\/wp-json\/wp\/v2\/pages\/2589","targetHints":{"allow":["GET"]}}],"collection":[{"href":"https:\/\/langs.physio-pedia.com\/es\/wp-json\/wp\/v2\/pages"}],"about":[{"href":"https:\/\/langs.physio-pedia.com\/es\/wp-json\/wp\/v2\/types\/page"}],"author":[{"embeddable":true,"href":"https:\/\/langs.physio-pedia.com\/es\/wp-json\/wp\/v2\/users\/1"}],"replies":[{"embeddable":true,"href":"https:\/\/langs.physio-pedia.com\/es\/wp-json\/wp\/v2\/comments?post=2589"}],"version-history":[{"count":1,"href":"https:\/\/langs.physio-pedia.com\/es\/wp-json\/wp\/v2\/pages\/2589\/revisions"}],"predecessor-version":[{"id":2590,"href":"https:\/\/langs.physio-pedia.com\/es\/wp-json\/wp\/v2\/pages\/2589\/revisions\/2590"}],"wp:attachment":[{"href":"https:\/\/langs.physio-pedia.com\/es\/wp-json\/wp\/v2\/media?parent=2589"}],"curies":[{"name":"wp","href":"https:\/\/api.w.org\/{rel}","templated":true}]}}