{"id":1594,"date":"2022-07-15T07:53:33","date_gmt":"2022-07-15T07:53:33","guid":{"rendered":"https:\/\/langs.physio-pedia.com\/amputee-rehabilitation-es\/"},"modified":"2022-07-25T08:13:40","modified_gmt":"2022-07-25T08:13:40","slug":"amputee-rehabilitation-es","status":"publish","type":"page","link":"https:\/\/langs.physio-pedia.com\/es\/amputee-rehabilitation-es\/","title":{"rendered":"Rehabilitaci\u00f3n de personas amputadas"},"content":{"rendered":"<div class=\"mw-parser-output\">\n<div class=\"editorbox\">\n<p><b>Editor original <\/b>&#8211; <a href=\"\/index.php?title=User:Liezel_Wegner&amp;action=edit&amp;redlink=1\" class=\"new\" title=\"User:Liezel Wegner (page does not exist)\">Liezel Wegner<\/a> y <a href=\"\/index.php?title=User:Caroline_Cater&amp;action=edit&amp;redlink=1\" class=\"new\" title=\"User:Caroline Cater (page does not exist)\">Caroline Cater<\/a> como parte del <a href=\"\/World_Physiotherapy_Network_for_Amputee_Rehabilitation_Project\" title=\"World Physiotherapy Network for Amputee Rehabilitation Project\">World Physiotherapy Network for Amputee Rehabilitation Project<\/a>\n<\/p>\n<p><b>Principales colaboradores<\/b> &#8211; <a href=\"\/User:Admin\" class=\"mw-userlink\" title=\"User:Admin\"><bdi>Admin<\/bdi><\/a>, <a href=\"\/User:Sheik_Abdul_Khadir\" class=\"mw-userlink\" title=\"User:Sheik Abdul Khadir\"><bdi>Sheik Abdul Khadir<\/bdi><\/a>, <a href=\"\/User:Kim_Jackson\" class=\"mw-userlink\" title=\"User:Kim Jackson\"><bdi>Kim Jackson<\/bdi><\/a>, <a href=\"\/User:Chrysolite_Jyothi_Kommu\" class=\"mw-userlink\" title=\"User:Chrysolite Jyothi Kommu\"><bdi>Chrysolite Jyothi Kommu<\/bdi><\/a>, <a href=\"\/User:Tony_Lowe\" class=\"mw-userlink\" title=\"User:Tony Lowe\"><bdi>Tony Lowe<\/bdi><\/a>, <a href=\"\/User:Aminat_Abolade\" class=\"mw-userlink\" title=\"User:Aminat Abolade\"><bdi>Aminat Abolade<\/bdi><\/a>, <a href=\"\/User:Simisola_Ajeyalemi\" class=\"mw-userlink\" title=\"User:Simisola Ajeyalemi\"><bdi>Simisola Ajeyalemi<\/bdi><\/a>, <a href=\"\/User:Karen_Wilson\" class=\"mw-userlink\" title=\"User:Karen Wilson\"><bdi>Karen Wilson<\/bdi><\/a>, <a href=\"\/User:Shaimaa_Eldib\" class=\"mw-userlink\" title=\"User:Shaimaa Eldib\"><bdi>Shaimaa Eldib<\/bdi><\/a>, <a href=\"\/User:Olajumoke_Ogunleye\" class=\"mw-userlink\" title=\"User:Olajumoke Ogunleye\"><br \/>\n  <bdi>Olajumoke Ogunleye<\/bdi><br \/>\n<\/a>,  <a href=\"\/User:Oyemi_Sillo\" class=\"mw-userlink\" title=\"User:Oyemi Sillo\"><bdi>Oyemi Sillo<\/bdi><\/a>, <a href=\"\/User:Naomi_O%27Reilly\" class=\"mw-userlink\" title=\"User:Naomi O'Reilly\"><bdi>Naomi O&#8217;Reilly<\/bdi><\/a>, <a href=\"\/User:Richard_Benes\" class=\"mw-userlink\" title=\"User:Richard Benes\"><bdi>Richard Benes<\/bdi><\/a> y <a href=\"\/User:Tarina_van_der_Stockt\" class=\"mw-userlink\" title=\"User:Tarina van der Stockt\"><bdi>Tarina van der Stockt<\/bdi><\/a> <\/div>\n<div id=\"toc\" class=\"toc\" role=\"navigation\" aria-labelledby=\"mw-toc-heading\"><input type=\"checkbox\" role=\"button\" id=\"toctogglecheckbox\" class=\"toctogglecheckbox\" style=\"display:none\"><\/p>\n<div class=\"toctitle\" lang=\"en\" dir=\"ltr\">\n<h2 id=\"mw-toc-heading\">Contenidos<\/h2>\n<p><span class=\"toctogglespan\"><label class=\"toctogglelabel\" for=\"toctogglecheckbox\"><\/label><\/span><\/div>\n<ul>\n<li class=\"toclevel-1 tocsection-1\"><a href=\"#Introduction\"><span class=\"tocnumber\">1<\/span> <span class=\"toctext\">Introducci\u00f3n<\/span><\/a><\/li>\n<li class=\"toclevel-1 tocsection-2\"><a href=\"#Overview_of_the_Rehabilitation_Process\"><span class=\"tocnumber\">2<\/span> <span class=\"toctext\">Visi\u00f3n general del proceso de rehabilitaci\u00f3n<\/span><\/a><\/li>\n<li class=\"toclevel-1 tocsection-3\"><a href=\"#Resources\"><span class=\"tocnumber\">3<\/span> <span class=\"toctext\">Recursos<\/span><\/a><\/li>\n<li class=\"toclevel-1 tocsection-4\"><a href=\"#References\"><span class=\"tocnumber\">4<\/span> <span class=\"toctext\">Referencias<\/span><\/a><\/li>\n<\/ul>\n<\/div>\n<h2><span class=\"mw-headline\" id=\"Introduction\">Introducci\u00f3n<\/span><span class=\"mw-editsection\"><span class=\"mw-editsection-bracket\">(<\/span><a href=\"\/index.php?title=Amputee_Rehabilitation&amp;veaction=edit&amp;section=1\" class=\"mw-editsection-visualeditor\" title=\"Edit section: Introduction\">edit<\/a><span class=\"mw-editsection-divider\"> | <\/span><a href=\"\/index.php?title=Amputee_Rehabilitation&amp;action=edit&amp;section=1\" title=\"Edit section: Introduction\">edit source<\/a><span class=\"mw-editsection-bracket\">)<\/span><\/span><\/h2>\n<p>La p\u00e9rdida de una extremidad inferior tiene graves consecuencias para la movilidad de la persona y su capacidad para realizar las actividades de la vida diaria <sup id=\"cite_ref-dillingham_1-0\" class=\"reference\"><a href=\"#cite_note-dillingham-1\">(1)<\/a><\/sup>. Esto repercute negativamente en su participaci\u00f3n e integraci\u00f3n en la sociedad <sup id=\"cite_ref-who_2-0\" class=\"reference\"><a href=\"#cite_note-who-2\">(2)<\/a><\/sup>. El objetivo final de la rehabilitaci\u00f3n tras la p\u00e9rdida de un miembro es desplazarse con \u00e9xito con el uso de una pr\u00f3tesis<sup id=\"cite_ref-lusardi_3-0\" class=\"reference\"><a href=\"#cite_note-lusardi-3\">(3)<\/a><\/sup>y volver a un alto nivel de reintegraci\u00f3n social. La rehabilitaci\u00f3n prot\u00e9sica es una tarea compleja que, idealmente, requiere la aportaci\u00f3n de un equipo de rehabilitaci\u00f3n transdisciplinar. Sin embargo, lo m\u00e1s frecuente es que los fisioterapeutas se encarguen del proceso de rehabilitaci\u00f3n f\u00edsica <sup id=\"cite_ref-kaplan_4-0\" class=\"reference\"><a href=\"#cite_note-kaplan-4\">(4)<\/a><\/sup>.\n<\/p>\n<h2><span class=\"mw-headline\" id=\"Overview_of_the_Rehabilitation_Process\">Visi\u00f3n general del proceso de rehabilitaci\u00f3n<\/span><span class=\"mw-editsection\"><span class=\"mw-editsection-bracket\">(<\/span> <a href=\"\/index.php?title=Amputee_Rehabilitation&amp;veaction=edit&amp;section=2\" class=\"mw-editsection-visualeditor\" title=\"Editar secci\u00f3n: Resumen del proceso de rehabilitaci\u00f3n\">editar<\/a> <span class=\"mw-editsection-divider\"> | <\/span> <a href=\"\/index.php?title=Amputee_Rehabilitation&amp;action=edit&amp;section=2\" title=\"Editar secci\u00f3n: Resumen del proceso de rehabilitaci\u00f3n\">editar fuente<\/a> <span class=\"mw-editsection-bracket\">)<\/span><\/span><\/h2>\n<p>El proceso de rehabilitaci\u00f3n de la persona amputada de miembro inferior consta de nueve fases <sup id=\"cite_ref-esq_5-0\" class=\"reference\"><a href=\"#cite_note-esq-5\">(5)<\/a><\/sup>, que son:<sup id=\"cite_ref-6\" class=\"reference\"><a href=\"#cite_note-6\">(6)<\/a><\/sup>\n<\/p>\n<ol>\n<li>Preoperatoria.<\/li>\n<li>Cirug\u00eda de amputaci\u00f3n.<\/li>\n<li>Postoperatoria aguda.<\/li>\n<li>Pre-pr\u00f3tesis.<\/li>\n<li>Prescripci\u00f3n de pr\u00f3tesis.<\/li>\n<li>Entrenamiento prot\u00e9sico.<\/li>\n<li>Integraci\u00f3n comunitaria.<\/li>\n<li>Rehabilitaci\u00f3n profesional.<\/li>\n<li>Seguimiento.<\/li>\n<\/ol>\n<p>Tabla 1: Fases de la rehabilitaci\u00f3n de personas amputadas: Modificado de Esquenazi &amp; Meier<sup id=\"cite_ref-7\" class=\"reference\"><a href=\"#cite_note-7\">(7)<\/a><\/sup>citado en Esquenazi<sup id=\"cite_ref-esq_5-1\" class=\"reference\"><a href=\"#cite_note-esq-5\">(5)<\/a><\/sup>.\n<\/p>\n<table width=\"100%\" cellspacing=\"1\" cellpadding=\"1\" border=\"1\">\n<tbody>\n<tr>\n<th width=\"20%\" scope=\"col\">Fase\n<\/th>\n<th width=\"50%\" scope=\"col\">Descripci\u00f3n\n<\/th>\n<th width=\"30%\" scope=\"col\">Enlace\n<\/th>\n<\/tr>\n<tr>\n<td>Preoperatoria\n<\/td>\n<td>Evaluar la condici\u00f3n corporal, educaci\u00f3n del paciente, discusi\u00f3n del nivel quir\u00fargico, planes prot\u00e9sicos postoperatorios.\n<\/td>\n<td><a href=\"\/Assessment_of_the_amputee\" title=\"Evaluaci\u00f3n del amputado\">Evaluaci\u00f3n del amputado<\/a>\n<\/td>\n<\/tr>\n<tr>\n<td>Cirug\u00eda de amputaci\u00f3n\/reconstrucci\u00f3n\n<\/td>\n<td>Longitud, cierre miopl\u00e1stico, cobertura de tejidos blandos, nervio, manejo, vendaje r\u00edgido.\n<\/td>\n<td>\n<\/td>\n<\/tr>\n<tr>\n<td>Postoperatoria aguda\n<\/td>\n<td>Curaci\u00f3n de heridas, control del dolor, movimiento corporal proximal, apoyo emocional.\n<\/td>\n<td>\n<\/td>\n<\/tr>\n<tr>\n<td>Pre-prot\u00e9sica\n<\/td>\n<td>Dar forma, encoger, aumentar la fuerza muscular, restaurar el locus de control del paciente.\n<\/td>\n<td><a href=\"\/Post-fitting_management_of_the_amputee\" title=\"Post-fitting management of the amputee\">Tratamiento de la persona amputada tras colocaci\u00f3n de pr\u00f3tesis<\/a>\n<\/td>\n<\/tr>\n<tr>\n<td>Prescripci\u00f3n de pr\u00f3tesis\n<\/td>\n<td>Consenso en equipo sobre la prescripci\u00f3n y fabricaci\u00f3n de pr\u00f3tesis.\n<\/td>\n<td><a href=\"\/Prosthetics\" class=\"mw-redirect\" title=\"Prosthetics\">Pr\u00f3tesis<\/a>\n<\/td>\n<\/tr>\n<tr>\n<td>Entrenamiento prot\u00e9sico\n<\/td>\n<td>Potenciar el uso de la pr\u00f3tesis y su utilizaci\u00f3n funcional.\n<\/td>\n<td><a href=\"\/Gait_in_prosthetic_rehabilitation\" title=\"La marcha en la rehabilitaci\u00f3n prot\u00e9sica\">La marcha en la rehabilitaci\u00f3n prot\u00e9sica<\/a>\n<\/td>\n<\/tr>\n<tr>\n<td>Integraci\u00f3n comunitaria\n<\/td>\n<td>Reanudaci\u00f3n de las funciones en las actividades familiares y comunitarias. Equilibrio emocional y estrategias de afrontamiento saludables. Actividades recreativas.\n<\/td>\n<td>\n<\/td>\n<\/tr>\n<tr>\n<td>Rehabilitaci\u00f3n profesional\n<\/td>\n<td>Evaluar y planificar las actividades profesionales para el futuro. Puede necesitar m\u00e1s educaci\u00f3n, formaci\u00f3n o modificaci\u00f3n del trabajo.\n<\/td>\n<td>\n<\/td>\n<\/tr>\n<tr>\n<td>Seguimiento\n<\/td>\n<td>Pr\u00f3tesis de por vida, evaluaci\u00f3n funcional, m\u00e9dica y apoyo emocional.\n<\/td>\n<td>\n<\/td>\n<\/tr>\n<\/tbody>\n<\/table>\n<p> \n<\/p>\n<p>A lo largo de todas estas fases, se utiliza un plan de tratamiento de rehabilitaci\u00f3n para guiar el cuidado de la persona que ha sufrido una amputaci\u00f3n. El plan de tratamiento se basa en una evaluaci\u00f3n de todas las <a href=\"\/Multidisciplinary_and_Interdisciplinary_Management_of_the_Amputee\" title=\"Manejo multidisciplinario e interdisciplinario del amputado\">especialidades que participan en el proceso de rehabilitaci\u00f3n<\/a> y sirve de gu\u00eda para que todos los miembros del equipo aborden los objetivos relevantes para el paciente y su familia. El nivel de intervenci\u00f3n de rehabilitaci\u00f3n se contempla desde la fecha de ingreso en el hospital y se determina despu\u00e9s de la cirug\u00eda de amputaci\u00f3n y antes del alta hospitalaria. El proceso de rehabilitaci\u00f3n incluye:\n<\/p>\n<ul>\n<li>evaluaci\u00f3n m\u00e9dica continua de las deficiencias;<\/li>\n<li>intervenciones terap\u00e9uticas para tratar las discapacidades o la limitaci\u00f3n de la actividad.<\/li>\n<\/ul>\n<p>A continuaci\u00f3n definimos este proceso de rehabilitaci\u00f3n centrado en el equipo en 8 fases, en m\u00e1s detalle:\n<\/p>\n<table width=\"100%\" cellspacing=\"1\" cellpadding=\"1\" border=\"1\" align=\"center\">\n<tbody>\n<tr>\n<th width=\"5%\" scope=\"col\">\n<\/th>\n<th width=\"15%\" scope=\"col\">El camino del paciente\n<\/th>\n<th width=\"40%\" scope=\"col\">La direcci\u00f3n del equipo\n<\/th>\n<th width=\"40%\" scope=\"col\">Gesti\u00f3n de la fisioterapia\n<\/th>\n<\/tr>\n<tr>\n<td><b>1.<\/b>\n<\/td>\n<td><b>Preoperatorio<\/b>\n<\/td>\n<td>\n<p><b>Evaluaci\u00f3n subjetiva &#8211;<\/b> historia de la afecci\u00f3n actual, historia m\u00e9dica anterior, historia de medicamentos, historia social.\n<\/p>\n<p><b>Evaluaci\u00f3n objetiva &#8211; <\/b><span style=\"line-height: 1.5em; font-size: 13.2799997329712px;\">rango de movimiento (ROM), fuerza muscular, miembro para amputaci\u00f3n, pulsos, integridad de la piel.<\/span>\n<\/p>\n<p>Colaborar en todas las conclusiones para decidir el nivel de amputaci\u00f3n m\u00e1s adecuado para el individuo y, si es probable que se convierta en portador de una pr\u00f3tesis, qu\u00e9 nivel de amputaci\u00f3n ser\u00eda el m\u00e1s apropiado.\n<\/p>\n<\/td>\n<td>\n<p>La atenci\u00f3n se centra en la evaluaci\u00f3n objetiva que analiza el ROM y la potencia muscular. Utilizando los resultados de la evaluaci\u00f3n, el conocimiento de los componentes prot\u00e9sicos y los patrones de la marcha, presentar un nivel de amputaci\u00f3n recomendado cl\u00ednicamente al especialista. Proporcionar al paciente los ejercicios adecuados para ayudar a la movilidad tras la amputaci\u00f3n.\n<\/p>\n<\/td>\n<\/tr>\n<tr>\n<td><b>2.<\/b>\n<\/td>\n<td><b>Cirug\u00eda\/reconstrucci\u00f3n de amputaci\u00f3n<\/b>\n<\/td>\n<td>\n<p>La cirug\u00eda de amputaci\u00f3n y reconstrucci\u00f3n es responsabilidad del cirujano.\n<\/p>\n<\/td>\n<td>\n<\/td>\n<\/tr>\n<tr>\n<td><b>3.<\/b>\n<\/td>\n<td><b>Postoperatorio agudo<\/b>\n<\/td>\n<td>\n<p>Cuidados m\u00e9dicos, cuidados de la herida, planificaci\u00f3n del alta, inmovilizaci\u00f3n r\u00edgida utilizada como el yeso de Par\u00eds aplicado inmediatamente despu\u00e9s de la cirug\u00eda y mantenido durante 5-7 d\u00edas (s\u00f3lo para debajo de la rodilla y debajo del codo).\n<\/p>\n<\/td>\n<td>\n<p>Fisioterapia tor\u00e1cica postoperatoria. Pr\u00e1ctica de transferencias y ejercicios espec\u00edficos para mejorar la fuerza, aumentar la tolerancia al ejercicio, mantener el ROM.\n<\/p>\n<\/td>\n<\/tr>\n<tr>\n<td><b>4. <\/b>\n<\/td>\n<td><b>Rehabilitaci\u00f3n preprot\u00e9sica<\/b>\n<\/td>\n<td>\n<p>Seguimiento de la evoluci\u00f3n del paciente, asesoramiento si fuera necesario, objetivos del paciente, decisi\u00f3n sobre la prescripci\u00f3n prot\u00e9sica con todo el equipo y toda la informaci\u00f3n adecuada (incluida la forma en que el paciente se ha desenvuelto con las ayudas tempranas para caminar y los objetivos del paciente).\n<\/p>\n<\/td>\n<td>\n<p>Las ayudas tempranas a la marcha (EWA, por sus siglas en ingl\u00e9s) pueden servir para decidir la idoneidad de un paciente para una pr\u00f3tesis.\n<\/p>\n<p>Terapia de ejercicios para preparar la extremidad para una pr\u00f3tesis.\n<\/p>\n<p>Coordinaci\u00f3n con todo el equipo en cuanto a la atenci\u00f3n previa a la amputaci\u00f3n.\n<\/p>\n<\/td>\n<\/tr>\n<tr>\n<td><b>5.<\/b>\n<\/td>\n<td><b>Prescripci\u00f3n de pr\u00f3tesis<\/b>\n<\/td>\n<td>\n<p><b>Enyesado y medici\u00f3n<\/b> &#8211; los prot\u00e9sicos moldean y miden el mu\u00f1\u00f3n de un paciente.\n<\/p>\n<p><b>Adaptaci\u00f3n de la pr\u00f3tesis<\/b> &#8211;  los prot\u00e9sicos adaptan la pr\u00f3tesis primaria al paciente, asegur\u00e1ndose de que la alineaci\u00f3n y la longitud son correctas al estar de pie y al caminar.\n<\/p>\n<\/td>\n<td>\n<p>Es posible que el fisioterapeuta tenga que asistir a la cita para la escayola, a fin de garantizar una alineaci\u00f3n neutra de la pelvis.\n<\/p>\n<p>La fisioterapia interviene en la orientaci\u00f3n sobre la movilidad, el equilibrio est\u00e1tico y la carga.\n<\/p>\n<p> \n<\/p>\n<\/td>\n<\/tr>\n<tr>\n<td><b>6.<\/b>\n<\/td>\n<td><b>Entrenamiento prot\u00e9sico<\/b>\n<\/td>\n<td>\n<p>Los prot\u00e9sicos ayudar\u00e1n a resolver los problemas y a adaptar las pr\u00f3tesis seg\u00fan sea necesario.\n<\/p>\n<\/td>\n<td>\n<p>El fisioterapeuta asume un papel principal en esta fase. Empezando por educar al paciente sobre c\u00f3mo ponerse y quitarse la pr\u00f3tesis, la integridad de la piel y las zonas que soportan peso en su mu\u00f1\u00f3n.<br \/> \n<\/p>\n<p>A continuaci\u00f3n, se puede iniciar un programa de rehabilitaci\u00f3n de la marcha.\n<\/p>\n<\/td>\n<\/tr>\n<tr>\n<td><b>7<\/b>\n<\/td>\n<td><b>Gesti\u00f3n del alta<\/b>\n<\/td>\n<td>\n<p>Los terapeutas ocupacionales asumen un papel importante en esta fase, para ayudar a la reanudaci\u00f3n de las funciones en las actividades familiares, recreativas y comunitarias.<br \/> \n<\/p>\n<p>Tambi\u00e9n ayudar\u00e1n a la rehabilitaci\u00f3n profesional evaluando y planificando actividades profesionales para el futuro. Puede necesitar m\u00e1s educaci\u00f3n, formaci\u00f3n o modificaci\u00f3n del trabajo.<br \/> \n<\/p>\n<p>Los psic\u00f3logos se ocupar\u00e1n del equilibrio emocional y de las estrategias de afrontamiento saludables.\n<\/p>\n<p> \n<\/p>\n<\/td>\n<td>\n<p>El fisioterapeuta debe asegurarse de que incluyan educaci\u00f3n para el control continuo, estrategias de afrontamiento y entrenamiento para reanudar las actividades funcionales.\n<\/p>\n<\/td>\n<\/tr>\n<tr>\n<td><b>8.<\/b>\n<\/td>\n<td><b>Seguimiento<\/b>\n<\/td>\n<td>\n<p>El paciente ser\u00e1 evaluado regularmente por el especialista, el fisioterapeuta y el equipo prot\u00e9sico.\n<\/p>\n<p>Se eval\u00faa si el individuo sigue siendo apto para el uso de pr\u00f3tesis, si la prescripci\u00f3n prot\u00e9sica sigue siendo la opci\u00f3n m\u00e1s adecuada para el paciente y se realizan los cambios necesarios en la pr\u00f3tesis a medida que el paciente cambia.\n<\/p>\n<\/td>\n<td>\n<p>El especialista y\/o el prot\u00e9sico pueden solicitar la intervenci\u00f3n de la fisioterapia. Por ejemplo, si el paciente tiene un cambio de prescripci\u00f3n, sus objetivos han cambiado, su movilidad ha disminuido\/aumentado. Es posible que el fisioterapeuta tenga que volver a iniciar un programa de rehabilitaci\u00f3n de la marcha con el paciente o que s\u00f3lo necesite asesoramiento.\n<\/p>\n<\/td>\n<\/tr>\n<\/tbody>\n<\/table>\n<h2><span class=\"mw-headline\" id=\"Resources\">Recursos<\/span><span class=\"mw-editsection\"><span class=\"mw-editsection-bracket\">(<\/span><a href=\"\/index.php?title=Amputee_Rehabilitation&amp;veaction=edit&amp;section=3\" class=\"mw-editsection-visualeditor\" title=\"Edit section: Resources\">edit<\/a><span class=\"mw-editsection-divider\"> | <\/span><a href=\"\/index.php?title=Amputee_Rehabilitation&amp;action=edit&amp;section=3\" title=\"Edit section: Resources\">edit source<\/a><span class=\"mw-editsection-bracket\">)<\/span><\/span><\/h2>\n<p><a rel=\"nofollow\" class=\"external text\" href=\"http:\/\/www.archives-pmr.org\/article\/S0003-9993(96)90239-7\/pdf\">Rehabilitation in limb deficiency. 4. Limb amputation<\/a>, Alberto Esquenazi and Robert H. Meier III, MD, 1996\n<\/p>\n<h2><span class=\"mw-headline\" id=\"References\">Referencias<\/span><span class=\"mw-editsection\"><span class=\"mw-editsection-bracket\">(<\/span><a href=\"\/index.php?title=Amputee_Rehabilitation&amp;veaction=edit&amp;section=4\" class=\"mw-editsection-visualeditor\" title=\"Edit section: References\">edit<\/a><span class=\"mw-editsection-divider\"> | <\/span><a href=\"\/index.php?title=Amputee_Rehabilitation&amp;action=edit&amp;section=4\" title=\"Edit section: References\">edit source<\/a><span class=\"mw-editsection-bracket\">)<\/span><\/span><\/h2>\n<div class=\"mw-references-wrap\">\n<ol class=\"references\">\n<li id=\"cite_note-dillingham-1\"><span class=\"mw-cite-backlink\"><a href=\"#cite_ref-dillingham_1-0\">\u2191<\/a><\/span> <span class=\"reference-text\">Dillingham TR, Pezzin LE. <a rel=\"nofollow\" class=\"external text\" href=\"https:\/\/www.sciencedirect.com\/science\/article\/pii\/S0003999308002049\">Rehabilitation setting and associated mortality and medical stability among persons with amputations.<\/a> Archives of physical medicine and rehabilitation. 2008 Jun 1;89(6):1038-45.<\/span>\n<\/li>\n<li id=\"cite_note-who-2\"><span class=\"mw-cite-backlink\"><a href=\"#cite_ref-who_2-0\">\u2191<\/a><\/span> <span class=\"reference-text\">World Health Organisation (WHO). <a rel=\"nofollow\" class=\"external text\" href=\"http:\/\/www.who.int\/classifications\/icf\/en\/\">International classification of functioning disability and health (ICF)<\/a>. World Health Organisation 2001. Geneva.<\/span>\n<\/li>\n<li id=\"cite_note-lusardi-3\"><span class=\"mw-cite-backlink\"><a href=\"#cite_ref-lusardi_3-0\">\u2191<\/a><\/span> <span class=\"reference-text\">Lusardi MM, Postoperative and preprosthetic care. In Lusardi, MM, Jorge, M Nielsen, CC editors. <a rel=\"nofollow\" class=\"external text\" href=\"http:\/\/www.elsevierhealth.co.uk\/physiotherapy\/orthotics-and-prosthetics-in-rehabilitation-hardcover\/9781437719369\/\">Orthotics and Prosthetics in Rehabilitation<\/a>, Third Edition. Missouri: Elsevier, 2013.p. 532-594.<\/span>\n<\/li>\n<li id=\"cite_note-kaplan-4\"><span class=\"mw-cite-backlink\"><a href=\"#cite_ref-kaplan_4-0\">\u2191<\/a><\/span> <span class=\"reference-text\">Kaplan SL, Outcome measurement and management: First steps for the practicing clinician. Philadelphia, FA Davis Company, 2007.<\/span>\n<\/li>\n<li id=\"cite_note-esq-5\"><span class=\"mw-cite-backlink\">\u2191 <sup><a href=\"#cite_ref-esq_5-0\">5.0<\/a><\/sup> <sup><a href=\"#cite_ref-esq_5-1\">5.1<\/a><\/sup><\/span> <span class=\"reference-text\">Esquenazi A. <a rel=\"nofollow\" class=\"external text\" href=\"http:\/\/www.ncbi.nlm.nih.gov\/pubmed\/15497912\">Amputation rehabilitation and prosthetic restoration: from surgery to community reintegration<\/a>. Disability and Rehabilitation, 2004; 26,(14\/15); 831\u20136.<\/span>\n<\/li>\n<li id=\"cite_note-6\"><span class=\"mw-cite-backlink\"><a href=\"#cite_ref-6\">\u2191<\/a><\/span> <span class=\"reference-text\">Devinuwara K, Dworak-Kula A, O&#8217;Connor RJ. <a rel=\"nofollow\" class=\"external text\" href=\"https:\/\/www.sciencedirect.com\/science\/article\/pii\/S1877132718300721\">Rehabilitation and prosthetics post-amputation.<\/a> Orthopaedics and Trauma. 2018 Aug 1;32(4):234-40.<\/span>\n<\/li>\n<li id=\"cite_note-7\"><span class=\"mw-cite-backlink\"><a href=\"#cite_ref-7\">\u2191<\/a><\/span> <span class=\"reference-text\">Esquenazi A, Meier RH. <a rel=\"nofollow\" class=\"external text\" href=\"http:\/\/www.ncbi.nlm.nih.gov\/pubmed\/8599542\">Rehabilitation in limb deficiency<\/a>. 4. Limb amputation. Arch Phys Med Rehabil. 1996 Mar;77(3 Suppl):S18-28.<\/span>\n<\/li>\n<\/ol>\n<\/div>\n<p><!-- NewPP limit report Cached time: 20220628163552 Cache expiry: 0 Dynamic content: true Complications: () CPU time usage: 0.099 seconds Real time usage: 0.132 seconds Preprocessor visited node count: 106\/1000000 Post\u2010expand include size: 48\/2097152 bytes Template argument size: 0\/2097152 bytes Highest expansion depth: 3\/40 Expensive parser function count: 0\/100 Unstrip recursion depth: 0\/20 Unstrip post\u2010expand size: 5229\/5000000 bytes --><br \/>\n<!-- Transclusion expansion time report (%,ms,calls,template) 100.00% 64.541 1 Special:Contributors\/Amputee_Rehabilitation 100.00% 64.541 1 -total -->\n<\/div>\n","protected":false},"excerpt":{"rendered":"<p>Editor original &#8211; Liezel Wegner y Caroline Cater como parte del World Physiotherapy Network for Amputee Rehabilitation Project Principales colaboradores &#8211; Admin, Sheik Abdul Khadir, Kim Jackson, Chrysolite Jyothi Kommu, Tony Lowe, Aminat Abolade, Simisola Ajeyalemi, Karen Wilson, Shaimaa Eldib, Olajumoke Ogunleye , Oyemi Sillo, Naomi O&#8217;Reilly, Richard Benes y Tarina van der Stockt Contenidos [&hellip;]<\/p>\n","protected":false},"author":1,"featured_media":0,"parent":0,"menu_order":0,"comment_status":"closed","ping_status":"closed","template":"","meta":{"_acf_changed":false,"footnotes":""},"class_list":["post-1594","page","type-page","status-publish","hentry"],"acf":[],"_links":{"self":[{"href":"https:\/\/langs.physio-pedia.com\/es\/wp-json\/wp\/v2\/pages\/1594","targetHints":{"allow":["GET"]}}],"collection":[{"href":"https:\/\/langs.physio-pedia.com\/es\/wp-json\/wp\/v2\/pages"}],"about":[{"href":"https:\/\/langs.physio-pedia.com\/es\/wp-json\/wp\/v2\/types\/page"}],"author":[{"embeddable":true,"href":"https:\/\/langs.physio-pedia.com\/es\/wp-json\/wp\/v2\/users\/1"}],"replies":[{"embeddable":true,"href":"https:\/\/langs.physio-pedia.com\/es\/wp-json\/wp\/v2\/comments?post=1594"}],"version-history":[{"count":5,"href":"https:\/\/langs.physio-pedia.com\/es\/wp-json\/wp\/v2\/pages\/1594\/revisions"}],"predecessor-version":[{"id":1844,"href":"https:\/\/langs.physio-pedia.com\/es\/wp-json\/wp\/v2\/pages\/1594\/revisions\/1844"}],"wp:attachment":[{"href":"https:\/\/langs.physio-pedia.com\/es\/wp-json\/wp\/v2\/media?parent=1594"}],"curies":[{"name":"wp","href":"https:\/\/api.w.org\/{rel}","templated":true}]}}