{"id":1065,"date":"2022-06-15T09:23:15","date_gmt":"2022-06-15T09:23:15","guid":{"rendered":"https:\/\/langs.physio-pedia.com\/global-disability-context-and-wheelchair-mobility-es\/"},"modified":"2022-07-11T16:06:13","modified_gmt":"2022-07-11T16:06:13","slug":"global-disability-context-and-wheelchair-mobility-es","status":"publish","type":"page","link":"https:\/\/langs.physio-pedia.com\/es\/global-disability-context-and-wheelchair-mobility-es\/","title":{"rendered":"Contexto global de la discapacidad y movilidad en silla de ruedas"},"content":{"rendered":"<div class=\"mw-parser-output\">\n<div class=\"editorbox\">\n<p><b>Editor original <\/b>&#8211; <a title=\"User:Naomi O'Reilly\" href=\"\/User:Naomi_O%27Reilly\">Naomi O&#8217;Reilly<\/a> como parte de <a title=\"Wheelchair Service Provision Content Development Project\" href=\"\/Wheelchair_Service_Provision_Content_Development_Project\">Wheelchair Service Provision Content Development Project<\/a><\/p>\n<p><b>Colaboradores principales<\/b> &#8211; <a class=\"mw-userlink\" title=\"User:Naomi O'Reilly\" href=\"\/User:Naomi_O%27Reilly\"><bdi>Naomi O&#8217;Reilly<\/bdi><\/a>, <a class=\"mw-userlink\" title=\"User:Kim Jackson\" href=\"\/User:Kim_Jackson\"><bdi>Kim Jackson<\/bdi><\/a> y <a class=\"mw-userlink\" title=\"User:Simisola Ajeyalemi\" href=\"\/User:Simisola_Ajeyalemi\"><bdi>Simisola Ajeyalemi<\/bdi><\/a><\/p>\n<\/div>\n<div id=\"toc\" class=\"toc\" role=\"navigation\" aria-labelledby=\"mw-toc-heading\"><input id=\"toctogglecheckbox\" class=\"toctogglecheckbox\" style=\"display: none;\" role=\"button\" type=\"checkbox\"><\/p>\n<div class=\"toctitle\" dir=\"ltr\" lang=\"en\">\n<h2 id=\"mw-toc-heading\">Contenidos<\/h2>\n<\/div>\n<ul>\n<li class=\"toclevel-1 tocsection-1\"><a href=\"#Introduction\"><span class=\"tocnumber\">1<\/span> <span class=\"toctext\">Introducci\u00f3n<\/span><\/a><\/li>\n<li class=\"toclevel-1 tocsection-2\"><a href=\"#United_Nations_Convention_on_the_Rights_of_Persons_with_Disabilities\"><span class=\"tocnumber\">2<\/span> <span class=\"toctext\">Convenci\u00f3n Internacional sobre los Derechos de las Personas con Discapacidad<\/span><\/a><\/li>\n<li class=\"toclevel-1 tocsection-3\"><a href=\"#World_Report_on_Disability\"><span class=\"tocnumber\">3<\/span> <span class=\"toctext\">Informe mundial sobre la discapacidad<\/span><\/a><\/li>\n<li class=\"toclevel-1 tocsection-4\"><a href=\"#Global_Disability_Action_Plan_2014_-_2021\"><span class=\"tocnumber\">4<\/span> <span class=\"toctext\">Plan de acci\u00f3n mundial sobre la discapacidad 2014-2021<\/span><\/a><\/li>\n<li class=\"toclevel-1 tocsection-5\"><a href=\"#Rights_to_a_Wheelchair\"><span class=\"tocnumber\">5<\/span> <span class=\"toctext\">Derecho a una silla de ruedas<\/span><\/a><\/li>\n<li class=\"toclevel-1 tocsection-6\"><a href=\"#Summary\"><span class=\"tocnumber\">6<\/span> <span class=\"toctext\">Resumen<\/span><\/a><\/li>\n<li class=\"toclevel-1 tocsection-7\"><a href=\"#References\"><span class=\"tocnumber\">7<\/span> <span class=\"toctext\">Referencias<\/span><\/a><\/li>\n<\/ul>\n<\/div>\n<h2><span id=\"Introduction\" class=\"mw-headline\">Introducci\u00f3n<\/span><span class=\"mw-editsection\"><span class=\"mw-editsection-bracket\">(<\/span><a class=\"mw-editsection-visualeditor\" title=\"Edit section: Introduction\" href=\"\/index.php?title=Global_Disability_Context_and_Wheelchair_Mobility&amp;veaction=edit&amp;section=1\">edit<\/a><span class=\"mw-editsection-divider\"> | <\/span><a title=\"Edit section: Introduction\" href=\"\/index.php?title=Global_Disability_Context_and_Wheelchair_Mobility&amp;action=edit&amp;section=1\">edit source<\/a><span class=\"mw-editsection-bracket\">)<\/span><\/span><\/h2>\n<p>Se calcula que m\u00e1s de mil millones de personas en el mundo viven hoy con alguna forma de discapacidad, lo que corresponde a cerca del 15% de la poblaci\u00f3n mundial o a una de cada siete personas. Entre 110 millones (2,2%) y 190 millones (3,8%) de personas que tienen 15 a\u00f1os o m\u00e1s presentan dificultades significativas de funcionamiento, mientras que unos 93 millones de ni\u00f1os, o uno de cada 20 de los menores de 15 a\u00f1os, viven con una discapacidad moderada o grave. Adem\u00e1s, las tasas de discapacidad est\u00e1n aumentando en parte debido al envejecimiento de la poblaci\u00f3n y al aumento de las enfermedades cr\u00f3nicas, mientras que los patrones nacionales de discapacidad est\u00e1n influidos por las tendencias de las enfermedades y los factores ambientales y de otro tipo, como los accidentes de tr\u00e1fico, ca\u00eddas, violencia, emergencias humanitarias, incluidos los desastres naturales y los conflictos, una dieta poco saludable y el abuso de sustancias. Las mujeres, las personas mayores y los pobres se ven afectados de forma desproporcionada por la discapacidad, y los ni\u00f1os de los hogares m\u00e1s pobres. Las poblaciones ind\u00edgenas y los miembros de grupos \u00e9tnicos minoritarios tambi\u00e9n corren un riesgo significativamente mayor de sufrir una discapacidad. La prevalencia de la discapacidad es tambi\u00e9n mayor en los pa\u00edses de renta baja que en los de renta alta. Se calcula que el 80% de las personas con discapacidad viven en pa\u00edses en desarrollo o de bajos recursos. La discapacidad es extremadamente diversa. Mientras que algunas afecciones asociadas a la discapacidad dan lugar a una mala salud y a grandes necesidades de atenci\u00f3n sanitaria, otras no lo hacen. <sup id=\"cite_ref-:1_1-0\" class=\"reference\"><a href=\"#cite_note-:1-1\">(1)<\/a><\/sup><\/p>\n<p>La discapacidad se ha destacado como una cuesti\u00f3n de derechos humanos en un amplio abanico de documentos internacionales, como el Programa de Acci\u00f3n Mundial para las Personas con Discapacidad (1982), la Convenci\u00f3n sobre los Derechos del Ni\u00f1o (1989) y las Normas Uniformes sobre la Igualdad de Oportunidades para las Personas con Discapacidad (1993) y, m\u00e1s recientemente, la Convenci\u00f3n Internacional sobre los Derechos de las Personas con Discapacidad de las Naciones Unidas (2006), que es, hasta la fecha, el reconocimiento m\u00e1s amplio de los derechos humanos de las personas con discapacidad y que describe sus derechos civiles, culturales, pol\u00edticos, sociales y econ\u00f3micos. <sup id=\"cite_ref-:2_2-0\" class=\"reference\"><a href=\"#cite_note-:2-2\">(2)<\/a><\/sup><\/p>\n<h2><span id=\"United_Nations_Convention_on_the_Rights_of_Persons_with_Disabilities\" class=\"mw-headline\">Convenci\u00f3n Internacional sobre los Derechos de las Personas con Discapacidad de las Naciones Unidas<\/span><span class=\"mw-editsection\"><span class=\"mw-editsection-bracket\">(<\/span> <a class=\"mw-editsection-visualeditor\" title=\"Edit section: United Nations Convention on the Rights of Persons with Disabilities\" href=\"\/index.php?title=Global_Disability_Context_and_Wheelchair_Mobility&amp;veaction=edit&amp;section=2\">edit<\/a> <span class=\"mw-editsection-divider\"> | <\/span> <a title=\"Edit section: United Nations Convention on the Rights of Persons with Disabilities\" href=\"\/index.php?title=Global_Disability_Context_and_Wheelchair_Mobility&amp;action=edit&amp;section=2\">edit source<\/a> <span class=\"mw-editsection-bracket\">)<\/span><\/span><\/h2>\n<p>El 13 de diciembre de 2006 se adopt\u00f3 la <i><a title=\"Convention on the Rights of Persons with Disabilities\" href=\"\/Convention_on_the_Rights_of_Persons_with_Disabilities\">Convenci\u00f3n Internacional sobre los Derechos de las Personas con Discapacidad <\/a><\/i><a title=\"Convention on the Rights of Persons with Disabilities\" href=\"\/Convention_on_the_Rights_of_Persons_with_Disabilities\">(CDPD)<\/a> y su Protocolo Facultativo (A\/RES\/61\/106) en la sede de las Naciones Unidas en Nueva York, abri\u00e9ndose a la firma el 30 de marzo de 2007 y entrando finalmente en vigor el 3 de mayo de 2008, convirti\u00e9ndose en derecho internacional. Aunque hay derechos humanos b\u00e1sicos que se aplican a todo el mundo, la CDPD se centra en garantizar que todo el mundo reconozca que estos derechos tambi\u00e9n se aplican a las personas con discapacidad.<sup id=\"cite_ref-:0_3-0\" class=\"reference\"><a href=\"#cite_note-:0-3\">(3)<\/a><\/sup> Concebida como un instrumento de derechos humanos con una dimensi\u00f3n expl\u00edcita de desarrollo social, la CDPD \u00abadopta una amplia categorizaci\u00f3n de las personas con discapacidad y reafirma que todas las personas con todo tipo de discapacidad deben disfrutar de todos los derechos humanos y libertades fundamentales, aclarando c\u00f3mo se aplican todas las categor\u00edas de derechos a las personas con discapacidad, e identifica las \u00e1reas en las que hay que hacer adaptaciones para que las personas con discapacidad puedan ejercer efectivamente sus derechos y las \u00e1reas en las que se han violado sus derechos, y en las que hay que reforzar la protecci\u00f3n de los mismos\u00bb. Su objetivo general es \u00abpromover, proteger y asegurar el disfrute pleno y en igualdad de condiciones de todos los derechos humanos y libertades fundamentales por parte de las personas con discapacidad, y promover el respeto a su dignidad inherente\u00bb.<sup id=\"cite_ref-:0_3-1\" class=\"reference\"><a href=\"#cite_note-:0-3\">(3)<\/a><\/sup><sup id=\"cite_ref-:3_4-0\" class=\"reference\"><a href=\"#cite_note-:3-4\">(4)<\/a><\/sup><\/p>\n<p>Tras la entrada en vigor de la CDPD, la discapacidad ha sido reconocida cada vez m\u00e1s como una cuesti\u00f3n de derechos humanos y de desarrollo, y cada vez hay m\u00e1s pruebas que ponen de manifiesto que las personas con discapacidad experimentan peores resultados socioecon\u00f3micos y pobreza que las personas sin discapacidad. La CDPD hace avanzar la reforma de la discapacidad desde el punto de vista jur\u00eddico mediante la participaci\u00f3n directa de las personas con discapacidad a trav\u00e9s del uso de un marco de derechos humanos. Su mensaje central es que las personas con discapacidad no deben ser consideradas \u00abobjetos\u00bb que hay que gestionar, sino \u00absujetos\u00bb que merecen el mismo respeto y el disfrute de los derechos humanos.<\/p>\n<p>A pesar de este reconocimiento, la informaci\u00f3n cient\u00edfica y la concienciaci\u00f3n mundial sobre la discapacidad siguieron siendo limitadas, sin acuerdo sobre las definiciones relativas a la discapacidad y con poca informaci\u00f3n comparable a nivel internacional sobre la incidencia, distribuci\u00f3n y tendencias de la discapacidad; aunque s\u00ed unos pocos documentos que describen c\u00f3mo los distintos pa\u00edses han respondido y desarrollado pol\u00edticas en relaci\u00f3n con las personas con discapacidad. En respuesta a esta situaci\u00f3n, la Asamblea Mundial de la Salud (resoluci\u00f3n 58.23 sobre \u00abLa discapacidad, incluidas la prevenci\u00f3n, la gesti\u00f3n y la rehabilitaci\u00f3n\u00bb) solicit\u00f3 la elaboraci\u00f3n de un Informe mundial sobre la discapacidad basado en las mejores pruebas cient\u00edficas disponibles, que fue elaborado por la Organizaci\u00f3n Mundial de la Salud (OMS) en colaboraci\u00f3n con el Banco Mundial, ya que la experiencia anterior ha demostrado el beneficio de la colaboraci\u00f3n entre organismos para aumentar la concienciaci\u00f3n, voluntad pol\u00edtica y acci\u00f3n en todos los sectores.<\/p>\n<p>Para conocer m\u00e1s detalles sobre la <i>Convenci\u00f3n Internacional sobre los Derechos de las Personas con Discapacidad de las Naciones Unidas (CDPD)<\/i><a title=\"Convention on the Rights of Persons with Disabilities\" href=\"\/Convention_on_the_Rights_of_Persons_with_Disabilities\">haz clic aqu\u00ed<\/a> o para acceder a la Convenci\u00f3n Internacional sobre los Derechos de las Personas con Discapacidad en su totalidad, <a class=\"external text\" href=\"http:\/\/www.un.org\/disabilities\/documents\/convention\/convention_accessible_pdf.pdf\" rel=\"nofollow\">haz clic aqu\u00ed<\/a>.<\/p>\n<h2><span id=\"World_Report_on_Disability\" class=\"mw-headline\">Informe mundial sobre la discapacidad<\/span><span class=\"mw-editsection\"><span class=\"mw-editsection-bracket\">(<\/span> <a class=\"mw-editsection-visualeditor\" title=\"Edit section: World Report on Disability\" href=\"\/index.php?title=Global_Disability_Context_and_Wheelchair_Mobility&amp;veaction=edit&amp;section=3\">edit<\/a> <span class=\"mw-editsection-divider\"> | <\/span> <a title=\"Edit section: World Report on Disability\" href=\"\/index.php?title=Global_Disability_Context_and_Wheelchair_Mobility&amp;action=edit&amp;section=3\">edit source<\/a> <span class=\"mw-editsection-bracket\">)<\/span><\/span><\/h2>\n<p>El Informe mundial sobre la discapacidad, dirigido a los responsables pol\u00edticos, profesionales, investigadores, acad\u00e9micos, organismos de desarrollo y sociedad civil, publicado en 2011 por la Organizaci\u00f3n Mundial de la Salud y el Banco Mundial, reuni\u00f3 una amplia cantidad de pruebas de que, en todo el mundo, las personas con discapacidad tienen peor acceso a la atenci\u00f3n sanitaria y peores resultados en materia de salud que las personas sin discapacidad, y estas disparidades son m\u00e1s frecuentes en los contextos de renta baja, en los que se encuentra la mayor\u00eda de las personas del mundo. Las disparidades se refieren a casi todos los aspectos de la salud y la asistencia sanitaria, y ponen de manifiesto que la discapacidad puede conducir a un nivel de vida m\u00e1s bajo y a la pobreza, por la falta de acceso a la educaci\u00f3n y al empleo, y por el aumento de los gastos relacionados con la discapacidad, que se debe en gran medida a las barreras a las que se enfrentan en su vida cotidiana, m\u00e1s que a su discapacidad. <sup id=\"cite_ref-:2_2-1\" class=\"reference\"><a href=\"#cite_note-:2-2\">(2)<\/a><\/sup><\/p>\n<div class=\"thumb tright\">\n<div class=\"thumbinner\" style=\"width: 402px;\"><a class=\"image\" href=\"\/File:ICF_New_Emphasis_on_Environmental_Factors.jpg\"><img loading=\"lazy\" decoding=\"async\" class=\"thumbimage\" src=\"https:\/\/www.physio-pedia.com\/images\/thumb\/7\/7e\/ICF_New_Emphasis_on_Environmental_Factors.jpg\/400px-ICF_New_Emphasis_on_Environmental_Factors.jpg\" srcset=\"https:\/\/www.physio-pedia.com\/images\/thumb\/7\/7e\/ICF_New_Emphasis_on_Environmental_Factors.jpg\/599px-ICF_New_Emphasis_on_Environmental_Factors.jpg 1.5x, https:\/\/www.physio-pedia.com\/images\/thumb\/7\/7e\/ICF_New_Emphasis_on_Environmental_Factors.jpg\/799px-ICF_New_Emphasis_on_Environmental_Factors.jpg 2x\" alt=\"\" width=\"400\" height=\"548\"><\/a><\/p>\n<div class=\"thumbcaption\">\n<div class=\"magnify\"><\/div>\n<p>Clasificaci\u00f3n Internacional del Funcionamiento, de la Discapacidad y de la Salud <sup id=\"cite_ref-5\" class=\"reference\"><a href=\"#cite_note-5\">(5)<\/a><\/sup><\/p>\n<\/div>\n<\/div>\n<\/div>\n<p>La <a title=\"Clasificaci\u00f3n Internacional del Funcionamiento, de la Discapacidad y de la Salud (CIF)\" href=\"\/International_Classification_of_Functioning,_Disability_and_Health_(ICF)\">Clasificaci\u00f3n Internacional del Funcionamiento, de la Discapacidad y de la Salud (CIF)<\/a> adoptada como marco conceptual para este Informe mundial sobre la discapacidad, entiende el funcionamiento y la discapacidad como una interacci\u00f3n din\u00e1mica entre las afecciones de salud y los factores contextuales, tanto personales como ambientales (v\u00e9ase el recuadro 1.1) y proporciona un lenguaje y un marco comunes para describir el nivel de funcionamiento de una persona dentro de su entorno \u00fanico. Promovido como modelo biopsicosocial de la discapacidad, representa un compromiso entre los modelos m\u00e9dico y social. La discapacidad es el t\u00e9rmino que engloba las deficiencias, las limitaciones de la actividad y las restricciones de la participaci\u00f3n, y se refiere a los aspectos negativos de la interacci\u00f3n entre la persona (con un problema de salud) y los factores contextuales de esa persona (factores ambientales y personales). <sup id=\"cite_ref-6\" class=\"reference\"><a href=\"#cite_note-6\">(6)<\/a><\/sup><sup id=\"cite_ref-7\" class=\"reference\"><a href=\"#cite_note-7\">(7)<\/a><\/sup><sup id=\"cite_ref-8\" class=\"reference\"><a href=\"#cite_note-8\">(8)<\/a><\/sup><\/p>\n<p>Los objetivos generales del Informe eran:<\/p>\n<ul>\n<li>Proporcionar a los gobiernos y a la sociedad civil una descripci\u00f3n completa de la importancia de la discapacidad y un an\u00e1lisis de las respuestas ofrecidas, basado en la mejor informaci\u00f3n cient\u00edfica disponible.<\/li>\n<li>A partir de este an\u00e1lisis, hacer recomendaciones de actuaci\u00f3n a nivel nacional e internacional.<\/li>\n<\/ul>\n<p>El Informe se centr\u00f3 en las medidas para mejorar la accesibilidad e igualdad de oportunidades, promoviendo la participaci\u00f3n y la inclusi\u00f3n, y aumentando el respeto por la autonom\u00eda y la dignidad de las personas con discapacidad. <sup id=\"cite_ref-:2_2-2\" class=\"reference\"><a href=\"#cite_note-:2-2\">(2)<\/a><\/sup><sup id=\"cite_ref-9\" class=\"reference\"><a href=\"#cite_note-9\">(9)<\/a><\/sup><\/p>\n<p>Para muchas personas con discapacidad existen barreras generalizadas en el acceso a los servicios, como los de asistencia sanitaria (incluida la atenci\u00f3n m\u00e9dica, terapia y tecnolog\u00edas de asistencia), educaci\u00f3n, empleo y servicios sociales, incluyendo la vivienda y el transporte. En muchos casos, el origen de estas barreras est\u00e1 relacionado con una legislaci\u00f3n, pol\u00edticas y estrategias inadecuadas; falta de prestaci\u00f3n de servicios; problemas con la prestaci\u00f3n de servicios; falta de concienciaci\u00f3n y comprensi\u00f3n en materia de discapacidad; actitudes negativas y discriminaci\u00f3n; falta de accesibilidad; financiaci\u00f3n inadecuada; y falta de participaci\u00f3n en las decisiones que afectan directamente a sus vidas. <sup id=\"cite_ref-:2_2-3\" class=\"reference\"><a href=\"#cite_note-:2-2\">(2)<\/a><\/sup><\/p>\n<p>Tambi\u00e9n existen barreras espec\u00edficas en relaci\u00f3n con la capacidad de las personas con discapacidad para expresar sus opiniones y buscar, recibir y difundir informaci\u00f3n e ideas en igualdad de condiciones con los dem\u00e1s y a trav\u00e9s de los medios de comunicaci\u00f3n que elijan, lo que en general contribuye a las desventajas que sufren las personas con discapacidad. Pero muchas de las barreras a las que se enfrentan son evitables y las desventajas asociadas a la discapacidad pueden superarse. El Informe mundial sobre la discapacidad esboza las siguientes recomendaciones transversales, vinculadas a acciones de implementaci\u00f3n detalladas, en las que se sugieren medidas para que todas las partes interesadas, incluidos los gobiernos, organizaciones de la sociedad civil y organizaciones de personas discapacitadas, creen entornos propicios, desarrollen servicios de rehabilitaci\u00f3n y apoyo, garanticen una protecci\u00f3n social adecuada, creen pol\u00edticas y programas inclusivos y apliquen los est\u00e1ndares y la legislaci\u00f3n nuevos y existentes, en beneficio de las personas con discapacidad y de la comunidad en general, con las personas con discapacidad como actores centrales de estos esfuerzos <sup id=\"cite_ref-:2_2-4\" class=\"reference\"><a href=\"#cite_note-:2-2\">(2)<\/a><\/sup><\/p>\n<p>Recomendaciones:<\/p>\n<ol>\n<li>Permitir el acceso a todos los sistemas y servicios principales.<\/li>\n<li>Invertir en programas y servicios espec\u00edficos para personas con discapacidad.<\/li>\n<li>Adoptar una estrategia y un plan de acci\u00f3n nacionales en materia de discapacidad.<\/li>\n<li>Implicar a las personas con discapacidad.<\/li>\n<li>Mejorar la capacidad de los recursos humanos.<\/li>\n<li>Proporcionar una financiaci\u00f3n adecuada y mejorar la asequibilidad.<\/li>\n<li>Aumentar la concienciaci\u00f3n y la comprensi\u00f3n de la poblaci\u00f3n.<\/li>\n<li>Mejorar la recogida de datos sobre discapacidad.<\/li>\n<li>Reforzar y apoyar la investigaci\u00f3n sobre la discapacidad <sup id=\"cite_ref-:2_2-5\" class=\"reference\"><a href=\"#cite_note-:2-2\">(2)<\/a><\/sup><\/li>\n<\/ol>\n<p>Para leer un resumen del Informe mundial sobre la discapacidad <a class=\"external text\" href=\"http:\/\/apps.who.int\/iris\/bitstream\/handle\/10665\/70670\/WHO_NMH_VIP_11.01_eng.pdf?sequence=1\" rel=\"nofollow\">phaz clic aqu\u00ed<\/a> o para acceder al Informe mundial sobre la discapacidad en su totalidad, <a class=\"external text\" href=\"http:\/\/www.who.int\/disabilities\/world_report\/2011\/report.pdf?ua=1\" rel=\"nofollow\">haz clic aqu\u00ed<\/a>.<\/p>\n<p>Para leer m\u00e1s detalles sobre la Clasificaci\u00f3n Internacional del Funcionamiento, de la Discapacidad y de la Salud, <a class=\"external text\" href=\"https:\/\/www.physio-pedia.com\/International_Classification_of_Functioning,_Disability_and_Health_(ICF)\" rel=\"nofollow\">haz clic aqu\u00ed<\/a> o para acceder a la Clasificaci\u00f3n Internacional del Funcionamiento, de la Discapacidad y de la Salud en su totalidad, <a class=\"external text\" href=\"http:\/\/www.who.int\/classifications\/icf\/en\/\" rel=\"nofollow\">haz clic aqu\u00ed<\/a>.<\/p>\n<h2><span id=\"Global_Disability_Action_Plan_2014_-_2021\" class=\"mw-headline\">Plan de acci\u00f3n mundial sobre la discapacidad 2014 &#8211; 2021<\/span><span class=\"mw-editsection\"><span class=\"mw-editsection-bracket\">(<\/span> <a class=\"mw-editsection-visualeditor\" title=\"Edit section: Global Disability Action Plan 2014 - 2021\" href=\"\/index.php?title=Global_Disability_Context_and_Wheelchair_Mobility&amp;veaction=edit&amp;section=4\">edit<\/a> <span class=\"mw-editsection-divider\"> | <\/span> <a title=\"Edit section: Global Disability Action Plan 2014 - 2021\" href=\"\/index.php?title=Global_Disability_Context_and_Wheelchair_Mobility&amp;action=edit&amp;section=4\">edit source<\/a> <span class=\"mw-editsection-bracket\">)<\/span><\/span><\/h2>\n<div class=\"thumb tright\">\n<div class=\"thumbinner\" style=\"width: 402px;\"><a class=\"image\" href=\"\/File:Disability_Infographic_EN_Rev-Jun_2018.jpg\"><img loading=\"lazy\" decoding=\"async\" class=\"thumbimage\" src=\"https:\/\/www.physio-pedia.com\/images\/thumb\/4\/4a\/Disability_Infographic_EN_Rev-Jun_2018.jpg\/400px-Disability_Infographic_EN_Rev-Jun_2018.jpg\" srcset=\"https:\/\/www.physio-pedia.com\/images\/thumb\/4\/4a\/Disability_Infographic_EN_Rev-Jun_2018.jpg\/600px-Disability_Infographic_EN_Rev-Jun_2018.jpg 1.5x, https:\/\/www.physio-pedia.com\/images\/thumb\/4\/4a\/Disability_Infographic_EN_Rev-Jun_2018.jpg\/799px-Disability_Infographic_EN_Rev-Jun_2018.jpg 2x\" alt=\"\" width=\"400\" height=\"565\"><\/a><\/p>\n<div class=\"thumbcaption\">\n<div class=\"magnify\"><\/div>\n<p>Mejor salud para las personas con discapacidad <sup id=\"cite_ref-10\" class=\"reference\"><a href=\"#cite_note-10\">(10)<\/a><\/sup><\/p>\n<\/div>\n<\/div>\n<\/div>\n<p>Aprobado por los Estados miembros de la Organizaci\u00f3n Mundial de la Salud en 2014, el <i>Plan de acci\u00f3n mundial sobre la discapacidad 2014-2021: Mejor salud para las personas con discapacidad<\/i> fue un paso importante hacia la mejora de la salud, el bienestar y los derechos humanos de las personas con discapacidad, apoyando la aplicaci\u00f3n de medidas destinadas a satisfacer los derechos de las personas con discapacidad, recogidos en la CDPD.<\/p>\n<p>Inst\u00f3 a los Estados miembros a eliminar las barreras y a mejorar el acceso a los servicios y programas sanitarios; a reforzar y ampliar los servicios de rehabilitaci\u00f3n, de dispositivos de asistencia y de apoyo; y a mejorar la recogida de datos relevantes e internacionalmente comparables sobre la discapacidad, as\u00ed como la investigaci\u00f3n sobre la discapacidad y los servicios relacionados, lo que, si se consigue, permitir\u00e1 a todas las personas con discapacidad, desde el nacimiento hasta la vejez, cumplir sus aspiraciones en todos los aspectos de la vida. <sup id=\"cite_ref-:1_1-1\" class=\"reference\"><a href=\"#cite_note-:1-1\">(1)<\/a><\/sup><\/p>\n<p>La visi\u00f3n del plan de acci\u00f3n es un mundo en el que todas las personas con discapacidad y sus familias vivan con dignidad, con igualdad de derechos y oportunidades, y puedan desarrollar todo su potencial, con el objetivo general de contribuir a lograr una salud, funcionamiento, bienestar y derechos humanos \u00f3ptimos para todas las personas con discapacidad. <sup id=\"cite_ref-:1_1-2\" class=\"reference\"><a href=\"#cite_note-:1-1\">(1)<\/a><\/sup><\/p>\n<p>El plan de acci\u00f3n tiene los tres objetivos siguientes:<\/p>\n<ol>\n<li>eliminar las barreras y mejorar el acceso a los servicios y programas sanitarios;<\/li>\n<li>reforzar y ampliar la rehabilitaci\u00f3n, habilitaci\u00f3n, <i><u>tecnolog\u00eda de asistencia<\/u><\/i>, servicios de asistencia y apoyo, y rehabilitaci\u00f3ncomunitaria; y<\/li>\n<li>reforzar la recogida de datos relevantes e internacionalmente comparables sobre la discapacidad y apoyar la investigaci\u00f3n sobre la discapacidad y los servicios relacionados. <sup id=\"cite_ref-:1_1-3\" class=\"reference\"><a href=\"#cite_note-:1-1\">(1)<\/a><\/sup><\/li>\n<\/ol>\n<p>Para leer el Plan de acci\u00f3n mundial de la OMS sobre la discapacidad 2014 &#8211; 2021 en su totalidad, <a class=\"external text\" href=\"http:\/\/apps.who.int\/iris\/bitstream\/handle\/10665\/199544\/9789241509619_eng.pdf?sequence=1\" rel=\"nofollow\">haz clic aqu\u00ed<\/a> o para acceder a las preguntas m\u00e1s frecuentes sobre el Plan de acci\u00f3n mundial de la OMS sobre la discapacidad 2014 &#8211; 2021, <a class=\"external text\" href=\"https:\/\/enabled.in\/wp\/wp-content\/uploads\/2014\/05\/faq.pdf\" rel=\"nofollow\">haz clic aqu\u00ed.<\/a><\/p>\n<h2><span id=\"Rights_to_a_Wheelchair\" class=\"mw-headline\">Derecho a una silla de ruedas<\/span><span class=\"mw-editsection\"><span class=\"mw-editsection-bracket\">(<\/span> <a class=\"mw-editsection-visualeditor\" title=\"Edit section: Rights to a Wheelchair\" href=\"\/index.php?title=Global_Disability_Context_and_Wheelchair_Mobility&amp;veaction=edit&amp;section=5\">edit<\/a> <span class=\"mw-editsection-divider\"> | <\/span> <a title=\"Edit section: Rights to a Wheelchair\" href=\"\/index.php?title=Global_Disability_Context_and_Wheelchair_Mobility&amp;action=edit&amp;section=5\">edit source<\/a> <span class=\"mw-editsection-bracket\">)<\/span><\/span><\/h2>\n<p>Se calcula que hay 65 millones de personas en el mundo que se beneficiar\u00edan de una silla de ruedas, pero actualmente hasta 20 millones de ellas no tienen acceso a ellas. La prevalencia del uso de sillas de ruedas est\u00e1 aumentando, en parte debido al envejecimiento de la poblaci\u00f3n. De las sillas de ruedas que se utilizan en las zonas m\u00e1s desarrolladas del mundo, alrededor del 70% son sillas de ruedas manuales, y el resto se divide a partes iguales entre sillas de ruedas el\u00e9ctricas y esc\u00fateres. Tanto las Naciones Unidas como la Organizaci\u00f3n Mundial de la Salud reconocen y admiten que el escaso acceso a la tecnolog\u00eda de asistencia, incluidas las sillas de ruedas, es un problema cr\u00edtico que debe abordarse.<\/p>\n<p>El art\u00edculo 20 de la CDPD establece el derecho a la movilidad personal, es decir, los medios y la capacidad de desplazarse de la manera y en el momento que uno elija. Afirma que \u00ablos Estados miembros adoptar\u00e1n medidas efectivas para asegurar la movilidad personal con la mayor independencia posible para las personas con discapacidad\u00bb, lo que supone un compromiso de proporcionar ayudas a la movilidad, como sillas de ruedas, que hagan posible la movilidad personal. Estas importantes declaraciones internacionales establecen el derecho a las sillas de ruedas porque se reconoce universalmente que una silla de ruedas adecuada es una condici\u00f3n previa para disfrutar de la igualdad de oportunidades y derechos, y para garantizar la inclusi\u00f3n y la participaci\u00f3n. <sup id=\"cite_ref-:4_11-0\" class=\"reference\"><a href=\"#cite_note-:4-11\">(11)<\/a><\/sup><\/p>\n<table class=\"wikitable\">\n<tbody>\n<tr>\n<th>CDPD<\/p>\n<p>Art\u00edculo 20 &#8211; Movilidad personal <sup id=\"cite_ref-:3_4-1\" class=\"reference\"><a href=\"#cite_note-:3-4\">(4)<\/a><\/sup><\/th>\n<\/tr>\n<tr>\n<td>Los Estados miembros adoptar\u00e1n medidas efectivas para garantizar la movilidad personal con la mayor independencia posible de las personas con discapacidad, incluyendo:<\/p>\n<ol>\n<li>Facilitar la movilidad personal de las personas con discapacidad de la manera y en el momento que elijan, y a un coste asequible.<\/li>\n<li>Facilitar el acceso de las personas con discapacidad a ayudas a la movilidad de calidad, dispositivos, tecnolog\u00edas y formas de asistencia directa e intermediarios, haciendo que est\u00e9n disponibles a un coste asequible.<\/li>\n<li>Proporcionar formaci\u00f3n en habilidades para la movilidad a las personas con discapacidad y al personal especializado que trabaja con personas con discapacidad.<\/li>\n<li>Promover que las entidades que fabrican ayudas a la movilidad, dispositivos y tecnolog\u00edas de asistencia tengan en cuenta todos los aspectos de la movilidad de las personas con discapacidad.<\/li>\n<\/ol>\n<\/td>\n<\/tr>\n<\/tbody>\n<\/table>\n<p>Las sillas de ruedas y los servicios de sillas de ruedas son fundamentales para garantizar la movilidad personal de las personas con problemas de movilidad. l personal de los servicios para sillas de ruedas puede ayudar a aplicar el art\u00edculo 20 de la CDPD: <sup id=\"cite_ref-:0_3-2\" class=\"reference\"><a href=\"#cite_note-:0-3\">(3)<\/a><\/sup><\/p>\n<ul>\n<li>Proporcionando sillas de ruedas adecuadas para los usuarios de sillas de ruedas que acceden a su servicio.<\/li>\n<li>Desarrollando una formaci\u00f3n adecuada para que los usuarios de sillas de ruedas aprendan a utilizar su silla de ruedas de forma eficaz, incluyendo las transferencias, propulsi\u00f3n y mantenimiento que les permita ser lo m\u00e1s independientes posible.<\/li>\n<li>Educando a los miembros de la familia para que ayuden a los usuarios de sillas de ruedas a ser tan independientes como puedan.<\/li>\n<\/ul>\n<div class=\"thumb tright\">\n<div class=\"thumbinner\" style=\"width: 441px;\"><a class=\"image\" href=\"\/File:Global_Disability_Action_Plan_Objective_2.jpg\"><img loading=\"lazy\" decoding=\"async\" class=\"thumbimage\" src=\"https:\/\/www.physio-pedia.com\/images\/thumb\/9\/91\/Global_Disability_Action_Plan_Objective_2.jpg\/439px-Global_Disability_Action_Plan_Objective_2.jpg\" srcset=\"https:\/\/www.physio-pedia.com\/images\/thumb\/9\/91\/Global_Disability_Action_Plan_Objective_2.jpg\/659px-Global_Disability_Action_Plan_Objective_2.jpg 1.5x, https:\/\/www.physio-pedia.com\/images\/thumb\/9\/91\/Global_Disability_Action_Plan_Objective_2.jpg\/878px-Global_Disability_Action_Plan_Objective_2.jpg 2x\" alt=\"\" width=\"439\" height=\"565\"><\/a><\/p>\n<div class=\"thumbcaption\">\n<div class=\"magnify\"><\/div>\n<p>El Objetivo 2 del Plan de acci\u00f3n mundial sobre la discapacidad 2014 &#8211; 2021<\/p>\n<\/div>\n<\/div>\n<\/div>\n<p>El objetivo 2 del Plan de acci\u00f3n mundial sobre la discapacidad 2014 &#8211; 2021 pretende reforzar y ampliar la rehabilitaci\u00f3n, habilitaci\u00f3n, <i><u>tecnolog\u00eda de asistencia<\/u><\/i>, servicios de asistencia y apoyo, y rehabilitaci\u00f3n con base en la comunidad.<\/p>\n<ol>\n<li>Acci\u00f3n 2.2: Proporcionar los recursos financieros adecuados para garantizar la provisi\u00f3n de <i><u>tecnolog\u00eda de asistencia<\/u><\/i> apropiada.<\/li>\n<li>Acci\u00f3n 2.3: Desarrollar y mantener un personal estable para la rehabilitaci\u00f3n y la habilitaci\u00f3n, como parte de una estrategia sanitaria m\u00e1s amplia.<\/li>\n<li>Acci\u00f3n 2.5: Poner a disposici\u00f3n <i><u>tecnolog\u00edas de asistencia<\/u><\/i> apropiadas que sean seguras, de buena calidad y asequibles.<\/li>\n<li>Acci\u00f3n 2.6: Promover el acceso a una serie de servicios de asistencia y apoyo, y contribuir a la vida independiente y a la plena inclusi\u00f3n en la comunidad.<\/li>\n<\/ol>\n<p>La movilidad independiente y el acceso a la <i><u>tecnolog\u00eda de asistencia<\/u><\/i> hacen posible que las personas puedan estudiar, trabajar, participar en la vida cultural y acceder a la atenci\u00f3n sanitaria. Sin las sillas de ruedas, las personas podr\u00edan estar confinadas en sus casas y no tendr\u00edan la posibilidad de llevar una vida plena e inclusiva. Es un c\u00edrculo vicioso. Al carecer de ayudas personales para la movilidad, las personas con discapacidad no pueden salir de la pobreza. Es m\u00e1s probable que desarrollen complicaciones secundarias y queden m\u00e1s discapacitados, y m\u00e1s pobres a\u00fan. Si son ni\u00f1os, no podr\u00e1n acceder a las oportunidades educativas disponibles y, sin educaci\u00f3n, no podr\u00e1n encontrar empleo cuando crezcan y se ver\u00e1n abocados a una pobreza a\u00fan mayor.<sup id=\"cite_ref-:4_11-1\" class=\"reference\"><a href=\"#cite_note-:4-11\">(11)<\/a><\/sup><\/p>\n<p>La movilidad personal y el acceso a la <i><u>tecnolog\u00eda de asistencia<\/u><\/i> son un requisito esencial para participar en muchos \u00e1mbitos de la vida social, y las sillas de ruedas son, para muchos, el mejor medio de garantizar la movilidad personal. Con una silla de ruedas adecuada, las personas con problemas de movilidad pueden acceder y disfrutar m\u00e1s f\u00e1cilmente de muchos de los dem\u00e1s derechos humanos recogidos en la CDPD, entre ellos; <sup id=\"cite_ref-:0_3-3\" class=\"reference\"><a href=\"#cite_note-:0-3\">(3)<\/a><\/sup><\/p>\n<ul>\n<li>Vivir de forma independiente y ser incluido en la comunidad (art\u00edculo 19) ;<\/li>\n<li>Derecho a la educaci\u00f3n (art\u00edculo 24).<\/li>\n<li>Derecho al disfrute del m\u00e1s alto nivel posible de salud (art\u00edculo 25).<\/li>\n<li>Derecho al trabajo y al empleo (art\u00edculo 27).<\/li>\n<li>Derecho a participar en la vida pol\u00edtica y p\u00fablica (art\u00edculo 29).<\/li>\n<li>Derecho a participar en la vida cultural, actividades recreativas, ocio y deporte (art\u00edculo 30).<\/li>\n<\/ul>\n<h2><span id=\"Summary\" class=\"mw-headline\">Resumen<\/span><span class=\"mw-editsection\"><span class=\"mw-editsection-bracket\">(<\/span><a class=\"mw-editsection-visualeditor\" title=\"Edit section: Summary\" href=\"\/index.php?title=Global_Disability_Context_and_Wheelchair_Mobility&amp;veaction=edit&amp;section=6\">edit<\/a><span class=\"mw-editsection-divider\"> | <\/span><a title=\"Edit section: Summary\" href=\"\/index.php?title=Global_Disability_Context_and_Wheelchair_Mobility&amp;action=edit&amp;section=6\">edit source<\/a><span class=\"mw-editsection-bracket\">)<\/span><\/span><\/h2>\n<p>La discapacidad no es s\u00f3lo una cuesti\u00f3n de salud p\u00fablica, sino tambi\u00e9n de derechos humanos y de desarrollo. Los esfuerzos de la OMS para apoyar a los Estados miembros en el abordaje de la discapacidad se gu\u00edan por los principios y estrategias generales reflejados en el <i>Plan de acci\u00f3n mundial sobre la discapacidad 2014-2021 de la OMS<\/i> el <i>Informe mundial sobre la discapacidad<\/i> y la Convenci\u00f3n Internacional sobre los Derechos de las Personas con Discapacidad (CDPD) de las Naciones Unidas. Aunque muchos pa\u00edses han empezado a tomar medidas para mejorar la vida de las personas con discapacidad, a\u00fan queda mucho por hacer. Los datos del <i>Informe mundial sobre la discapacidad<\/i> sugieren que muchas de las barreras a las que se enfrentan las personas con discapacidad son evitables y que las desventajas asociadas a la discapacidad pueden superarse. El informe pide a los gobiernos que examinen y revisen la legislaci\u00f3n y las pol\u00edticas existentes para que sean coherentes con la Convenci\u00f3n sobre los Derechos de las Personas con Discapacidad de las Naciones Unidas (CDPD) y que elaboren estrategias y planes de acci\u00f3n nacionales en materia de discapacidad.<sup id=\"cite_ref-:2_2-6\" class=\"reference\"><a href=\"#cite_note-:2-2\">(2)<\/a><\/sup><\/p>\n<p>La Convenci\u00f3n sobre los Derechos de las Personas con Discapacidad (CDPD) exige desde hace diez a\u00f1os el acceso a productos de asistencia de buena calidad y asequibles, pero todav\u00eda s\u00f3lo el 10% de las personas que necesitan productos de asistencia tienen acceso a ellos. Si no se aborda esta necesidad urgente, el porcentaje de personas con acceso a los servicios disminuir\u00e1, ya que la demanda aumenta y el acceso a los servicios permanece estancado. La necesidad es acuciante en todas partes, especialmente en los pa\u00edses de ingresos bajos y medios.<sup id=\"cite_ref-12\" class=\"reference\"><a href=\"#cite_note-12\">(12)<\/a><\/sup><\/p>\n<h2><span id=\"References\" class=\"mw-headline\">Referencias<\/span><span class=\"mw-editsection\"><span class=\"mw-editsection-bracket\">(<\/span><a class=\"mw-editsection-visualeditor\" title=\"Edit section: References\" href=\"\/index.php?title=Global_Disability_Context_and_Wheelchair_Mobility&amp;veaction=edit&amp;section=7\">edit<\/a><span class=\"mw-editsection-divider\"> | <\/span><a title=\"Edit section: References\" href=\"\/index.php?title=Global_Disability_Context_and_Wheelchair_Mobility&amp;action=edit&amp;section=7\">edit source<\/a><span class=\"mw-editsection-bracket\">)<\/span><\/span><\/h2>\n<div class=\"mw-references-wrap mw-references-columns\">\n<ol class=\"references\">\n<li id=\"cite_note-:1-1\"><span class=\"mw-cite-backlink\">\u2191 <sup><a href=\"#cite_ref-:1_1-0\">1.0<\/a><\/sup> <sup><a href=\"#cite_ref-:1_1-1\">1.1<\/a><\/sup> <sup><a href=\"#cite_ref-:1_1-2\">1.2<\/a><\/sup> <sup><a href=\"#cite_ref-:1_1-3\">1.3<\/a><\/sup><\/span> <span class=\"reference-text\">World Health Organization. WHO Global Disability Action Plan 2014-2021: Better Health for all People with Disability. World Health Organization; 2015. Available at: <a class=\"external free\" href=\"http:\/\/apps.who.int\/iris\/bitstream\/handle\/10665\/199544\/9789241509619_eng.pdf?sequence=1\" rel=\"nofollow\">http:\/\/apps.who.int\/iris\/bitstream\/handle\/10665\/199544\/9789241509619_eng.pdf?sequence=1<\/a> (accessed 12 June 2018)<\/span><\/li>\n<li id=\"cite_note-:2-2\"><span class=\"mw-cite-backlink\">\u2191 <sup><a href=\"#cite_ref-:2_2-0\">2.0<\/a><\/sup> <sup><a href=\"#cite_ref-:2_2-1\">2.1<\/a><\/sup> <sup><a href=\"#cite_ref-:2_2-2\">2.2<\/a><\/sup> <sup><a href=\"#cite_ref-:2_2-3\">2.3<\/a><\/sup> <sup><a href=\"#cite_ref-:2_2-4\">2.4<\/a><\/sup> <sup><a href=\"#cite_ref-:2_2-5\">2.5<\/a><\/sup> <sup><a href=\"#cite_ref-:2_2-6\">2.6<\/a><\/sup><\/span> <span class=\"reference-text\">World Health Organisation. World Report on Disability 2011. World Health Organisation. Geneva. 2011. Available at; <a class=\"external free\" href=\"http:\/\/www.who.int\/disabilities\/world_report\/2011\/en\/\" rel=\"nofollow\">http:\/\/www.who.int\/disabilities\/world_report\/2011\/en\/<\/a> (accessed 2 June 2018)<\/span><\/li>\n<li id=\"cite_note-:0-3\"><span class=\"mw-cite-backlink\">\u2191 <sup><a href=\"#cite_ref-:0_3-0\">3.0<\/a><\/sup> <sup><a href=\"#cite_ref-:0_3-1\">3.1<\/a><\/sup> <sup><a href=\"#cite_ref-:0_3-2\">3.2<\/a><\/sup> <sup><a href=\"#cite_ref-:0_3-3\">3.3<\/a><\/sup><\/span> <span class=\"reference-text\">Sarah Frost, Kylie Mines, Jamie Noon, Elsje Scheffler, and Rebecca Jackson Stoeckle. Wheelchair Service Training Package &#8211; Reference Manual for Participants &#8211; Basic Level. Section A. Core Knowledge.World Health Organization, Geneva. 2012<\/span><\/li>\n<li id=\"cite_note-:3-4\"><span class=\"mw-cite-backlink\">\u2191 <sup><a href=\"#cite_ref-:3_4-0\">4.0<\/a><\/sup> <sup><a href=\"#cite_ref-:3_4-1\">4.1<\/a><\/sup><\/span> <span class=\"reference-text\">United Nations. Convention on the Rights of Persons with Disabilities \u2013 Articles. Available at;<a class=\"external free\" href=\"https:\/\/www.un.org\/development\/desa\/disabilities\/convention-on-the-rights-of-persons-with-disabilities\/convention-on-the-rights-of-persons-with-disabilities-2.html\" rel=\"nofollow\">https:\/\/www.un.org\/development\/desa\/disabilities\/convention-on-the-rights-of-persons-with-disabilities\/convention-on-the-rights-of-persons-with-disabilities-2.html<\/a> (accessed 2 May 2018)<\/span><\/li>\n<li id=\"cite_note-5\"><span class=\"mw-cite-backlink\"><a href=\"#cite_ref-5\">\u2191<\/a><\/span> <span class=\"reference-text\">The International Classification of Functioning. Disability and Health. Geneva, World Health Organization, 2001.<\/span><\/li>\n<li id=\"cite_note-6\"><span class=\"mw-cite-backlink\"><a href=\"#cite_ref-6\">\u2191<\/a><\/span> <span class=\"reference-text\">Sykes C. Health Classifications 1 &#8211; An introduction to the ICF. WCPT Keynotes. World Confederation for Physical Therapy. 2006.<\/span><\/li>\n<li id=\"cite_note-7\"><span class=\"mw-cite-backlink\"><a href=\"#cite_ref-7\">\u2191<\/a><\/span> <span class=\"reference-text\">The ICF: AN Overview Available at <a class=\"external free\" href=\"https:\/\/www.wcpt.org\/sites\/wcpt.org\/files\/files\/GH-ICF_overview_FINAL_for_WHO.pdf\" rel=\"nofollow\">https:\/\/www.wcpt.org\/sites\/wcpt.org\/files\/files\/GH-ICF_overview_FINAL_for_WHO.pdf<\/a> (accessed 17 June 2018)<\/span><\/li>\n<li id=\"cite_note-8\"><span class=\"mw-cite-backlink\"><a href=\"#cite_ref-8\">\u2191<\/a><\/span> <span class=\"reference-text\">The International Classification of Functioning. Disability and Health. Geneva, World Health Organization, 2001.<\/span><\/li>\n<li id=\"cite_note-9\"><span class=\"mw-cite-backlink\"><a href=\"#cite_ref-9\">\u2191<\/a><\/span> <span class=\"reference-text\">Bickenbach J. The World Report on Disability. Disability &amp; Society. 2011 Aug 1;26(5):655-8.<\/span><\/li>\n<li id=\"cite_note-10\"><span class=\"mw-cite-backlink\"><a href=\"#cite_ref-10\">\u2191<\/a><\/span> <span class=\"reference-text\">World Health Organisation. Better Health for People with Disabilities: Infographic. <a class=\"external free\" href=\"http:\/\/www.who.int\/disabilities\/infographic\/en\/\" rel=\"nofollow\">http:\/\/www.who.int\/disabilities\/infographic\/en\/<\/a> a (accessed 2 June 2018).<\/span><\/li>\n<li id=\"cite_note-:4-11\"><span class=\"mw-cite-backlink\">\u2191 <sup><a href=\"#cite_ref-:4_11-0\">11.0<\/a><\/sup> <sup><a href=\"#cite_ref-:4_11-1\">11.1<\/a><\/sup><\/span> <span class=\"reference-text\">William Armstrong, Johan Borg, Marc Krizack, Alida Lindsley, Kylie Mines, Jon Pearlman, Kim Reisinger, Sarah Sheldon. Guidelines on the Provision of Manual Wheelchairs in Less Resourced Settings. World Health Organization; Geneva: 2008. <\/span><\/li>\n<li id=\"cite_note-12\"><span class=\"mw-cite-backlink\"><a href=\"#cite_ref-12\">\u2191<\/a><\/span> <span class=\"reference-text\">Tebbutt E, Brodmann R, Borg J, MacLachlan M, Khasnabis C, Horvath R. Assistive Products and the Sustainable Development Goals (SDGs). Globalization and Health. 2016 Dec;12(1):79.<\/span><\/li>\n<\/ol>\n<\/div>\n<p><!-- NewPP limit report Cached time: 20220607093238 Cache expiry: 0 Dynamic content: true Complications: () CPU time usage: 0.089 seconds Real time usage: 0.094 seconds Preprocessor visited node count: 239\/1000000 Post\u2010expand include size: 75\/2097152 bytes Template argument size: 0\/2097152 bytes Highest expansion depth: 3\/40 Expensive parser function count: 0\/100 Unstrip recursion depth: 0\/20 Unstrip post\u2010expand size: 7936\/5000000 bytes --><br \/>\n<!-- Transclusion expansion time report (%,ms,calls,template) 100.00% 12.413 1 Special:Contributors\/Global_Disability_Context_and_Wheelchair_Mobility 100.00% 12.413 1 -total --><\/p>\n<\/div>\n","protected":false},"excerpt":{"rendered":"<p>Editor original &#8211; Naomi O&#8217;Reilly como parte de Wheelchair Service Provision Content Development Project Colaboradores principales &#8211; Naomi O&#8217;Reilly, Kim Jackson y Simisola Ajeyalemi Contenidos 1 Introducci\u00f3n 2 Convenci\u00f3n Internacional sobre los Derechos de las Personas con Discapacidad 3 Informe mundial sobre la discapacidad 4 Plan de acci\u00f3n mundial sobre la discapacidad 2014-2021 5 Derecho [&hellip;]<\/p>\n","protected":false},"author":1,"featured_media":0,"parent":0,"menu_order":0,"comment_status":"closed","ping_status":"closed","template":"","meta":{"_acf_changed":false,"footnotes":""},"class_list":["post-1065","page","type-page","status-publish","hentry"],"acf":[],"_links":{"self":[{"href":"https:\/\/langs.physio-pedia.com\/es\/wp-json\/wp\/v2\/pages\/1065","targetHints":{"allow":["GET"]}}],"collection":[{"href":"https:\/\/langs.physio-pedia.com\/es\/wp-json\/wp\/v2\/pages"}],"about":[{"href":"https:\/\/langs.physio-pedia.com\/es\/wp-json\/wp\/v2\/types\/page"}],"author":[{"embeddable":true,"href":"https:\/\/langs.physio-pedia.com\/es\/wp-json\/wp\/v2\/users\/1"}],"replies":[{"embeddable":true,"href":"https:\/\/langs.physio-pedia.com\/es\/wp-json\/wp\/v2\/comments?post=1065"}],"version-history":[{"count":3,"href":"https:\/\/langs.physio-pedia.com\/es\/wp-json\/wp\/v2\/pages\/1065\/revisions"}],"predecessor-version":[{"id":1448,"href":"https:\/\/langs.physio-pedia.com\/es\/wp-json\/wp\/v2\/pages\/1065\/revisions\/1448"}],"wp:attachment":[{"href":"https:\/\/langs.physio-pedia.com\/es\/wp-json\/wp\/v2\/media?parent=1065"}],"curies":[{"name":"wp","href":"https:\/\/api.w.org\/{rel}","templated":true}]}}