{"id":5208,"date":"2023-03-18T04:43:47","date_gmt":"2023-03-18T04:43:47","guid":{"rendered":"https:\/\/langs.physio-pedia.com\/gait-deviations-associated-with-lower-leg-and-foot-pain-syndromes-de\/"},"modified":"2023-03-18T23:35:31","modified_gmt":"2023-03-18T23:35:31","slug":"gait-deviations-associated-with-lower-leg-and-foot-pain-syndromes-de","status":"publish","type":"page","link":"https:\/\/langs.physio-pedia.com\/de\/gait-deviations-associated-with-lower-leg-and-foot-pain-syndromes-de\/","title":{"rendered":"Gangabweichungen im Zusammenhang mit Schmerzsyndromen des Unterschenkels und des Fu\u00dfes"},"content":{"rendered":"<div class=\"mw-parser-output\">\n<div class=\"editorbox\"> <b>Originale Autorin <\/b>&#8211; <a href=\"\/User:Stacy_Schiurring\" title=\"User:Stacy Schiurring\">Stacy Schiurring<\/a> basierend auf dem Kurs von <a rel=\"nofollow\" class=\"external text\" href=\"https:\/\/members.physio-pedia.com\/instructor\/damien-howell\/\">Damien Howell<\/a><\/p>\n<p><b>Top-Beitragende <\/b> &#8211; <a href=\"\/User:Stacy_Schiurring\" class=\"mw-userlink\" title=\"User:Stacy Schiurring\"><bdi>Stacy Schiurring<\/bdi><\/a>, <a href=\"\/User:Jess_Bell\" class=\"mw-userlink\" title=\"User:Jess Bell\"><bdi>Jess Bell<\/bdi><\/a>, <a href=\"\/User:Kim_Jackson\" class=\"mw-userlink\" title=\"User:Kim Jackson\"><bdi>Kim Jackson<\/bdi><\/a> und <a href=\"\/User:Lucinda_hampton\" class=\"mw-userlink\" title=\"User:Lucinda hampton\"><bdi>Lucinda hampton<\/bdi><\/a><\/p>\n<\/div>\n<div id=\"toc\" class=\"toc\" role=\"navigation\" aria-labelledby=\"mw-toc-heading\"><input type=\"checkbox\" role=\"button\" id=\"toctogglecheckbox\" class=\"toctogglecheckbox\" style=\"display:none\"><\/p>\n<div class=\"toctitle\" lang=\"en\" dir=\"ltr\">\n<h2 id=\"mw-toc-heading\">Inhalt<\/h2>\n<p><span class=\"toctogglespan\"><label class=\"toctogglelabel\" for=\"toctogglecheckbox\"><\/label><\/span><\/p>\n<\/div>\n<ul>\n<li class=\"toclevel-1 tocsection-1\"><a href=\"#Introduction\"><span class=\"tocnumber\">1<\/span> <span class=\"toctext\">Einleitung<\/span><\/a><\/li>\n<li class=\"toclevel-1 tocsection-2\"><a href=\"#Anatomy_Review\"><span class=\"tocnumber\">2<\/span> <span class=\"toctext\">\u00dcbersicht \u00fcber die Anatomie<\/span><\/a><\/li>\n<li class=\"toclevel-1 tocsection-3\"><a href=\"#Ground_Reaction_Forces\"><span class=\"tocnumber\">3<\/span> <span class=\"toctext\">Bodenreaktionskr\u00e4fte<\/span><\/a><\/li>\n<li class=\"toclevel-1 tocsection-4\"><a href=\"#Gait_Deviations.5B1.5D\"><span class=\"tocnumber\">4<\/span> <span class=\"toctext\">Gangabweichungen<sup>(1)<\/sup><\/span><\/a><\/li>\n<li class=\"toclevel-1 tocsection-5\"><a href=\"#Pain_Syndromes_Associated_with_Gait_Deviations.5B1.5D\"><span class=\"tocnumber\">5<\/span> <span class=\"toctext\">Schmerzsyndrome im Zusammenhang mit Gangabweichungen<sup>(1)<\/sup><\/span><\/a><\/li>\n<li class=\"toclevel-1 tocsection-6\"><a href=\"#Resources\"><span class=\"tocnumber\">6<\/span> <span class=\"toctext\">Ressourcen<\/span><\/a><\/li>\n<li class=\"toclevel-1 tocsection-7\"><a href=\"#References\"><span class=\"tocnumber\">7<\/span> <span class=\"toctext\">Referenzen<\/span><\/a><\/li>\n<\/ul>\n<\/div>\n<h2><span class=\"mw-headline\" id=\"Introduction\">Einleitung<\/span><span class=\"mw-editsection\"><span class=\"mw-editsection-bracket\">(<\/span><a href=\"\/index.php?title=Gait_Deviations_Associated_with_Lower_Leg_and_Foot_Pain_Syndromes&amp;veaction=edit&amp;section=1\" class=\"mw-editsection-visualeditor\" title=\"Edit section: Introduction\">edit<\/a><span class=\"mw-editsection-divider\"> | <\/span><a href=\"\/index.php?title=Gait_Deviations_Associated_with_Lower_Leg_and_Foot_Pain_Syndromes&amp;action=edit&amp;section=1\" title=\"Edit section: Introduction\">edit source<\/a><span class=\"mw-editsection-bracket\">)<\/span><\/span><\/h2>\n<p>Dieser Artikel befasst sich mit Gangabweichungen im Zusammenhang mit <a href=\"\/Pain_Behaviours\" title=\"Pain Behaviours\">Schmerzsyndromen<\/a> des Unterschenkels und des Fu\u00dfes. Auch wenn sich diese Informationen auf bestimmte K\u00f6rperregionen konzentrieren, sollten Sie nicht vergessen, dass der menschliche K\u00f6rper innerhalb einer <a href=\"\/Kinetic_Chain\" title=\"Kinetic Chain\">kinetischen Kette<\/a> funktioniert. Keine Bewegung geschieht jemals v\u00f6llig isoliert und ohne Wirkung auf eine andere.<sup id=\"cite_ref-:0_1-0\" class=\"reference\"><a href=\"#cite_note-:0-1\">(1)<\/a><\/sup><\/p>\n<p>F\u00fcr eine \u00dcbersicht \u00fcber den Gangzyklus lesen Sie bitte <a href=\"\/Gait_Cycle\" class=\"mw-redirect\" title=\"Gait Cycle\">diesen Artikel<\/a>. Einen \u00dcberblick \u00fcber Gangabweichungen finden Sie in <a href=\"\/Gait_Deviations\" title=\"Gait Deviations\">diesem Artikel<\/a>. Einen \u00dcberblick \u00fcber g\u00e4ngige Begriffe und Definitionen zum Thema Gang finden Sie in <a href=\"\/Gait_Definitions\" title=\"Gait Definitions\">diesem Artikel<\/a>.<\/p>\n<div class=\"center\">\n<div class=\"floatnone\"><a href=\"\/File:Gait_cycle.jpg\" class=\"image\"><img loading=\"lazy\" alt=\"Gait cycle.jpg\" src=\"https:\/\/www.physio-pedia.com\/images\/thumb\/1\/17\/Gait_cycle.jpg\/1000px-Gait_cycle.jpg\" decoding=\"async\" width=\"1000\" height=\"222\" srcset=\"https:\/\/www.physio-pedia.com\/images\/thumb\/1\/17\/Gait_cycle.jpg\/1500px-Gait_cycle.jpg 1.5x, https:\/\/www.physio-pedia.com\/images\/1\/17\/Gait_cycle.jpg 2x\"><\/a><\/div>\n<\/div>\n<h2><span class=\"mw-headline\" id=\"Anatomy_Review\">\u00dcbersicht \u00fcber die Anatomie <\/span><span class=\"mw-editsection\"><span class=\"mw-editsection-bracket\">(<\/span> <a href=\"\/index.php?title=Gait_Deviations_Associated_with_Lower_Leg_and_Foot_Pain_Syndromes&amp;veaction=edit&amp;section=2\" class=\"mw-editsection-visualeditor\" title=\"Edit section: Anatomy Review\">edit<\/a> <span class=\"mw-editsection-divider\"> | <\/span> <a href=\"\/index.php?title=Gait_Deviations_Associated_with_Lower_Leg_and_Foot_Pain_Syndromes&amp;action=edit&amp;section=2\" title=\"Edit section: Anatomy Review\">edit source<\/a> <span class=\"mw-editsection-bracket\">)<\/span><\/span><\/h2>\n<div class=\"tright\"><a href=\"\/File:Bigstock_Image_-Anatomy_Bones_Of_The_Foot_-ID_404217734.jpg\" class=\"image\"><img loading=\"lazy\" alt=\"\" src=\"https:\/\/www.physio-pedia.com\/images\/thumb\/9\/90\/Bigstock_Image_-Anatomy_Bones_Of_The_Foot_-ID_404217734.jpg\/300px-Bigstock_Image_-Anatomy_Bones_Of_The_Foot_-ID_404217734.jpg\" decoding=\"async\" width=\"300\" height=\"450\" srcset=\"https:\/\/www.physio-pedia.com\/images\/thumb\/9\/90\/Bigstock_Image_-Anatomy_Bones_Of_The_Foot_-ID_404217734.jpg\/450px-Bigstock_Image_-Anatomy_Bones_Of_The_Foot_-ID_404217734.jpg 1.5x, https:\/\/www.physio-pedia.com\/images\/thumb\/9\/90\/Bigstock_Image_-Anatomy_Bones_Of_The_Foot_-ID_404217734.jpg\/600px-Bigstock_Image_-Anatomy_Bones_Of_The_Foot_-ID_404217734.jpg 2x\"><\/a><\/div>\n<p>Die Region des Sprunggelenks ist der Teil der unteren Extremit\u00e4t, der den distalen Teil des Unterschenkels und den proximalen Teil des Fu\u00dfes umfasst. Er umfasst das <a href=\"\/Ankle_Joint\" title=\"Ankle Joint\">Sprunggelenk<\/a>, ein Gelenk zwischen <a href=\"\/Tibia\" title=\"Tibia\">Tibia<\/a> und <a href=\"\/Fibula\" title=\"Fibula\">Fibula<\/a> und den <a href=\"\/Talus\" title=\"Talus\">Talus<\/a> des Fu\u00dfes.<\/p>\n<p>Der <a href=\"\/Foot_Anatomy\" class=\"mw-redirect\" title=\"Foot Anatomy\">Fu\u00df<\/a> ist der Teil der unteren Extremit\u00e4t, der sich distal zum Sprunggelenk befindet. Er ist auf der dorsalen Seite von einer locker anhaftenden Haut bedeckt. An der Fu\u00dfsohle bedeckt ihn eine dicke, unbehaarte Haut, die z\u00e4h ist und stark an der darunter liegenden plantaren Aponeurose haftet. Der Fu\u00df besteht aus 26 kleinen Knochen, die f\u00fcr die Gewichtsbelastung und die Kraftverteilung zust\u00e4ndig sind. Durch die kn\u00f6cherne Ausrichtung entstehen drei B\u00f6gen, die eine effiziente Gewichtsverteilung erm\u00f6glichen und gleichzeitig eine Kompression der neurovaskul\u00e4ren Strukturen der Fu\u00dfsohle vermeiden. Die drei Gew\u00f6lbe (das mediale und das laterale L\u00e4ngsgew\u00f6lbe sowie das Quergew\u00f6lbe) bilden zusammen eine architektonische Kuppel, die zu den st\u00e4rksten Tragwerken geh\u00f6rt, die der Menschheit bekannt sind.<sup id=\"cite_ref-2\" class=\"reference\"><a href=\"#cite_note-2\">(2)<\/a><\/sup><\/p>\n<p>Bitte lesen Sie den verlinkten Artikel, um einen detaillierteren anatomischen \u00dcberblick \u00fcber <a href=\"\/Foot_Anatomy\" class=\"mw-redirect\" title=\"Foot Anatomy\">Fu\u00df und Sprunggelenk<\/a> zu erhalten.<\/p>\n<h2><span class=\"mw-headline\" id=\"Ground_Reaction_Forces\">Bodenreaktionskr\u00e4fte <\/span><span class=\"mw-editsection\"><span class=\"mw-editsection-bracket\">(<\/span> <a href=\"\/index.php?title=Gait_Deviations_Associated_with_Lower_Leg_and_Foot_Pain_Syndromes&amp;veaction=edit&amp;section=3\" class=\"mw-editsection-visualeditor\" title=\"Edit section: Ground Reaction Forces\">edit<\/a> <span class=\"mw-editsection-divider\"> | <\/span> <a href=\"\/index.php?title=Gait_Deviations_Associated_with_Lower_Leg_and_Foot_Pain_Syndromes&amp;action=edit&amp;section=3\" title=\"Edit section: Ground Reaction Forces\">edit source<\/a> <span class=\"mw-editsection-bracket\">)<\/span><\/span><\/h2>\n<div class=\"thumb tright\">\n<div class=\"thumbinner\" style=\"width:302px;\"><a href=\"\/File:Vert_GRF.jpeg\" class=\"image\"><img loading=\"lazy\" alt=\"\" src=\"https:\/\/www.physio-pedia.com\/images\/thumb\/e\/e5\/Vert_GRF.jpeg\/300px-Vert_GRF.jpeg\" decoding=\"async\" width=\"300\" height=\"225\" class=\"thumbimage\" srcset=\"https:\/\/www.physio-pedia.com\/images\/e\/e5\/Vert_GRF.jpeg 1.5x\"><\/a><\/p>\n<div class=\"thumbcaption\">\n<div class=\"magnify\"><a href=\"\/File:Vert_GRF.jpeg\" class=\"internal\" title=\"Enlarge\"><\/a><\/div>\n<p>Beispiel f\u00fcr eine vertikale Bodenreaktionskraft.<\/p>\n<\/div>\n<\/div>\n<\/div>\n<p>Die <b>Bodenreaktionskraft<\/b> ist die Summe aller Kr\u00e4fte, die vom Boden auf den K\u00f6rper \u00fcbertragen werden.<sup id=\"cite_ref-:0_1-1\" class=\"reference\"><a href=\"#cite_note-:0-1\">(1)<\/a><\/sup> Die Bodenreaktionskraft wird aus allen Richtungen beeinflusst: vertikal, anterior-posterior und medial-lateral. Diese Kr\u00e4fte werden in der Regel mit einer dreidimensionalen Kraftmessplatte gemessen und aufgezeichnet.<sup id=\"cite_ref-:1_3-0\" class=\"reference\"><a href=\"#cite_note-:1-3\">(3)<\/a><\/sup><\/p>\n<div class=\"thumb tright\">\n<div class=\"thumbinner\" style=\"width:302px;\"><a href=\"\/File:Braking_forces.jpeg\" class=\"image\"><img loading=\"lazy\" alt=\"\" src=\"https:\/\/www.physio-pedia.com\/images\/thumb\/2\/22\/Braking_forces.jpeg\/300px-Braking_forces.jpeg\" decoding=\"async\" width=\"300\" height=\"195\" class=\"thumbimage\" srcset=\"https:\/\/www.physio-pedia.com\/images\/2\/22\/Braking_forces.jpeg 1.5x\"><\/a><\/p>\n<div class=\"thumbcaption\">\n<div class=\"magnify\"><a href=\"\/File:Braking_forces.jpeg\" class=\"internal\" title=\"Enlarge\"><\/a><\/div>\n<p>Beispiel f\u00fcr eine anterior-posteriore Bodenreaktionskraft<\/p>\n<\/div>\n<\/div>\n<\/div>\n<p>Beim Gehen ist die <b>vertikale Bodenreaktionskraft<\/b> die gr\u00f6\u00dfte Komponente der gesamten Bodenreaktionskraft. Sie erzeugt Kr\u00e4fte, die gr\u00f6\u00dfer sind als das gesamte K\u00f6rpergewicht einer Person pro Schritt. Die aufgezeichnete Kurve der vertikalen Bodenreaktionskraft besteht aus zwei Spitzen: die erste ist die der Sto\u00dfbelastung oder \u201epassive Spitze\u201c (Gewichts\u00fcbernahme beim Fersenaufprall auf den Boden), w\u00e4hrend die zweite einer \u201eaktiven Spitze\u201c (Abdruck \/ push-off) entspricht.<sup id=\"cite_ref-:1_3-1\" class=\"reference\"><a href=\"#cite_note-:1-3\">(3)<\/a><\/sup><sup id=\"cite_ref-:2_4-0\" class=\"reference\"><a href=\"#cite_note-:2-4\">(4)<\/a><\/sup> Die passive Spitze wird durch den Druck des Fu\u00dfes gegen den Boden verursacht, w\u00e4hrend die aktive Spitze durch die aktive Kraft entsteht, die der Fu\u00df aus\u00fcbt, wenn er sich vom Boden wegdr\u00fcckt. Die <b>anterior-posteriore Bodenreaktionskraft<\/b> umfasst eine Bremsspitze und eine Vortriebsspitze.<sup id=\"cite_ref-:1_3-2\" class=\"reference\"><a href=\"#cite_note-:1-3\">(3)<\/a><\/sup> Die einzigartigen Muster dieser Spitzen veranschaulichen die Belastungskr\u00e4fte an den Gelenken und Muskeln der unteren Extremit\u00e4t. Diese in der gesamten Extremit\u00e4t sp\u00fcrbaren Kr\u00e4fte k\u00f6nnen die Entwicklung oder Verschlimmerung von muskuloskelettalen \u00dcberlastungs- oder Stressverletzungen beeinflussen.<sup id=\"cite_ref-:2_4-1\" class=\"reference\"><a href=\"#cite_note-:2-4\">(4)<\/a><\/sup><\/p>\n<p>Bei der Interpretation einer Bodenreaktionskurve gilt: Je steiler die Kurve, desto gr\u00f6\u00dfer sind die Sto\u00df- bzw. Aufprallkr\u00e4fte. Die Kurve der anterior-posterioren Kurve (Bremskr\u00e4fte) wird negativ sein. Im Allgemeinen gilt: Je gr\u00f6\u00dfer die Kr\u00e4fte, desto gr\u00f6\u00dfer das Risiko von Stress- oder \u00dcberlastungsverletzungen.<sup id=\"cite_ref-:0_1-2\" class=\"reference\"><a href=\"#cite_note-:0-1\">(1)<\/a><\/sup><\/p>\n<p>Im folgenden Video erhalten Sie einen schnellen und dennoch detaillierten \u00dcberblick \u00fcber die Bodenreaktionskr\u00e4fte w\u00e4hrend des menschlichen Gangzyklus. Dieses Video veranschaulicht in hervorragender Weise, wie sich die Bodenreaktionskr\u00e4fte in verschiedene Richtungen verschieben, w\u00e4hrend sich die Person durch den Raum bewegt.<\/p>\n<div class=\"thumb embedvideo autoResize\" style=\"width: 508px;\">\n<div class=\"embedvideo autoResize\" style=\"\">\n<div class=\"embedvideowrap\" style=\"width: 500px;\"><iframe loading=\"lazy\" title=\"Play video\" src=\"\/\/www.youtube.com\/embed\/Y2RHvicAM2o?\" width=\"500\" height=\"281\" frameborder=\"0\" allowfullscreen=\"true\"><\/iframe><\/div>\n<\/div>\n<\/div>\n<p><sup id=\"cite_ref-5\" class=\"reference\"><a href=\"#cite_note-5\">(5)<\/a><\/sup><\/p>\n<h2><span id=\"Gait_Deviations(1)\"><\/span><span class=\"mw-headline\" id=\"Gait_Deviations.5B1.5D\">Gangabweichungen<sup id=\"cite_ref-:0_1-3\" class=\"reference\"><a href=\"#cite_note-:0-1\">(1) <\/a><\/sup><\/span><span class=\"mw-editsection\"><span class=\"mw-editsection-bracket\">(<\/span> <a href=\"\/index.php?title=Gait_Deviations_Associated_with_Lower_Leg_and_Foot_Pain_Syndromes&amp;veaction=edit&amp;section=4\" class=\"mw-editsection-visualeditor\" title=\"Edit section: Gait Deviations(1)\">edit<\/a> <span class=\"mw-editsection-divider\"> | <\/span> <a href=\"\/index.php?title=Gait_Deviations_Associated_with_Lower_Leg_and_Foot_Pain_Syndromes&amp;action=edit&amp;section=4\" title=\"Edit section: Gait Deviations(1)\">edit source<\/a> <span class=\"mw-editsection-bracket\">)<\/span><\/span><\/h2>\n<table class=\"wikitable\">\n<caption>\n<\/caption>\n<tbody>\n<tr>\n<th><b>Gangabweichung<\/b><\/th>\n<th><b>Erwartetes Bewegungsmuster<\/b><\/th>\n<th><b>Abweichendes Bewegungsmuster<\/b><\/th>\n<th><b>Sekund\u00e4re Zeichen im Zusammenhang mit abweichenden Bewegungen<\/b><\/th>\n<\/tr>\n<tr>\n<td><b>Verz\u00f6gerte Fersenanhebung &#8211; &#8222;late heel off&#8220;<\/b><sup id=\"cite_ref-:3_6-0\" class=\"reference\"><a href=\"#cite_note-:3-6\">(6)<\/a><\/sup><\/p>\n<p>d.h.: verl\u00e4ngerter Fersenkontakt<\/td>\n<td>Die Ferse des hinteren Fu\u00dfes hebt kurz vor dem Aufsetzen des vorderen Fu\u00dfes vom Boden ab.<\/td>\n<td>Die Ferse des hinteren Fu\u00dfes bleibt \u00fcber den Moment des Fersenauftritts des vorderen Fu\u00dfes hinaus auf dem Boden.<\/p>\n<ul>\n<li>Kann aufgrund eines anatomisch l\u00e4ngeren Beins auftreten<\/li>\n<\/ul>\n<\/td>\n<td>\n<ul>\n<li>Hyperextension des Knies in der terminalen Standphase<\/li>\n<li>Hyperflexion des Knies in der terminalen Standphase<\/li>\n<li>Eine Verringerung der Auf- und Abw\u00e4rtsbewegung des Massenschwerpunkts<\/li>\n<li>Das Erscheinungsbild eines &#8222;geriatrischen Gangs&#8220;<\/li>\n<\/ul>\n<\/td>\n<\/tr>\n<tr>\n<td><b>Verfr\u00fchte Fersenanhebung &#8211; &#8222;early heel off&#8220;<\/b><sup id=\"cite_ref-:3_6-1\" class=\"reference\"><a href=\"#cite_note-:3-6\">(6)<\/a><\/sup><\/p>\n<p>d.h.: vorzeitige Fersenabl\u00f6sung<\/td>\n<td>(Dasselbe wie oben)<\/td>\n<td>Die Ferse des hinteren Fu\u00dfes verl\u00e4sst den Boden vor dem Fersenauftritt des vorderen Fu\u00dfes.<\/p>\n<ul>\n<li>&#8222;Federnder&#8220; Gang<\/li>\n<li>Zehenspitzengang<\/li>\n<li>Kann aufgrund eines anatomisch k\u00fcrzeren Beins auftreten<\/li>\n<\/ul>\n<\/td>\n<td>\n<ul>\n<li>Hyperextension des Knies in der terminalen Standphase<\/li>\n<li>Hyperflexion des Knies in der terminalen Standphase<\/li>\n<li>Verst\u00e4rkte Auf- und Abw\u00e4rtsbewegung des <a href=\"\/Centre_of_Gravity\" title=\"Centre of Gravity\">Massenschwerpunkts<\/a><\/li>\n<li>Lauter Fersenauftritt<\/li>\n<\/ul>\n<\/td>\n<\/tr>\n<tr>\n<td><b>Doppelschrittl\u00e4nge zu lang<\/b><\/td>\n<td>Beim Gehen ist, von lateral betrachtet, der lineare Abstand zwischen dem Fu\u00dfauftritt und dem Massenschwerpunkt der Person relativ kurz.<\/td>\n<td>Beim Gehen ist, von lateral betrachtet, der lineare Abstand vom Fu\u00dfauftritt bis zum Massenschwerpunkt der Person zu gro\u00df.<\/td>\n<td>\n<ul>\n<li>Vergr\u00f6\u00dferung des Fu\u00dfwinkels im Verh\u00e4ltnis zum Boden<\/li>\n<li>Lauter Fu\u00dfauftritt<\/li>\n<li>Sichtbare Vibrationen des Laufbands beim Gehen auf dem Laufband<\/li>\n<li>Wadenmuskel oder Unterschenkel scheinen zu &#8222;zittern&#8220;<\/li>\n<li>Vermehrte oder Hyperextension des Knies, insbesondere beim Fersenauftritt<\/li>\n<li>Vermehrte H\u00fcftextension in der terminalen Standphase<\/li>\n<li>Fu\u00df kann ggf. die Mittellinie \u00fcberkreuzen<\/li>\n<li>Geringe Gangkadenz, weniger als 120 Schritte\/min; geringe Laufkadenz, weniger als 180 Schritte\/min<\/li>\n<\/ul>\n<\/td>\n<\/tr>\n<tr>\n<td><b>&#8222;Toe out&#8220;<\/b> d.h. Zehen zeigen nach au\u00dfen<sup id=\"cite_ref-:4_7-0\" class=\"reference\"><a href=\"#cite_note-:4-7\">(7)<\/a><\/sup><\/td>\n<td>Beim Gehen steht die Fu\u00dfl\u00e4ngsachse, von anterior oder posterior gesehen, 5-10 Grad nach au\u00dfen im Verh\u00e4ltnis zur Progressionslinie (Fortbewegungslinie)<\/p>\n<ul>\n<li>In der Regel sieht man in der Ansicht von posterior nur zwei der lateralen Zehen.<\/li>\n<\/ul>\n<\/td>\n<td>Mehr als 10 Grad Au\u00dfenrotation des Fu\u00dfes relativ zur Progressionslinie.<\/p>\n<ul>\n<li>In der Ansicht von posterior w\u00e4hrend des Gehens sind mehr als zwei der lateralen Zehen sichtbar.<\/li>\n<li>Es besteht eine Asymmetrie im Ausma\u00df des &#8222;toe out&#8220; zwischen den unteren Extremit\u00e4ten der betroffenen Person.<\/li>\n<li>Tritt bei Hallux limitus oder bei Arthrose des ersten MTP-Gelenks (Gro\u00dfzehengrundgelenk) auf.<\/li>\n<li>Kann aufgrund eines anatomisch k\u00fcrzeren Beins auftreten<\/li>\n<\/ul>\n<\/td>\n<td>\n<ul>\n<li>Lateral ausgerichtete Patella<\/li>\n<li>Die popliteale Hautfalte verl\u00e4uft schr\u00e4g von superior-medial nach inferior-lateral<\/li>\n<li>In der Ansicht von posterior ist der laterale Malleolus sichtbar, der mediale Malleolus jedoch nicht.<\/li>\n<\/ul>\n<\/td>\n<\/tr>\n<tr>\n<td><b>&#8222;Toe in&#8220;<\/b> d.h. Zehen zeigen nach innen<sup id=\"cite_ref-:4_7-1\" class=\"reference\"><a href=\"#cite_note-:4-7\">(7)<\/a><\/sup><\/td>\n<td>Beim Gehen und in der Ansicht von posterior sollte die Gro\u00dfzehe nicht zu sehen sein.<\/td>\n<td>Die Gro\u00dfzehe ist beim Gehen in der Ansicht von posterior sichtbar.<\/p>\n<ul>\n<li>Es besteht eine Asymmetrie im Ausma\u00df des &#8222;toe in&#8220; zwischen den unteren Extremit\u00e4ten der betroffenen Person.<\/li>\n<li>Tritt bei Hallux limitus oder bei Arthrose des ersten MTP-Gelenks (Gro\u00dfzehengrundgelenk) auf.<\/li>\n<li>Kann aufgrund eines anatomisch l\u00e4ngeren Beins auftreten<\/li>\n<\/ul>\n<\/td>\n<td>\n<ul>\n<li>Die popliteale Hautfalte verl\u00e4uft schr\u00e4g von superior-lateral nach inferior-medial<\/li>\n<li>Medial ausgerichtete Patella<\/li>\n<li>In der Ansicht von posterior ist der mediale Malleolus sichtbar, der laterale Malleolus jedoch nicht.<\/li>\n<\/ul>\n<\/td>\n<\/tr>\n<tr>\n<td><b>Lauter Fu\u00dfauftritt<\/b><\/td>\n<td>Es wird erwartet, dass der Fu\u00dfauftritt ein Ger\u00e4usch erzeugt. Das Ger\u00e4usch ist bezeichnend f\u00fcr die Bodenreaktionskraft.<\/td>\n<td>Wenn das Ger\u00e4usch des Auftretens <i>asymmetrisch<\/i> zwischen den unteren Extremit\u00e4ten oder zwischen der nicht schmerzhaften und der schmerzhaften Seite ist.<\/td>\n<td>\n<ul>\n<li>Laute Einzel- oder Doppelger\u00e4usche w\u00e4hrend demselben Fu\u00dfauftritt<\/li>\n<li>Geringe Kadenz mit langer Doppelschrittl\u00e4nge<\/li>\n<li>Vergr\u00f6\u00dferter Winkel des Fu\u00dfes relativ zum Boden mit einer verl\u00e4ngerten Zeitspanne, in der nur die Ferse Kontakt hat<\/li>\n<li>Die Ferse bleibt in der fr\u00fchen Standphase l\u00e4nger auf dem Boden<\/li>\n<\/ul>\n<\/td>\n<\/tr>\n<tr>\n<td><b>Abdrehen der Ferse &#8211; &#8222;heel whip&#8220;<\/b><\/td>\n<td>Dies ist die einzige Gangabweichung, die im \u00dcbergang von der Stand- zur Schwungphase auftritt.<\/p>\n<p>Beim Gehen, von posterior betrachtet, ist eine Drehung der Ferse und des Fu\u00dfes um 5-10 Grad in der transversalen Ebene w\u00e4hrend der Abl\u00f6sung des Fu\u00dfes vom Boden zu erwarten<\/td>\n<td>Wenn der Winkel des Abdrehens der Ferse gr\u00f6\u00dfer als 10 Grad ist.<\/p>\n<p>Eine weitere Abweichung liegt vor, wenn das &#8222;heel whip&#8220; auf einer Seite st\u00e4rker ist als auf der anderen.<\/p>\n<ul>\n<li>Kann aufgrund eines anatomisch l\u00e4ngeren Beins auftreten<\/li>\n<li>Wahrscheinlich durch muskul\u00e4re Ungleichgewichte in der H\u00fcfte bedingt<\/li>\n<\/ul>\n<\/td>\n<td>\n<ul>\n<li>Schr\u00e4ge popliteale Hautfalte<\/li>\n<li>Kein &#8222;Tageslicht&#8220; zwischen den Knien<\/li>\n<li>Der Fu\u00df \u00fcberkreuzt die Mittellinie des K\u00f6rpers<\/li>\n<li>Anzeichen \u00fcberm\u00e4\u00dfiger Abnutzung an der Unterseite des Schuhs unter den Mittelfu\u00dfk\u00f6pfen, wo Scher- oder Verdrehungskr\u00e4fte auftreten<\/li>\n<\/ul>\n<\/td>\n<\/tr>\n<tr>\n<td><b>\u00dcberm\u00e4\u00dfige Pronation<\/b><\/td>\n<td>Von posterior betrachtet steht eine gedachte Linie, die den Calcaneus oder die Fersenkappe des Schuhs in zwei H\u00e4lften teilt, senkrecht zum Boden.<\/p>\n<p>In der Ansicht von posterior:<\/p>\n<ul>\n<li>Sind zwei oder weniger der lateralen Zehen zu sehen<\/li>\n<li>Ist das Os naviculare nicht sichtbar<\/li>\n<\/ul>\n<\/td>\n<td>In der Ansicht von posterior:<\/p>\n<ul>\n<li>Hebt sich die Ferse des Schuhs vom Boden ab<\/li>\n<li>Kippt die gedachte Linie, die den Calcaneus oder die Fersenkappe des Schuhs in zwei H\u00e4lften teilt, nach medial<\/li>\n<li>Sind mehr als zwei der lateralen Zehen zu sehen<\/li>\n<li>Steht das Os naviculare plantarflektiert und abduziert<\/li>\n<\/ul>\n<\/td>\n<td>\n<ul>\n<li>Kontralaterales Absinken des Beckens<\/li>\n<li>Kein &#8222;Tageslicht&#8220; zwischen den Knien<\/li>\n<li>Valgus-Thrust des Knies<\/li>\n<li>Valgusstellung des Knies<\/li>\n<li>Schr\u00e4ge popliteale Hautfalte<\/li>\n<\/ul>\n<\/td>\n<\/tr>\n<tr>\n<td><b>Fehlender Windlass-Effekt<\/b><\/p>\n<p>d.h.: vermehrte Dorsalextension des Gro\u00dfzehengrundgelenks<\/td>\n<td>W\u00e4hrend des Vorfu\u00dfkontakts\/der terminalen Standphase betr\u00e4gt die Dorsalextension des ersten MTP-Gelenks (Gro\u00dfzehengrundgelenk) normalerweise 35-65 Grad.<\/p>\n<ul>\n<li>In der Ansicht von lateral verlagert sich dadurch der proximale Anteil des ersten Mittelfu\u00dfknochens nach dorsal bzw. das L\u00e4ngsgew\u00f6lbe hebt sich an (Windlass-Effekt oder Windlass-Mechanismus)<\/li>\n<\/ul>\n<\/td>\n<td>\n<ul>\n<li>W\u00e4hrend des Vorfu\u00dfkontakts\/der terminalen Standphase betr\u00e4gt die Dorsalextension des ersten MTP-Gelenks (Gro\u00dfzehengrundgelenk) mehr als 65 Grad.<\/li>\n<li>In der Ansicht von lateral verlagert sich der proximale Anteil des ersten Mittelfu\u00dfknochen nicht nach dorsal bzw. das L\u00e4ngsgew\u00f6lbe wird nicht angehoben (fehlender Windlass-Effekt)<\/li>\n<\/ul>\n<\/td>\n<td>\n<ul>\n<li>\u00dcberm\u00e4\u00dfige Pronation<\/li>\n<li>Abdrehen der Ferse &#8211; &#8222;heel whip&#8220;<\/li>\n<li>Vermehrte H\u00fcftextension<\/li>\n<li>Knieextension in der terminalen Standphase<\/li>\n<\/ul>\n<\/td>\n<\/tr>\n<tr>\n<td><b>Verminderte Dorsalextension des Gro\u00dfzehengrundgelenks<\/b><\/td>\n<td>W\u00e4hrend des Vorfu\u00dfkontakts\/der terminalen Standphase betr\u00e4gt von lateral gesehen die Dorsalextension des ersten MTP-Gelenks (Gro\u00dfzehengrundgelenk) normalerweise 35-65 Grad.<\/td>\n<td>W\u00e4hrend des Vorfu\u00dfkontakts\/der terminalen Standphase betr\u00e4gt die Dorsalextension des ersten MTP-Gelenks (Gro\u00dfzehengrundgelenk) weniger als 35 Grad.<\/td>\n<td>\n<ul>\n<li>Fehlender Windlass-Effekt<\/li>\n<\/ul>\n<\/td>\n<\/tr>\n<\/tbody>\n<\/table>\n<blockquote>\n<div class=\"tright\"><a href=\"\/File:Windlass_Test.png\" class=\"image\"><img loading=\"lazy\" alt=\"\" src=\"https:\/\/www.physio-pedia.com\/images\/thumb\/d\/d5\/Windlass_Test.png\/300px-Windlass_Test.png\" decoding=\"async\" width=\"300\" height=\"386\" srcset=\"https:\/\/www.physio-pedia.com\/images\/d\/d5\/Windlass_Test.png 1.5x\"><\/a><\/div>\n<p><b>Was ist der <a href=\"\/Windlass_Test\" title=\"Windlass Test\">Windlass-Effekt<\/a> (Windlass-Mechanismus)?<\/b><\/p>\n<p>Eine Studie aus dem Jahr 2004,<sup id=\"cite_ref-:5_8-0\" class=\"reference\"><a href=\"#cite_note-:5-8\">(8)<\/a><\/sup> die im Journal of Athletic Training ver\u00f6ffentlicht wurde, beschreibt diesen Mechanismus folgenderma\u00dfen:<\/p>\n<ul>\n<li>Eine Seilwinde (engl. &#8222;windlass&#8220;) ist das Spannen eines Seils oder Kabels.<\/li>\n<li>Die Plantarfaszie &#8222;simuliert ein Kabel&#8220;, das zwischen dem Calcaneus (Fersenbein) und den Artt. metatarsophalangeales (MTP-Gelenke \/ Zehengrundgelenke) befestigt ist.<\/li>\n<li>Durch die Dorsalextension in der Vortriebsphase des Gangs wird die Plantarfaszie um die Mittelfu\u00dfk\u00f6pfchen gespannt. Diese Straffung der Faszie verk\u00fcrzt den Abstand zwischen Calcaneus und den Ossa metatarsalia und hebt das mediale L\u00e4ngsgew\u00f6lbe an. Diese Verk\u00fcrzung der Plantarfaszie ist das kennzeichnende Prinzip des Windlass-Mechanismus.<\/li>\n<li>Vom Fersenauftritt bis zur Gewichts\u00fcbernahme: Die Pronation des Fu\u00dfes vergr\u00f6\u00dfert den Abstand zwischen Calcaneus und Ossa metatarsalia. Durch diese Dehnung wird die Plantarfaszie unter Zugspannung gesetzt.<\/li>\n<li>Von der mittleren Standphase bis zur Vortriebsphase (d. h. der Zeitraum vom Ende der mittleren Standphase, wenn sich die Ferse hebt, bis zur Zehenabl\u00f6sung<sup id=\"cite_ref-9\" class=\"reference\"><a href=\"#cite_note-9\">(9)<\/a><\/sup>): Die Supination des Fu\u00dfes f\u00fchrt dazu, dass der Fu\u00df zu einem starren Hebelarm wird, der den Windlass-Mechanismus nutzt, um den Gang vorzutreiben (Propulsion). Wie bei der Pronation \u00fcben auch die bei der Supination auftretenden Kr\u00e4fte Spannung auf die Plantarfaszie aus.<sup id=\"cite_ref-:5_8-1\" class=\"reference\"><a href=\"#cite_note-:5-8\">(8)<\/a><\/sup><\/li>\n<\/ul>\n<\/blockquote>\n<h2><span id=\"Pain_Syndromes_Associated_with_Gait_Deviations(1)\"><\/span><span class=\"mw-headline\" id=\"Pain_Syndromes_Associated_with_Gait_Deviations.5B1.5D\">Schmerzsyndrome im Zusammenhang mit Gangabweichungen<sup id=\"cite_ref-:0_1-4\" class=\"reference\"><a href=\"#cite_note-:0-1\">(1) <\/a><\/sup><\/span><span class=\"mw-editsection\"><span class=\"mw-editsection-bracket\">(<\/span> <a href=\"\/index.php?title=Gait_Deviations_Associated_with_Lower_Leg_and_Foot_Pain_Syndromes&amp;veaction=edit&amp;section=5\" class=\"mw-editsection-visualeditor\" title=\"Edit section: Pain Syndromes Associated with Gait Deviations(1)\">edit<\/a> <span class=\"mw-editsection-divider\"> | <\/span> <a href=\"\/index.php?title=Gait_Deviations_Associated_with_Lower_Leg_and_Foot_Pain_Syndromes&amp;action=edit&amp;section=5\" title=\"Edit section: Pain Syndromes Associated with Gait Deviations(1)\">edit source<\/a> <span class=\"mw-editsection-bracket\">)<\/span><\/span><\/h2>\n<table class=\"wikitable\">\n<caption>\n<\/caption>\n<tbody>\n<tr>\n<th><b>Gangabweichung<\/b><\/th>\n<th><b>Assoziierte Schmerzen<\/b><\/p>\n<p><b>und Schmerzsyndrome<\/b><\/th>\n<\/tr>\n<tr>\n<td><b>Verz\u00f6gerte Fersenanhebung &#8211; &#8222;late heel off&#8220;<\/b><\/p>\n<p>d.h.: verl\u00e4ngerter Fersenkontakt<\/td>\n<td>\n<ul>\n<li>Vordere Leistenschmerzen<\/li>\n<li>H\u00fcftschmerzen<\/li>\n<li>Verletzungen des Labrum acetabuli<\/li>\n<li>Vordere Knieschmerzen<\/li>\n<li>Patellofemorale Arthralgie<\/li>\n<li>Vordere Sprunggelenkschmerzen<\/li>\n<li>Impingement des Sprunggelenks<\/li>\n<li>Achillessehnenschmerzen (verh\u00e4ltnism\u00e4\u00dfig lange Achillessehne aufgrund einer Sehnenverl\u00e4ngerung oder eines Sehnenrisses)<\/li>\n<li>Plantarer Fersenschmerz<\/li>\n<\/ul>\n<\/td>\n<\/tr>\n<tr>\n<td><b>Verfr\u00fchte Fersenanhebung &#8211; &#8222;early heel off&#8220;<\/b><\/p>\n<p>d.h.: vorzeitige Fersenabl\u00f6sung<\/td>\n<td>\n<ul>\n<li>Vordere Knieschmerzen<\/li>\n<li>Patellofemorale Arthralgie<\/li>\n<li>Achillessehnenschmerzen (verh\u00e4ltnism\u00e4\u00dfig kurze Achillessehne)<\/li>\n<li>Schmerzen am Sprunggelenk<\/li>\n<li><a href=\"\/Plantar_Heel_Pain\" title=\"Plantar Heel Pain\">Plantarer Fersenschmerz<\/a><\/li>\n<li>Metatarsalgie<\/li>\n<li>Vorfu\u00dfschmerzen<\/li>\n<\/ul>\n<\/td>\n<\/tr>\n<tr>\n<td><b>Doppelschrittl\u00e4nge zu lang<\/b><\/td>\n<td>\n<ul>\n<li>R\u00fcckenschmerzen<\/li>\n<li>Vordere Leistenschmerzen<\/li>\n<li>Verletzung des Labrum acetabuli<\/li>\n<li>Anteriore und\/oder laterale Knieschmerzen<\/li>\n<li><a href=\"\/Iliotibial_Band_Syndrome\" title=\"Iliotibial Band Syndrome\">Iliotibiales Bandsyndrom<\/a><\/li>\n<li>Patellofemorale Arthralgie<\/li>\n<li><a href=\"\/Medial_Tibial_Stress_Syndrome\" title=\"Medial Tibial Stress Syndrome\">Mediales tibiales Stresssyndrom<\/a><\/li>\n<li>Stressfrakturen<\/li>\n<li>Achillessehnenschmerzen<\/li>\n<li>Plantarer Fersenschmerz<\/li>\n<\/ul>\n<\/td>\n<\/tr>\n<tr>\n<td><b>&#8222;Toe out&#8220;, Zehen zeigen nach au\u00dfen<\/b><\/td>\n<td>\n<ul>\n<li><a href=\"\/Osteoarthritis\" title=\"Arthrose\">Koxarthrose<\/a><\/li>\n<li>Gonarthrose<\/li>\n<li>Gangbild kann auch nach einem totalen Gelenkersatz als Gewohnheit bestehen bleiben<\/li>\n<li>Patellofemorale Arthralgie<\/li>\n<li>Mediales tibiales Stresssyndrom<\/li>\n<li><a href=\"\/Stress_Fractures\" title=\"Stress Fractures\">Stressfraktur <\/a>der Tibia<\/li>\n<li>Achillessehnenschmerzen<\/li>\n<li>Plantarer Fersenschmerz<\/li>\n<li>Metatarsalgie<\/li>\n<\/ul>\n<\/td>\n<\/tr>\n<tr>\n<td><b>&#8222;Toe in&#8220;, Zehen zeigen nach innen<\/b><\/td>\n<td>\n<ul>\n<li>Vordere Knieschmerzen<\/li>\n<li>Patellofemorale Arthralgie<\/li>\n<li>Mediales tibiales Stresssyndrom<\/li>\n<li>Tendinopathie des M. tibialis posterior<\/li>\n<li>Plantarer Fersenschmerz<\/li>\n<li>Metatarsalgie<\/li>\n<li>Schmerzen durch <a href=\"\/Hallux_Valgus\" title=\"Hallux Valgus\">Hallux valgus<\/a><\/li>\n<\/ul>\n<\/td>\n<\/tr>\n<tr>\n<td><b>Lauter Fu\u00dfauftritt<\/b><\/td>\n<td>\n<ul>\n<li>Iliotibiales Bandsyndrom<\/li>\n<li>Mediales tibiales Stresssyndrom<\/li>\n<li>Stressfraktur;<\/li>\n<li>Plantarer Fersenschmerz<\/li>\n<\/ul>\n<\/td>\n<\/tr>\n<tr>\n<td><b>Abdrehen der Ferse &#8211; &#8222;heel whip&#8220;<\/b><\/td>\n<td>\n<ul>\n<li>Gluteale Tendinopathie<\/li>\n<li>Anteriore und\/oder laterale Knieschmerzen<\/li>\n<li>Patellofemorale Arthralgie<\/li>\n<li>Iliotibiales Bandsyndrom<\/li>\n<li>Mediales tibiales Stresssyndrom<\/li>\n<li>Stressfraktur der Tibia<\/li>\n<li>Metatarsalgie<\/li>\n<li>Hallux valgus<\/li>\n<\/ul>\n<\/td>\n<\/tr>\n<tr>\n<td><b>\u00dcberm\u00e4\u00dfige Pronation<\/b><\/td>\n<td>\n<ul>\n<li>Tendinopathie der Glutealmuskulatur<\/li>\n<li>Patellofemorale Arthralgie<\/li>\n<li>Mediales tibiales Stresssyndrom<\/li>\n<li>Tendinopathie des M. tibialis posterior<\/li>\n<li>Plantarer Fersenschmerz<\/li>\n<li>Hallux valgus<\/li>\n<\/ul>\n<\/td>\n<\/tr>\n<tr>\n<td><b>Fehlender Windlass-Effekt<\/b><\/td>\n<td>\n<ul>\n<li>Plantarer Fersenschmerz<\/li>\n<li>Sesambeinentz\u00fcndung<\/li>\n<li>Hallux valgus<\/li>\n<li>Metatarsalgie<\/li>\n<\/ul>\n<\/td>\n<\/tr>\n<tr>\n<td><b>Verminderte Dorsalextension des Gro\u00dfzehengrundgelenks<\/b><\/td>\n<td>\n<ul>\n<li>Plantarer Fersenschmerz<\/li>\n<li>Hallux limitus<sup id=\"cite_ref-10\" class=\"reference\"><a href=\"#cite_note-10\">(10)<\/a><\/sup><\/li>\n<li>Arthrose im Gro\u00dfzehengrundgelenk (erstes MTP-Gelenk)<\/li>\n<li>Enchondrom der Gro\u00dfzehe<\/li>\n<li>Gutartiges Chondrom<\/li>\n<li>Hallux valgus<\/li>\n<li>Sesambeinentz\u00fcndung<\/li>\n<li>Metatarsalgie<\/li>\n<\/ul>\n<\/td>\n<\/tr>\n<\/tbody>\n<\/table>\n<h2><span class=\"mw-headline\" id=\"Resources\">Ressourcen<\/span><span class=\"mw-editsection\"><span class=\"mw-editsection-bracket\">(<\/span><a href=\"\/index.php?title=Gait_Deviations_Associated_with_Lower_Leg_and_Foot_Pain_Syndromes&amp;veaction=edit&amp;section=6\" class=\"mw-editsection-visualeditor\" title=\"Edit section: Resources\">edit<\/a><span class=\"mw-editsection-divider\"> | <\/span><a href=\"\/index.php?title=Gait_Deviations_Associated_with_Lower_Leg_and_Foot_Pain_Syndromes&amp;action=edit&amp;section=6\" title=\"Edit section: Resources\">edit source<\/a><span class=\"mw-editsection-bracket\">)<\/span><\/span><\/h2>\n<p><b>Empfohlenes Video \u00fcber Gangabweichungen:<\/b><\/p>\n<div class=\"thumb embedvideo autoResize\" style=\"width: 508px;\">\n<div class=\"embedvideo autoResize\" style=\"\">\n<div class=\"embedvideowrap\" style=\"width: 500px;\"><iframe loading=\"lazy\" title=\"Play video\" src=\"\/\/www.youtube.com\/embed\/nekqkxLeGOw?\" width=\"500\" height=\"281\" frameborder=\"0\" allowfullscreen=\"true\"><\/iframe><\/div>\n<\/div>\n<\/div>\n<p><sup id=\"cite_ref-11\" class=\"reference\"><a href=\"#cite_note-11\">(11)<\/a><\/sup><\/p>\n<p><b>Empfohlene Fachartikel:<\/b><\/p>\n<ul>\n<li>Steffen TM, Hacker TA, Mollinger L. <a rel=\"nofollow\" class=\"external text\" href=\"https:\/\/academic.oup.com\/ptj\/article\/82\/2\/128\/2836941\">Age-and gender-related test performance in community-dwelling elderly people: Six-Minute Walk Test, Berg Balance Scale, Timed Up &amp; Go Test, and gait speeds<\/a>. Physical therapy. 2002 Feb 1;82(2):128-37.<\/li>\n<li>Naylor BH, Seidman D, Scuderi GR. <a rel=\"nofollow\" class=\"external text\" href=\"https:\/\/cme.lww.com\/ovidfiles\/00124635-202107150-00006.pdf\">Bridging the Gap: The Influence of Foot and Ankle Pathomechanics in Total Knee Arthroplasty<\/a>. JAAOS-Journal of the American Academy of Orthopaedic Surgeons. 2021 Jul 15;29(14):e693-701.<\/li>\n<li class=\"mw-empty-elt\">\n<\/li>\n<\/ul>\n<h2><span class=\"mw-headline\" id=\"References\">Referenzen<\/span><span class=\"mw-editsection\"><span class=\"mw-editsection-bracket\">(<\/span><a href=\"\/index.php?title=Gait_Deviations_Associated_with_Lower_Leg_and_Foot_Pain_Syndromes&amp;veaction=edit&amp;section=7\" class=\"mw-editsection-visualeditor\" title=\"Edit section: References\">edit<\/a><span class=\"mw-editsection-divider\"> | <\/span><a href=\"\/index.php?title=Gait_Deviations_Associated_with_Lower_Leg_and_Foot_Pain_Syndromes&amp;action=edit&amp;section=7\" title=\"Edit section: References\">edit source<\/a><span class=\"mw-editsection-bracket\">)<\/span><\/span><\/h2>\n<div class=\"mw-references-wrap mw-references-columns\">\n<ol class=\"references\">\n<li id=\"cite_note-:0-1\"><span class=\"mw-cite-backlink\">\u2191 <sup><a href=\"#cite_ref-:0_1-0\">1,0<\/a><\/sup> <sup><a href=\"#cite_ref-:0_1-1\">1,1<\/a><\/sup> <sup><a href=\"#cite_ref-:0_1-2\">1,2<\/a><\/sup> <sup><a href=\"#cite_ref-:0_1-3\">1,3<\/a><\/sup> <sup><a href=\"#cite_ref-:0_1-4\">1,4<\/a><\/sup><\/span> <span class=\"reference-text\">Howell, D, Gait Deviation Associated with Pain Syndromes in the Lower Leg and Foot. Gait Analysis. Plus. 2022<\/span><\/li>\n<li id=\"cite_note-2\"><span class=\"mw-cite-backlink\"><a href=\"#cite_ref-2\">\u2191<\/a><\/span> <span class=\"reference-text\">The Editors of Encyclopaedia Britannica. Foot. Available from: <a rel=\"nofollow\" class=\"external free\" href=\"https:\/\/www.britannica.com\/science\/foot\">https:\/\/www.britannica.com\/science\/foot<\/a> (accessed 28\/05\/2022).<\/span><\/li>\n<li id=\"cite_note-:1-3\"><span class=\"mw-cite-backlink\">\u2191 <sup><a href=\"#cite_ref-:1_3-0\">3.0<\/a><\/sup> <sup><a href=\"#cite_ref-:1_3-1\">3.1<\/a><\/sup> <sup><a href=\"#cite_ref-:1_3-2\">3.2<\/a><\/sup><\/span> <span class=\"reference-text\">Yu L, Mei Q, Xiang L, et al. <a rel=\"nofollow\" class=\"external text\" href=\"https:\/\/www.frontiersin.org\/articles\/10.3389\/fbioe.2021.629809\/full#refer1\">Principal Component Analysis of the Running Ground Reaction Forces With Different Speeds<\/a>. Front. Bioeng. Biotechnol.. 2021; 9:629809.<\/span><\/li>\n<li id=\"cite_note-:2-4\"><span class=\"mw-cite-backlink\">\u2191 <sup><a href=\"#cite_ref-:2_4-0\">4.0<\/a><\/sup> <sup><a href=\"#cite_ref-:2_4-1\">4.1<\/a><\/sup><\/span> <span class=\"reference-text\">Jiang X, Napier C, Hannigan B, Eng JJ, Menon C. <a rel=\"nofollow\" class=\"external text\" href=\"https:\/\/www.ncbi.nlm.nih.gov\/pmc\/articles\/PMC7436236\/\">Estimating vertical ground reaction force during walking using a single inertial sensor<\/a>. Sensors. 2020 Jan;20(15):4345.<\/span><\/li>\n<li id=\"cite_note-5\"><span class=\"mw-cite-backlink\"><a href=\"#cite_ref-5\">\u2191<\/a><\/span> <span class=\"reference-text\">JYouTube. Ground Reaction Force During the Gait Cycle | Alexandra Kopelovich.<br \/>\nAvailable from: <a rel=\"nofollow\" class=\"external free\" href=\"https:\/\/www.youtube.com\/watch?v=Y2RHvicAM2o\">https:\/\/www.youtube.com\/watch?v=Y2RHvicAM2o<\/a> (last accessed 29\/05\/2022)<\/span><\/li>\n<li id=\"cite_note-:3-6\"><span class=\"mw-cite-backlink\">\u2191 <sup><a href=\"#cite_ref-:3_6-0\">6.0<\/a><\/sup> <sup><a href=\"#cite_ref-:3_6-1\">6.1<\/a><\/sup><\/span> <span class=\"reference-text\">Kang MH. <a rel=\"nofollow\" class=\"external text\" href=\"https:\/\/www.jstage.jst.go.jp\/article\/jpts\/30\/5\/30_jpts-2018-002\/_pdf\">Influence of ankle dorsiflexion range of motion on heel-rise time during gait<\/a>. Journal of Physical Therapy Science. 2018;30(5):694-6.<\/span><\/li>\n<li id=\"cite_note-:4-7\"><span class=\"mw-cite-backlink\">\u2191 <sup><a href=\"#cite_ref-:4_7-0\">7.0<\/a><\/sup> <sup><a href=\"#cite_ref-:4_7-1\">7.1<\/a><\/sup><\/span> <span class=\"reference-text\">Mousavi SH, van Kouwenhove L, Rajabi R, Zwerver J, Hijmans JM. <a rel=\"nofollow\" class=\"external text\" href=\"https:\/\/journals.plos.org\/plosone\/article?id=10.1371\/journal.pone.0246425\">The effect of changing foot progression angle using real-time visual feedback on rearfoot eversion during running.<\/a> PloS one. 2021 Feb 10;16(2):e0246425.<\/span><\/li>\n<li id=\"cite_note-:5-8\"><span class=\"mw-cite-backlink\">\u2191 <sup><a href=\"#cite_ref-:5_8-0\">8.0<\/a><\/sup> <sup><a href=\"#cite_ref-:5_8-1\">8.1<\/a><\/sup><\/span> <span class=\"reference-text\">Bolgla LA, Malone TR. <a rel=\"nofollow\" class=\"external text\" href=\"https:\/\/www.ncbi.nlm.nih.gov\/pmc\/articles\/pmc385265\/\">Plantar fasciitis and the windlass mechanism: a biomechanical link to clinical practice<\/a>. Journal of athletic training. 2004 Jan;39(1):77.<\/span><\/li>\n<li id=\"cite_note-9\"><span class=\"mw-cite-backlink\"><a href=\"#cite_ref-9\">\u2191<\/a><\/span> <span class=\"reference-text\">Kawalec JS. 12 &#8211; Mechanical testing of foot and ankle implants. In Friss E, editor. Mechanical testing of orthopaedic implants. Woodhead Publishing, 2017. p231-53.<\/span><\/li>\n<li id=\"cite_note-10\"><span class=\"mw-cite-backlink\"><a href=\"#cite_ref-10\">\u2191<\/a><\/span> <span class=\"reference-text\">Viehofer, A. F., Vich, M., Wirth, S. H., Espinosa, N., &amp; Camenzind, R. S. (2019). <a rel=\"nofollow\" class=\"external text\" href=\"https:\/\/pubmed.ncbi.nlm.nih.gov\/30738612\/\">The Role of Plantar Fascia Tightness in Hallux Limitus: A Biomechanical Analysis<\/a>. J Foot Ankle Surg, 58(3), 465-469. <\/span><\/li>\n<li id=\"cite_note-11\"><span class=\"mw-cite-backlink\"><a href=\"#cite_ref-11\">\u2191<\/a><\/span> <span class=\"reference-text\">YouTube. Gait Deviations: Compensations at Ankle &amp; Foot | Alexandra Kopelovich. Available from: <a rel=\"nofollow\" class=\"external free\" href=\"https:\/\/www.youtube.com\/watch?v=nekqkxLeGOw\">https:\/\/www.youtube.com\/watch?v=nekqkxLeGOw<\/a> (last accessed 30\/05\/2022)<\/span><\/li>\n<\/ol>\n<\/div>\n<p><!-- NewPP limit report Cached time: 20221214190002 Cache expiry: 0 Dynamic content: true Complications: () CPU time usage: 0.090 seconds Real time usage: 0.102 seconds Preprocessor visited node count: 228\/1000000 Post\u2010expand include size: 145\/2097152 bytes Template argument size: 0\/2097152 bytes Highest expansion depth: 3\/40 Expensive parser function count: 0\/100 Unstrip recursion depth: 0\/20 Unstrip post\u2010expand size: 7990\/5000000 bytes --><br \/>\n<!-- Transclusion expansion time report (%,ms,calls,template) 100.00% 13.399 1 Special:Contributors\/Gait_Deviations_Associated_with_Lower_Leg_and_Foot_Pain_Syndromes 100.00% 13.399 1 -total --><\/p>\n<\/div>\n","protected":false},"excerpt":{"rendered":"<p>Originale Autorin &#8211; Stacy Schiurring basierend auf dem Kurs von Damien Howell Top-Beitragende &#8211; Stacy Schiurring, Jess Bell, Kim Jackson und Lucinda hampton Inhalt 1 Einleitung 2 \u00dcbersicht \u00fcber die Anatomie 3 Bodenreaktionskr\u00e4fte 4 Gangabweichungen(1) 5 Schmerzsyndrome im Zusammenhang mit Gangabweichungen(1) 6 Ressourcen 7 Referenzen Einleitung(edit | edit source) Dieser Artikel befasst sich mit Gangabweichungen [&hellip;]<\/p>\n","protected":false},"author":1,"featured_media":0,"parent":0,"menu_order":0,"comment_status":"closed","ping_status":"closed","template":"","meta":{"_acf_changed":false,"footnotes":""},"class_list":["post-5208","page","type-page","status-publish","hentry"],"acf":[],"_links":{"self":[{"href":"https:\/\/langs.physio-pedia.com\/de\/wp-json\/wp\/v2\/pages\/5208","targetHints":{"allow":["GET"]}}],"collection":[{"href":"https:\/\/langs.physio-pedia.com\/de\/wp-json\/wp\/v2\/pages"}],"about":[{"href":"https:\/\/langs.physio-pedia.com\/de\/wp-json\/wp\/v2\/types\/page"}],"author":[{"embeddable":true,"href":"https:\/\/langs.physio-pedia.com\/de\/wp-json\/wp\/v2\/users\/1"}],"replies":[{"embeddable":true,"href":"https:\/\/langs.physio-pedia.com\/de\/wp-json\/wp\/v2\/comments?post=5208"}],"version-history":[{"count":3,"href":"https:\/\/langs.physio-pedia.com\/de\/wp-json\/wp\/v2\/pages\/5208\/revisions"}],"predecessor-version":[{"id":5222,"href":"https:\/\/langs.physio-pedia.com\/de\/wp-json\/wp\/v2\/pages\/5208\/revisions\/5222"}],"wp:attachment":[{"href":"https:\/\/langs.physio-pedia.com\/de\/wp-json\/wp\/v2\/media?parent=5208"}],"curies":[{"name":"wp","href":"https:\/\/api.w.org\/{rel}","templated":true}]}}