{"id":2696,"date":"2022-09-09T04:24:27","date_gmt":"2022-09-09T04:24:27","guid":{"rendered":"https:\/\/langs.physio-pedia.com\/overview-of-the-icf-and-clinical-practice-de\/"},"modified":"2022-11-10T05:18:43","modified_gmt":"2022-11-10T05:18:43","slug":"overview-of-the-icf-and-clinical-practice-de","status":"publish","type":"page","link":"https:\/\/langs.physio-pedia.com\/de\/overview-of-the-icf-and-clinical-practice-de\/","title":{"rendered":"\u00dcberblick \u00fcber die ICF und die Klinische Praxis"},"content":{"rendered":"<div class=\"mw-parser-output\">\n<div class=\"editorbox\">\n<p><b>Originale Autorin <\/b>&#8211; <a title=\"User:Ewa Jaraczewska\" href=\"\/User:Ewa_Jaraczewska\">Ewa Jaraczewska<\/a> basierend auf dem Kurs von <a class=\"external text\" href=\"https:\/\/members.physio-pedia.com\/instructor\/patricia-saleeby\/\" rel=\"nofollow\">Patricia Saleeby<\/a><\/p>\n<p><b>Top-Beitragende <\/b> &#8211; <a class=\"mw-userlink\" title=\"User:Ewa Jaraczewska\" href=\"\/User:Ewa_Jaraczewska\"><bdi>Ewa Jaraczewska<\/bdi><\/a> und <a class=\"mw-userlink\" title=\"User:Jess Bell\" href=\"\/User:Jess_Bell\"><bdi>Jess Bell<\/bdi><\/a><\/p>\n<\/div>\n<div id=\"toc\" class=\"toc\" role=\"navigation\" aria-labelledby=\"mw-toc-heading\"><input id=\"toctogglecheckbox\" class=\"toctogglecheckbox\" style=\"display: none;\" role=\"button\" type=\"checkbox\"><\/p>\n<div class=\"toctitle\" dir=\"ltr\" lang=\"en\">\n<h2 id=\"mw-toc-heading\">Inhalt<\/h2>\n<\/div>\n<ul>\n<li class=\"toclevel-1 tocsection-1\"><a href=\"#Introduction\"><span class=\"tocnumber\">1<\/span> <span class=\"toctext\">Einf\u00fchrung<\/span><\/a>\n<ul>\n<li class=\"toclevel-2 tocsection-2\"><a href=\"#Relevant_Vocabulary\"><span class=\"tocnumber\">1.1<\/span> <span class=\"toctext\">Relevantes Vokabular<\/span><\/a><\/li>\n<li class=\"toclevel-2 tocsection-3\"><a href=\"#Clinical_Professions\"><span class=\"tocnumber\">1.2<\/span> <span class=\"toctext\">Klinische Berufe<\/span><\/a><\/li>\n<\/ul>\n<\/li>\n<li class=\"toclevel-1 tocsection-4\"><a href=\"#The_International_Classification_of_Functioning.2C_Disability_and_Health\"><span class=\"tocnumber\">2<\/span> <span class=\"toctext\">Die Internationale Klassifikation der Funktionsf\u00e4higkeit, Behinderung und Gesundheit<\/span><\/a><\/li>\n<li class=\"toclevel-1 tocsection-5\"><a href=\"#ICF_Qualifiers\"><span class=\"tocnumber\">3<\/span> <span class=\"toctext\">ICF-Beurteilungsmerkmale (Qualifikatoren) <\/span><\/a><\/li>\n<li class=\"toclevel-1 tocsection-6\"><a href=\"#ICF_Checklist\"><span class=\"tocnumber\">4<\/span> <span class=\"toctext\">ICF Checklist<\/span><\/a>\n<ul>\n<li class=\"toclevel-2 tocsection-7\"><a href=\"#Sections_of_the_Checklist\"><span class=\"tocnumber\">4.1<\/span> <span class=\"toctext\">Abschnitte der ICF Checklist<\/span><\/a><\/li>\n<\/ul>\n<\/li>\n<li class=\"toclevel-1 tocsection-8\"><a href=\"#World_Health_Organization_Disability_Assessment_.28WHODAS.29\"><span class=\"tocnumber\">5<\/span> <span class=\"toctext\">World Health Organization Disability Assessment (WHODAS)<\/span><\/a>\n<ul>\n<li class=\"toclevel-2 tocsection-9\"><a href=\"#Methods_of_Assessment\"><span class=\"tocnumber\">5.1<\/span> <span class=\"toctext\">Methoden zur Erfassung<\/span><\/a><\/li>\n<li class=\"toclevel-2 tocsection-10\"><a href=\"#Scoring_options\"><span class=\"tocnumber\">5.2<\/span> <span class=\"toctext\">Optionen zur Auswertung (Scoring)<\/span><\/a><\/li>\n<\/ul>\n<\/li>\n<li class=\"toclevel-1 tocsection-11\"><a href=\"#Social_Determinants_of_Health\"><span class=\"tocnumber\">6<\/span> <span class=\"toctext\">Soziale Determinanten der Gesundheit<\/span><\/a><\/li>\n<li class=\"toclevel-1 tocsection-12\"><a href=\"#Resources\"><span class=\"tocnumber\">7<\/span> <span class=\"toctext\">Ressourcen<\/span><\/a><\/li>\n<li class=\"toclevel-1 tocsection-13\"><a href=\"#References\"><span class=\"tocnumber\">8<\/span> <span class=\"toctext\">Referenzen<\/span><\/a><\/li>\n<\/ul>\n<\/div>\n<h2><span id=\"Introduction\" class=\"mw-headline\">Einf\u00fchrung<\/span><span class=\"mw-editsection\"><span class=\"mw-editsection-bracket\">(<\/span><a class=\"mw-editsection-visualeditor\" title=\"Edit section: Introduction\" href=\"\/index.php?title=Overview_of_the_ICF_and_Clinical_Practice&amp;veaction=edit&amp;section=1\">edit<\/a><span class=\"mw-editsection-divider\"> | <\/span><a title=\"Edit section: Introduction\" href=\"\/index.php?title=Overview_of_the_ICF_and_Clinical_Practice&amp;action=edit&amp;section=1\">edit source<\/a><span class=\"mw-editsection-bracket\">)<\/span><\/span><\/h2>\n<p>Die Internationale Klassifikation der Funktionsf\u00e4higkeit, Behinderung und Gesundheit (ICF) ist ein Modell zur Beschreibung der Funktionsf\u00e4higkeit und Behinderung einer Person im Zusammenhang mit einem Gesundheitszustand. Sie &#8222;bietet eine Konzeptualisierung von Funktionsf\u00e4higkeit und Behinderung, die die Beurteilung und Dokumentation in der Rehabilitation untermauern kann (&#8230;) Die Erfahrung mit der ICF erinnert die Praktiker daran, alle Bereiche der Partizipation (Teilhabe), die Auswirkungen der Umgebung auf die Partizipation (Teilhabe) und die Bedeutung der Einbeziehung von Klienten\/Patienten in die Beurteilung und Leistungsplanung zu ber\u00fccksichtigen.&#8220;<sup id=\"cite_ref-:0_1-0\" class=\"reference\"><a href=\"#cite_note-:0-1\">(1)<\/a><\/sup><\/p>\n<h3><span id=\"Relevant_Vocabulary\" class=\"mw-headline\">Relevantes Vokabular <\/span><span class=\"mw-editsection\"><span class=\"mw-editsection-bracket\">(<\/span> <a class=\"mw-editsection-visualeditor\" title=\"Edit section: Relevant Vocabulary\" href=\"\/index.php?title=Overview_of_the_ICF_and_Clinical_Practice&amp;veaction=edit&amp;section=2\">edit<\/a> <span class=\"mw-editsection-divider\"> | <\/span> <a title=\"Edit section: Relevant Vocabulary\" href=\"\/index.php?title=Overview_of_the_ICF_and_Clinical_Practice&amp;action=edit&amp;section=2\">edit source<\/a> <span class=\"mw-editsection-bracket\">)<\/span><\/span><\/h3>\n<p><b>Klinische Praxis<\/b>: eine Art der praktischen T\u00e4tigkeit, die Aktivit\u00e4ten mit Klienten oder im Namen von Klienten umfasst.<sup id=\"cite_ref-:1_2-0\" class=\"reference\"><a href=\"#cite_note-:1-2\">(2)<\/a><\/sup><\/p>\n<p><b>Aktivit\u00e4ten in der klinischen Praxis<\/b>: Patientenberatung und klinische Untersuchung durch Einsichtnahme in die klinischen Unterlagen, Beobachtung, Untersuchung und Kommunikation mit dem Klienten oder einer anderen beteiligten Person (z. B. einem Elternteil oder Erziehungsberechtigten).<sup id=\"cite_ref-:1_2-1\" class=\"reference\"><a href=\"#cite_note-:1-2\">(2)<\/a><\/sup><\/p>\n<p><b>Klinische Fachkr\u00e4fte<\/b>: ein breites Spektrum von Rehabilitationsfachleuten, deren Aufgabe es ist, durch klinische Praxis die Funktionsf\u00e4higkeit zu beurteilen und zu verbessern.<sup id=\"cite_ref-:1_2-2\" class=\"reference\"><a href=\"#cite_note-:1-2\">(2)<\/a><\/sup><\/p>\n<p><b>ICF<\/b>: ein Instrument, das hilft, die &#8222;gelebte Erfahrung&#8220; einer Person zu erfassen.<sup id=\"cite_ref-:1_2-3\" class=\"reference\"><a href=\"#cite_note-:1-2\">(2)<\/a><\/sup><\/p>\n<p><b>ICF-Beurteilungsmerkmale (Qualifikatoren)<\/b>: Das ICF-Bewertungssystem, das bei der Dokumentation des Schweregrads von Funktionsst\u00f6rungen behilflich ist.<sup id=\"cite_ref-:2_3-0\" class=\"reference\"><a href=\"#cite_note-:2-3\">(3)<\/a><\/sup><\/p>\n<p><b>Leistungsf\u00e4higkeit<\/b>: Die Beurteilungsmerkmale f\u00fcr den Bereich Aktivit\u00e4ten und Partizipation (Teilhabe) beschreiben die F\u00e4higkeit einer Person, eine Aufgabe oder Handlung in einer standardisierten Umwelt durchzuf\u00fchren.<sup id=\"cite_ref-:1_2-4\" class=\"reference\"><a href=\"#cite_note-:1-2\">(2)<\/a><\/sup><\/p>\n<p><b>Leistung<\/b>: Die Beurteilungsmerkmale f\u00fcr den Bereich Aktivit\u00e4ten und Partizipation (Teilhabe) beschreiben, was eine Person in ihrer gegenw\u00e4rtigen, tats\u00e4chlichen Umwelt tut.<sup id=\"cite_ref-:1_2-5\" class=\"reference\"><a href=\"#cite_note-:1-2\">(2)<\/a><\/sup><\/p>\n<p><b>ICF Checklist<\/b>: Die Weltgesundheitsorganisation (WHO) hat ein Bewertungsinstrument entwickelt, das als Clinician Form for the ICF bekannt ist.<sup id=\"cite_ref-:1_2-6\" class=\"reference\"><a href=\"#cite_note-:1-2\">(2)<\/a><\/sup> Die Checklist ist <a class=\"external text\" href=\"https:\/\/www.who.int\/publications\/m\/item\/icf-checklist\" rel=\"nofollow\">hier<\/a> verf\u00fcgbar. (In englischer Originalsprache)<\/p>\n<p><b>ICD-Kodes<\/b>: basierend auf der Internationalen Statistischen Klassifikation der Krankheiten und verwandter Gesundheitsprobleme (International Statistical Classification of Diseases and Related Health Problems &#8211; ICD) erm\u00f6glicht diese Verschl\u00fcsselung &#8222;die systematische Erfassung, Analyse, Interpretation und den Vergleich von Mortalit\u00e4ts- und Morbidit\u00e4tsdaten, die in verschiedenen L\u00e4ndern oder Regionen und zu verschiedenen Zeitpunkten erhoben wurden.&#8220;<sup id=\"cite_ref-4\" class=\"reference\"><a href=\"#cite_note-4\">(4)<\/a><\/sup><\/p>\n<p><b>Personbezogene Faktoren<\/b>: eine Komponente der Kontextfaktoren in der ICF, die Hintergrundinformationen \u00fcber das Leben und den Lebensstil einer Person umfasst.<sup id=\"cite_ref-5\" class=\"reference\"><a href=\"#cite_note-5\">(5)<\/a><\/sup> Personbezogene Faktoren werden in der ICF nicht klassifiziert, da sie mit einer erheblichen sozialen und kulturellen Variabilit\u00e4t verbunden sind.<sup id=\"cite_ref-:1_2-7\" class=\"reference\"><a href=\"#cite_note-:1-2\">(2)<\/a><\/sup><\/p>\n<p><b>Umweltfaktoren<\/b>: eine Komponente der Kontextfaktoren in der ICF, die das physische, soziale und einstellungsbezogene Umfeld, in dem Menschen leben, umfasst.<sup id=\"cite_ref-6\" class=\"reference\"><a href=\"#cite_note-6\">(6)<\/a><\/sup><\/p>\n<p><b>WHODAS<\/b>: Das World Health Organization Disability Assessment, ein allgemeines Bewertungsinstrument f\u00fcr Gesundheit und Behinderung.<sup id=\"cite_ref-:1_2-8\" class=\"reference\"><a href=\"#cite_note-:1-2\">(2)<\/a><\/sup> Das WHODAS ist <a class=\"external text\" href=\"https:\/\/www.who.int\/standards\/classifications\/international-classification-of-functioning-disability-and-health\/who-disability-assessment-schedule\" rel=\"nofollow\">hier<\/a> verf\u00fcgbar. (In englischer Originalsprache)<\/p>\n<p><b>Soziale Determinanten der Gesundheit<\/b>: &#8222;nicht-medizinische Faktoren, die die Gesundheitsergebnisse beeinflussen&#8220;.<sup id=\"cite_ref-7\" class=\"reference\"><a href=\"#cite_note-7\">(7)<\/a><\/sup><\/p>\n<div class=\"thumb tright\">\n<div class=\"thumbinner\" style=\"width: 182px;\"><a class=\"image\" href=\"\/File:Nurse_and_man.jpg\"><img loading=\"lazy\" decoding=\"async\" class=\"thumbimage\" src=\"https:\/\/www.physio-pedia.com\/images\/0\/02\/Nurse_and_man.jpg\" alt=\"\" width=\"180\" height=\"269\"><\/a><\/p>\n<div class=\"thumbcaption\">\n<div class=\"magnify\"><\/div>\n<p>Klinische Fachkr\u00e4fte &#8211; Krankenpflegerin<\/p>\n<\/div>\n<\/div>\n<\/div>\n<h3><span id=\"Clinical_Professions\" class=\"mw-headline\">Klinische Berufe <\/span><span class=\"mw-editsection\"><span class=\"mw-editsection-bracket\">(<\/span> <a class=\"mw-editsection-visualeditor\" title=\"Edit section: Clinical Professions\" href=\"\/index.php?title=Overview_of_the_ICF_and_Clinical_Practice&amp;veaction=edit&amp;section=3\">edit<\/a> <span class=\"mw-editsection-divider\"> | <\/span> <a title=\"Edit section: Clinical Professions\" href=\"\/index.php?title=Overview_of_the_ICF_and_Clinical_Practice&amp;action=edit&amp;section=3\">edit source<\/a> <span class=\"mw-editsection-bracket\">)<\/span><\/span><\/h3>\n<p>Dazu geh\u00f6ren klinische Fachkr\u00e4fte in Gesundheitsfachberufen, in der Gesundheits- und Krankenpflege und in der Medizin. Gesundheitsfachberufe k\u00f6nnen in drei Kategorien eingeteilt werden: Therapie, Diagnostik und Technik sowie Wissenschaft.<sup id=\"cite_ref-8\" class=\"reference\"><a href=\"#cite_note-8\">(8)<\/a><\/sup> Zu den klinischen Berufen geh\u00f6ren unter anderem:<sup id=\"cite_ref-:1_2-9\" class=\"reference\"><a href=\"#cite_note-:1-2\">(2)<\/a><\/sup><\/p>\n<ul>\n<li>Rehabilitationsspezialisten<\/li>\n<li>Physiotherapeuten<\/li>\n<li>Ergotherapeuten<\/li>\n<li>Sozialarbeiter<\/li>\n<li>Psychologen<\/li>\n<li>\u00c4rzte<\/li>\n<li>Krankenpfleger<\/li>\n<li>Logop\u00e4den<\/li>\n<li>Audiologen<\/li>\n<li>Erholungstherapeuten<\/li>\n<li>Spezialisten f\u00fcr berufliche Rehabilitation<\/li>\n<li>Andere klinische Dienstleister.<\/li>\n<\/ul>\n<p>Klinische Fachkr\u00e4fte arbeiten in verschiedenen Settings und bilden interdisziplin\u00e4re Teams, die unter Verwendung derselben Terminologie, standardisierter Klassifikationen und Bewertungen kommunizieren, um die Funktionsf\u00e4higkeit einer Person zu verbessern. Im Folgenden finden Sie Beispiele f\u00fcr praktische Settings, in der klinische Fachkr\u00e4fte arbeiten:<\/p>\n<p>Klinische Umgebungen:<\/p>\n<ul>\n<li>Krankenh\u00e4user<\/li>\n<li>Kliniken<\/li>\n<li>Praxen<\/li>\n<li>Ambulante Einrichtungen<\/li>\n<li>Einrichtungen f\u00fcr betreutes Wohnen<\/li>\n<li>Seniorenheime<\/li>\n<\/ul>\n<p>Allt\u00e4gliche Umgebungen:<\/p>\n<ul>\n<li>Schulsystem<\/li>\n<li>Wohnungen der Patienten<\/li>\n<li>Gemeinden<\/li>\n<li>Arbeit und berufliches Umfeld<sup id=\"cite_ref-:1_2-10\" class=\"reference\"><a href=\"#cite_note-:1-2\">(2)<\/a><\/sup><\/li>\n<\/ul>\n<h2><span id=\"The_International_Classification_of_Functioning,_Disability_and_Health\"><\/span><span id=\"The_International_Classification_of_Functioning.2C_Disability_and_Health\" class=\"mw-headline\">Die Internationale Klassifikation der Funktionsf\u00e4higkeit, Behinderung und Gesundheit <\/span><span class=\"mw-editsection\"><span class=\"mw-editsection-bracket\">(<\/span> <a class=\"mw-editsection-visualeditor\" title=\"Edit section: The International Classification of Functioning, Disability and Health\" href=\"\/index.php?title=Overview_of_the_ICF_and_Clinical_Practice&amp;veaction=edit&amp;section=4\">edit<\/a> <span class=\"mw-editsection-divider\"> | <\/span> <a title=\"Edit section: The International Classification of Functioning, Disability and Health\" href=\"\/index.php?title=Overview_of_the_ICF_and_Clinical_Practice&amp;action=edit&amp;section=4\">edit source<\/a> <span class=\"mw-editsection-bracket\">)<\/span><\/span><\/h2>\n<p><a title=\"ICF Educational and Clinical Resources\" href=\"\/ICF_Educational_and_Clinical_Resources\">Die Internationale Klassifikation der Funktionsf\u00e4higkeit, Behinderung und Gesundheit <\/a> (ICF) beschreibt die Funktionsf\u00e4higkeit einer Person und die Faktoren, die mit der Funktion zusammenh\u00e4ngen. Diese interaktiven Faktoren setzen sich aus den folgenden Komponenten zusammen: K\u00f6rperfunktionen und -strukturen, Aktivit\u00e4ten und Partizipation (Teilhabe), Umweltfaktoren und personbezogene Faktoren.<sup id=\"cite_ref-9\" class=\"reference\"><a href=\"#cite_note-9\">(9)<\/a><\/sup> Die aus der ICF gewonnenen Daten geben Aufschluss \u00fcber die Lebenssituation einer Person und helfen dabei, die beste Behandlung und Intervention f\u00fcr diese Person zu bestimmen.<sup id=\"cite_ref-:1_2-11\" class=\"reference\"><a href=\"#cite_note-:1-2\">(2)<\/a><\/sup> Es ist wichtig zu erkennen, dass die ICF kein Instrument zur Befunderhebung ist. Allerdings schlagen Kohler et al.<sup id=\"cite_ref-:3_10-0\" class=\"reference\"><a href=\"#cite_note-:3-10\">(10)<\/a><\/sup> vor, dass bestimmte ICF-Kategorien als Komponenten von Ergebnismessungen der Rehabilitation verwendet werden k\u00f6nnen. Der Hauptnutzen der ICF in der klinischen Praxis besteht darin, dass sie eine universelle Sprache zur Beschreibung der Funktion einer Person und ihrer gelebten Gesundheitserfahrung bietet.<sup id=\"cite_ref-11\" class=\"reference\"><a href=\"#cite_note-11\">(11)<\/a><\/sup><\/p>\n<h2><span id=\"ICF_Qualifiers\" class=\"mw-headline\">ICF-Beurteilungsmerkmale (Qualifikatoren) <\/span><span class=\"mw-editsection\"><span class=\"mw-editsection-bracket\">(<\/span> <a class=\"mw-editsection-visualeditor\" title=\"Edit section: ICF Qualifiers\" href=\"\/index.php?title=Overview_of_the_ICF_and_Clinical_Practice&amp;veaction=edit&amp;section=5\">edit<\/a> <span class=\"mw-editsection-divider\"> | <\/span> <a title=\"Edit section: ICF Qualifiers\" href=\"\/index.php?title=Overview_of_the_ICF_and_Clinical_Practice&amp;action=edit&amp;section=5\">edit source<\/a> <span class=\"mw-editsection-bracket\">)<\/span><\/span><\/h2>\n<p>ICF-Beurteilungsmerkmale (Qualifikatoren) quantifizieren &#8222;das Ausma\u00df eines Problems, das eine Person in einer bestimmten ICF-Kategorie erlebt&#8220;.<sup id=\"cite_ref-:4_12-0\" class=\"reference\"><a href=\"#cite_note-:4-12\">(12)<\/a><\/sup><\/p>\n<p>Beurteilungsmerkmale f\u00fcr <i>K\u00f6rperfunktionen und -strukturen<\/i>: Diese 7-Punkte-Skala gibt das Vorhandensein und das Ausma\u00df (oder den Umfang) einer Sch\u00e4digung an. Es werden die folgenden Beurteilungssmerkmale verwendet: 0=Problem nicht vorhanden; 1=Problem leicht ausgepr\u00e4gt; 2=Problem m\u00e4\u00dfig ausgepr\u00e4gt; 3=Problem erheblich ausgepr\u00e4gt; 4=Problem voll ausgepr\u00e4gt; 8=nicht spezifiziert ; und 9=nicht anwendbar.<sup id=\"cite_ref-:2_3-1\" class=\"reference\"><a href=\"#cite_note-:2-3\">(3)<\/a><\/sup> Bei K\u00f6rperstrukturen gibt das zweite Beurteilungsmerkmal die Art der strukturellen Ver\u00e4nderung und das dritte Beurteilungsmerkmal den Ort der Sch\u00e4digung an.<sup id=\"cite_ref-:4_12-1\" class=\"reference\"><a href=\"#cite_note-:4-12\">(12)<\/a><\/sup> Zur Bestimmung der Art der Ver\u00e4nderung wird die folgende Skala verwendet: 0=keine Ver\u00e4nderung; 1=nicht vorhanden; 2=teilweise nicht vorhanden; 3=zus\u00e4tzlicher Teil; 4=von der \u00fcblichen Form abweichend (aberrant); 5=Diskontinuit\u00e4t; 6=abweichende Lage; 7=qualitative Strukturver\u00e4nderung, einschlie\u00dflich Ansammlung von Fl\u00fcssigkeit; 8=nicht spezifiziert; 9=nicht anwendbar.<\/p>\n<p>Beurteilungsmerkmale f\u00fcr <i>Aktivit\u00e4ten und Partizipation (Teilhabe):<\/i> Diese negative und positive Skala zeigt das Vorhandensein einer Barrier oder eines F\u00f6rderfaktors zusammen mit dem Ausma\u00df eines damit verbundenen Umweltfaktors an.<sup id=\"cite_ref-:1_2-12\" class=\"reference\"><a href=\"#cite_note-:1-2\">(2)<\/a><\/sup> Zu den Beurteilungsmerkmalen f\u00fcr Barrieren geh\u00f6ren 0=Barriere nicht vorhanden; 1=Barriere leicht ausgepr\u00e4gt; 2=Barriere m\u00e4\u00dfig ausgepr\u00e4gt; 3=Barriere erheblich ausgepr\u00e4gt; 4=Barriere voll ausgepr\u00e4gt; 8=Barriere nicht spezifiziert; 9=nicht anwendbar. F\u00f6rderfaktoren werden wie folgt beschrieben: +0=F\u00f6rderfaktor nicht vorhanden; +1=F\u00f6rderfaktor leicht ausgepr\u00e4gt; +2=F\u00f6rderfaktor m\u00e4\u00dfig ausgepr\u00e4gt; +3=F\u00f6rderfaktor erheblich ausgepr\u00e4gt; +4=F\u00f6rderfaktor voll ausgepr\u00e4gt; +8=F\u00f6rderfaktor nicht spezifiziert.<sup id=\"cite_ref-:4_12-2\" class=\"reference\"><a href=\"#cite_note-:4-12\">(12)<\/a><\/sup><\/p>\n<p>Prodinger et al.<sup id=\"cite_ref-:5_13-0\" class=\"reference\"><a href=\"#cite_note-:5-13\">(13)<\/a><\/sup> liefern Evidenz f\u00fcr die Verwendung der Kategorien und der zugeh\u00f6rigen Beurteilungsmerkmale zur Messung der Funktionsf\u00e4higkeit.<sup id=\"cite_ref-:5_13-1\" class=\"reference\"><a href=\"#cite_note-:5-13\">(13)<\/a><\/sup> Allerdings wiesen Kohler und Kollegen in ihrer Pilotstudie<sup id=\"cite_ref-:3_10-1\" class=\"reference\"><a href=\"#cite_note-:3-10\">(10)<\/a><\/sup> auf eine m\u00e4\u00dfige bis schlechte Interrater- und Intrarater-Zuverl\u00e4ssigkeit bei Verwendung der in der ICF ver\u00f6ffentlichten Beurteilungsmerkmale hin. Dies machte deutlich, dass einige der Beurteilungsmerkmale genauer definiert werden m\u00fcssen.<sup id=\"cite_ref-:3_10-2\" class=\"reference\"><a href=\"#cite_note-:3-10\">(10)<\/a><\/sup><\/p>\n<div class=\"thumb tright\">\n<div class=\"thumbinner\" style=\"width: 302px;\"><a class=\"image\" href=\"\/File:ICF_checklist.png\"><img loading=\"lazy\" decoding=\"async\" class=\"thumbimage\" src=\"https:\/\/www.physio-pedia.com\/images\/thumb\/3\/33\/ICF_checklist.png\/300px-ICF_checklist.png\" srcset=\"https:\/\/www.physio-pedia.com\/images\/thumb\/3\/33\/ICF_checklist.png\/450px-ICF_checklist.png 1.5x, https:\/\/www.physio-pedia.com\/images\/thumb\/3\/33\/ICF_checklist.png\/600px-ICF_checklist.png 2x\" alt=\"\" width=\"300\" height=\"372\"><\/a><\/p>\n<div class=\"thumbcaption\">\n<div class=\"magnify\"><\/div>\n<p>ICF Checklist<\/p>\n<\/div>\n<\/div>\n<\/div>\n<h2><span id=\"ICF_Checklist\" class=\"mw-headline\">ICF Checklist <\/span><span class=\"mw-editsection\"><span class=\"mw-editsection-bracket\">(<\/span> <a class=\"mw-editsection-visualeditor\" title=\"Edit section: ICF Checklist\" href=\"\/index.php?title=Overview_of_the_ICF_and_Clinical_Practice&amp;veaction=edit&amp;section=6\">edit<\/a> <span class=\"mw-editsection-divider\"> | <\/span> <a title=\"Edit section: ICF Checklist\" href=\"\/index.php?title=Overview_of_the_ICF_and_Clinical_Practice&amp;action=edit&amp;section=6\">edit source<\/a> <span class=\"mw-editsection-bracket\">)<\/span><\/span><\/h2>\n<p>Die von der WHO entwickelte <a class=\"external text\" href=\"https:\/\/www.who.int\/publications\/m\/item\/icf-checklist\" rel=\"nofollow\">ICF Checklist<\/a> ist eine praktische \u00dcbersetzung der ICF f\u00fcr die klinische Praxis. Bekannt als &#8222;Clinician Form&#8220; f\u00fcr die ICF,<sup id=\"cite_ref-:1_2-13\" class=\"reference\"><a href=\"#cite_note-:1-2\">(2)<\/a><\/sup> erfasst diese Checkliste Informationen \u00fcber die Funktionsf\u00e4higkeit und Behinderung einer Person.<sup id=\"cite_ref-:1_2-14\" class=\"reference\"><a href=\"#cite_note-:1-2\">(2)<\/a><\/sup> Die ICF Checklist ist kein eigenst\u00e4ndiges Instrument &#8211; sie sollte zusammen mit der ICF verwendet werden.<sup id=\"cite_ref-14\" class=\"reference\"><a href=\"#cite_note-14\">(14)<\/a><\/sup><\/p>\n<p>Die ICF Checklist besteht aus ICF-Kategorien. Diese Kategorien wurden von Experten ausgew\u00e4hlt, um die am h\u00e4ufigsten verwendeten Bereiche aufzulisten, darunter K\u00f6rperfunktionen und -strukturen, Aktivit\u00e4ten und Partizipation (Teilhabe) sowie Umweltfaktoren. Diagnostische Informationen sind auch ein Bestandteil der ICF Checklist, die die Aufmerksamkeit des Benutzers auf die Beziehung zwischen einem Gesundheitszustand und den damit verbundenen Funktionsproblemen lenkt.<sup id=\"cite_ref-:6_15-0\" class=\"reference\"><a href=\"#cite_note-:6-15\">(15)<\/a><\/sup><\/p>\n<h3><span id=\"Sections_of_the_Checklist\" class=\"mw-headline\">Abschnitte der ICF Checklist <\/span><span class=\"mw-editsection\"><span class=\"mw-editsection-bracket\">(<\/span> <a class=\"mw-editsection-visualeditor\" title=\"Edit section: Sections of the Checklist\" href=\"\/index.php?title=Overview_of_the_ICF_and_Clinical_Practice&amp;veaction=edit&amp;section=7\">edit<\/a> <span class=\"mw-editsection-divider\"> | <\/span> <a title=\"Edit section: Sections of the Checklist\" href=\"\/index.php?title=Overview_of_the_ICF_and_Clinical_Practice&amp;action=edit&amp;section=7\">edit source<\/a> <span class=\"mw-editsection-bracket\">)<\/span><\/span><\/h3>\n<ul>\n<li><b>Demografische Informationen<\/b> zur Person: Dazu geh\u00f6ren Faktoren, die Ihnen helfen k\u00f6nnen, die Lebenssituation eines Klienten oder Patienten besser zu verstehen.<sup id=\"cite_ref-:1_2-15\" class=\"reference\"><a href=\"#cite_note-:1-2\">(2)<\/a><\/sup><\/li>\n<li><b>Medizinische Diagnosen:<\/b> Hier finden Sie Informationen \u00fcber medizinische Zust\u00e4nde und die ICD-Kodes. Der Abschnitt Brief Health Information (&#8222;Kurze Informationen zum Gesundheitszustand&#8220;) unterst\u00fctzt diesen Teil.<sup id=\"cite_ref-:1_2-16\" class=\"reference\"><a href=\"#cite_note-:1-2\">(2)<\/a><\/sup><\/li>\n<li><b>Die ICF-Dom\u00e4nen:<\/b> Enthalten Definitionen und Informationen \u00fcber die Beurteilungsmerkmale f\u00fcr die einzelnen Dom\u00e4nen.<sup id=\"cite_ref-:1_2-17\" class=\"reference\"><a href=\"#cite_note-:1-2\">(2)<\/a><\/sup><\/li>\n<li><b>Teil 4<\/b> bietet Platz f\u00fcr die Dokumentation <b>anderer kontextbezogener Informationen<\/b>, einschlie\u00dflich personbezogene Faktoren, die sich auf die Funktionsf\u00e4higkeit des Klienten oder Patienten auswirken k\u00f6nnen.<sup id=\"cite_ref-:1_2-18\" class=\"reference\"><a href=\"#cite_note-:1-2\">(2)<\/a><\/sup><\/li>\n<li>Der <b>zweite Anhang<\/b> enth\u00e4lt <b>allgemeine Fragen<\/b>, die helfen sollen, die Leistungsf\u00e4higkeit in den Bereichen Mobilit\u00e4t, Selbstversorgung, h\u00e4usliches Leben, zwischenmenschliche Interaktionen, wichtige Lebensbereiche und gemeinschaftliches, soziales und staatsb\u00fcrgerliches Leben zu bestimmen.<sup id=\"cite_ref-:1_2-19\" class=\"reference\"><a href=\"#cite_note-:1-2\">(2)<\/a><\/sup><\/li>\n<\/ul>\n<h2><span id=\"World_Health_Organization_Disability_Assessment_(WHODAS)\"><\/span><span id=\"World_Health_Organization_Disability_Assessment_.28WHODAS.29\" class=\"mw-headline\">World Health Organization Disability Assessment (WHODAS) <\/span><span class=\"mw-editsection\"><span class=\"mw-editsection-bracket\">(<\/span> <a class=\"mw-editsection-visualeditor\" title=\"Edit section: World Health Organization Disability Assessment (WHODAS)\" href=\"\/index.php?title=Overview_of_the_ICF_and_Clinical_Practice&amp;veaction=edit&amp;section=8\">edit<\/a> <span class=\"mw-editsection-divider\"> | <\/span> <a title=\"Edit section: World Health Organization Disability Assessment (WHODAS)\" href=\"\/index.php?title=Overview_of_the_ICF_and_Clinical_Practice&amp;action=edit&amp;section=8\">edit source<\/a> <span class=\"mw-editsection-bracket\">)<\/span><\/span><\/h2>\n<p>Das World Health Organization Disability Assessment misst den Gesundheitsbedarf und die Ergebnisse von Interventionen in verschiedenen Krankheitsbereichen und Settings der Gesundheitsversorgung. Die neueste Version, WHODAS 2.0, ist ein &#8222;allgemeines Ma\u00df f\u00fcr Funktionsf\u00e4higkeit und Behinderung, das die wichtigsten Lebensbereiche gem\u00e4\u00df der ICF widerspiegelt&#8220;.<sup id=\"cite_ref-:6_15-1\" class=\"reference\"><a href=\"#cite_note-:6-15\">(15)<\/a><\/sup> Es handelt sich um ein Instrument, das standardisierte Behinderungsgrade und -profile f\u00fcr alle Krankheiten, einschlie\u00dflich psychischer, neurologischer und suchtbedingter St\u00f6rungen, erstellt und kultur\u00fcbergreifend in allen erwachsenen Bev\u00f6lkerungsgruppen anwendbar ist.<sup id=\"cite_ref-:1_2-20\" class=\"reference\"><a href=\"#cite_note-:1-2\">(2)<\/a><\/sup><\/p>\n<h3><span id=\"Methods_of_Assessment\" class=\"mw-headline\">Methoden zur Erfassung <\/span><span class=\"mw-editsection\"><span class=\"mw-editsection-bracket\">(<\/span> <a class=\"mw-editsection-visualeditor\" title=\"Edit section: Methods of Assessment\" href=\"\/index.php?title=Overview_of_the_ICF_and_Clinical_Practice&amp;veaction=edit&amp;section=9\">edit<\/a> <span class=\"mw-editsection-divider\"> | <\/span> <a title=\"Edit section: Methods of Assessment\" href=\"\/index.php?title=Overview_of_the_ICF_and_Clinical_Practice&amp;action=edit&amp;section=9\">edit source<\/a> <span class=\"mw-editsection-bracket\">)<\/span><\/span><\/h3>\n<p>WHODAS 2.0 erfasst den Grad der Funktionsf\u00e4higkeit in sechs Dom\u00e4nen des Lebens:<sup id=\"cite_ref-:6_15-2\" class=\"reference\"><a href=\"#cite_note-:6-15\">(15)<\/a><\/sup><\/p>\n<ol>\n<li>Kognition \u2013 Verst\u00e4ndnis und Kommunikation<\/li>\n<li>Mobilit\u00e4t \u2013 Bewegung und Fortbewegung<\/li>\n<li>Selbstversorgung \u2013 K\u00f6rperpflege, Anziehen, Essen und alleine zurechtkommen<\/li>\n<li>Soziale Interaktion \u2013 Interaktion mit anderen Menschen<\/li>\n<li>Lebensaktivit\u00e4ten \u2013 H\u00e4usliche Pflichten, Freizeit, Arbeit und Schule<\/li>\n<li>Gesellschaftliche Teilnahme \u2013 Gemeinschaftsaktivit\u00e4ten, Teilnahme an der Gesellschaft<\/li>\n<\/ol>\n<p>Es gibt zwei Versionen von WHODAS 2.0, die sich in der L\u00e4nge und der Art der Anwendung unterscheiden. Es gibt eine Vollversion mit 36 Fragen und eine Kurzversion mit 12 Fragen. Die 36-Item-Version enth\u00e4lt mehr Details und das Ausf\u00fcllen dauert etwa 20 Minuten. Die 12-Item-Version ist hilfreich f\u00fcr kurze Beurteilungen der allgemeinen Funktionsf\u00e4higkeit und das Ausf\u00fcllen dauert etwa 5 Minuten. Die Fragen k\u00f6nnen in einem pers\u00f6nlichen oder telefonischen Gespr\u00e4ch mit der Person selbst oder mit einem Familienmitglied, Freund oder Betreuer gestellt werden. Sie k\u00f6nnen auch mit der Papier-und-Bleistift-Methode selbst beantwortet werden.<sup id=\"cite_ref-:6_15-3\" class=\"reference\"><a href=\"#cite_note-:6-15\">(15)<\/a><\/sup><sup id=\"cite_ref-:1_2-21\" class=\"reference\"><a href=\"#cite_note-:1-2\">(2)<\/a><\/sup><\/p>\n<h3><span id=\"Scoring_options\" class=\"mw-headline\">Optionen zur Auswertung (Scoring) <\/span><span class=\"mw-editsection\"><span class=\"mw-editsection-bracket\">(<\/span> <a class=\"mw-editsection-visualeditor\" title=\"Edit section: Scoring options\" href=\"\/index.php?title=Overview_of_the_ICF_and_Clinical_Practice&amp;veaction=edit&amp;section=10\">edit<\/a> <span class=\"mw-editsection-divider\"> | <\/span> <a title=\"Edit section: Scoring options\" href=\"\/index.php?title=Overview_of_the_ICF_and_Clinical_Practice&amp;action=edit&amp;section=10\">edit source<\/a> <span class=\"mw-editsection-bracket\">)<\/span><\/span><\/h3>\n<p>Option 1:<sup id=\"cite_ref-:1_2-22\" class=\"reference\"><a href=\"#cite_note-:1-2\">(2)<\/a><\/sup><\/p>\n<ul>\n<li>5-Punkte-Bewertungssystem: 1=keine, 2=geringe, 3=m\u00e4\u00dfige, 4=starke, 5=sehr starke\/nicht m\u00f6glich<\/li>\n<li>Die Punktzahlen der einzelnen Items werden addiert, ohne die Antworten umzukodieren oder zusammenzufassen.<\/li>\n<li>Keine Gewichtung der einzelnen Items<\/li>\n<li>Die Summe der Punktzahlen der Items in allen Bereichen beschreibt den Grad der funktionellen Einschr\u00e4nkungen.<\/li>\n<\/ul>\n<p>Option 2:<sup id=\"cite_ref-:1_2-23\" class=\"reference\"><a href=\"#cite_note-:1-2\">(2)<\/a><\/sup><\/p>\n<ul>\n<li>Auf der Item-Response-Theorie (IRT) basierende Auswertung<\/li>\n<li>5-Punkte-Bewertungssystem: 1=keine, 2=geringe, 3=m\u00e4\u00dfige, 4=starke, 5=sehr starke\/nicht m\u00f6glich<\/li>\n<li>Die Items und die Schweregrade werden von einem Computer gewichtet, um die Gesamtpunktzahl zu ermitteln\n<ul>\n<li>Schritt 1 &#8211; Summierung der rekodierten Itemwerte innerhalb jeder Dom\u00e4ne<\/li>\n<li>Schritt 2 &#8211; Summierung der Auswertungen aller sechs Dom\u00e4nen<\/li>\n<li>Schritt 3 &#8211; Umwandlung der zusammengefassten Punktzahl in eine Kennzahl von 0 bis 100 (wobei 0 = keine Behinderung; 100 = vollst\u00e4ndige Behinderung)<\/li>\n<\/ul>\n<\/li>\n<\/ul>\n<p>Weitere Informationen \u00fcber WHODAS 2.0 finden Sie auf der <a class=\"external text\" href=\"https:\/\/www.who.int\/standards\/classifications\/international-classification-of-functioning-disability-and-health\/who-disability-assessment-schedule\" rel=\"nofollow\">Website der WHO<\/a>.(In englischer Originalsprache)<\/p>\n<h2><span id=\"Social_Determinants_of_Health\" class=\"mw-headline\">Soziale Determinanten der Gesundheit <\/span><span class=\"mw-editsection\"><span class=\"mw-editsection-bracket\">(<\/span> <a class=\"mw-editsection-visualeditor\" title=\"Edit section: Social Determinants of Health\" href=\"\/index.php?title=Overview_of_the_ICF_and_Clinical_Practice&amp;veaction=edit&amp;section=11\">edit<\/a> <span class=\"mw-editsection-divider\"> | <\/span> <a title=\"Edit section: Social Determinants of Health\" href=\"\/index.php?title=Overview_of_the_ICF_and_Clinical_Practice&amp;action=edit&amp;section=11\">edit source<\/a> <span class=\"mw-editsection-bracket\">)<\/span><\/span><\/h2>\n<p>Zu den Sozialen Determinanten der Gesundheit (Social Determinants of Health &#8211; SDOH) geh\u00f6ren neben der medizinischen Versorgung auch andere Faktoren, die von der Sozialpolitik beeinflusst werden k\u00f6nnen. Sie betrachten &#8222;die Bedingungen, unter denen Menschen geboren werden, aufwachsen, leben, arbeiten und altern&#8220; und &#8222;die grundlegenden Triebkr\u00e4fte dieser Bedingungen&#8220;.<sup id=\"cite_ref-16\" class=\"reference\"><a href=\"#cite_note-16\">(16)<\/a><\/sup> Laut McGinnis et al.<sup id=\"cite_ref-:7_17-0\" class=\"reference\"><a href=\"#cite_note-:7-17\">(17)<\/a><\/sup> ist die medizinische Versorgung nur f\u00fcr 10-15 % der vermeidbaren Sterblichkeit in den USA verantwortlich.<sup id=\"cite_ref-:7_17-1\" class=\"reference\"><a href=\"#cite_note-:7-17\">(17)<\/a><\/sup> Die von Mackenbach und Kollegen durchgef\u00fchrten Studien weisen auf den \u00fcberw\u00e4ltigenden Einfluss der sozialen Faktoren auf die Gesundheit des Einzelnen hin.<sup id=\"cite_ref-18\" class=\"reference\"><a href=\"#cite_note-18\">(18)<\/a><\/sup><\/p>\n<p>Das ICF-System erkennt SDOH in erster Linie als Umweltfaktoren an (z. B. Ern\u00e4hrungsunsicherheit, Wohnverh\u00e4ltnisse). Der ICF-Rahmen umfasst auch personbezogene Faktoren wie Alter und Bildung.<sup id=\"cite_ref-:1_2-24\" class=\"reference\"><a href=\"#cite_note-:1-2\">(2)<\/a><\/sup><\/p>\n<p>Bitte sehen Sie sich diese kurze Einf\u00fchrung in die Sozialen Determinanten der Gesundheit an:<\/p>\n<div class=\"thumb embedvideo autoResize\" style=\"width: 308px;\">\n<div class=\"embedvideo autoResize\">\n<div class=\"embedvideowrap\" style=\"width: 300px;\"><iframe loading=\"lazy\" title=\"Play video\" src=\"\/\/www.youtube.com\/embed\/8PH4JYfF4Ns?\" width=\"300\" height=\"169\" frameborder=\"0\" allowfullscreen=\"allowfullscreen\"><\/iframe><\/div>\n<\/div>\n<\/div>\n<p><sup id=\"cite_ref-19\" class=\"reference\"><a href=\"#cite_note-19\">(19)<\/a><\/sup><\/p>\n<h2><span id=\"Resources\" class=\"mw-headline\">Ressourcen<\/span><span class=\"mw-editsection\"><span class=\"mw-editsection-bracket\">(<\/span><a class=\"mw-editsection-visualeditor\" title=\"Edit section: Resources\" href=\"\/index.php?title=Overview_of_the_ICF_and_Clinical_Practice&amp;veaction=edit&amp;section=12\">edit<\/a><span class=\"mw-editsection-divider\"> | <\/span><a title=\"Edit section: Resources\" href=\"\/index.php?title=Overview_of_the_ICF_and_Clinical_Practice&amp;action=edit&amp;section=12\">edit source<\/a><span class=\"mw-editsection-bracket\">)<\/span><\/span><\/h2>\n<ul>\n<li><a class=\"external text\" href=\"https:\/\/www.who.int\/publications\/i\/item\/WHO-IER-CSDH-08.1\" rel=\"nofollow\">Closing the gap in a generation: health equity through action on the social determinants of health &#8211; Abschlussbericht der Kommission f\u00fcr die sozialen Determinanten der Gesundheit<\/a><\/li>\n<li><a class=\"external text\" href=\"https:\/\/www.who.int\/publications\/m\/item\/icf-checklist\" rel=\"nofollow\">ICF Checklist<\/a><\/li>\n<li><a class=\"external text\" href=\"https:\/\/www.who.int\/standards\/classifications\/international-classification-of-functioning-disability-and-health\/who-disability-assessment-schedule\" rel=\"nofollow\">WHO Disability Assessment Schedule 2.0 (WHODAS 2.0)<\/a><\/li>\n<\/ul>\n<h2><span id=\"References\" class=\"mw-headline\">Referenzen<\/span><span class=\"mw-editsection\"><span class=\"mw-editsection-bracket\">(<\/span><a class=\"mw-editsection-visualeditor\" title=\"Edit section: References\" href=\"\/index.php?title=Overview_of_the_ICF_and_Clinical_Practice&amp;veaction=edit&amp;section=13\">edit<\/a><span class=\"mw-editsection-divider\"> | <\/span><a title=\"Edit section: References\" href=\"\/index.php?title=Overview_of_the_ICF_and_Clinical_Practice&amp;action=edit&amp;section=13\">edit source<\/a><span class=\"mw-editsection-bracket\">)<\/span><\/span><\/h2>\n<div class=\"mw-references-wrap mw-references-columns\">\n<ol class=\"references\">\n<li id=\"cite_note-:0-1\"><span class=\"mw-cite-backlink\"><a href=\"#cite_ref-:0_1-0\">\u2191<\/a><\/span> <span class=\"reference-text\">Madden RH, Bundy A. The ICF has made a difference to functioning and disability measurement and statistics. Disabil Rehabil. 2019 Jun;41(12):1450-1462.<\/span><\/li>\n<li id=\"cite_note-:1-2\"><span class=\"mw-cite-backlink\">\u2191 <sup><a href=\"#cite_ref-:1_2-0\">2.00<\/a><\/sup> <sup><a href=\"#cite_ref-:1_2-1\">2.01<\/a><\/sup> <sup><a href=\"#cite_ref-:1_2-2\">2.02<\/a><\/sup> <sup><a href=\"#cite_ref-:1_2-3\">2.03<\/a><\/sup> <sup><a href=\"#cite_ref-:1_2-4\">2.04<\/a><\/sup> <sup><a href=\"#cite_ref-:1_2-5\">2.05<\/a><\/sup> <sup><a href=\"#cite_ref-:1_2-6\">2.06<\/a><\/sup> <sup><a href=\"#cite_ref-:1_2-7\">2.07<\/a><\/sup> <sup><a href=\"#cite_ref-:1_2-8\">2.08<\/a><\/sup> <sup><a href=\"#cite_ref-:1_2-9\">2.09<\/a><\/sup> <sup><a href=\"#cite_ref-:1_2-10\">2.10<\/a><\/sup> <sup><a href=\"#cite_ref-:1_2-11\">2.11<\/a><\/sup> <sup><a href=\"#cite_ref-:1_2-12\">2.12<\/a><\/sup> <sup><a href=\"#cite_ref-:1_2-13\">2.13<\/a><\/sup> <sup><a href=\"#cite_ref-:1_2-14\">2.14<\/a><\/sup> <sup><a href=\"#cite_ref-:1_2-15\">2.15<\/a><\/sup> <sup><a href=\"#cite_ref-:1_2-16\">2.16<\/a><\/sup> <sup><a href=\"#cite_ref-:1_2-17\">2.17<\/a><\/sup> <sup><a href=\"#cite_ref-:1_2-18\">2.18<\/a><\/sup> <sup><a href=\"#cite_ref-:1_2-19\">2.19<\/a><\/sup> <sup><a href=\"#cite_ref-:1_2-20\">2.20<\/a><\/sup> <sup><a href=\"#cite_ref-:1_2-21\">2.21<\/a><\/sup> <sup><a href=\"#cite_ref-:1_2-22\">2.22<\/a><\/sup> <sup><a href=\"#cite_ref-:1_2-23\">2.23<\/a><\/sup> <sup><a href=\"#cite_ref-:1_2-24\">2.24<\/a><\/sup><\/span> <span class=\"reference-text\">Saleeby P. ICF and clinical practice course. Physiopedia 2022.<\/span><\/li>\n<li id=\"cite_note-:2-3\"><span class=\"mw-cite-backlink\">\u2191 <sup><a href=\"#cite_ref-:2_3-0\">3.0<\/a><\/sup> <sup><a href=\"#cite_ref-:2_3-1\">3.1<\/a><\/sup><\/span> <span class=\"reference-text\">Senju Y, Mukaino M, Prodinger B, Selb M, Okouchi Y, Mizutani K, Suzuki M, Yamada S, Izumi SI, Sonoda S, Otaka Y. <a class=\"external text\" href=\"https:\/\/bmcmedresmethodol.biomedcentral.com\/track\/pdf\/10.1186\/s12874-021-01302-0.pdf\" rel=\"nofollow\">Development of a clinical tool for rating the body function categories of the ICF generic-30\/rehabilitation set in Japanese rehabilitation practice and examination of its interrater reliability.<\/a> BMC Medical Research Methodology. 2021 Dec;21(1):1-4.<\/span><\/li>\n<li id=\"cite_note-4\"><span class=\"mw-cite-backlink\"><a href=\"#cite_ref-4\">\u2191<\/a><\/span> <span class=\"reference-text\">International Statistical Classification of Diseases and Related Health Problems (ICD). Available from <a class=\"external free\" href=\"https:\/\/www.who.int\/standards\/classifications\/classification-of-diseases\" rel=\"nofollow\">https:\/\/www.who.int\/standards\/classifications\/classification-of-diseases<\/a> (last access 15.08.2022).<\/span><\/li>\n<li id=\"cite_note-5\"><span class=\"mw-cite-backlink\"><a href=\"#cite_ref-5\">\u2191<\/a><\/span> <span class=\"reference-text\">Karhula M, Saukkonen S, Xiong E, Kinnunen A, Heiskanen T, Anttila H. <a class=\"external text\" href=\"https:\/\/www.frontiersin.org\/articles\/10.3389\/fresc.2021.709682\/full\" rel=\"nofollow\">ICF Personal Factors Strengthen Commitment to Person-Centered Rehabilitation \u2013 A Scoping Review<\/a>. Frontiers in Rehabilitation Sciences, 2021; 2. <\/span><\/li>\n<li id=\"cite_note-6\"><span class=\"mw-cite-backlink\"><a href=\"#cite_ref-6\">\u2191<\/a><\/span> <span class=\"reference-text\">Schneidert M, Hurst R, Miller J, Ust\u00fcn B. <a class=\"external text\" href=\"https:\/\/www.researchgate.net\/publication\/10580224_The_role_of_Environment_in_the_International_Classification_of_Functioning_Disability_and_Health_ICF\" rel=\"nofollow\">The role of environment in the International Classification of Functioning, Disability and Health (ICF)<\/a>. Disabil Rehabil. 2003 Jun 3-17;25(11-12):588-95.<\/span><\/li>\n<li id=\"cite_note-7\"><span class=\"mw-cite-backlink\"><a href=\"#cite_ref-7\">\u2191<\/a><\/span> <span class=\"reference-text\">Social determinants of health. Available from <a class=\"external free\" href=\"https:\/\/www.who.int\/health-topics\/social-determinants-of-health#tab=tab_1\" rel=\"nofollow\">https:\/\/www.who.int\/health-topics\/social-determinants-of-health#tab=tab_1<\/a> (last access 15.08.2022).<\/span><\/li>\n<li id=\"cite_note-8\"><span class=\"mw-cite-backlink\"><a href=\"#cite_ref-8\">\u2191<\/a><\/span> <span class=\"reference-text\">Snowdon DA, Sargent M, Williams CM, Maloney S, Caspers K, Taylor NF. <a class=\"external text\" href=\"https:\/\/bmchealthservres.biomedcentral.com\/track\/pdf\/10.1186\/s12913-019-4873-8.pdf\" rel=\"nofollow\">Effective clinical supervision of allied health professionals: a mixed methods study.<\/a> BMC health services research. 2020 Dec;20(1):1-1.<\/span><\/li>\n<li id=\"cite_note-9\"><span class=\"mw-cite-backlink\"><a href=\"#cite_ref-9\">\u2191<\/a><\/span> <span class=\"reference-text\">Gonz\u00e1lez-Seguel F, Corner EJ, Merino-Osorio C. <a class=\"external text\" href=\"https:\/\/watermark.silverchair.com\/pzy158.pdf?token=AQECAHi208BE49Ooan9kkhW_Ercy7Dm3ZL_9Cf3qfKAc485ysgAAAr0wggK5BgkqhkiG9w0BBwagggKqMIICpgIBADCCAp8GCSqGSIb3DQEHATAeBglghkgBZQMEAS4wEQQMwd5o-SDSv88yWmLhAgEQgIICcKTqk3YXcUrOPZH1j9bxbWhv2n9bcJ4k7fDFW_1hxg02LOOhRZjh5GtXWc3xNJVJO_NoPeHYCS0iNgH7_LYVXVhOMg_u9-HdMXxa5jpJq0EWPkMKCYxRHSkLLXzN3kgC_fwvqscR9WupNJ7HF8VFH68fX-LWGjXyM4sPYDHdtJYsIvNziFmawBPW3N9xKFcvhUQ8ZS8ASXRF_TYVldKCHLEdsn7MVYrXyySs_XHkyBLqILmDzwJgWOxKGWQ0NVqVgEtnCI6VPArD_SkEeAIUsbkmr6moSyKSE1iypZGnwJi2S1eqoHI6iOtM18zz1bANCUPeAs66lXoJmf8J5mPEnuxnW_FCSS6dAbU4ZLiYMRbuYji7eoxYAxboEQU806DICrmdhxNbPRwLp9lyH5O0ZlaDn0t8m5MTegTO6chBgrlu3Vb6yFacM1-NuM4oU9Tbk6W5dm7d4NQws2g7iOwZX3TsryHRX1Ecf_r77C3wnBo7RxZy3VrGCNN3rm8vFgqWr0iuPoNNqyr1rcvNhfz33ULYEut8RQN77HiJMbs1lVQKiGpnIaSGftHVQRsfIvn1jBODlla_2fwUqTE_GECq_Hq8msL3W2bEDwzn_YYC6bCnL5g7_5-oMZsI_gRSiYc3BUzBDVlW5ss_a3rvCrAxOhtwPqoVsq08SNrU4UoEYj2FVYhoiiFfEFlVTk83TJPVBP-RdHAKicYAfK0v_P9--pfcHTUONGbvSW8TuzdhtHqUZCBPiLwi3nNGloH5mPqYH9kZ3PwVRP3MsLFtl7t8QdRP2hkOO8xSHMTMFia6QocNlCPYszZraEzDa4C2fe-wqg\" rel=\"nofollow\">International classification of functioning, disability, and health domains of 60 physical functioning measurement instruments used during the adult intensive care unit stay: a scoping review<\/a>. Physical therapy. 2019 May 1;99(5):627-40.<\/span><\/li>\n<li id=\"cite_note-:3-10\"><span class=\"mw-cite-backlink\">\u2191 <sup><a href=\"#cite_ref-:3_10-0\">10.0<\/a><\/sup> <sup><a href=\"#cite_ref-:3_10-1\">10.1<\/a><\/sup> <sup><a href=\"#cite_ref-:3_10-2\">10.2<\/a><\/sup><\/span> <span class=\"reference-text\">Kohler F, Connolly C, Sakaria A, Stendara K, Buhagiar M, Mojaddidi M. <a class=\"external text\" href=\"https:\/\/www.medicaljournals.se\/jrm\/content\/html\/10.2340\/16501977-1194\" rel=\"nofollow\">Can the ICF be used as a rehabilitation outcome measure? A study looking at the inter- and intra-rater reliability of ICF categories derived from an ADL assessment tool<\/a>. J Rehabil Med. 2013 Sep;45(9):881-7.<\/span><\/li>\n<li id=\"cite_note-11\"><span class=\"mw-cite-backlink\"><a href=\"#cite_ref-11\">\u2191<\/a><\/span> <span class=\"reference-text\">van der Veen S, Evans N, Huisman M, Welch Saleeby P, Widdershoven G. <a class=\"external text\" href=\"https:\/\/www.tandfonline.com\/doi\/pdf\/10.1080\/09638288.2022.2089737?needAccess=true\" rel=\"nofollow\">Toward a paradigm shift in healthcare: using the International Classification of Functioning, Disability and Health (ICF) and the capability approach (CA) jointly in theory and practice<\/a>. Disabil Rehabil. 2022 Jun 22:1-8.<\/span><\/li>\n<li id=\"cite_note-:4-12\"><span class=\"mw-cite-backlink\">\u2191 <sup><a href=\"#cite_ref-:4_12-0\">12.0<\/a><\/sup> <sup><a href=\"#cite_ref-:4_12-1\">12.1<\/a><\/sup> <sup><a href=\"#cite_ref-:4_12-2\">12.2<\/a><\/sup><\/span> <span class=\"reference-text\">ICF Case studies. Available from <a class=\"external free\" href=\"https:\/\/www.icf-casestudies.org\/introduction\/introduction-to-the-icf\/the-content-of-the-classification\" rel=\"nofollow\">https:\/\/www.icf-casestudies.org\/introduction\/introduction-to-the-icf\/the-content-of-the-classification<\/a> (last access 15.08.2022).<\/span><\/li>\n<li id=\"cite_note-:5-13\"><span class=\"mw-cite-backlink\">\u2191 <sup><a href=\"#cite_ref-:5_13-0\">13.0<\/a><\/sup> <sup><a href=\"#cite_ref-:5_13-1\">13.1<\/a><\/sup><\/span> <span class=\"reference-text\">Prodinger B, Stucki G, Coenen M, Tennant A. The measurement of functioning using the International Classification of Functioning, Disability and Health: comparing qualifier ratings with existing health status instruments. Disabil Rehabil. 2019 Mar;41(5):541-548.<\/span><\/li>\n<li id=\"cite_note-14\"><span class=\"mw-cite-backlink\"><a href=\"#cite_ref-14\">\u2191<\/a><\/span> <span class=\"reference-text\">ICF Checklist. Available from <a class=\"external free\" href=\"https:\/\/www.who.int\/publications\/m\/item\/icf-checklist\" rel=\"nofollow\">https:\/\/www.who.int\/publications\/m\/item\/icf-checklist<\/a> (last access 15.08.2022).<\/span><\/li>\n<li id=\"cite_note-:6-15\"><span class=\"mw-cite-backlink\">\u2191 <sup><a href=\"#cite_ref-:6_15-0\">15.0<\/a><\/sup> <sup><a href=\"#cite_ref-:6_15-1\">15.1<\/a><\/sup> <sup><a href=\"#cite_ref-:6_15-2\">15.2<\/a><\/sup> <sup><a href=\"#cite_ref-:6_15-3\">15.3<\/a><\/sup><\/span> <span class=\"reference-text\">Kostanjsek N. <a class=\"external text\" href=\"https:\/\/link.springer.com\/content\/pdf\/10.1186\/1471-2458-11-S4-S3.pdf\" rel=\"nofollow\">Use of The International Classification of Functioning, Disability and Health (ICF) as a conceptual framework and common language for disability statistics and health information systems<\/a>. BMC Public Health. 2011 May 31;11 Suppl 4(Suppl 4):S3. <\/span><\/li>\n<li id=\"cite_note-16\"><span class=\"mw-cite-backlink\"><a href=\"#cite_ref-16\">\u2191<\/a><\/span> <span class=\"reference-text\">World Health Organization, Commission on Social Determinants of Health . Closing the gap in a generation: Health equity through action on the social determinants of health. CSDH final report. Geneva: WHO; 2008. Available from <a class=\"external free\" href=\"https:\/\/www.who.int\/publications\/i\/item\/WHO-IER-CSDH-08.1\" rel=\"nofollow\">https:\/\/www.who.int\/publications\/i\/item\/WHO-IER-CSDH-08.1<\/a> (last access 16.08.2022)<\/span><\/li>\n<li id=\"cite_note-:7-17\"><span class=\"mw-cite-backlink\">\u2191 <sup><a href=\"#cite_ref-:7_17-0\">17.0<\/a><\/sup> <sup><a href=\"#cite_ref-:7_17-1\">17.1<\/a><\/sup><\/span> <span class=\"reference-text\">McGinnis JM, Williams-Russo P, Knickman JR. The case for more active policy attention to health promotion. Health Aff (Millwood). 2002 Mar-Apr;21(2):78-93.<\/span><\/li>\n<li id=\"cite_note-18\"><span class=\"mw-cite-backlink\"><a href=\"#cite_ref-18\">\u2191<\/a><\/span> <span class=\"reference-text\">Braveman P, Gottlieb L. <a class=\"external text\" href=\"https:\/\/journals.sagepub.com\/doi\/pdf\/10.1177\/00333549141291S206\" rel=\"nofollow\">The social determinants of health: it&#8217;s time to consider the causes of the causes<\/a>. Public Health Rep. 2014 Jan-Feb;129 Suppl 2(Suppl 2):19-31.<\/span><\/li>\n<li id=\"cite_note-19\"><span class=\"mw-cite-backlink\"><a href=\"#cite_ref-19\">\u2191<\/a><\/span> <span class=\"reference-text\">Let&#8217;s Learn Public Health. Social Determinants of Health &#8211; an introduction.2017. Available from: <a class=\"external free\" href=\"https:\/\/www.youtube.com\/watch?v=8PH4JYfF4Ns\" rel=\"nofollow\">https:\/\/www.youtube.com\/watch?v=8PH4JYfF4Ns<\/a> (last accessed 16\/08\/2022)<\/span><\/li>\n<\/ol>\n<\/div>\n<p><!-- NewPP limit report Cached time: 20220908050947 Cache expiry: 0 Dynamic content: true Complications: () CPU time usage: 0.110 seconds Real time usage: 0.118 seconds Preprocessor visited node count: 449\/1000000 Post\u2010expand include size: 94\/2097152 bytes Template argument size: 0\/2097152 bytes Highest expansion depth: 3\/40 Expensive parser function count: 0\/100 Unstrip recursion depth: 0\/20 Unstrip post\u2010expand size: 16606\/5000000 bytes --><br \/>\n<!-- Transclusion expansion time report (%,ms,calls,template) 100.00% 11.565 1 Special:Contributors\/Overview_of_the_ICF_and_Clinical_Practice 100.00% 11.565 1 -total --><\/p>\n<\/div>\n","protected":false},"excerpt":{"rendered":"<p>Originale Autorin &#8211; Ewa Jaraczewska basierend auf dem Kurs von Patricia Saleeby Top-Beitragende &#8211; Ewa Jaraczewska und Jess Bell Inhalt 1 Einf\u00fchrung 1.1 Relevantes Vokabular 1.2 Klinische Berufe 2 Die Internationale Klassifikation der Funktionsf\u00e4higkeit, Behinderung und Gesundheit 3 ICF-Beurteilungsmerkmale (Qualifikatoren) 4 ICF Checklist 4.1 Abschnitte der ICF Checklist 5 World Health Organization Disability Assessment (WHODAS) [&hellip;]<\/p>\n","protected":false},"author":1,"featured_media":0,"parent":0,"menu_order":0,"comment_status":"closed","ping_status":"closed","template":"","meta":{"_acf_changed":false,"footnotes":""},"class_list":["post-2696","page","type-page","status-publish","hentry"],"acf":[],"_links":{"self":[{"href":"https:\/\/langs.physio-pedia.com\/de\/wp-json\/wp\/v2\/pages\/2696","targetHints":{"allow":["GET"]}}],"collection":[{"href":"https:\/\/langs.physio-pedia.com\/de\/wp-json\/wp\/v2\/pages"}],"about":[{"href":"https:\/\/langs.physio-pedia.com\/de\/wp-json\/wp\/v2\/types\/page"}],"author":[{"embeddable":true,"href":"https:\/\/langs.physio-pedia.com\/de\/wp-json\/wp\/v2\/users\/1"}],"replies":[{"embeddable":true,"href":"https:\/\/langs.physio-pedia.com\/de\/wp-json\/wp\/v2\/comments?post=2696"}],"version-history":[{"count":4,"href":"https:\/\/langs.physio-pedia.com\/de\/wp-json\/wp\/v2\/pages\/2696\/revisions"}],"predecessor-version":[{"id":3684,"href":"https:\/\/langs.physio-pedia.com\/de\/wp-json\/wp\/v2\/pages\/2696\/revisions\/3684"}],"wp:attachment":[{"href":"https:\/\/langs.physio-pedia.com\/de\/wp-json\/wp\/v2\/media?parent=2696"}],"curies":[{"name":"wp","href":"https:\/\/api.w.org\/{rel}","templated":true}]}}